{"id":3600,"date":"2021-08-31T08:31:16","date_gmt":"2021-08-31T08:31:16","guid":{"rendered":"https:\/\/abcformation1986.fr\/?post_type=product&#038;p=3600"},"modified":"2025-04-12T11:33:43","modified_gmt":"2025-04-12T11:33:43","slug":"le-diplome-de-francais-professionnel-affaires-niveau-a2","status":"publish","type":"product","link":"https:\/\/abcformation1986.fr\/es\/producto\/le-diplome-de-francais-professionnel-affaires-niveau-a2\/","title":{"rendered":"EL DIPLOMA PROFESIONAL DE FRANC\u00c9S DE NEGOCIOS nivel A2"},"content":{"rendered":"<p>Le Dipl\u00f4me de fran\u00e7ais des Affaires A2 valide une comp\u00e9tence en fran\u00e7ais de niveau A2 du CECRL. Il correspond approximativement \u00e0 120 \u2013 150 heures d\u2019apprentissage.<\/p>\n<p>Acredita competencias b\u00e1sicas en franc\u00e9s: el titular de este diploma puede comprender y expresarse para realizar tareas de comunicaci\u00f3n en las situaciones m\u00e1s sencillas de la vida social y profesional m\u00e1s habitual.<\/p>\n<h3><strong>Habilidades evaluadas<\/strong><\/h3>\n<p><strong><em>Comprender y procesar informaci\u00f3n:<\/em><\/strong><\/p>\n<p>El candidato puede comprender los elementos esenciales de documentos escritos profesionales sencillos para llevar a cabo tareas profesionales sencillas y habituales.<\/p>\n<p>Sabe redactar mensajes profesionales breves y habituales relacionados con la actividad social y profesional habitual.<\/p>\n<p>El candidato puede comprender la esencia de un mensaje breve y predecible, cara a cara o por tel\u00e9fono, cuando se refiere a su \u00e1mbito profesional habitual.<\/p>\n<p><strong><em>Interactuar oralmente:<\/em><\/strong><\/p>\n<p>El candidato puede, con un lenguaje sencillo, establecer contactos sociales, describir su experiencia, su actividad, intercambiar informaci\u00f3n objetiva, expresar una opini\u00f3n, una preferencia, hacer preguntas, etc., en un n\u00famero limitado de situaciones pr\u00e1cticas sobre temas comunes y conocidos.<\/p>","protected":false},"excerpt":{"rendered":"<p>Valable \u00e0 vie, ce dipl\u00f4me vous permettra d&rsquo;attester de vos capacit\u00e9s \u00e0 travailler en fran\u00e7ais dans les fonctions relationnelles, administratives et commerciales de l\u2019entreprise.<\/p>\n<p>Ce dipl\u00f4me est disponible dans cinq\u00a0niveaux : A1, A2, B1, B2 et C1.<\/p>\n<p>Les Dipl\u00f4mes de fran\u00e7ais professionnel sont \u00e9galement reconnus par le Minist\u00e8re de l\u2019int\u00e9rieur\u00a0pour valider votre niveau de fran\u00e7ais dans le cadre d\u2019une demande de\u00a0<strong>tarjeta de residente<\/strong>\u00a0o de\u00a0<strong>naturalizaci\u00f3n<\/strong>\u00a0con el Estado franc\u00e9s.<\/p>","protected":false},"featured_media":10324,"template":"","meta":{"_uag_custom_page_level_css":""},"product_brand":[],"product_cat":[111],"product_tag":[],"class_list":{"0":"post-3600","1":"product","2":"type-product","3":"status-publish","4":"has-post-thumbnail","6":"product_cat-dfp","8":"first","9":"instock","10":"taxable","11":"shipping-taxable","12":"purchasable","13":"product-type-simple"},"yoast_head":"<!-- This site is optimized with the Yoast SEO plugin v25.2 - https:\/\/yoast.com\/wordpress\/plugins\/seo\/ -->\n<title>LE DIPL\u00d4ME DE FRAN\u00c7AIS PROFESSIONNEL AFFAIRES niveau A2 - Centre de Formation ABC Franconville | FLE | TEF<\/title>\n<meta name=\"robots\" content=\"index, follow, max-snippet:-1, max-image-preview:large, max-video-preview:-1\" \/>\n<link rel=\"canonical\" href=\"https:\/\/abcformation1986.fr\/es\/producto\/le-diplome-de-francais-professionnel-affaires-niveau-a2\/\" \/>\n<meta property=\"og:locale\" content=\"es_ES\" \/>\n<meta property=\"og:type\" content=\"article\" \/>\n<meta property=\"og:title\" content=\"LE DIPL\u00d4ME DE FRAN\u00c7AIS PROFESSIONNEL AFFAIRES niveau A2 - Centre de Formation ABC Franconville | FLE | TEF\" \/>\n<meta property=\"og:description\" content=\"Valable \u00e0 vie, ce dipl\u00f4me vous permettra d&#039;attester de vos capacit\u00e9s \u00e0 travailler en fran\u00e7ais dans les fonctions relationnelles, administratives et commerciales de l\u2019entreprise.  Ce dipl\u00f4me est disponible dans cinq\u00a0niveaux : A1, A2, B1, B2 et C1.  Les Dipl\u00f4mes de fran\u00e7ais professionnel sont \u00e9galement reconnus par le Minist\u00e8re de l\u2019int\u00e9rieur\u00a0pour valider votre niveau de fran\u00e7ais dans le cadre d\u2019une demande de\u00a0carte de r\u00e9sident\u00a0ou de\u00a0naturalisation\u00a0aupr\u00e8s de l\u2019\u00c9tat fran\u00e7ais.\" \/>\n<meta property=\"og:url\" content=\"https:\/\/abcformation1986.fr\/es\/producto\/le-diplome-de-francais-professionnel-affaires-niveau-a2\/\" \/>\n<meta property=\"og:site_name\" content=\"Centre de Formation ABC Franconville | FLE | TEF\" \/>\n<meta property=\"article:publisher\" content=\"http:\/\/@abcformation\" \/>\n<meta property=\"article:modified_time\" content=\"2025-04-12T11:33:43+00:00\" \/>\n<meta property=\"og:image\" content=\"https:\/\/abcformation1986.fr\/wp-content\/uploads\/2021\/08\/DFP-affaires-a2.png\" \/>\n\t<meta property=\"og:image:width\" content=\"300\" \/>\n\t<meta property=\"og:image:height\" content=\"300\" \/>\n\t<meta property=\"og:image:type\" content=\"image\/png\" \/>\n<meta name=\"twitter:card\" content=\"summary_large_image\" \/>\n<meta name=\"twitter:site\" content=\"@abc_formation\" \/>\n<meta name=\"twitter:label1\" content=\"Tiempo de lectura\" \/>\n\t<meta name=\"twitter:data1\" content=\"1 minuto\" \/>\n<script type=\"application\/ld+json\" class=\"yoast-schema-graph\">{\"@context\":\"https:\/\/schema.org\",\"@graph\":[{\"@type\":\"WebPage\",\"@id\":\"https:\/\/abcformation1986.fr\/produit\/le-diplome-de-francais-professionnel-affaires-niveau-a2\/\",\"url\":\"https:\/\/abcformation1986.fr\/produit\/le-diplome-de-francais-professionnel-affaires-niveau-a2\/\",\"name\":\"LE DIPL\u00d4ME DE FRAN\u00c7AIS PROFESSIONNEL AFFAIRES niveau A2 - Centre de Formation ABC Franconville | FLE | TEF\",\"isPartOf\":{\"@id\":\"http:\/\/abcformation1986.fr\/ar\/#website\"},\"primaryImageOfPage\":{\"@id\":\"https:\/\/abcformation1986.fr\/produit\/le-diplome-de-francais-professionnel-affaires-niveau-a2\/#primaryimage\"},\"image\":{\"@id\":\"https:\/\/abcformation1986.fr\/produit\/le-diplome-de-francais-professionnel-affaires-niveau-a2\/#primaryimage\"},\"thumbnailUrl\":\"https:\/\/abcformation1986.fr\/wp-content\/uploads\/2021\/08\/DFP-affaires-a2.png\",\"datePublished\":\"2021-08-31T08:31:16+00:00\",\"dateModified\":\"2025-04-12T11:33:43+00:00\",\"breadcrumb\":{\"@id\":\"https:\/\/abcformation1986.fr\/produit\/le-diplome-de-francais-professionnel-affaires-niveau-a2\/#breadcrumb\"},\"inLanguage\":\"es\",\"potentialAction\":[{\"@type\":\"ReadAction\",\"target\":[\"https:\/\/abcformation1986.fr\/produit\/le-diplome-de-francais-professionnel-affaires-niveau-a2\/\"]}]},{\"@type\":\"ImageObject\",\"inLanguage\":\"es\",\"@id\":\"https:\/\/abcformation1986.fr\/produit\/le-diplome-de-francais-professionnel-affaires-niveau-a2\/#primaryimage\",\"url\":\"https:\/\/abcformation1986.fr\/wp-content\/uploads\/2021\/08\/DFP-affaires-a2.png\",\"contentUrl\":\"https:\/\/abcformation1986.fr\/wp-content\/uploads\/2021\/08\/DFP-affaires-a2.png\",\"width\":300,\"height\":300},{\"@type\":\"BreadcrumbList\",\"@id\":\"https:\/\/abcformation1986.fr\/produit\/le-diplome-de-francais-professionnel-affaires-niveau-a2\/#breadcrumb\",\"itemListElement\":[{\"@type\":\"ListItem\",\"position\":1,\"name\":\"Home\",\"item\":\"http:\/\/abcformation1986.fr\/ar\/\"},{\"@type\":\"ListItem\",\"position\":2,\"name\":\"Boutique\",\"item\":\"https:\/\/abcformation1986.fr\/boutique\/\"},{\"@type\":\"ListItem\",\"position\":3,\"name\":\"LE DIPL\u00d4ME DE FRAN\u00c7AIS PROFESSIONNEL AFFAIRES niveau A2\"}]},{\"@type\":\"WebSite\",\"@id\":\"http:\/\/abcformation1986.fr\/ar\/#website\",\"url\":\"http:\/\/abcformation1986.fr\/ar\/\",\"name\":\"Centre de Formation ABC Franconville | FLE | TEF\",\"description\":\"Acteur historique de  la formation, de l\u2019insertion et de la  reconversion professionnelle depuis 1986\",\"publisher\":{\"@id\":\"http:\/\/abcformation1986.fr\/ar\/#organization\"},\"potentialAction\":[{\"@type\":\"SearchAction\",\"target\":{\"@type\":\"EntryPoint\",\"urlTemplate\":\"http:\/\/abcformation1986.fr\/ar\/?s={search_term_string}\"},\"query-input\":{\"@type\":\"PropertyValueSpecification\",\"valueRequired\":true,\"valueName\":\"search_term_string\"}}],\"inLanguage\":\"es\"},{\"@type\":\"Organization\",\"@id\":\"http:\/\/abcformation1986.fr\/ar\/#organization\",\"name\":\"ABCFORMATION\",\"url\":\"http:\/\/abcformation1986.fr\/ar\/\",\"logo\":{\"@type\":\"ImageObject\",\"inLanguage\":\"es\",\"@id\":\"http:\/\/abcformation1986.fr\/ar\/#\/schema\/logo\/image\/\",\"url\":\"https:\/\/abcformation1986.fr\/wp-content\/uploads\/2018\/11\/abclogo.png\",\"contentUrl\":\"https:\/\/abcformation1986.fr\/wp-content\/uploads\/2018\/11\/abclogo.png\",\"width\":134,\"height\":82,\"caption\":\"ABCFORMATION\"},\"image\":{\"@id\":\"http:\/\/abcformation1986.fr\/ar\/#\/schema\/logo\/image\/\"},\"sameAs\":[\"http:\/\/@abcformation\",\"https:\/\/x.com\/abc_formation\",\"http:\/\/abcformation1986\"]}]}<\/script>\n<!-- \/ Yoast SEO plugin. -->","yoast_head_json":{"title":"LE DIPL\u00d4ME DE FRAN\u00c7AIS PROFESSIONNEL AFFAIRES niveau A2 - Centre de Formation ABC Franconville | FLE | TEF","robots":{"index":"index","follow":"follow","max-snippet":"max-snippet:-1","max-image-preview":"max-image-preview:large","max-video-preview":"max-video-preview:-1"},"canonical":"https:\/\/abcformation1986.fr\/es\/producto\/le-diplome-de-francais-professionnel-affaires-niveau-a2\/","og_locale":"es_ES","og_type":"article","og_title":"LE DIPL\u00d4ME DE FRAN\u00c7AIS PROFESSIONNEL AFFAIRES niveau A2 - Centre de Formation ABC Franconville | FLE | TEF","og_description":"Valable \u00e0 vie, ce dipl\u00f4me vous permettra d'attester de vos capacit\u00e9s \u00e0 travailler en fran\u00e7ais dans les fonctions relationnelles, administratives et commerciales de l\u2019entreprise.  Ce dipl\u00f4me est disponible dans cinq\u00a0niveaux : A1, A2, B1, B2 et C1.  Les Dipl\u00f4mes de fran\u00e7ais professionnel sont \u00e9galement reconnus par le Minist\u00e8re de l\u2019int\u00e9rieur\u00a0pour valider votre niveau de fran\u00e7ais dans le cadre d\u2019une demande de\u00a0carte de r\u00e9sident\u00a0ou de\u00a0naturalisation\u00a0aupr\u00e8s de l\u2019\u00c9tat fran\u00e7ais.","og_url":"https:\/\/abcformation1986.fr\/es\/producto\/le-diplome-de-francais-professionnel-affaires-niveau-a2\/","og_site_name":"Centre de Formation ABC Franconville | FLE | TEF","article_publisher":"http:\/\/@abcformation","article_modified_time":"2025-04-12T11:33:43+00:00","og_image":[{"width":300,"height":300,"url":"https:\/\/abcformation1986.fr\/wp-content\/uploads\/2021\/08\/DFP-affaires-a2.png","type":"image\/png"}],"twitter_card":"summary_large_image","twitter_site":"@abc_formation","twitter_misc":{"Tiempo de lectura":"1 minuto"},"schema":{"@context":"https:\/\/schema.org","@graph":[{"@type":"WebPage","@id":"https:\/\/abcformation1986.fr\/produit\/le-diplome-de-francais-professionnel-affaires-niveau-a2\/","url":"https:\/\/abcformation1986.fr\/produit\/le-diplome-de-francais-professionnel-affaires-niveau-a2\/","name":"LE DIPL\u00d4ME DE FRAN\u00c7AIS PROFESSIONNEL AFFAIRES niveau A2 - Centre de Formation ABC Franconville | FLE | TEF","isPartOf":{"@id":"http:\/\/abcformation1986.fr\/ar\/#website"},"primaryImageOfPage":{"@id":"https:\/\/abcformation1986.fr\/produit\/le-diplome-de-francais-professionnel-affaires-niveau-a2\/#primaryimage"},"image":{"@id":"https:\/\/abcformation1986.fr\/produit\/le-diplome-de-francais-professionnel-affaires-niveau-a2\/#primaryimage"},"thumbnailUrl":"https:\/\/abcformation1986.fr\/wp-content\/uploads\/2021\/08\/DFP-affaires-a2.png","datePublished":"2021-08-31T08:31:16+00:00","dateModified":"2025-04-12T11:33:43+00:00","breadcrumb":{"@id":"https:\/\/abcformation1986.fr\/produit\/le-diplome-de-francais-professionnel-affaires-niveau-a2\/#breadcrumb"},"inLanguage":"es","potentialAction":[{"@type":"ReadAction","target":["https:\/\/abcformation1986.fr\/produit\/le-diplome-de-francais-professionnel-affaires-niveau-a2\/"]}]},{"@type":"ImageObject","inLanguage":"es","@id":"https:\/\/abcformation1986.fr\/produit\/le-diplome-de-francais-professionnel-affaires-niveau-a2\/#primaryimage","url":"https:\/\/abcformation1986.fr\/wp-content\/uploads\/2021\/08\/DFP-affaires-a2.png","contentUrl":"https:\/\/abcformation1986.fr\/wp-content\/uploads\/2021\/08\/DFP-affaires-a2.png","width":300,"height":300},{"@type":"BreadcrumbList","@id":"https:\/\/abcformation1986.fr\/produit\/le-diplome-de-francais-professionnel-affaires-niveau-a2\/#breadcrumb","itemListElement":[{"@type":"ListItem","position":1,"name":"Home","item":"http:\/\/abcformation1986.fr\/ar\/"},{"@type":"ListItem","position":2,"name":"Boutique","item":"https:\/\/abcformation1986.fr\/boutique\/"},{"@type":"ListItem","position":3,"name":"LE DIPL\u00d4ME DE FRAN\u00c7AIS PROFESSIONNEL AFFAIRES niveau A2"}]},{"@type":"WebSite","@id":"http:\/\/abcformation1986.fr\/ar\/#website","url":"http:\/\/abcformation1986.fr\/ar\/","name":"Centre de Formation ABC Franconville | FLE | TEF","description":"Acteur historique de  la formation, de l\u2019insertion et de la  reconversion professionnelle depuis 1986","publisher":{"@id":"http:\/\/abcformation1986.fr\/ar\/#organization"},"potentialAction":[{"@type":"SearchAction","target":{"@type":"EntryPoint","urlTemplate":"http:\/\/abcformation1986.fr\/ar\/?s={search_term_string}"},"query-input":{"@type":"PropertyValueSpecification","valueRequired":true,"valueName":"search_term_string"}}],"inLanguage":"es"},{"@type":"Organization","@id":"http:\/\/abcformation1986.fr\/ar\/#organization","name":"ABCFORMATION","url":"http:\/\/abcformation1986.fr\/ar\/","logo":{"@type":"ImageObject","inLanguage":"es","@id":"http:\/\/abcformation1986.fr\/ar\/#\/schema\/logo\/image\/","url":"https:\/\/abcformation1986.fr\/wp-content\/uploads\/2018\/11\/abclogo.png","contentUrl":"https:\/\/abcformation1986.fr\/wp-content\/uploads\/2018\/11\/abclogo.png","width":134,"height":82,"caption":"ABCFORMATION"},"image":{"@id":"http:\/\/abcformation1986.fr\/ar\/#\/schema\/logo\/image\/"},"sameAs":["http:\/\/@abcformation","https:\/\/x.com\/abc_formation","http:\/\/abcformation1986"]}]}},"uagb_featured_image_src":{"full":["https:\/\/abcformation1986.fr\/wp-content\/uploads\/2021\/08\/DFP-affaires-a2.png",300,300,false],"thumbnail":["https:\/\/abcformation1986.fr\/wp-content\/uploads\/2021\/08\/DFP-affaires-a2-150x150.png",150,150,true],"medium":["https:\/\/abcformation1986.fr\/wp-content\/uploads\/2021\/08\/DFP-affaires-a2.png",300,300,false],"medium_large":["https:\/\/abcformation1986.fr\/wp-content\/uploads\/2021\/08\/DFP-affaires-a2.png",300,300,false],"large":["https:\/\/abcformation1986.fr\/wp-content\/uploads\/2021\/08\/DFP-affaires-a2.png",300,300,false],"1536x1536":["https:\/\/abcformation1986.fr\/wp-content\/uploads\/2021\/08\/DFP-affaires-a2.png",300,300,false],"2048x2048":["https:\/\/abcformation1986.fr\/wp-content\/uploads\/2021\/08\/DFP-affaires-a2.png",300,300,false],"trp-custom-language-flag":["https:\/\/abcformation1986.fr\/wp-content\/uploads\/2021\/08\/DFP-affaires-a2-12x12.png",12,12,true],"hala-full":["https:\/\/abcformation1986.fr\/wp-content\/uploads\/2021\/08\/DFP-affaires-a2.png",300,300,false],"hala-medium":["https:\/\/abcformation1986.fr\/wp-content\/uploads\/2021\/08\/DFP-affaires-a2.png",300,300,false],"hala-small":["https:\/\/abcformation1986.fr\/wp-content\/uploads\/2021\/08\/DFP-affaires-a2-300x280.png",300,280,true],"hala-team":["https:\/\/abcformation1986.fr\/wp-content\/uploads\/2021\/08\/DFP-affaires-a2-250x300.png",250,300,true],"hala-thumb":["https:\/\/abcformation1986.fr\/wp-content\/uploads\/2021\/08\/DFP-affaires-a2-100x100.png",100,100,true],"woocommerce_thumbnail":["https:\/\/abcformation1986.fr\/wp-content\/uploads\/2021\/08\/DFP-affaires-a2-291x291.png",291,291,true],"woocommerce_single":["https:\/\/abcformation1986.fr\/wp-content\/uploads\/2021\/08\/DFP-affaires-a2.png",300,300,false],"woocommerce_gallery_thumbnail":["https:\/\/abcformation1986.fr\/wp-content\/uploads\/2021\/08\/DFP-affaires-a2-100x100.png",100,100,true]},"uagb_author_info":{"display_name":"abc formation","author_link":"https:\/\/abcformation1986.fr\/es\/author\/"},"uagb_comment_info":0,"uagb_excerpt":"Valable \u00e0 vie, ce dipl\u00f4me vous permettra d'attester de vos capacit\u00e9s \u00e0 travailler en fran\u00e7ais dans les fonctions relationnelles, administratives et commerciales de l\u2019entreprise. Ce dipl\u00f4me est disponible dans cinq\u00a0niveaux : A1, A2, B1, B2 et C1. Les Dipl\u00f4mes de fran\u00e7ais professionnel sont \u00e9galement reconnus par le Minist\u00e8re de l\u2019int\u00e9rieur\u00a0pour valider votre niveau de fran\u00e7ais&hellip;","jetpack_sharing_enabled":true,"_links":{"self":[{"href":"https:\/\/abcformation1986.fr\/es\/wp-json\/wp\/v2\/product\/3600","targetHints":{"allow":["GET"]}}],"collection":[{"href":"https:\/\/abcformation1986.fr\/es\/wp-json\/wp\/v2\/product"}],"about":[{"href":"https:\/\/abcformation1986.fr\/es\/wp-json\/wp\/v2\/types\/product"}],"wp:featuredmedia":[{"embeddable":true,"href":"https:\/\/abcformation1986.fr\/es\/wp-json\/wp\/v2\/media\/10324"}],"wp:attachment":[{"href":"https:\/\/abcformation1986.fr\/es\/wp-json\/wp\/v2\/media?parent=3600"}],"wp:term":[{"taxonomy":"product_brand","embeddable":true,"href":"https:\/\/abcformation1986.fr\/es\/wp-json\/wp\/v2\/product_brand?post=3600"},{"taxonomy":"product_cat","embeddable":true,"href":"https:\/\/abcformation1986.fr\/es\/wp-json\/wp\/v2\/product_cat?post=3600"},{"taxonomy":"product_tag","embeddable":true,"href":"https:\/\/abcformation1986.fr\/es\/wp-json\/wp\/v2\/product_tag?post=3600"}],"curies":[{"name":"wp","href":"https:\/\/api.w.org\/{rel}","templated":true}]}}