{"id":1566,"date":"2019-02-13T16:12:35","date_gmt":"2019-02-13T16:12:35","guid":{"rendered":"https:\/\/abcformation1986.fr\/?post_type=product&#038;p=1566"},"modified":"2025-04-12T11:35:40","modified_gmt":"2025-04-12T11:35:40","slug":"tef-quebec-tefaq-expression-orale-et-comprehension-orale","status":"publish","type":"product","link":"https:\/\/abcformation1986.fr\/es\/producto\/tef-quebec-tefaq-expression-orale-et-comprehension-orale\/","title":{"rendered":"TEF QU\u00c9BEC (TEFAQ) Expresi\u00f3n oral y comprensi\u00f3n oral"},"content":{"rendered":"<ul>\n<li><strong>Comprensi\u00f3n oral<\/strong>\u00a0: 40 min \u2013 60 preguntas<\/li>\n<li><strong>Expresi\u00f3n oral<\/strong>\u00a0: 15 min \u2013 2 temas a cubrir<\/li>\n<\/ul>","protected":false},"excerpt":{"rendered":"<p><strong>Conjoint du requ\u00e9rant principal\u00a0 \u00a06 points maximum<\/strong><\/p>\n<ul>\n<li><strong>Comprensi\u00f3n oral<\/strong>\u00a0: 40 min \u2013 60 preguntas<\/li>\n<li><strong>Expresi\u00f3n oral<\/strong>\u00a0: 15 min \u2013 2 temas a cubrir<\/li>\n<\/ul>","protected":false},"featured_media":10321,"template":"","meta":{"_uag_custom_page_level_css":""},"product_brand":[],"product_cat":[49],"product_tag":[],"class_list":{"0":"post-1566","1":"product","2":"type-product","3":"status-publish","4":"has-post-thumbnail","6":"product_cat-tef","8":"first","9":"instock","10":"taxable","11":"shipping-taxable","12":"purchasable","13":"product-type-simple"},"yoast_head":"<!-- This site is optimized with the Yoast SEO plugin v25.2 - https:\/\/yoast.com\/wordpress\/plugins\/seo\/ -->\n<title>TEF QU\u00c9BEC (TEFAQ) Expression orale et compr\u00e9hension orale - Centre de Formation ABC Franconville | FLE | TEF<\/title>\n<meta name=\"description\" content=\"Conjoint du requ\u00e9rant principal 6 points maximum comprenant :Compr\u00e9hension orale\u00a0et expression orale\" \/>\n<meta name=\"robots\" content=\"index, follow, max-snippet:-1, max-image-preview:large, max-video-preview:-1\" \/>\n<link rel=\"canonical\" href=\"https:\/\/abcformation1986.fr\/es\/producto\/tef-quebec-tefaq-expression-orale-et-comprehension-orale\/\" \/>\n<meta property=\"og:locale\" content=\"es_ES\" \/>\n<meta property=\"og:type\" content=\"article\" \/>\n<meta property=\"og:title\" content=\"TEF QU\u00c9BEC (TEFAQ) Expression orale et compr\u00e9hension orale - Centre de Formation ABC Franconville | FLE | TEF\" \/>\n<meta property=\"og:description\" content=\"Conjoint du requ\u00e9rant principal 6 points maximum comprenant :Compr\u00e9hension orale\u00a0et expression orale\" \/>\n<meta property=\"og:url\" content=\"https:\/\/abcformation1986.fr\/es\/producto\/tef-quebec-tefaq-expression-orale-et-comprehension-orale\/\" \/>\n<meta property=\"og:site_name\" content=\"Centre de Formation ABC Franconville | FLE | TEF\" \/>\n<meta property=\"article:publisher\" content=\"http:\/\/@abcformation\" \/>\n<meta property=\"article:modified_time\" content=\"2025-04-12T11:35:40+00:00\" \/>\n<meta property=\"og:image\" content=\"https:\/\/abcformation1986.fr\/wp-content\/uploads\/2019\/02\/TEFAQ.png\" \/>\n\t<meta property=\"og:image:width\" content=\"300\" \/>\n\t<meta property=\"og:image:height\" content=\"300\" \/>\n\t<meta property=\"og:image:type\" content=\"image\/png\" \/>\n<meta name=\"twitter:card\" content=\"summary_large_image\" \/>\n<meta name=\"twitter:site\" content=\"@abc_formation\" \/>\n<meta name=\"twitter:label1\" content=\"Tiempo de lectura\" \/>\n\t<meta name=\"twitter:data1\" content=\"1 minuto\" \/>\n<script type=\"application\/ld+json\" class=\"yoast-schema-graph\">{\"@context\":\"https:\/\/schema.org\",\"@graph\":[{\"@type\":\"WebPage\",\"@id\":\"https:\/\/abcformation1986.fr\/produit\/tef-quebec-tefaq-expression-orale-et-comprehension-orale\/\",\"url\":\"https:\/\/abcformation1986.fr\/produit\/tef-quebec-tefaq-expression-orale-et-comprehension-orale\/\",\"name\":\"TEF QU\u00c9BEC (TEFAQ) Expression orale et compr\u00e9hension orale - Centre de Formation ABC Franconville | FLE | TEF\",\"isPartOf\":{\"@id\":\"http:\/\/abcformation1986.fr\/ar\/#website\"},\"primaryImageOfPage\":{\"@id\":\"https:\/\/abcformation1986.fr\/produit\/tef-quebec-tefaq-expression-orale-et-comprehension-orale\/#primaryimage\"},\"image\":{\"@id\":\"https:\/\/abcformation1986.fr\/produit\/tef-quebec-tefaq-expression-orale-et-comprehension-orale\/#primaryimage\"},\"thumbnailUrl\":\"https:\/\/abcformation1986.fr\/wp-content\/uploads\/2019\/02\/TEFAQ.png\",\"datePublished\":\"2019-02-13T16:12:35+00:00\",\"dateModified\":\"2025-04-12T11:35:40+00:00\",\"description\":\"Conjoint du requ\u00e9rant principal 6 points maximum comprenant :Compr\u00e9hension orale\u00a0et expression orale\",\"breadcrumb\":{\"@id\":\"https:\/\/abcformation1986.fr\/produit\/tef-quebec-tefaq-expression-orale-et-comprehension-orale\/#breadcrumb\"},\"inLanguage\":\"es\",\"potentialAction\":[{\"@type\":\"ReadAction\",\"target\":[\"https:\/\/abcformation1986.fr\/produit\/tef-quebec-tefaq-expression-orale-et-comprehension-orale\/\"]}]},{\"@type\":\"ImageObject\",\"inLanguage\":\"es\",\"@id\":\"https:\/\/abcformation1986.fr\/produit\/tef-quebec-tefaq-expression-orale-et-comprehension-orale\/#primaryimage\",\"url\":\"https:\/\/abcformation1986.fr\/wp-content\/uploads\/2019\/02\/TEFAQ.png\",\"contentUrl\":\"https:\/\/abcformation1986.fr\/wp-content\/uploads\/2019\/02\/TEFAQ.png\",\"width\":300,\"height\":300},{\"@type\":\"BreadcrumbList\",\"@id\":\"https:\/\/abcformation1986.fr\/produit\/tef-quebec-tefaq-expression-orale-et-comprehension-orale\/#breadcrumb\",\"itemListElement\":[{\"@type\":\"ListItem\",\"position\":1,\"name\":\"Home\",\"item\":\"http:\/\/abcformation1986.fr\/ar\/\"},{\"@type\":\"ListItem\",\"position\":2,\"name\":\"Boutique\",\"item\":\"https:\/\/abcformation1986.fr\/boutique\/\"},{\"@type\":\"ListItem\",\"position\":3,\"name\":\"TEF QU\u00c9BEC (TEFAQ) Expression orale et compr\u00e9hension orale\"}]},{\"@type\":\"WebSite\",\"@id\":\"http:\/\/abcformation1986.fr\/ar\/#website\",\"url\":\"http:\/\/abcformation1986.fr\/ar\/\",\"name\":\"Centre de Formation ABC Franconville | FLE | TEF\",\"description\":\"Acteur historique de  la formation, de l\u2019insertion et de la  reconversion professionnelle depuis 1986\",\"publisher\":{\"@id\":\"http:\/\/abcformation1986.fr\/ar\/#organization\"},\"potentialAction\":[{\"@type\":\"SearchAction\",\"target\":{\"@type\":\"EntryPoint\",\"urlTemplate\":\"http:\/\/abcformation1986.fr\/ar\/?s={search_term_string}\"},\"query-input\":{\"@type\":\"PropertyValueSpecification\",\"valueRequired\":true,\"valueName\":\"search_term_string\"}}],\"inLanguage\":\"es\"},{\"@type\":\"Organization\",\"@id\":\"http:\/\/abcformation1986.fr\/ar\/#organization\",\"name\":\"ABCFORMATION\",\"url\":\"http:\/\/abcformation1986.fr\/ar\/\",\"logo\":{\"@type\":\"ImageObject\",\"inLanguage\":\"es\",\"@id\":\"http:\/\/abcformation1986.fr\/ar\/#\/schema\/logo\/image\/\",\"url\":\"https:\/\/abcformation1986.fr\/wp-content\/uploads\/2018\/11\/abclogo.png\",\"contentUrl\":\"https:\/\/abcformation1986.fr\/wp-content\/uploads\/2018\/11\/abclogo.png\",\"width\":134,\"height\":82,\"caption\":\"ABCFORMATION\"},\"image\":{\"@id\":\"http:\/\/abcformation1986.fr\/ar\/#\/schema\/logo\/image\/\"},\"sameAs\":[\"http:\/\/@abcformation\",\"https:\/\/x.com\/abc_formation\",\"http:\/\/abcformation1986\"]}]}<\/script>\n<!-- \/ Yoast SEO plugin. -->","yoast_head_json":{"title":"TEF QU\u00c9BEC (TEFAQ) Expression orale et compr\u00e9hension orale - Centre de Formation ABC Franconville | FLE | TEF","description":"Conjoint du requ\u00e9rant principal 6 points maximum comprenant :Compr\u00e9hension orale\u00a0et expression orale","robots":{"index":"index","follow":"follow","max-snippet":"max-snippet:-1","max-image-preview":"max-image-preview:large","max-video-preview":"max-video-preview:-1"},"canonical":"https:\/\/abcformation1986.fr\/es\/producto\/tef-quebec-tefaq-expression-orale-et-comprehension-orale\/","og_locale":"es_ES","og_type":"article","og_title":"TEF QU\u00c9BEC (TEFAQ) Expression orale et compr\u00e9hension orale - Centre de Formation ABC Franconville | FLE | TEF","og_description":"Conjoint du requ\u00e9rant principal 6 points maximum comprenant :Compr\u00e9hension orale\u00a0et expression orale","og_url":"https:\/\/abcformation1986.fr\/es\/producto\/tef-quebec-tefaq-expression-orale-et-comprehension-orale\/","og_site_name":"Centre de Formation ABC Franconville | FLE | TEF","article_publisher":"http:\/\/@abcformation","article_modified_time":"2025-04-12T11:35:40+00:00","og_image":[{"width":300,"height":300,"url":"https:\/\/abcformation1986.fr\/wp-content\/uploads\/2019\/02\/TEFAQ.png","type":"image\/png"}],"twitter_card":"summary_large_image","twitter_site":"@abc_formation","twitter_misc":{"Tiempo de lectura":"1 minuto"},"schema":{"@context":"https:\/\/schema.org","@graph":[{"@type":"WebPage","@id":"https:\/\/abcformation1986.fr\/produit\/tef-quebec-tefaq-expression-orale-et-comprehension-orale\/","url":"https:\/\/abcformation1986.fr\/produit\/tef-quebec-tefaq-expression-orale-et-comprehension-orale\/","name":"TEF QU\u00c9BEC (TEFAQ) Expression orale et compr\u00e9hension orale - Centre de Formation ABC Franconville | FLE | TEF","isPartOf":{"@id":"http:\/\/abcformation1986.fr\/ar\/#website"},"primaryImageOfPage":{"@id":"https:\/\/abcformation1986.fr\/produit\/tef-quebec-tefaq-expression-orale-et-comprehension-orale\/#primaryimage"},"image":{"@id":"https:\/\/abcformation1986.fr\/produit\/tef-quebec-tefaq-expression-orale-et-comprehension-orale\/#primaryimage"},"thumbnailUrl":"https:\/\/abcformation1986.fr\/wp-content\/uploads\/2019\/02\/TEFAQ.png","datePublished":"2019-02-13T16:12:35+00:00","dateModified":"2025-04-12T11:35:40+00:00","description":"Conjoint du requ\u00e9rant principal 6 points maximum comprenant :Compr\u00e9hension orale\u00a0et expression orale","breadcrumb":{"@id":"https:\/\/abcformation1986.fr\/produit\/tef-quebec-tefaq-expression-orale-et-comprehension-orale\/#breadcrumb"},"inLanguage":"es","potentialAction":[{"@type":"ReadAction","target":["https:\/\/abcformation1986.fr\/produit\/tef-quebec-tefaq-expression-orale-et-comprehension-orale\/"]}]},{"@type":"ImageObject","inLanguage":"es","@id":"https:\/\/abcformation1986.fr\/produit\/tef-quebec-tefaq-expression-orale-et-comprehension-orale\/#primaryimage","url":"https:\/\/abcformation1986.fr\/wp-content\/uploads\/2019\/02\/TEFAQ.png","contentUrl":"https:\/\/abcformation1986.fr\/wp-content\/uploads\/2019\/02\/TEFAQ.png","width":300,"height":300},{"@type":"BreadcrumbList","@id":"https:\/\/abcformation1986.fr\/produit\/tef-quebec-tefaq-expression-orale-et-comprehension-orale\/#breadcrumb","itemListElement":[{"@type":"ListItem","position":1,"name":"Home","item":"http:\/\/abcformation1986.fr\/ar\/"},{"@type":"ListItem","position":2,"name":"Boutique","item":"https:\/\/abcformation1986.fr\/boutique\/"},{"@type":"ListItem","position":3,"name":"TEF QU\u00c9BEC (TEFAQ) Expression orale et compr\u00e9hension orale"}]},{"@type":"WebSite","@id":"http:\/\/abcformation1986.fr\/ar\/#website","url":"http:\/\/abcformation1986.fr\/ar\/","name":"Centre de Formation ABC Franconville | FLE | TEF","description":"Acteur historique de  la formation, de l\u2019insertion et de la  reconversion professionnelle depuis 1986","publisher":{"@id":"http:\/\/abcformation1986.fr\/ar\/#organization"},"potentialAction":[{"@type":"SearchAction","target":{"@type":"EntryPoint","urlTemplate":"http:\/\/abcformation1986.fr\/ar\/?s={search_term_string}"},"query-input":{"@type":"PropertyValueSpecification","valueRequired":true,"valueName":"search_term_string"}}],"inLanguage":"es"},{"@type":"Organization","@id":"http:\/\/abcformation1986.fr\/ar\/#organization","name":"ABCFORMATION","url":"http:\/\/abcformation1986.fr\/ar\/","logo":{"@type":"ImageObject","inLanguage":"es","@id":"http:\/\/abcformation1986.fr\/ar\/#\/schema\/logo\/image\/","url":"https:\/\/abcformation1986.fr\/wp-content\/uploads\/2018\/11\/abclogo.png","contentUrl":"https:\/\/abcformation1986.fr\/wp-content\/uploads\/2018\/11\/abclogo.png","width":134,"height":82,"caption":"ABCFORMATION"},"image":{"@id":"http:\/\/abcformation1986.fr\/ar\/#\/schema\/logo\/image\/"},"sameAs":["http:\/\/@abcformation","https:\/\/x.com\/abc_formation","http:\/\/abcformation1986"]}]}},"uagb_featured_image_src":{"full":["https:\/\/abcformation1986.fr\/wp-content\/uploads\/2019\/02\/TEFAQ.png",300,300,false],"thumbnail":["https:\/\/abcformation1986.fr\/wp-content\/uploads\/2019\/02\/TEFAQ-150x150.png",150,150,true],"medium":["https:\/\/abcformation1986.fr\/wp-content\/uploads\/2019\/02\/TEFAQ.png",300,300,false],"medium_large":["https:\/\/abcformation1986.fr\/wp-content\/uploads\/2019\/02\/TEFAQ.png",300,300,false],"large":["https:\/\/abcformation1986.fr\/wp-content\/uploads\/2019\/02\/TEFAQ.png",300,300,false],"1536x1536":["https:\/\/abcformation1986.fr\/wp-content\/uploads\/2019\/02\/TEFAQ.png",300,300,false],"2048x2048":["https:\/\/abcformation1986.fr\/wp-content\/uploads\/2019\/02\/TEFAQ.png",300,300,false],"trp-custom-language-flag":["https:\/\/abcformation1986.fr\/wp-content\/uploads\/2019\/02\/TEFAQ-12x12.png",12,12,true],"hala-full":["https:\/\/abcformation1986.fr\/wp-content\/uploads\/2019\/02\/TEFAQ.png",300,300,false],"hala-medium":["https:\/\/abcformation1986.fr\/wp-content\/uploads\/2019\/02\/TEFAQ.png",300,300,false],"hala-small":["https:\/\/abcformation1986.fr\/wp-content\/uploads\/2019\/02\/TEFAQ-300x280.png",300,280,true],"hala-team":["https:\/\/abcformation1986.fr\/wp-content\/uploads\/2019\/02\/TEFAQ-250x300.png",250,300,true],"hala-thumb":["https:\/\/abcformation1986.fr\/wp-content\/uploads\/2019\/02\/TEFAQ-100x100.png",100,100,true],"woocommerce_thumbnail":["https:\/\/abcformation1986.fr\/wp-content\/uploads\/2019\/02\/TEFAQ-291x291.png",291,291,true],"woocommerce_single":["https:\/\/abcformation1986.fr\/wp-content\/uploads\/2019\/02\/TEFAQ.png",300,300,false],"woocommerce_gallery_thumbnail":["https:\/\/abcformation1986.fr\/wp-content\/uploads\/2019\/02\/TEFAQ-100x100.png",100,100,true]},"uagb_author_info":{"display_name":"abc formation","author_link":"https:\/\/abcformation1986.fr\/es\/author\/"},"uagb_comment_info":0,"uagb_excerpt":"Conjoint du requ\u00e9rant principal\u00a0 \u00a06 points maximum Compr\u00e9hension orale\u00a0: 40 min \u2013 60 questions Expression orale\u00a0: 15 min \u2013 2 sujets \u00e0 traiter","jetpack_sharing_enabled":true,"_links":{"self":[{"href":"https:\/\/abcformation1986.fr\/es\/wp-json\/wp\/v2\/product\/1566","targetHints":{"allow":["GET"]}}],"collection":[{"href":"https:\/\/abcformation1986.fr\/es\/wp-json\/wp\/v2\/product"}],"about":[{"href":"https:\/\/abcformation1986.fr\/es\/wp-json\/wp\/v2\/types\/product"}],"wp:featuredmedia":[{"embeddable":true,"href":"https:\/\/abcformation1986.fr\/es\/wp-json\/wp\/v2\/media\/10321"}],"wp:attachment":[{"href":"https:\/\/abcformation1986.fr\/es\/wp-json\/wp\/v2\/media?parent=1566"}],"wp:term":[{"taxonomy":"product_brand","embeddable":true,"href":"https:\/\/abcformation1986.fr\/es\/wp-json\/wp\/v2\/product_brand?post=1566"},{"taxonomy":"product_cat","embeddable":true,"href":"https:\/\/abcformation1986.fr\/es\/wp-json\/wp\/v2\/product_cat?post=1566"},{"taxonomy":"product_tag","embeddable":true,"href":"https:\/\/abcformation1986.fr\/es\/wp-json\/wp\/v2\/product_tag?post=1566"}],"curies":[{"name":"wp","href":"https:\/\/api.w.org\/{rel}","templated":true}]}}