{"id":3658,"date":"2021-09-02T07:52:28","date_gmt":"2021-09-02T07:52:28","guid":{"rendered":"https:\/\/abcformation1986.fr\/?page_id=3658"},"modified":"2024-07-26T08:32:45","modified_gmt":"2024-07-26T08:32:45","slug":"accessibilite-aux-personnes-a-mobilite-reduite","status":"publish","type":"page","link":"https:\/\/abcformation1986.fr\/es\/accessibilite-aux-personnes-a-mobilite-reduite\/","title":{"rendered":"Accessibilit\u00e9 aux personnes \u00e0 mobilit\u00e9 r\u00e9duite"},"content":{"rendered":"<div class=\"vc_row wpb_row vc_row-fluid\">\n\t\t\t\t<div class=\"mo-vc-row-ovelay\" style=\"\"><\/div>\n\t\t\t\t<div class=\"container\"><div class=\"wpb_column vc_column_container vc_col-sm-8\"><div class=\"vc_column-inner\"><div class=\"wpb_wrapper\">\n\t<div class=\"wpb_text_column wpb_content_element\" >\n\t\t<div class=\"wpb_wrapper\">\n\t\t\t<h3 class=\"art-postheader\" style=\"text-align: center;\"><span style=\"color: #33cccc;\"><strong><u>Apoyo implementado para la formaci\u00f3n de personas con movilidad reducida<\/u><\/strong><\/span><\/h3>\n<div id=\"breadcrumb\">\n<div class=\"breadcrumb-trail breadcrumbs\" role=\"navigation\" aria-label=\"Breadcrumbs\"><\/div>\n<\/div>\n<div class=\"flex-1 overflow-hidden\">\n<div class=\"react-scroll-to-bottom--css-qkmkq-79elbk h-full dark:bg-gray-800\">\n<div class=\"react-scroll-to-bottom--css-qkmkq-1n7m0yu\">\n<div class=\"flex flex-col text-sm dark:bg-gray-800\">\n<div class=\"group w-full text-gray-800 dark:text-gray-100 border-b border-black\/10 dark:border-gray-900\/50 bg-gray-50 dark:bg-&#091;#444654&#093;\">\n<div class=\"flex p-4 gap-4 text-base md:gap-6 md:max-w-2xl lg:max-w-xl xl:max-w-3xl md:py-6 lg:px-0 m-auto\">\n<div class=\"relative flex w-&#091;calc(100%-50px)&#093; flex-col gap-1 md:gap-3 lg:w-&#091;calc(100%-115px)&#093;\">\n<div class=\"flex flex-grow flex-col gap-3\">\n<div class=\"min-h-&#091;20px&#093; flex flex-col items-start gap-4 whitespace-pre-wrap break-words\">\n<div class=\"markdown prose w-full break-words dark:prose-invert light\">\n<p>Nuestro establecimiento es un ERP y es accesible al p\u00fablico para personas con movilidad reducida.<\/p>\n<p style=\"line-height: 25px; text-align: justify;\">Durante nuestros primeros contactos, le ofrecemos una entrevista para tener en cuenta las especificidades de su movilidad reducida y determinar los ajustes o medidas que se deben implementar.<\/p>\n<p>Our Accessibility representative is available to answer all your questions.<\/p>\n<p style=\"line-height: 25px; text-align: justify;\">En ABC FORMATION damos gran importancia a la accesibilidad de las personas con movilidad reducida. Nos aseguramos de que nuestras instalaciones, recursos y actividades sean accesibles para todos. Estas son algunas de las medidas que hemos implementado:<\/p>\n<ol style=\"line-height: 25px; text-align: justify;\">\n<li>Accesibilidad del local: Nuestros locales est\u00e1n dise\u00f1ados para permitir el acceso a personas con movilidad reducida. Esto incluye rampas de acceso, ascensores, aseos adaptados, plazas reservadas de aparcamiento, etc.<\/li>\n<li>Recursos adaptados: Nos esforzamos en ofrecer recursos educativos adaptados a las necesidades de las personas con movilidad reducida. Esto puede incluir documentos y audio, subt\u00edtulos de v\u00eddeos, etc.<\/li>\n<li>Formaci\u00f3n del personal: Nuestro equipo docente y personal est\u00e1n capacitados para acoger y apoyar a personas con movilidad reducida. Somos conscientes de los diferentes tipos de necesidades y nos esforzamos por crear un entorno inclusivo para todos nuestros alumnos.<\/li>\n<li>Comunicaci\u00f3n accesible: Nos aseguramos de que nuestras comunicaciones, ya sean electr\u00f3nicas, escritas u orales, sean accesibles para todos. Estamos preparados para adaptar nuestro modo de comunicaci\u00f3n seg\u00fan las necesidades de las personas con movilidad reducida.<\/li>\n<li>Flexibilidad en los m\u00e9todos de evaluaci\u00f3n: Tenemos en cuenta las necesidades espec\u00edficas de las personas con movilidad reducida a la hora de evaluar sus competencias. Estamos listos para ofrecer soluciones alternativas para permitir que todos nuestros alumnos demuestren sus habilidades.<\/li>\n<\/ol>\n<p style=\"line-height: 25px; text-align: justify;\">Estamos comprometidos a proporcionar un entorno de aprendizaje inclusivo y accesible para todos los estudiantes, incluidos aquellos con movilidad reducida. Si tienes necesidades espec\u00edficas o preguntas sobre la accesibilidad a ABC FORMATION, no dudes en contactarnos.<\/p>\n<p>&nbsp;<\/p>\n<\/div>\n<\/div>\n<\/div>\n<\/div>\n<\/div>\n<\/div>\n<\/div>\n<\/div>\n<\/div>\n<\/div>\n<p>&nbsp;<\/p>\n<h3 class=\"art-postheader\" style=\"text-align: center;\"><span style=\"color: #33cccc;\"><strong><u>Accesibilidad de la formaci\u00f3n para personas con movilidad reducida<br \/>\n<\/u><\/strong><\/span><\/h3>\n<p style=\"line-height: 25px; text-align: justify;\">Apoyo a personas con movilidad reducida.<\/p>\n<p style=\"line-height: 25px; text-align: justify;\">ABC Formaci\u00f3n tiene como objetivo que las personas con movilidad reducida puedan seguir las actividades formativas del mismo modo que el resto de p\u00fablicos. Implementamos medidas de apoyo en colaboraci\u00f3n con el formador y nuestra red de socios. Nos aseguramos de que las soluciones de recepci\u00f3n y organizaci\u00f3n log\u00edstica, t\u00e9cnica y educativa en el lugar de formaci\u00f3n permitan que su formaci\u00f3n se desarrolle en las mejores condiciones.<\/p>\n<p style=\"line-height: 25px; text-align: justify;\">Identificaci\u00f3n y consideraci\u00f3n de necesidades espec\u00edficas.<\/p>\n<p>Llevaremos a cabo la identificaci\u00f3n y una evaluaci\u00f3n inicial de sus necesidades espec\u00edficas de la siguiente manera:<\/p>\n<p>Dependiendo de su situaci\u00f3n, este an\u00e1lisis de necesidades puede realizarse durante una entrevista con el representante de accesibilidad de ABC Formaci\u00f3n y el formador.<\/p>\n<h3 style=\"text-align: center;\"><\/h3>\n<p style=\"line-height: 25px;\"><strong>As\u00ed podr\u00e1 expresar con total confidencialidad y libertad sus necesidades espec\u00edficas, las dificultades que encuentre y las adaptaciones particulares que m\u00e1s le convengan.<br \/>\n<\/strong><\/p>\n<p><strong>Se pueden implementar adaptaciones espec\u00edficas seg\u00fan sus necesidades, particularmente en t\u00e9rminos de:<br \/>\n<\/strong><\/p>\n<ul style=\"line-height: 25px;\">\n<li>Ruta educativa<\/li>\n<li>ritmo de aprendizaje<\/li>\n<li>Herramientas y medios de aprendizaje<\/li>\n<li>Accesibilidad al lugar de formaci\u00f3n.<\/li>\n<li>Asistencia t\u00e9cnica, humana y financiera<\/li>\n<li>Movilizaci\u00f3n del equipo docente<\/li>\n<li>Movilizaci\u00f3n de socios que atienden a personas con discapacidad<\/li>\n<\/ul>\n\n\t\t<\/div>\n\t<\/div>\n<\/div><\/div><\/div><div class=\"wpb_column vc_column_container vc_col-sm-4\"><div class=\"vc_column-inner\"><div class=\"wpb_wrapper\">\n\t<div class=\"wpb_text_column wpb_content_element  vc_custom_1721828255327\" >\n\t\t<div class=\"wpb_wrapper\">\n\t\t\t<h3 style=\"text-align: center;\"><span style=\"color: #ffffff;\"><strong>REFERENCIA DE DISCAPACIDAD: <\/strong><\/span><\/h3>\n<p style=\"text-align: center; line-height: 25px;\">Mme. LAHMDI<\/p>\n<p style=\"text-align: center; line-height: 25px;\">ref.handi@abcformation1986.fr<\/p>\n<p style=\"text-align: center; line-height: 25px;\">01 34 15 40 62<\/p>\n\n\t\t<\/div>\n\t<\/div>\n\n\t<div  class=\"wpb_single_image wpb_content_element vc_align_center\">\n\t\t\n\t\t<figure class=\"wpb_wrapper vc_figure\">\n\t\t\t<a href=\"https:\/\/abcformation1986.fr\/wp-content\/uploads\/2024\/07\/REFERENCE.jpg\" target=\"_self\" class=\"vc_single_image-wrapper   vc_box_border_grey\"><img loading=\"lazy\" decoding=\"async\" width=\"300\" height=\"276\" src=\"https:\/\/abcformation1986.fr\/wp-content\/uploads\/2024\/07\/REFERENCE.jpg\" class=\"vc_single_image-img attachment-medium\" alt=\"\" srcset=\"https:\/\/abcformation1986.fr\/wp-content\/uploads\/2024\/07\/REFERENCE.jpg 300w, https:\/\/abcformation1986.fr\/wp-content\/uploads\/2024\/07\/REFERENCE-13x12.jpg 13w\" sizes=\"auto, (max-width: 300px) 100vw, 300px\" \/><\/a>\n\t\t<\/figure>\n\t<\/div>\n<div class=\"vc_btn3-container vc_btn3-center\" >\n\t<a class=\"vc_general vc_btn3 vc_btn3-size-md vc_btn3-shape-round vc_btn3-style-3d vc_btn3-block vc_btn3-color-turquoise\" href=\"https:\/\/abcformation1986.fr\/es\/le-maintien-dans-lemploi-pour-les-personnes-handicapes\/\" title=\"\">Empleo para discapacitados<\/a><\/div>\n\n\t<div class=\"wpb_text_column wpb_content_element\" >\n\t\t<div class=\"wpb_wrapper\">\n\t\t\t<h3 style=\"text-align: center;\"><span style=\"color: #33cccc;\"><strong>Nuestros compa\u00f1eros : <\/strong><\/span><\/h3>\n<p style=\"text-align: center; line-height: 25px;\">Colaboramos con socios como AGEFIPH Handicap Training Resource y Cap emploi 95 para apoyar a las personas con movilidad reducida en el empleo.<\/p>\n\n\t\t<\/div>\n\t<\/div>\n\n\t<div  class=\"wpb_single_image wpb_content_element vc_align_center\">\n\t\t\n\t\t<figure class=\"wpb_wrapper vc_figure\">\n\t\t\t<div class=\"vc_single_image-wrapper   vc_box_border_grey\"><img loading=\"lazy\" decoding=\"async\" width=\"300\" height=\"145\" src=\"https:\/\/abcformation1986.fr\/wp-content\/uploads\/2024\/07\/LOGO-AGEFI-300x145-1.jpg\" class=\"vc_single_image-img attachment-medium\" alt=\"\" srcset=\"https:\/\/abcformation1986.fr\/wp-content\/uploads\/2024\/07\/LOGO-AGEFI-300x145-1.jpg 300w, https:\/\/abcformation1986.fr\/wp-content\/uploads\/2024\/07\/LOGO-AGEFI-300x145-1-18x9.jpg 18w\" sizes=\"auto, (max-width: 300px) 100vw, 300px\" \/><\/div>\n\t\t<\/figure>\n\t<\/div>\n\n\t<div  class=\"wpb_single_image wpb_content_element vc_align_center\">\n\t\t\n\t\t<figure class=\"wpb_wrapper vc_figure\">\n\t\t\t<div class=\"vc_single_image-wrapper   vc_box_border_grey\"><img loading=\"lazy\" decoding=\"async\" width=\"240\" height=\"130\" src=\"https:\/\/abcformation1986.fr\/wp-content\/uploads\/2024\/07\/LOGO-CAP.jpg\" class=\"vc_single_image-img attachment-medium\" alt=\"\" srcset=\"https:\/\/abcformation1986.fr\/wp-content\/uploads\/2024\/07\/LOGO-CAP.jpg 240w, https:\/\/abcformation1986.fr\/wp-content\/uploads\/2024\/07\/LOGO-CAP-18x10.jpg 18w\" sizes=\"auto, (max-width: 240px) 100vw, 240px\" \/><\/div>\n\t\t<\/figure>\n\t<\/div>\n<\/div><\/div><\/div>\t<\/div>\n\t\t\t<\/div>","protected":false},"excerpt":{"rendered":"Accompagnement mis en \u0153uvre pour la formation des personnes \u00e0 mobilit\u00e9 r\u00e9duite Notre \u00e9tablissement est un ERP et est accessible aux personnes \u00e0 mobilit\u00e9 r\u00e9duite. Lors de nos premiers contacts, nous proposons un entretien pour prendre en compte les sp\u00e9cificit\u00e9s de votre mobilit\u00e9 r\u00e9duite et d\u00e9terminer les \u00e9ventuels am\u00e9nagements ou dispositions \u00e0 mettre en place. [...]","protected":false},"author":2,"featured_media":0,"parent":0,"menu_order":0,"comment_status":"closed","ping_status":"closed","template":"","meta":{"_uag_custom_page_level_css":"","footnotes":""},"class_list":["post-3658","page","type-page","status-publish","hentry"],"yoast_head":"<!-- This site is optimized with the Yoast SEO plugin v25.2 - https:\/\/yoast.com\/wordpress\/plugins\/seo\/ -->\n<title>Accessibilit\u00e9 aux personnes \u00e0 mobilit\u00e9 r\u00e9duite - Centre de Formation ABC Franconville | FLE | TEF<\/title>\n<meta name=\"robots\" content=\"index, follow, max-snippet:-1, max-image-preview:large, max-video-preview:-1\" \/>\n<link rel=\"canonical\" href=\"https:\/\/abcformation1986.fr\/es\/accessibilite-aux-personnes-a-mobilite-reduite\/\" \/>\n<meta property=\"og:locale\" content=\"es_ES\" \/>\n<meta property=\"og:type\" content=\"article\" \/>\n<meta property=\"og:title\" content=\"Accessibilit\u00e9 aux personnes \u00e0 mobilit\u00e9 r\u00e9duite - Centre de Formation ABC Franconville | FLE | TEF\" \/>\n<meta property=\"og:url\" content=\"https:\/\/abcformation1986.fr\/es\/accessibilite-aux-personnes-a-mobilite-reduite\/\" \/>\n<meta property=\"og:site_name\" content=\"Centre de Formation ABC Franconville | FLE | TEF\" \/>\n<meta property=\"article:publisher\" content=\"http:\/\/@abcformation\" \/>\n<meta property=\"article:modified_time\" content=\"2024-07-26T08:32:45+00:00\" \/>\n<meta name=\"twitter:card\" content=\"summary_large_image\" \/>\n<meta name=\"twitter:site\" content=\"@abc_formation\" \/>\n<meta name=\"twitter:label1\" content=\"Tiempo de lectura\" \/>\n\t<meta name=\"twitter:data1\" content=\"4 minutos\" \/>\n<script type=\"application\/ld+json\" class=\"yoast-schema-graph\">{\"@context\":\"https:\/\/schema.org\",\"@graph\":[{\"@type\":\"WebPage\",\"@id\":\"https:\/\/abcformation1986.fr\/accessibilite-aux-personnes-a-mobilite-reduite\/\",\"url\":\"https:\/\/abcformation1986.fr\/accessibilite-aux-personnes-a-mobilite-reduite\/\",\"name\":\"Accessibilit\u00e9 aux personnes \u00e0 mobilit\u00e9 r\u00e9duite - Centre de Formation ABC Franconville | FLE | TEF\",\"isPartOf\":{\"@id\":\"https:\/\/abcformation1986.fr\/#website\"},\"datePublished\":\"2021-09-02T07:52:28+00:00\",\"dateModified\":\"2024-07-26T08:32:45+00:00\",\"breadcrumb\":{\"@id\":\"https:\/\/abcformation1986.fr\/accessibilite-aux-personnes-a-mobilite-reduite\/#breadcrumb\"},\"inLanguage\":\"es\",\"potentialAction\":[{\"@type\":\"ReadAction\",\"target\":[\"https:\/\/abcformation1986.fr\/accessibilite-aux-personnes-a-mobilite-reduite\/\"]}]},{\"@type\":\"BreadcrumbList\",\"@id\":\"https:\/\/abcformation1986.fr\/accessibilite-aux-personnes-a-mobilite-reduite\/#breadcrumb\",\"itemListElement\":[{\"@type\":\"ListItem\",\"position\":1,\"name\":\"Home\",\"item\":\"https:\/\/abcformation1986.fr\/\"},{\"@type\":\"ListItem\",\"position\":2,\"name\":\"Accessibilit\u00e9 aux personnes \u00e0 mobilit\u00e9 r\u00e9duite\"}]},{\"@type\":\"WebSite\",\"@id\":\"https:\/\/abcformation1986.fr\/#website\",\"url\":\"https:\/\/abcformation1986.fr\/\",\"name\":\"Centre de Formation ABC Franconville | FLE | TEF\",\"description\":\"Acteur historique de  la formation, de l\u2019insertion et de la  reconversion professionnelle depuis 1986\",\"publisher\":{\"@id\":\"https:\/\/abcformation1986.fr\/#organization\"},\"potentialAction\":[{\"@type\":\"SearchAction\",\"target\":{\"@type\":\"EntryPoint\",\"urlTemplate\":\"https:\/\/abcformation1986.fr\/?s={search_term_string}\"},\"query-input\":{\"@type\":\"PropertyValueSpecification\",\"valueRequired\":true,\"valueName\":\"search_term_string\"}}],\"inLanguage\":\"es\"},{\"@type\":\"Organization\",\"@id\":\"https:\/\/abcformation1986.fr\/#organization\",\"name\":\"ABCFORMATION\",\"url\":\"https:\/\/abcformation1986.fr\/\",\"logo\":{\"@type\":\"ImageObject\",\"inLanguage\":\"es\",\"@id\":\"https:\/\/abcformation1986.fr\/#\/schema\/logo\/image\/\",\"url\":\"https:\/\/abcformation1986.fr\/wp-content\/uploads\/2018\/11\/abclogo.png\",\"contentUrl\":\"https:\/\/abcformation1986.fr\/wp-content\/uploads\/2018\/11\/abclogo.png\",\"width\":134,\"height\":82,\"caption\":\"ABCFORMATION\"},\"image\":{\"@id\":\"https:\/\/abcformation1986.fr\/#\/schema\/logo\/image\/\"},\"sameAs\":[\"http:\/\/@abcformation\",\"https:\/\/x.com\/abc_formation\",\"http:\/\/abcformation1986\"]}]}<\/script>\n<!-- \/ Yoast SEO plugin. -->","yoast_head_json":{"title":"Accessibilit\u00e9 aux personnes \u00e0 mobilit\u00e9 r\u00e9duite - Centre de Formation ABC Franconville | FLE | TEF","robots":{"index":"index","follow":"follow","max-snippet":"max-snippet:-1","max-image-preview":"max-image-preview:large","max-video-preview":"max-video-preview:-1"},"canonical":"https:\/\/abcformation1986.fr\/es\/accessibilite-aux-personnes-a-mobilite-reduite\/","og_locale":"es_ES","og_type":"article","og_title":"Accessibilit\u00e9 aux personnes \u00e0 mobilit\u00e9 r\u00e9duite - Centre de Formation ABC Franconville | FLE | TEF","og_url":"https:\/\/abcformation1986.fr\/es\/accessibilite-aux-personnes-a-mobilite-reduite\/","og_site_name":"Centre de Formation ABC Franconville | FLE | TEF","article_publisher":"http:\/\/@abcformation","article_modified_time":"2024-07-26T08:32:45+00:00","twitter_card":"summary_large_image","twitter_site":"@abc_formation","twitter_misc":{"Tiempo de lectura":"4 minutos"},"schema":{"@context":"https:\/\/schema.org","@graph":[{"@type":"WebPage","@id":"https:\/\/abcformation1986.fr\/accessibilite-aux-personnes-a-mobilite-reduite\/","url":"https:\/\/abcformation1986.fr\/accessibilite-aux-personnes-a-mobilite-reduite\/","name":"Accessibilit\u00e9 aux personnes \u00e0 mobilit\u00e9 r\u00e9duite - Centre de Formation ABC Franconville | FLE | TEF","isPartOf":{"@id":"https:\/\/abcformation1986.fr\/#website"},"datePublished":"2021-09-02T07:52:28+00:00","dateModified":"2024-07-26T08:32:45+00:00","breadcrumb":{"@id":"https:\/\/abcformation1986.fr\/accessibilite-aux-personnes-a-mobilite-reduite\/#breadcrumb"},"inLanguage":"es","potentialAction":[{"@type":"ReadAction","target":["https:\/\/abcformation1986.fr\/accessibilite-aux-personnes-a-mobilite-reduite\/"]}]},{"@type":"BreadcrumbList","@id":"https:\/\/abcformation1986.fr\/accessibilite-aux-personnes-a-mobilite-reduite\/#breadcrumb","itemListElement":[{"@type":"ListItem","position":1,"name":"Home","item":"https:\/\/abcformation1986.fr\/"},{"@type":"ListItem","position":2,"name":"Accessibilit\u00e9 aux personnes \u00e0 mobilit\u00e9 r\u00e9duite"}]},{"@type":"WebSite","@id":"https:\/\/abcformation1986.fr\/#website","url":"https:\/\/abcformation1986.fr\/","name":"Centre de Formation ABC Franconville | FLE | TEF","description":"Acteur historique de  la formation, de l\u2019insertion et de la  reconversion professionnelle depuis 1986","publisher":{"@id":"https:\/\/abcformation1986.fr\/#organization"},"potentialAction":[{"@type":"SearchAction","target":{"@type":"EntryPoint","urlTemplate":"https:\/\/abcformation1986.fr\/?s={search_term_string}"},"query-input":{"@type":"PropertyValueSpecification","valueRequired":true,"valueName":"search_term_string"}}],"inLanguage":"es"},{"@type":"Organization","@id":"https:\/\/abcformation1986.fr\/#organization","name":"ABCFORMATION","url":"https:\/\/abcformation1986.fr\/","logo":{"@type":"ImageObject","inLanguage":"es","@id":"https:\/\/abcformation1986.fr\/#\/schema\/logo\/image\/","url":"https:\/\/abcformation1986.fr\/wp-content\/uploads\/2018\/11\/abclogo.png","contentUrl":"https:\/\/abcformation1986.fr\/wp-content\/uploads\/2018\/11\/abclogo.png","width":134,"height":82,"caption":"ABCFORMATION"},"image":{"@id":"https:\/\/abcformation1986.fr\/#\/schema\/logo\/image\/"},"sameAs":["http:\/\/@abcformation","https:\/\/x.com\/abc_formation","http:\/\/abcformation1986"]}]}},"uagb_featured_image_src":{"full":false,"thumbnail":false,"medium":false,"medium_large":false,"large":false,"1536x1536":false,"2048x2048":false,"trp-custom-language-flag":false,"hala-full":false,"hala-medium":false,"hala-small":false,"hala-team":false,"hala-thumb":false,"woocommerce_thumbnail":false,"woocommerce_single":false,"woocommerce_gallery_thumbnail":false},"uagb_author_info":{"display_name":"abc formation","author_link":"https:\/\/abcformation1986.fr\/es\/author\/abcformation\/"},"uagb_comment_info":0,"uagb_excerpt":null,"jetpack_sharing_enabled":true,"_links":{"self":[{"href":"https:\/\/abcformation1986.fr\/es\/wp-json\/wp\/v2\/pages\/3658","targetHints":{"allow":["GET"]}}],"collection":[{"href":"https:\/\/abcformation1986.fr\/es\/wp-json\/wp\/v2\/pages"}],"about":[{"href":"https:\/\/abcformation1986.fr\/es\/wp-json\/wp\/v2\/types\/page"}],"author":[{"embeddable":true,"href":"https:\/\/abcformation1986.fr\/es\/wp-json\/wp\/v2\/users\/2"}],"replies":[{"embeddable":true,"href":"https:\/\/abcformation1986.fr\/es\/wp-json\/wp\/v2\/comments?post=3658"}],"version-history":[{"count":30,"href":"https:\/\/abcformation1986.fr\/es\/wp-json\/wp\/v2\/pages\/3658\/revisions"}],"predecessor-version":[{"id":9340,"href":"https:\/\/abcformation1986.fr\/es\/wp-json\/wp\/v2\/pages\/3658\/revisions\/9340"}],"wp:attachment":[{"href":"https:\/\/abcformation1986.fr\/es\/wp-json\/wp\/v2\/media?parent=3658"}],"curies":[{"name":"wp","href":"https:\/\/api.w.org\/{rel}","templated":true}]}}