{"id":3425,"date":"2021-04-09T08:21:28","date_gmt":"2021-04-09T08:21:28","guid":{"rendered":"https:\/\/abcformation1986.fr\/?page_id=3425"},"modified":"2025-03-12T09:57:31","modified_gmt":"2025-03-12T09:57:31","slug":"se-preparer-au-tef","status":"publish","type":"page","link":"https:\/\/abcformation1986.fr\/es\/se-preparer-au-tef\/","title":{"rendered":"PREPARARSE PARA EL TEF"},"content":{"rendered":"<div class=\"vc_row wpb_row vc_row-fluid\">\n\t\t\t\t<div class=\"mo-vc-row-ovelay\" style=\"\"><\/div>\n\t\t\t\t<div class=\"container\"><div class=\"wpb_column vc_column_container vc_col-sm-8\"><div class=\"vc_column-inner\"><div class=\"wpb_wrapper\">\n\t<div class=\"wpb_text_column wpb_content_element\" >\n\t\t<div class=\"wpb_wrapper\">\n\t\t\t<div class=\"titre\">\n<h1 style=\"text-align: center;\"><span style=\"color: #33cccc;\">PREPARARSE PARA EL TEF<\/span><\/h1>\n<\/div>\n<p>Prepararse para\u00a0<a href=\"https:\/\/www.lefrancaisdesaffaires.fr\/tests-diplomes\/test-evaluation-francais-tef\/\">TEF,<\/a><strong>\u00a0Para prepararse para el TEF,<\/strong>\u00a0:<\/p>\n<h3><strong><span style=\"color: #33cccc;\">F\u00f3rmate con lecciones de franc\u00e9s<\/span><\/strong><\/h3>\n<p>Cualquier formaci\u00f3n de calidad en franc\u00e9s te ayudar\u00e1 a mejorar tus habilidades y obtener una mejor puntuaci\u00f3n TEF. Para ello te aconsejamos que te pongas en contacto con nosotros para ofrecerte clases de franc\u00e9s.<\/p>\n<h3><\/h3>\n<h3><span style=\"color: #33cccc;\">Practica en l\u00ednea<\/span><\/h3>\n<ul>\n<li>Revisar la\u00a0<a href=\"https:\/\/www.lefrancaisdesaffaires.fr\/tests-diplomes\/se-preparer\/tutoriels-tef\/\">tutoriales<\/a>\u00a0permiti\u00e9ndole familiarizarse con las pruebas de comprensi\u00f3n auditiva y expresi\u00f3n oral de TEF.<\/li>\n<li>Reg\u00edstrese para\u00a0<strong>all\u00e1<\/strong>\u00a0<strong>preparaci\u00f3n en l\u00ednea<\/strong>\u00a0ofrecido en asociaci\u00f3n con\u00a0<a href=\"https:\/\/www.lefrancaisdesaffaires.fr\/tests-diplomes\/outils-preparation-tef\/prepmyfuture\/\">Prepmyfuture<\/a>.<\/li>\n<li>Familiar\u00edcese con el formato de la prueba con\u00a0<strong>Los<\/strong>\u00a0<strong>ejemplos de pruebas<\/strong>\u00a0disponible en esta secci\u00f3n.<\/li>\n<li>Unirse\u00a0<strong>NUESTRO<\/strong>\u00a0<strong>grupo de facebook<\/strong>\u00a0<a href=\"https:\/\/www.facebook.com\/groups\/700451513803915\/\" target=\"_blank\" rel=\"noopener noreferrer\">C\u00f3mo prepararse para el TEF \u2013 Oficial.<\/a><\/li>\n<li>Gracias a\u00a0<strong>la aplicaci\u00f3n m\u00f3vil<\/strong><a href=\"https:\/\/www.lefrancaisdesaffaires.fr\/tests-diplomes\/se-preparer\/francais-3-0\/\">\u00a0fran\u00e7ais 3.0<\/a>, practicar las diferentes pruebas de evaluaci\u00f3n de franc\u00e9s.<\/li>\n<\/ul>\n<h2><\/h2>\n<h3><span style=\"color: #33cccc;\">Siga los consejos del franc\u00e9s de negocios<\/span><\/h3>\n<p class=\"titre-single\">Nuestros responsables educativos comparten contigo\u00a0<strong>desde<\/strong>\u00a0<strong>consejos y trucos para prepararse para el examen<\/strong>\u00a0:<\/p>\n<p class=\"titre-single\">\u2013\u00a0<span style=\"color: #008080;\"><a style=\"color: #008080;\" href=\"https:\/\/www.lefrancaisdesaffaires.fr\/le-fait-divers-preparer-la-section-a-de-lexpression-ecrite-du-tef\/\" target=\"_blank\" rel=\"noopener noreferrer\">Noticia: elaboran apartado A de la expresi\u00f3n escrita del TEF<\/a><\/span><br \/>\n<span style=\"color: #008080;\">\u2013\u00a0<a style=\"color: #008080;\" href=\"https:\/\/www.lefrancaisdesaffaires.fr\/largumentation-preparer-la-section-b-de-lexpression-ecrite-du-tef\/\" target=\"_blank\" rel=\"noopener noreferrer\">El argumento: elaborar el apartado B de la expresi\u00f3n escrita del TEF<\/a><\/span><br \/>\n<span style=\"color: #008080;\">\u2013\u00a0<a class=\"flex-liens\" style=\"color: #008080;\" href=\"https:\/\/www.lefrancaisdesaffaires.fr\/se-preparer-a-lepreuve-dexpression-orale-du-tef\/\" target=\"_blank\" rel=\"noopener noreferrer\">Preparaci\u00f3n para la prueba de expresi\u00f3n oral TEF<\/a><\/span><br \/>\n<span style=\"color: #008080;\">\u2013\u00a0<a style=\"color: #008080;\" href=\"https:\/\/www.lefrancaisdesaffaires.fr\/se-preparer-a-lepreuve-de-comprehension-ecrite-du-tef\/\" target=\"_blank\" rel=\"noopener noreferrer\">Prep\u00e1rate para el examen de comprensi\u00f3n escrita del TEF<\/a><\/span><br \/>\n<span style=\"color: #008080;\">\u2013\u00a0<a style=\"color: #008080;\" href=\"https:\/\/www.lefrancaisdesaffaires.fr\/se-preparer-a-lepreuve-de-comprehension-ecrite-du-tef\/\" target=\"_blank\" rel=\"noopener noreferrer\">Preparaci\u00f3n para la prueba de comprensi\u00f3n oral TEF<\/a><\/span><br \/>\n<span style=\"color: #008080;\">\u2013\u00a0<a style=\"color: #008080;\" href=\"https:\/\/www.lefrancaisdesaffaires.fr\/se-preparer-a-lepreuve-de-lexique-et-structure-du-tef\/\" target=\"_blank\" rel=\"noopener noreferrer\">Prep\u00e1rese para la prueba de estructura y l\u00e9xico del TEF<\/a><\/span><\/p>\n<p>Tambi\u00e9n puedes ver repeticiones de<span style=\"color: #008080;\">\u00a0<a style=\"color: #008080;\" href=\"https:\/\/www.lefrancaisdesaffaires.fr\/tests-diplomes\/outils-preparation-tef\/ateliers\/\">nuestros talleres de preparaci\u00f3n para los ex\u00e1menes TEF<\/a>.<\/span><\/p>\n<p>&nbsp;<\/p>\n<h3>Entrena con los trabajos de preparaci\u00f3n.<\/h3>\n<p>Tambi\u00e9n puedes usar\u00a0<strong>libros de entrenamiento<\/strong>\u00a0para las pruebas TEF, publicadas por Hachette FLE y Cl\u00e9 International:<\/p>\n<ul>\n<li>prueba de evaluaci\u00f3n de franc\u00e9s<br \/>\nColecci\u00f3n: \u00c9xito objetivo<br \/>\nEditorial: Hachette livre \u2013 Franc\u00e9s como lengua extranjera<br \/>\nISBN : 2.01.15.5166-8<br \/>\nFecha de publicaci\u00f3n: 2001<\/li>\n<li>TEF (prueba de evaluaci\u00f3n de franc\u00e9s) \u2013 250 actividades<br \/>\nEditorial: CLE Internacional<br \/>\nISBN : 209-033348-0 (livre) et 209-032316-7 (CD audio)<br \/>\nFecha de publicaci\u00f3n: 2006<\/li>\n<\/ul>\n<p>Tenga en cuenta: Las pruebas TEF han sufrido cambios desde la fecha de publicaci\u00f3n de estos dos trabajos.<\/p>\n<ul>\n<li><a href=\"https:\/\/www.cle-international.com\/adolescents\/abc-tefaq-livre-audio-en-ligne-9782090382464.html\">ABC TEFAQ<\/a><br \/>\nEditorial: CLE Internacional<br \/>\nISBN : 978-2-09-038246-4<br \/>\nFecha de reedici\u00f3n: 2019<\/li>\n<\/ul>\n\n\t\t<\/div>\n\t<\/div>\n<\/div><\/div><\/div><div class=\"wpb_column vc_column_container vc_col-sm-4\"><div class=\"vc_column-inner\"><div class=\"wpb_wrapper\">\n\t<div class=\"wpb_text_column wpb_content_element\" >\n\t\t<div class=\"wpb_wrapper\">\n\t\t\t<h1 style=\"text-align: center;\"><span style=\"color: #33cccc;\">Ejemplos de pruebas<\/span><\/h1>\n<h3 style=\"text-align: center;\"><a class=\"flex-liens\" href=\"https:\/\/www.lefrancaisdesaffaires.fr\/wp-content\/uploads\/2016\/03\/Feuillet-CE.pdf\" target=\"_blank\" rel=\"noopener noreferrer\"><i class=\"fa fa-external-link\"><\/i>Comprensi\u00f3n escrita<\/a><\/h3>\n<h3 style=\"text-align: center;\"><a class=\"flex-liens\" href=\"https:\/\/www.lefrancaisdesaffaires.fr\/wp-content\/uploads\/fichiers-clf\/Feuillet_CO_V_Audio_Internet.pdf\" target=\"_blank\" rel=\"noopener noreferrer\"><i class=\"fa fa-external-link\"><\/i>Comprensi\u00f3n oral<\/a><\/h3>\n<h3 style=\"text-align: center;\"><a class=\"flex-liens\" href=\"https:\/\/www.lefrancaisdesaffaires.fr\/wp-content\/uploads\/2016\/03\/Sujets-EE.pdf\" target=\"_blank\" rel=\"noopener noreferrer\"><i class=\"fa fa-external-link\"><\/i>Expresi\u00f3n escrita<\/a><\/h3>\n<h3 style=\"text-align: center;\"><a class=\"flex-liens\" href=\"https:\/\/www.lefrancaisdesaffaires.fr\/wp-content\/uploads\/2016\/03\/Sujets-EO.pdf\" target=\"_blank\" rel=\"noopener noreferrer\"><i class=\"fa fa-external-link\"><\/i>Expresi\u00f3n oral<\/a><\/h3>\n<h3 style=\"text-align: center;\"><a class=\"flex-liens\" href=\"https:\/\/www.lefrancaisdesaffaires.fr\/wp-content\/uploads\/2016\/03\/Feuillet-LS.pdf\" target=\"_blank\" rel=\"noopener noreferrer\"><i class=\"fa fa-external-link\"><\/i>Glosario y estructura<\/a><\/h3>\n<h3 style=\"text-align: center;\"><a class=\"flex-liens\" href=\"https:\/\/www.lefrancaisdesaffaires.fr\/wp-content\/uploads\/2016\/03\/Bandes-son-MP3-tlchargeables.zip\" target=\"_blank\" rel=\"noopener noreferrer\"><i class=\"fa fa-external-link\"><\/i>Bandas sonoras descargables (formato zip)<\/a><\/h3>\n\n\t\t<\/div>\n\t<\/div>\n<div class=\"vc_separator wpb_content_element vc_separator_align_center vc_sep_width_100 vc_sep_pos_align_center vc_separator_no_text vc_sep_color_grey\" ><span class=\"vc_sep_holder vc_sep_holder_l\"><span  class=\"vc_sep_line\"><\/span><\/span><span class=\"vc_sep_holder vc_sep_holder_r\"><span  class=\"vc_sep_line\"><\/span><\/span>\n<\/div><div class=\"vc_btn3-container vc_btn3-center\" >\n\t<a class=\"vc_general vc_btn3 vc_btn3-size-lg vc_btn3-shape-square vc_btn3-style-3d vc_btn3-block vc_btn3-color-turquoise\" href=\"https:\/\/www.lefrancaisdesaffaires.fr\/tests-diplomes\/se-preparer\/tutoriels-tef\/\" title=\"\">Tutoriales <\/a><\/div>\n<div class=\"vc_btn3-container vc_btn3-center\" >\n\t<a class=\"vc_general vc_btn3 vc_btn3-size-lg vc_btn3-shape-square vc_btn3-style-3d vc_btn3-block vc_btn3-color-turquoise\" href=\"https:\/\/www.lefrancaisdesaffaires.fr\/tests-diplomes\/outils-preparation-tef\/ateliers\/\" title=\"\">Talleres de preparaci\u00f3n<\/a><\/div>\n<div class=\"vc_btn3-container vc_btn3-center\" >\n\t<a class=\"vc_general vc_btn3 vc_btn3-size-lg vc_btn3-shape-square vc_btn3-style-3d vc_btn3-block vc_btn3-color-turquoise\" href=\"https:\/\/www.lefrancaisdesaffaires.fr\/tests-diplomes\/outils-preparation-tef\/prepmyfuture\/\" title=\"\">Preparaci\u00f3n en l\u00ednea Prepmytef<\/a><\/div>\n<div class=\"vc_btn3-container vc_btn3-center\" >\n\t<a class=\"vc_general vc_btn3 vc_btn3-size-lg vc_btn3-shape-square vc_btn3-style-3d vc_btn3-block vc_btn3-color-turquoise\" href=\"https:\/\/www.facebook.com\/groups\/700451513803915\/\" title=\"\">grupo de facebook<\/a><\/div>\n<div class=\"vc_separator wpb_content_element vc_separator_align_center vc_sep_width_100 vc_sep_pos_align_center vc_separator_no_text vc_sep_color_grey\" ><span class=\"vc_sep_holder vc_sep_holder_l\"><span  class=\"vc_sep_line\"><\/span><\/span><span class=\"vc_sep_holder vc_sep_holder_r\"><span  class=\"vc_sep_line\"><\/span><\/span>\n<\/div><\/div><\/div><\/div>\t<\/div>\n\t\t\t<\/div>","protected":false},"excerpt":{"rendered":"SE PR\u00c9PARER AU TEF Pour se pr\u00e9parer au\u00a0TEF,\u00a0plusieurs possibilit\u00e9s s\u2019offrent \u00e0 vous\u00a0: Se former avec des cours de fran\u00e7ais Toute formation de qualit\u00e9 en langue fran\u00e7aise vous aidera \u00e0 am\u00e9liorer vos comp\u00e9tences et \u00e0 obtenir un meilleur score au TEF. \u00c0 cet effet, nous vous conseillons de nous contacter pour vous \u00a0proposer des cours de [...]","protected":false},"author":2,"featured_media":0,"parent":0,"menu_order":0,"comment_status":"closed","ping_status":"closed","template":"","meta":{"_uag_custom_page_level_css":"","footnotes":""},"class_list":["post-3425","page","type-page","status-publish","hentry"],"yoast_head":"<!-- This site is optimized with the Yoast SEO plugin v25.2 - https:\/\/yoast.com\/wordpress\/plugins\/seo\/ -->\n<title>SE PR\u00c9PARER AU TEF - Centre de Formation ABC Franconville | FLE | TEF<\/title>\n<meta name=\"robots\" content=\"index, follow, max-snippet:-1, max-image-preview:large, max-video-preview:-1\" \/>\n<link rel=\"canonical\" href=\"https:\/\/abcformation1986.fr\/es\/se-preparer-au-tef\/\" \/>\n<meta property=\"og:locale\" content=\"es_ES\" \/>\n<meta property=\"og:type\" content=\"article\" \/>\n<meta property=\"og:title\" content=\"SE PR\u00c9PARER AU TEF - Centre de Formation ABC Franconville | FLE | TEF\" \/>\n<meta property=\"og:url\" content=\"https:\/\/abcformation1986.fr\/es\/se-preparer-au-tef\/\" \/>\n<meta property=\"og:site_name\" content=\"Centre de Formation ABC Franconville | FLE | TEF\" \/>\n<meta property=\"article:publisher\" content=\"http:\/\/@abcformation\" \/>\n<meta property=\"article:modified_time\" content=\"2025-03-12T09:57:31+00:00\" \/>\n<meta name=\"twitter:card\" content=\"summary_large_image\" \/>\n<meta name=\"twitter:site\" content=\"@abc_formation\" \/>\n<meta name=\"twitter:label1\" content=\"Tiempo de lectura\" \/>\n\t<meta name=\"twitter:data1\" content=\"2 minutos\" \/>\n<script type=\"application\/ld+json\" class=\"yoast-schema-graph\">{\"@context\":\"https:\/\/schema.org\",\"@graph\":[{\"@type\":\"WebPage\",\"@id\":\"http:\/\/abcformation1986.fr\/se-preparer-au-tef\/\",\"url\":\"http:\/\/abcformation1986.fr\/se-preparer-au-tef\/\",\"name\":\"SE PR\u00c9PARER AU TEF - Centre de Formation ABC Franconville | FLE | TEF\",\"isPartOf\":{\"@id\":\"https:\/\/abcformation1986.fr\/#website\"},\"datePublished\":\"2021-04-09T08:21:28+00:00\",\"dateModified\":\"2025-03-12T09:57:31+00:00\",\"breadcrumb\":{\"@id\":\"http:\/\/abcformation1986.fr\/se-preparer-au-tef\/#breadcrumb\"},\"inLanguage\":\"es\",\"potentialAction\":[{\"@type\":\"ReadAction\",\"target\":[\"http:\/\/abcformation1986.fr\/se-preparer-au-tef\/\"]}]},{\"@type\":\"BreadcrumbList\",\"@id\":\"http:\/\/abcformation1986.fr\/se-preparer-au-tef\/#breadcrumb\",\"itemListElement\":[{\"@type\":\"ListItem\",\"position\":1,\"name\":\"Home\",\"item\":\"https:\/\/abcformation1986.fr\/\"},{\"@type\":\"ListItem\",\"position\":2,\"name\":\"SE PR\u00c9PARER AU TEF\"}]},{\"@type\":\"WebSite\",\"@id\":\"https:\/\/abcformation1986.fr\/#website\",\"url\":\"https:\/\/abcformation1986.fr\/\",\"name\":\"Centre de Formation ABC Franconville | FLE | TEF\",\"description\":\"Acteur historique de  la formation, de l\u2019insertion et de la  reconversion professionnelle depuis 1986\",\"publisher\":{\"@id\":\"https:\/\/abcformation1986.fr\/#organization\"},\"potentialAction\":[{\"@type\":\"SearchAction\",\"target\":{\"@type\":\"EntryPoint\",\"urlTemplate\":\"https:\/\/abcformation1986.fr\/?s={search_term_string}\"},\"query-input\":{\"@type\":\"PropertyValueSpecification\",\"valueRequired\":true,\"valueName\":\"search_term_string\"}}],\"inLanguage\":\"es\"},{\"@type\":\"Organization\",\"@id\":\"https:\/\/abcformation1986.fr\/#organization\",\"name\":\"ABCFORMATION\",\"url\":\"https:\/\/abcformation1986.fr\/\",\"logo\":{\"@type\":\"ImageObject\",\"inLanguage\":\"es\",\"@id\":\"https:\/\/abcformation1986.fr\/#\/schema\/logo\/image\/\",\"url\":\"https:\/\/abcformation1986.fr\/wp-content\/uploads\/2018\/11\/abclogo.png\",\"contentUrl\":\"https:\/\/abcformation1986.fr\/wp-content\/uploads\/2018\/11\/abclogo.png\",\"width\":134,\"height\":82,\"caption\":\"ABCFORMATION\"},\"image\":{\"@id\":\"https:\/\/abcformation1986.fr\/#\/schema\/logo\/image\/\"},\"sameAs\":[\"http:\/\/@abcformation\",\"https:\/\/x.com\/abc_formation\",\"http:\/\/abcformation1986\"]}]}<\/script>\n<!-- \/ Yoast SEO plugin. -->","yoast_head_json":{"title":"SE PR\u00c9PARER AU TEF - Centre de Formation ABC Franconville | FLE | TEF","robots":{"index":"index","follow":"follow","max-snippet":"max-snippet:-1","max-image-preview":"max-image-preview:large","max-video-preview":"max-video-preview:-1"},"canonical":"https:\/\/abcformation1986.fr\/es\/se-preparer-au-tef\/","og_locale":"es_ES","og_type":"article","og_title":"SE PR\u00c9PARER AU TEF - Centre de Formation ABC Franconville | FLE | TEF","og_url":"https:\/\/abcformation1986.fr\/es\/se-preparer-au-tef\/","og_site_name":"Centre de Formation ABC Franconville | FLE | TEF","article_publisher":"http:\/\/@abcformation","article_modified_time":"2025-03-12T09:57:31+00:00","twitter_card":"summary_large_image","twitter_site":"@abc_formation","twitter_misc":{"Tiempo de lectura":"2 minutos"},"schema":{"@context":"https:\/\/schema.org","@graph":[{"@type":"WebPage","@id":"http:\/\/abcformation1986.fr\/se-preparer-au-tef\/","url":"http:\/\/abcformation1986.fr\/se-preparer-au-tef\/","name":"SE PR\u00c9PARER AU TEF - Centre de Formation ABC Franconville | FLE | TEF","isPartOf":{"@id":"https:\/\/abcformation1986.fr\/#website"},"datePublished":"2021-04-09T08:21:28+00:00","dateModified":"2025-03-12T09:57:31+00:00","breadcrumb":{"@id":"http:\/\/abcformation1986.fr\/se-preparer-au-tef\/#breadcrumb"},"inLanguage":"es","potentialAction":[{"@type":"ReadAction","target":["http:\/\/abcformation1986.fr\/se-preparer-au-tef\/"]}]},{"@type":"BreadcrumbList","@id":"http:\/\/abcformation1986.fr\/se-preparer-au-tef\/#breadcrumb","itemListElement":[{"@type":"ListItem","position":1,"name":"Home","item":"https:\/\/abcformation1986.fr\/"},{"@type":"ListItem","position":2,"name":"SE PR\u00c9PARER AU TEF"}]},{"@type":"WebSite","@id":"https:\/\/abcformation1986.fr\/#website","url":"https:\/\/abcformation1986.fr\/","name":"Centre de Formation ABC Franconville | FLE | TEF","description":"Acteur historique de  la formation, de l\u2019insertion et de la  reconversion professionnelle depuis 1986","publisher":{"@id":"https:\/\/abcformation1986.fr\/#organization"},"potentialAction":[{"@type":"SearchAction","target":{"@type":"EntryPoint","urlTemplate":"https:\/\/abcformation1986.fr\/?s={search_term_string}"},"query-input":{"@type":"PropertyValueSpecification","valueRequired":true,"valueName":"search_term_string"}}],"inLanguage":"es"},{"@type":"Organization","@id":"https:\/\/abcformation1986.fr\/#organization","name":"ABCFORMATION","url":"https:\/\/abcformation1986.fr\/","logo":{"@type":"ImageObject","inLanguage":"es","@id":"https:\/\/abcformation1986.fr\/#\/schema\/logo\/image\/","url":"https:\/\/abcformation1986.fr\/wp-content\/uploads\/2018\/11\/abclogo.png","contentUrl":"https:\/\/abcformation1986.fr\/wp-content\/uploads\/2018\/11\/abclogo.png","width":134,"height":82,"caption":"ABCFORMATION"},"image":{"@id":"https:\/\/abcformation1986.fr\/#\/schema\/logo\/image\/"},"sameAs":["http:\/\/@abcformation","https:\/\/x.com\/abc_formation","http:\/\/abcformation1986"]}]}},"uagb_featured_image_src":{"full":false,"thumbnail":false,"medium":false,"medium_large":false,"large":false,"1536x1536":false,"2048x2048":false,"trp-custom-language-flag":false,"hala-full":false,"hala-medium":false,"hala-small":false,"hala-team":false,"hala-thumb":false,"woocommerce_thumbnail":false,"woocommerce_single":false,"woocommerce_gallery_thumbnail":false},"uagb_author_info":{"display_name":"abc formation","author_link":"https:\/\/abcformation1986.fr\/es\/author\/abcformation\/"},"uagb_comment_info":0,"uagb_excerpt":null,"jetpack_sharing_enabled":true,"_links":{"self":[{"href":"https:\/\/abcformation1986.fr\/es\/wp-json\/wp\/v2\/pages\/3425","targetHints":{"allow":["GET"]}}],"collection":[{"href":"https:\/\/abcformation1986.fr\/es\/wp-json\/wp\/v2\/pages"}],"about":[{"href":"https:\/\/abcformation1986.fr\/es\/wp-json\/wp\/v2\/types\/page"}],"author":[{"embeddable":true,"href":"https:\/\/abcformation1986.fr\/es\/wp-json\/wp\/v2\/users\/2"}],"replies":[{"embeddable":true,"href":"https:\/\/abcformation1986.fr\/es\/wp-json\/wp\/v2\/comments?post=3425"}],"version-history":[{"count":5,"href":"https:\/\/abcformation1986.fr\/es\/wp-json\/wp\/v2\/pages\/3425\/revisions"}],"predecessor-version":[{"id":11079,"href":"https:\/\/abcformation1986.fr\/es\/wp-json\/wp\/v2\/pages\/3425\/revisions\/11079"}],"wp:attachment":[{"href":"https:\/\/abcformation1986.fr\/es\/wp-json\/wp\/v2\/media?parent=3425"}],"curies":[{"name":"wp","href":"https:\/\/api.w.org\/{rel}","templated":true}]}}