{"id":1865,"date":"2019-03-28T15:32:43","date_gmt":"2019-03-28T15:32:43","guid":{"rendered":"https:\/\/abcformation1986.fr\/?page_id=1865"},"modified":"2024-12-11T14:34:40","modified_gmt":"2024-12-11T14:34:40","slug":"diplome-de-francais-des-relations-internationales","status":"publish","type":"page","link":"https:\/\/abcformation1986.fr\/es\/diplome-de-francais-des-relations-internationales\/","title":{"rendered":"DIPL\u00d4ME DE FRAN\u00c7AIS DES RELATIONS INTERNATIONALES"},"content":{"rendered":"<div class=\"vc_row wpb_row vc_row-fluid\">\n\t\t\t\t<div class=\"mo-vc-row-ovelay\" style=\"\"><\/div>\n\t\t\t\t<div class=\"container\"><div class=\"wpb_column vc_column_container vc_col-sm-8\"><div class=\"vc_column-inner\"><div class=\"wpb_wrapper\">\n\t<div class=\"wpb_text_column wpb_content_element\" >\n\t\t<div class=\"wpb_wrapper\">\n\t\t\t<h1 style=\"text-align: center;\"><span style=\"color: #33cccc;\"><a href=\"https:\/\/www.moncompteformation.gouv.fr\/espace-public\/comment-sinscrire-sur-mon-compte-formation\"><img loading=\"lazy\" decoding=\"async\" class=\"alignright wp-image-2349\" src=\"https:\/\/abcformation1986.fr\/wp-content\/uploads\/2020\/01\/LOGO-ELIGIBLE.jpg\" alt=\"\" width=\"158\" height=\"139\" \/><\/a><img loading=\"lazy\" decoding=\"async\" class=\"wp-image-2560 alignleft\" src=\"https:\/\/abcformation1986.fr\/wp-content\/uploads\/2020\/04\/images.png\" alt=\"\" width=\"132\" height=\"130\" \/>el diploma de franc\u00e9s profesional\u00a0<strong>Relaciones Internacionales<\/strong><\/span><\/h1>\n<p style=\"text-align: justify;\"><strong>V\u00e1lido de por vida<\/strong>\u00a0Se cre\u00f3 el Diploma Profesional de Franc\u00e9s Relaciones Internacionales\u00a0<span class=\"value\">Bajo demanda<\/span>\u00a0du\u00a0<a href=\"http:\/\/www.diplomatie.gouv.fr\/fr\"><span class=\"st\">Departamento de Asuntos Exteriores y Desarrollo Internacional<\/span><\/a>\u00a0et l\u2019<a href=\"http:\/\/www.francophonie.org\/\">Organizaci\u00f3n internacional de la francofon\u00eda<\/a>. C<span class=\"value\">Ambas instituciones apoyan el uso del idioma franc\u00e9s dentro de las organizaciones internacionales y en los intercambios pol\u00edticos y diplom\u00e1ticos internacionales.<\/span><\/p>\n<p>&nbsp;<\/p>\n<p style=\"text-align: justify;\">Este diploma fue elaborado con la colaboraci\u00f3n educativa del Departamento Franc\u00e9s de<a href=\"https:\/\/cci-paris-idf.us11.list-manage.com\/track\/click?u=ffa2c2ada72b80f102555043b&amp;id=f3affd91d0&amp;e=373e499ae9\" target=\"_blank\" rel=\"noopener noreferrer\">\u00a0la Academia Diplom\u00e1tica de Viena<\/a>.<\/p>\n<p style=\"text-align: justify;\">Eval\u00faa el nivel alcanzado en comprensi\u00f3n y expresi\u00f3n escrita as\u00ed como en comprensi\u00f3n y expresi\u00f3n oral mediante la realizaci\u00f3n de tareas profesionales propias del \u00e1mbito de las relaciones internacionales: art\u00edculos, convenios, presentaciones, negociaciones.<\/p>\n<p style=\"text-align: justify;\">Responde a la necesidad de formaci\u00f3n y certificaci\u00f3n en franc\u00e9s profesional para diplom\u00e1ticos, funcionarios internacionales y periodistas, para quienes el franc\u00e9s es a menudo su primera o segunda lengua de trabajo.<\/p>\n<h3><span style=\"color: #33cccc;\">Para quien ?<\/span><strong><br \/>\n<\/strong><\/h3>\n<p style=\"text-align: justify;\">Este diploma est\u00e1 dirigido en particular a directivos de organizaciones internacionales o regionales que necesiten utilizar el franc\u00e9s en su contexto profesional; a funcionarios nacionales que probablemente desempe\u00f1en un papel en el trabajo de instituciones internacionales o europeas; a los periodistas.<\/p>\n<h3><span style=\"color: #33cccc;\">Ejemplos de actividades y temas cubiertos.<\/span><\/h3>\n<p style=\"text-align: justify;\"><strong>Actividades :\u00a0<\/strong>Escribir una nota resumida, comentar datos de un pa\u00eds, resumir la actualidad, organizar un evento protocolar, redactar una declaraci\u00f3n oficial, presentar una misi\u00f3n, un proyecto, presentar la situaci\u00f3n de un pa\u00eds, obtener apoyo en el terreno, hacer una presentaci\u00f3n tem\u00e1tica, argumentar. durante una negociaci\u00f3n<\/p>\n<p><strong>Temas:<\/strong>\u00a0Diplomacia, econom\u00eda, educaci\u00f3n, derechos humanos, finanzas, mantenimiento de la paz, ecolog\u00eda<\/p>\n<h3><span style=\"color: #33cccc;\">Descripci\u00f3n detallada de Diplomados por nivel<\/span><\/h3>\n<p style=\"text-align: justify;\"><em>Franc\u00e9s de negocios<\/em>\u00a0ofrece tres diplomas profesionales de franc\u00e9s<strong>\u00a0Relaciones Internacionales,<\/strong>\u00a0<strong>del nivel B1 al C1<\/strong>\u00a0:<\/p>\n<div class=\"titre-bloc-deroulant\">\n<h3><span style=\"color: #33cccc;\">Un diploma registrado en el Inventario<\/span><\/h3>\n<\/div>\n<div class=\"titre-bloc-deroulant\">\n<p style=\"text-align: justify;\">Todos nuestros diplomas han sido registrados en el Inventario de\u00a0<strong><a href=\"http:\/\/www.cncp.gouv.fr\/\" target=\"_blank\" rel=\"noopener noreferrer\">CNCP<\/a>\u00a0\u2013 Comisi\u00f3n Nacional de Certificaci\u00f3n Profesional<\/strong>. Enumera las certificaciones y autorizaciones correspondientes a competencias transversales ejercidas en una situaci\u00f3n profesional.\u00a0<a href=\"https:\/\/www.lefrancaisdesaffaires.fr\/diplomes-de-francais-professionnel-a-linventaire\/\" target=\"_blank\" rel=\"noopener noreferrer\">Para saber m\u00e1s.<\/a><\/p>\n<p style=\"text-align: justify;\">El registro de nuestros Diplomas en el Inventario permite a los alumnos que siguen una formaci\u00f3n que incluye la aprobaci\u00f3n de esta certificaci\u00f3n beneficiarse de la financiaci\u00f3n de la Cuenta de Entrenamiento Personal (<a href=\"http:\/\/www.moncompteformation.gouv.fr\/\" target=\"_blank\" rel=\"noopener noreferrer\">CPF<\/a>).<\/p>\n<\/div>\n<h2><\/h2>\n<h2>Relaciones internacionales B1<\/h2>\n<table>\n<tbody>\n<tr>\n<td><a href=\"https:\/\/cci-paris-idf.assessmentq.com\/?treeStructureAccessCode=d0d5b2ac-7961-48c6-9f10-415ca973611f&amp;userAccessCode=1f23733a-c2ee-4b68-8cc2-fa5eab63fd93\" target=\"_blank\" rel=\"noopener\"><img loading=\"lazy\" decoding=\"async\" class=\"alignnone\" src=\"https:\/\/abcformation1986.fr\/wp-content\/uploads\/2024\/12\/logo-DFP-site.png.webp\" alt=\"\" width=\"501\" height=\"328\" \/><\/a><\/td>\n<td><a href=\"https:\/\/cci-paris-idf.assessmentq.com\/?treeStructureAccessCode=328124fd-e017-43b5-9ece-aa81320c5825&amp;userAccessCode=1f23733a-c2ee-4b68-8cc2-fa5eab63fd93\" target=\"_blank\" rel=\"noopener\"><img loading=\"lazy\" decoding=\"async\" class=\"\" src=\"https:\/\/abcformation1986.fr\/wp-content\/uploads\/2024\/12\/logo-DFP-site.png.webp\" alt=\"\" width=\"502\" height=\"328\" \/><\/a><\/td>\n<\/tr>\n<\/tbody>\n<\/table>\n<p>&nbsp;<\/p>\n<h2>Relaciones internacionales B2<\/h2>\n<table>\n<tbody>\n<tr>\n<td><a href=\"https:\/\/cci-paris-idf.assessmentq.com\/?treeStructureAccessCode=214f58cf-e970-4aa4-9b29-35b39ed84fd2&amp;userAccessCode=1f23733a-c2ee-4b68-8cc2-fa5eab63fd93\" target=\"_blank\" rel=\"noopener\"><img loading=\"lazy\" decoding=\"async\" class=\"\" src=\"https:\/\/abcformation1986.fr\/wp-content\/uploads\/2024\/12\/logo-DFP-site.png.webp\" alt=\"\" width=\"500\" height=\"327\" \/><\/a><\/td>\n<td><a href=\"https:\/\/cci-paris-idf.assessmentq.com\/?treeStructureAccessCode=5bdf9616-daf5-458c-9e12-dcefa949fa75&amp;userAccessCode=1f23733a-c2ee-4b68-8cc2-fa5eab63fd93\" target=\"_blank\" rel=\"noopener\"><img loading=\"lazy\" decoding=\"async\" class=\"\" src=\"https:\/\/abcformation1986.fr\/wp-content\/uploads\/2024\/12\/logo-DFP-site.png.webp\" alt=\"\" width=\"500\" height=\"327\" \/><\/a><\/td>\n<\/tr>\n<\/tbody>\n<\/table>\n<p>&nbsp;<\/p>\n<h2>Relaciones internacionales C1<\/h2>\n<table>\n<tbody>\n<tr>\n<td><a href=\"https:\/\/cci-paris-idf.assessmentq.com\/?treeStructureAccessCode=80cac87e-a75a-44bd-b289-861fa05f7785&amp;userAccessCode=1f23733a-c2ee-4b68-8cc2-fa5eab63fd93\" target=\"_blank\" rel=\"noopener\"><img loading=\"lazy\" decoding=\"async\" class=\"\" src=\"https:\/\/abcformation1986.fr\/wp-content\/uploads\/2024\/12\/logo-DFP-site.png.webp\" alt=\"\" width=\"500\" height=\"327\" \/><\/a><\/td>\n<td><a href=\"https:\/\/cci-paris-idf.assessmentq.com\/?treeStructureAccessCode=843dab2a-e4b2-476b-ae88-1c855e831867&amp;userAccessCode=1f23733a-c2ee-4b68-8cc2-fa5eab63fd93\" target=\"_blank\" rel=\"noopener\"><img loading=\"lazy\" decoding=\"async\" class=\"\" src=\"https:\/\/abcformation1986.fr\/wp-content\/uploads\/2024\/12\/logo-DFP-site.png.webp\" width=\"500\" height=\"327\" \/><\/a><\/td>\n<\/tr>\n<\/tbody>\n<\/table>\n\n\t\t<\/div>\n\t<\/div>\n<\/div><\/div><\/div><div class=\"wpb_column vc_column_container vc_col-sm-4\"><div class=\"vc_column-inner\"><div class=\"wpb_wrapper\">\n\t<div  class=\"wpb_single_image wpb_content_element vc_align_center\">\n\t\t\n\t\t<figure class=\"wpb_wrapper vc_figure\">\n\t\t\t<div class=\"vc_single_image-wrapper   vc_box_border_grey\"><img loading=\"lazy\" decoding=\"async\" width=\"300\" height=\"300\" src=\"https:\/\/abcformation1986.fr\/wp-content\/uploads\/2024\/10\/DFP-Relations-internationals.png\" class=\"vc_single_image-img attachment-medium\" alt=\"\" srcset=\"https:\/\/abcformation1986.fr\/wp-content\/uploads\/2024\/10\/DFP-Relations-internationals.png 300w, https:\/\/abcformation1986.fr\/wp-content\/uploads\/2024\/10\/DFP-Relations-internationals-291x291.png 291w, https:\/\/abcformation1986.fr\/wp-content\/uploads\/2024\/10\/DFP-Relations-internationals-100x100.png 100w, https:\/\/abcformation1986.fr\/wp-content\/uploads\/2024\/10\/DFP-Relations-internationals-150x150.png 150w, https:\/\/abcformation1986.fr\/wp-content\/uploads\/2024\/10\/DFP-Relations-internationals-12x12.png 12w\" sizes=\"auto, (max-width: 300px) 100vw, 300px\" \/><\/div>\n\t\t<\/figure>\n\t<\/div>\n<div class=\"vc_btn3-container vc_btn3-center\" >\n\t<a class=\"vc_general vc_btn3 vc_btn3-size-md vc_btn3-shape-square vc_btn3-style-3d vc_btn3-block vc_btn3-color-turquoise\" href=\"https:\/\/abcformation1986.fr\/es\/ressources-dfp\/\" title=\"\">Prepararse <\/a><\/div>\n<div class=\"vc_btn3-container vc_btn3-center\" >\n\t<a class=\"vc_general vc_btn3 vc_btn3-size-md vc_btn3-shape-square vc_btn3-style-3d vc_btn3-block vc_btn3-color-turquoise\" href=\"https:\/\/abcformation1986.fr\/wp-content\/uploads\/2024\/10\/DFP-RELATIONS-INTERNATIONALS.pdf\" title=\"\">Catalogue du fran\u00e7ais professionnel Relations internationales<\/a><\/div>\n<\/div><\/div><\/div>\t<\/div>\n\t\t\t<\/div><div class=\"vc_row wpb_row vc_row-fluid\">\n\t\t\t\t<div class=\"mo-vc-row-ovelay\" style=\"\"><\/div>\n\t\t\t\t<div class=\"container\"><div class=\"wpb_column vc_column_container vc_col-sm-8\"><div class=\"vc_column-inner\"><div class=\"wpb_wrapper\"><div class=\"vc_separator wpb_content_element vc_separator_align_center vc_sep_width_100 vc_sep_shadow vc_sep_pos_align_center vc_separator_no_text vc_sep_color_turquoise\" ><span class=\"vc_sep_holder vc_sep_holder_l\"><span  class=\"vc_sep_line\"><\/span><\/span><span class=\"vc_sep_holder vc_sep_holder_r\"><span  class=\"vc_sep_line\"><\/span><\/span>\n<\/div><div  class=\"vc_toggle vc_toggle_rounded vc_toggle_color_turquoise vc_toggle_color_inverted vc_toggle_size_md\">\n\t<div class=\"vc_toggle_title\"><h4 style=\"color: #2ae3ed;text-align: left;font-family:Abril Fatface;font-weight:400;font-style:normal\" class=\"vc_custom_heading\">Relaciones Internacionales B1<\/h4><i class=\"vc_toggle_icon\"><\/i><\/div>\n\t<div class=\"vc_toggle_content\"><h3>Nivel<\/h3>\n<p>El Diploma Profesional de Franc\u00e9s Relaciones Internacionales B1 valida la competencia en franc\u00e9s en el nivel B1 del MCER.<br \/>\nCertifica competencia b\u00e1sica en franc\u00e9s a nivel independiente, lo que permite al usuario comprender y expresarse en situaciones cotidianas de la vida social y profesional.<br \/>\nEl titular de este diploma puede realizar tareas de comunicaci\u00f3n profesional, tanto de forma oral como escrita, en un contexto previsible.<\/p>\n<h3>Habilidades evaluadas<\/h3>\n<p><strong><em>Comprensi\u00f3n y procesamiento de informaci\u00f3n:<\/em><\/strong><br \/>\nEl candidato puede comprender los elementos esenciales de los documentos informativos (datos cuantificados, breves art\u00edculos de prensa, extractos de gu\u00edas de protocolo, normativas, etc.) y de los mensajes internos (colegas) y externos (socios internacionales).<br \/>\nPuede tramitar o cumplimentar los documentos profesionales habituales (comentarios de datos, rese\u00f1a de prensa, hoja de protocolo de preparaci\u00f3n de eventos, formulario de solicitud de empleo, hoja de pa\u00eds, etc.) m\u00e1s habituales en las profesiones de relaciones internacionales.<br \/>\nEl candidato puede seleccionar los elementos proporcionados para organizarlos en un formato determinado, escribir correos electr\u00f3nicos formales sencillos solicitando informaci\u00f3n o respondiendo o confirmando, en situaciones profesionales habituales.<br \/>\n<strong><em>Interactuar oralmente:<\/em><\/strong><br \/>\nEl candidato puede participar en intercambios actuales en su contexto profesional, para presentar su instituci\u00f3n, la situaci\u00f3n de un pa\u00eds, una misi\u00f3n, explicar o negociar aspectos importantes de una acci\u00f3n.<\/p>\n<h3><img loading=\"lazy\" decoding=\"async\" class=\"alignnone wp-image-2287\" src=\"https:\/\/abcformation1986.fr\/wp-content\/uploads\/2019\/11\/Tableau-Activites_RI-B1-300x131.png\" alt=\"\" width=\"591\" height=\"258\" srcset=\"\" sizes=\"auto, (max-width: 591px) 100vw, 591px\" data-srcset=\"\" \/><\/h3>\n<p><strong>Duraci\u00f3n total del examen: 1 hora 45 minutos<\/strong><\/p>\n<\/div>\n<\/div>\n<div  class=\"vc_toggle vc_toggle_rounded vc_toggle_color_turquoise vc_toggle_color_inverted vc_toggle_size_md\">\n\t<div class=\"vc_toggle_title\"><h4 style=\"color: #2ae3ed;text-align: left;font-family:Abril Fatface;font-weight:400;font-style:normal\" class=\"vc_custom_heading\">Relaciones Internacionales B2<\/h4><i class=\"vc_toggle_icon\"><\/i><\/div>\n\t<div class=\"vc_toggle_content\"><h3><strong>Nivel<\/strong><\/h3>\n<p>El Diploma Profesional de Franc\u00e9s Relaciones Internacionales B2 valida la competencia en franc\u00e9s en el nivel B2 del MCER.<br \/>\nCertifica el dominio del idioma franc\u00e9s de nivel independiente, lo que permite al usuario comunicarse de manera efectiva en una amplia gama de situaciones de comunicaci\u00f3n profesional.<br \/>\nEl titular de este diploma puede realizar, de forma oral y escrita, tareas de comunicaci\u00f3n profesional, en todas las situaciones habituales de su entorno profesional, incluidas aquellas que impliquen cierta gesti\u00f3n de lo inesperado.<\/p>\n<p>&nbsp;<\/p>\n<h3><strong>Habilidades evaluadas<\/strong><\/h3>\n<p><strong><em>Comprensi\u00f3n y procesamiento de informaci\u00f3n:<\/em><\/strong><br \/>\nEl candidato puede comprender detalles importantes de la mayor\u00eda de los escritos profesionales sobre relaciones internacionales.<br \/>\nEs capaz de extraer informaci\u00f3n relevante de documentos profesionales (notas, correos electr\u00f3nicos, cifras, planes de acci\u00f3n, procedimientos, instrucciones, etc.) para actuar de forma eficaz.<br \/>\nPuede comprender intervenciones o interacciones largas y estructuradas y tomar notas para redactar informes, res\u00famenes, informes, etc.<br \/>\n<strong><em>Interactuar oralmente:<\/em><\/strong><br \/>\nEl candidato es capaz de presentar informaci\u00f3n estructurada sobre los principales temas internacionales (diplomacia, educaci\u00f3n, salud, cultura, seguridad, etc.) y de proporcionar argumentos relevantes para convencer a su interlocutor o audiencia. Puede reaccionar a los argumentos de otros y defender un punto de vista en situaciones formales de presentaci\u00f3n o interacci\u00f3n (reuniones, mesas redondas, foros, etc.) cara a cara o por tel\u00e9fono\/videoconferencia.<\/p>\n<p>&nbsp;<\/p>\n<h3>\u00a0<img loading=\"lazy\" decoding=\"async\" class=\"alignnone wp-image-2288\" src=\"https:\/\/abcformation1986.fr\/wp-content\/uploads\/2019\/11\/Tableau-Activites_RI-B2-300x119.png\" alt=\"\" width=\"653\" height=\"259\" srcset=\"\" sizes=\"auto, (max-width: 653px) 100vw, 653px\" data-srcset=\"\" \/><\/h3>\n<p>&nbsp;<\/p>\n<p><strong>Duraci\u00f3n total del examen: 2h30<\/strong><\/p>\n<\/div>\n<\/div>\n<div  class=\"vc_toggle vc_toggle_rounded vc_toggle_color_turquoise vc_toggle_color_inverted vc_toggle_size_md\">\n\t<div class=\"vc_toggle_title\"><h4 style=\"color: #2ae3ed;text-align: left;font-family:Abril Fatface;font-weight:400;font-style:normal\" class=\"vc_custom_heading\">Relaciones Internacionales C1<\/h4><i class=\"vc_toggle_icon\"><\/i><\/div>\n\t<div class=\"vc_toggle_content\"><h3><strong>Nivel<\/strong><\/h3>\n<p>El Diploma Profesional de Franc\u00e9s Relaciones Internacionales C1 valida el dominio del franc\u00e9s en el nivel C1 del MCER.<br \/>\nCertifica el dominio del franc\u00e9s a nivel de maestr\u00eda, lo que permite al usuario comunicarse eficazmente en una amplia gama de situaciones de comunicaci\u00f3n profesional.<br \/>\nEl titular de este diploma puede realizar, de forma oral y escrita, tareas de comunicaci\u00f3n profesional, en todas las situaciones de su entorno profesional, incluidas aquellas que impliquen alg\u00fan grado de gesti\u00f3n de lo inesperado.<\/p>\n<p>&nbsp;<\/p>\n<h3><strong>Habilidades evaluadas<\/strong><\/h3>\n<p><strong><em>Comprensi\u00f3n y procesamiento de informaci\u00f3n:<\/em><\/strong><br \/>\nEl candidato puede comprender en detalle todo tipo de escritos profesionales de relaciones internacionales.<br \/>\nEs capaz de extraer toda la informaci\u00f3n de una amplia gama de documentos profesionales de toda extensi\u00f3n (expediente documental, art\u00edculo de prensa especializada, despacho diplom\u00e1tico, conferencia, reuni\u00f3n, debate de expertos, etc.) con significados impl\u00edcitos para actuar con eficacia y flexibilidad.<br \/>\nPuede comprender intervenciones\/interacciones largas y estructuradas, informaci\u00f3n t\u00e9cnica compleja, tomar notas para redactar informes, res\u00famenes, informes, etc.<br \/>\n<em><strong>Interactuar oralmente:<\/strong><\/em><br \/>\nEl candidato es capaz de presentar informaci\u00f3n estructurada sobre los principales temas internacionales (diplomacia, educaci\u00f3n, salud, cultura, seguridad, etc.) y de proporcionar argumentos relevantes para convencer a su interlocutor o audiencia. Puede reaccionar a los argumentos de otros y defender un punto de vista en situaciones formales de presentaci\u00f3n o interacci\u00f3n (reuniones, mesas redondas, foros, etc.), cara a cara o por tel\u00e9fono\/videoconferencia.<\/p>\n<p><img loading=\"lazy\" decoding=\"async\" class=\"alignnone wp-image-2289\" src=\"https:\/\/abcformation1986.fr\/wp-content\/uploads\/2019\/11\/Tableau-Activites_RI-C1-300x131.png\" alt=\"\" width=\"650\" height=\"284\" srcset=\"\" sizes=\"auto, (max-width: 650px) 100vw, 650px\" data-srcset=\"\" \/><\/p>\n<p><strong>Duraci\u00f3n total del examen: 2h30<\/strong><\/p>\n<\/div>\n<\/div>\n<\/div><\/div><\/div><div class=\"wpb_column vc_column_container vc_col-sm-4 vc_col-has-fill\"><div class=\"vc_column-inner vc_custom_1588177121159\"><div class=\"wpb_wrapper\">\n\t<div class=\"wpb_text_column wpb_content_element\" >\n\t\t<div class=\"wpb_wrapper\">\n\t\t\t<p style=\"text-align: center;\"><span style=\"color: #000000;\">Les guides du candidat<\/span><\/p>\n<p style=\"text-align: center;\"><span style=\"color: #000000;\"><a class=\"flex-liens\" style=\"color: #000000;\" href=\"https:\/\/www.lefrancaisdesaffaires.fr\/wp-content\/uploads\/2024\/09\/guide-candidat-dfp-affaires.pdf\" target=\"_blank\" rel=\"noopener noreferrer\"><i class=\"fa fa-file-pdf-o\"><\/i>Guide du candidat Affaires<\/a><\/span><\/p>\n<p style=\"text-align: center;\"><span style=\"color: #000000;\"><a class=\"flex-liens\" style=\"color: #000000;\" href=\"https:\/\/www.lefrancaisdesaffaires.fr\/wp-content\/uploads\/2018\/04\/Guide-Candidat_DFP-THR.pdf\" target=\"_blank\" rel=\"noopener noreferrer\"><i class=\"fa fa-file-pdf-o\"><\/i>Guide du candidat<\/a><a class=\"flex-liens\" style=\"color: #000000;\" href=\"https:\/\/www.lefrancaisdesaffaires.fr\/wp-content\/uploads\/2024\/09\/guide-candidat-dfp-thr.pdf\" target=\"_blank\" rel=\"noopener noreferrer\">Tourisme<\/a><\/span><\/p>\n<p style=\"text-align: center;\"><span style=\"color: #000000;\"><a class=\"flex-liens\" style=\"color: #000000;\" href=\"https:\/\/www.lefrancaisdesaffaires.fr\/wp-content\/uploads\/2024\/09\/guide-candidat-dfp-ri.pdf\" target=\"_blank\" rel=\"noopener noreferrer\"><i class=\"fa fa-file-pdf-o\"><\/i>Guide du candidat Relations internationales<\/a><\/span><\/p>\n\n\t\t<\/div>\n\t<\/div>\n<\/div><\/div><\/div>\t<\/div>\n\t\t\t<\/div><div class=\"vc_row wpb_row vc_row-fluid\">\n\t\t\t\t<div class=\"mo-vc-row-ovelay\" style=\"\"><\/div>\n\t\t\t\t<div class=\"container\"><div class=\"wpb_column vc_column_container vc_col-sm-12\"><div class=\"vc_column-inner\"><div class=\"wpb_wrapper\"><div class=\"vc_separator wpb_content_element vc_separator_align_center vc_sep_width_100 vc_sep_shadow vc_sep_pos_align_center vc_separator_no_text vc_sep_color_turquoise\" ><span class=\"vc_sep_holder vc_sep_holder_l\"><span  class=\"vc_sep_line\"><\/span><\/span><span class=\"vc_sep_holder vc_sep_holder_r\"><span  class=\"vc_sep_line\"><\/span><\/span>\n<\/div>\n\t<div class=\"wpb_text_column wpb_content_element  wpb_animate_when_almost_visible wpb_bounceInRight bounceInRight\" >\n\t\t<div class=\"wpb_wrapper\">\n\t\t\t<p style=\"text-align: center;\"><span style=\"color: #33cccc;\">Pago asegurado con tarjeta de d\u00e9bito\u00a0<\/span><\/p>\n<p style=\"text-align: center;\">Puedes pagar con tu tarjeta bancaria.<\/p>\n<p style=\"text-align: center;\">Al hacer clic en este enlace, ser\u00e1 redirigido a un sitio de pago seguro en l\u00ednea.<\/p>\n<p style=\"text-align: center;\">Ya no puedes cancelar tu pago.<\/p>\n\n\t\t<\/div>\n\t<\/div>\n<\/div><\/div><\/div>\t<\/div>\n\t\t\t<\/div><div class=\"vc_row wpb_row vc_row-fluid\">\n\t\t\t\t<div class=\"mo-vc-row-ovelay\" style=\"\"><\/div>\n\t\t\t\t<div class=\"container\"><div class=\"wpb_column vc_column_container vc_col-sm-12\"><div class=\"vc_column-inner\"><div class=\"wpb_wrapper\"><div class=\"vc_btn3-container vc_btn3-center\" >\n\t<a class=\"vc_general vc_btn3 vc_btn3-size-md vc_btn3-shape-round vc_btn3-style-3d vc_btn3-color-turquoise\" href=\"https:\/\/abcformation1986.fr\/es\/boutique\/\" title=\"\">PARA PAGO EN L\u00cdNEA HAGA CLIC AQU\u00cd <\/a><\/div>\n<\/div><\/div><\/div>\t<\/div>\n\t\t\t<\/div>","protected":false},"excerpt":{"rendered":"le Dipl\u00f4me de fran\u00e7ais professionnel\u00a0Relations internationales Valable \u00e0 vie,\u00a0le Dipl\u00f4me de fran\u00e7ais professionnel\u00a0Relations internationales\u00a0a \u00e9t\u00e9 cr\u00e9\u00e9\u00a0\u00e0 la demande\u00a0du\u00a0Minist\u00e8re des Affaires \u00e9trang\u00e8res et du D\u00e9veloppement international\u00a0et l\u2019Organisation internationale de la Francophonie. Ces deux institutions soutiennent l\u2019usage de la langue fran\u00e7aise au sein des organisations internationales et dans les \u00e9changes politiques et diplomatiques \u00e0 l\u2019international. &nbsp; Ce [...]","protected":false},"author":2,"featured_media":0,"parent":0,"menu_order":0,"comment_status":"closed","ping_status":"closed","template":"","meta":{"_uag_custom_page_level_css":"","footnotes":""},"class_list":["post-1865","page","type-page","status-publish","hentry"],"yoast_head":"<!-- This site is optimized with the Yoast SEO plugin v25.2 - https:\/\/yoast.com\/wordpress\/plugins\/seo\/ -->\n<title>DIPL\u00d4ME DE FRAN\u00c7AIS DES RELATIONS INTERNATIONALES - Centre de Formation ABC Franconville | FLE | TEF<\/title>\n<meta name=\"robots\" content=\"index, follow, max-snippet:-1, max-image-preview:large, max-video-preview:-1\" \/>\n<link rel=\"canonical\" href=\"https:\/\/abcformation1986.fr\/es\/diplome-de-francais-des-relations-internationales\/\" \/>\n<meta property=\"og:locale\" content=\"es_ES\" \/>\n<meta property=\"og:type\" content=\"article\" \/>\n<meta property=\"og:title\" content=\"DIPL\u00d4ME DE FRAN\u00c7AIS DES RELATIONS INTERNATIONALES - Centre de Formation ABC Franconville | FLE | TEF\" \/>\n<meta property=\"og:url\" content=\"https:\/\/abcformation1986.fr\/es\/diplome-de-francais-des-relations-internationales\/\" \/>\n<meta property=\"og:site_name\" content=\"Centre de Formation ABC Franconville | FLE | TEF\" \/>\n<meta property=\"article:publisher\" content=\"http:\/\/@abcformation\" \/>\n<meta property=\"article:modified_time\" content=\"2024-12-11T14:34:40+00:00\" \/>\n<meta property=\"og:image\" content=\"https:\/\/abcformation1986.fr\/wp-content\/uploads\/2020\/01\/LOGO-ELIGIBLE.jpg\" \/>\n<meta name=\"twitter:card\" content=\"summary_large_image\" \/>\n<meta name=\"twitter:site\" content=\"@abc_formation\" \/>\n<meta name=\"twitter:label1\" content=\"Tiempo de lectura\" \/>\n\t<meta name=\"twitter:data1\" content=\"9 minutos\" \/>\n<script type=\"application\/ld+json\" class=\"yoast-schema-graph\">{\"@context\":\"https:\/\/schema.org\",\"@graph\":[{\"@type\":\"WebPage\",\"@id\":\"https:\/\/abcformation1986.fr\/es\/diplome-de-francais-des-relations-internationales\/\",\"url\":\"https:\/\/abcformation1986.fr\/es\/diplome-de-francais-des-relations-internationales\/\",\"name\":\"DIPL\u00d4ME DE FRAN\u00c7AIS DES RELATIONS INTERNATIONALES - Centre de Formation ABC Franconville | FLE | TEF\",\"isPartOf\":{\"@id\":\"https:\/\/abcformation1986.fr\/en\/#website\"},\"primaryImageOfPage\":{\"@id\":\"https:\/\/abcformation1986.fr\/es\/diplome-de-francais-des-relations-internationales\/#primaryimage\"},\"image\":{\"@id\":\"https:\/\/abcformation1986.fr\/es\/diplome-de-francais-des-relations-internationales\/#primaryimage\"},\"thumbnailUrl\":\"https:\/\/abcformation1986.fr\/wp-content\/uploads\/2020\/01\/LOGO-ELIGIBLE.jpg\",\"datePublished\":\"2019-03-28T15:32:43+00:00\",\"dateModified\":\"2024-12-11T14:34:40+00:00\",\"breadcrumb\":{\"@id\":\"https:\/\/abcformation1986.fr\/es\/diplome-de-francais-des-relations-internationales\/#breadcrumb\"},\"inLanguage\":\"es\",\"potentialAction\":[{\"@type\":\"ReadAction\",\"target\":[\"https:\/\/abcformation1986.fr\/es\/diplome-de-francais-des-relations-internationales\/\"]}]},{\"@type\":\"ImageObject\",\"inLanguage\":\"es\",\"@id\":\"https:\/\/abcformation1986.fr\/es\/diplome-de-francais-des-relations-internationales\/#primaryimage\",\"url\":\"https:\/\/abcformation1986.fr\/wp-content\/uploads\/2020\/01\/LOGO-ELIGIBLE.jpg\",\"contentUrl\":\"https:\/\/abcformation1986.fr\/wp-content\/uploads\/2020\/01\/LOGO-ELIGIBLE.jpg\"},{\"@type\":\"BreadcrumbList\",\"@id\":\"https:\/\/abcformation1986.fr\/es\/diplome-de-francais-des-relations-internationales\/#breadcrumb\",\"itemListElement\":[{\"@type\":\"ListItem\",\"position\":1,\"name\":\"Home\",\"item\":\"https:\/\/abcformation1986.fr\/en\/\"},{\"@type\":\"ListItem\",\"position\":2,\"name\":\"DIPL\u00d4ME DE FRAN\u00c7AIS DES RELATIONS INTERNATIONALES\"}]},{\"@type\":\"WebSite\",\"@id\":\"https:\/\/abcformation1986.fr\/en\/#website\",\"url\":\"https:\/\/abcformation1986.fr\/en\/\",\"name\":\"Centre de Formation ABC Franconville | FLE | TEF\",\"description\":\"Acteur historique de  la formation, de l\u2019insertion et de la  reconversion professionnelle depuis 1986\",\"publisher\":{\"@id\":\"https:\/\/abcformation1986.fr\/en\/#organization\"},\"potentialAction\":[{\"@type\":\"SearchAction\",\"target\":{\"@type\":\"EntryPoint\",\"urlTemplate\":\"https:\/\/abcformation1986.fr\/en\/?s={search_term_string}\"},\"query-input\":{\"@type\":\"PropertyValueSpecification\",\"valueRequired\":true,\"valueName\":\"search_term_string\"}}],\"inLanguage\":\"es\"},{\"@type\":\"Organization\",\"@id\":\"https:\/\/abcformation1986.fr\/en\/#organization\",\"name\":\"ABCFORMATION\",\"url\":\"https:\/\/abcformation1986.fr\/en\/\",\"logo\":{\"@type\":\"ImageObject\",\"inLanguage\":\"es\",\"@id\":\"https:\/\/abcformation1986.fr\/en\/#\/schema\/logo\/image\/\",\"url\":\"https:\/\/abcformation1986.fr\/wp-content\/uploads\/2018\/11\/abclogo.png\",\"contentUrl\":\"https:\/\/abcformation1986.fr\/wp-content\/uploads\/2018\/11\/abclogo.png\",\"width\":134,\"height\":82,\"caption\":\"ABCFORMATION\"},\"image\":{\"@id\":\"https:\/\/abcformation1986.fr\/en\/#\/schema\/logo\/image\/\"},\"sameAs\":[\"http:\/\/@abcformation\",\"https:\/\/x.com\/abc_formation\",\"http:\/\/abcformation1986\"]}]}<\/script>\n<!-- \/ Yoast SEO plugin. -->","yoast_head_json":{"title":"DIPL\u00d4ME DE FRAN\u00c7AIS DES RELATIONS INTERNATIONALES - Centre de Formation ABC Franconville | FLE | TEF","robots":{"index":"index","follow":"follow","max-snippet":"max-snippet:-1","max-image-preview":"max-image-preview:large","max-video-preview":"max-video-preview:-1"},"canonical":"https:\/\/abcformation1986.fr\/es\/diplome-de-francais-des-relations-internationales\/","og_locale":"es_ES","og_type":"article","og_title":"DIPL\u00d4ME DE FRAN\u00c7AIS DES RELATIONS INTERNATIONALES - Centre de Formation ABC Franconville | FLE | TEF","og_url":"https:\/\/abcformation1986.fr\/es\/diplome-de-francais-des-relations-internationales\/","og_site_name":"Centre de Formation ABC Franconville | FLE | TEF","article_publisher":"http:\/\/@abcformation","article_modified_time":"2024-12-11T14:34:40+00:00","og_image":[{"url":"https:\/\/abcformation1986.fr\/wp-content\/uploads\/2020\/01\/LOGO-ELIGIBLE.jpg","type":"","width":"","height":""}],"twitter_card":"summary_large_image","twitter_site":"@abc_formation","twitter_misc":{"Tiempo de lectura":"9 minutos"},"schema":{"@context":"https:\/\/schema.org","@graph":[{"@type":"WebPage","@id":"https:\/\/abcformation1986.fr\/es\/diplome-de-francais-des-relations-internationales\/","url":"https:\/\/abcformation1986.fr\/es\/diplome-de-francais-des-relations-internationales\/","name":"DIPL\u00d4ME DE FRAN\u00c7AIS DES RELATIONS INTERNATIONALES - Centre de Formation ABC Franconville | FLE | TEF","isPartOf":{"@id":"https:\/\/abcformation1986.fr\/en\/#website"},"primaryImageOfPage":{"@id":"https:\/\/abcformation1986.fr\/es\/diplome-de-francais-des-relations-internationales\/#primaryimage"},"image":{"@id":"https:\/\/abcformation1986.fr\/es\/diplome-de-francais-des-relations-internationales\/#primaryimage"},"thumbnailUrl":"https:\/\/abcformation1986.fr\/wp-content\/uploads\/2020\/01\/LOGO-ELIGIBLE.jpg","datePublished":"2019-03-28T15:32:43+00:00","dateModified":"2024-12-11T14:34:40+00:00","breadcrumb":{"@id":"https:\/\/abcformation1986.fr\/es\/diplome-de-francais-des-relations-internationales\/#breadcrumb"},"inLanguage":"es","potentialAction":[{"@type":"ReadAction","target":["https:\/\/abcformation1986.fr\/es\/diplome-de-francais-des-relations-internationales\/"]}]},{"@type":"ImageObject","inLanguage":"es","@id":"https:\/\/abcformation1986.fr\/es\/diplome-de-francais-des-relations-internationales\/#primaryimage","url":"https:\/\/abcformation1986.fr\/wp-content\/uploads\/2020\/01\/LOGO-ELIGIBLE.jpg","contentUrl":"https:\/\/abcformation1986.fr\/wp-content\/uploads\/2020\/01\/LOGO-ELIGIBLE.jpg"},{"@type":"BreadcrumbList","@id":"https:\/\/abcformation1986.fr\/es\/diplome-de-francais-des-relations-internationales\/#breadcrumb","itemListElement":[{"@type":"ListItem","position":1,"name":"Home","item":"https:\/\/abcformation1986.fr\/en\/"},{"@type":"ListItem","position":2,"name":"DIPL\u00d4ME DE FRAN\u00c7AIS DES RELATIONS INTERNATIONALES"}]},{"@type":"WebSite","@id":"https:\/\/abcformation1986.fr\/en\/#website","url":"https:\/\/abcformation1986.fr\/en\/","name":"Centre de Formation ABC Franconville | FLE | TEF","description":"Acteur historique de  la formation, de l\u2019insertion et de la  reconversion professionnelle depuis 1986","publisher":{"@id":"https:\/\/abcformation1986.fr\/en\/#organization"},"potentialAction":[{"@type":"SearchAction","target":{"@type":"EntryPoint","urlTemplate":"https:\/\/abcformation1986.fr\/en\/?s={search_term_string}"},"query-input":{"@type":"PropertyValueSpecification","valueRequired":true,"valueName":"search_term_string"}}],"inLanguage":"es"},{"@type":"Organization","@id":"https:\/\/abcformation1986.fr\/en\/#organization","name":"ABCFORMATION","url":"https:\/\/abcformation1986.fr\/en\/","logo":{"@type":"ImageObject","inLanguage":"es","@id":"https:\/\/abcformation1986.fr\/en\/#\/schema\/logo\/image\/","url":"https:\/\/abcformation1986.fr\/wp-content\/uploads\/2018\/11\/abclogo.png","contentUrl":"https:\/\/abcformation1986.fr\/wp-content\/uploads\/2018\/11\/abclogo.png","width":134,"height":82,"caption":"ABCFORMATION"},"image":{"@id":"https:\/\/abcformation1986.fr\/en\/#\/schema\/logo\/image\/"},"sameAs":["http:\/\/@abcformation","https:\/\/x.com\/abc_formation","http:\/\/abcformation1986"]}]}},"uagb_featured_image_src":{"full":false,"thumbnail":false,"medium":false,"medium_large":false,"large":false,"1536x1536":false,"2048x2048":false,"trp-custom-language-flag":false,"hala-full":false,"hala-medium":false,"hala-small":false,"hala-team":false,"hala-thumb":false,"woocommerce_thumbnail":false,"woocommerce_single":false,"woocommerce_gallery_thumbnail":false},"uagb_author_info":{"display_name":"abc formation","author_link":"https:\/\/abcformation1986.fr\/es\/author\/abcformation\/"},"uagb_comment_info":0,"uagb_excerpt":null,"jetpack_sharing_enabled":true,"_links":{"self":[{"href":"https:\/\/abcformation1986.fr\/es\/wp-json\/wp\/v2\/pages\/1865","targetHints":{"allow":["GET"]}}],"collection":[{"href":"https:\/\/abcformation1986.fr\/es\/wp-json\/wp\/v2\/pages"}],"about":[{"href":"https:\/\/abcformation1986.fr\/es\/wp-json\/wp\/v2\/types\/page"}],"author":[{"embeddable":true,"href":"https:\/\/abcformation1986.fr\/es\/wp-json\/wp\/v2\/users\/2"}],"replies":[{"embeddable":true,"href":"https:\/\/abcformation1986.fr\/es\/wp-json\/wp\/v2\/comments?post=1865"}],"version-history":[{"count":7,"href":"https:\/\/abcformation1986.fr\/es\/wp-json\/wp\/v2\/pages\/1865\/revisions"}],"predecessor-version":[{"id":10744,"href":"https:\/\/abcformation1986.fr\/es\/wp-json\/wp\/v2\/pages\/1865\/revisions\/10744"}],"wp:attachment":[{"href":"https:\/\/abcformation1986.fr\/es\/wp-json\/wp\/v2\/media?parent=1865"}],"curies":[{"name":"wp","href":"https:\/\/api.w.org\/{rel}","templated":true}]}}