{"id":1862,"date":"2019-03-28T15:30:29","date_gmt":"2019-03-28T15:30:29","guid":{"rendered":"https:\/\/abcformation1986.fr\/?page_id=1862"},"modified":"2024-12-06T14:00:15","modified_gmt":"2024-12-06T14:00:15","slug":"diplome-de-francais-des-affaires","status":"publish","type":"page","link":"https:\/\/abcformation1986.fr\/es\/diplome-de-francais-des-affaires\/","title":{"rendered":"DIPLOMA DE FRANC\u00c9S DE NEGOCIOS"},"content":{"rendered":"<div class=\"vc_row wpb_row vc_row-fluid\">\n\t\t\t\t<div class=\"mo-vc-row-ovelay\" style=\"\"><\/div>\n\t\t\t\t<div class=\"container\"><div class=\"wpb_column vc_column_container vc_col-sm-8\"><div class=\"vc_column-inner\"><div class=\"wpb_wrapper\">\n\t<div class=\"wpb_text_column wpb_content_element\" >\n\t\t<div class=\"wpb_wrapper\">\n\t\t\t<h1 style=\"text-align: center;\"><strong><img loading=\"lazy\" decoding=\"async\" class=\"wp-image-2560 alignleft\" src=\"https:\/\/abcformation1986.fr\/wp-content\/uploads\/2020\/04\/images.png\" alt=\"\" width=\"132\" height=\"130\" \/><\/strong><\/h1>\n<h2 style=\"text-align: center;\"><span style=\"color: #33cccc; text-shadow: 2px 2px 4px #000000;\"><em><strong>DIPLOMA DE FRANC\u00c9S DE NEGOCIOS<\/strong><\/em><a href=\"https:\/\/www.moncompteformation.gouv.fr\/espace-public\/comment-sinscrire-sur-mon-compte-formation\"><img loading=\"lazy\" decoding=\"async\" class=\"wp-image-2349 alignright\" src=\"https:\/\/abcformation1986.fr\/wp-content\/uploads\/2020\/01\/LOGO-ELIGIBLE.jpg\" alt=\"\" width=\"158\" height=\"139\" \/><\/a><\/span><\/h2>\n<p style=\"text-align: justify;\"><strong>V\u00e1lido de por vida<\/strong>, el Diploma de Franc\u00e9s Profesional de Negocios te permitir\u00e1 certificar que eres capaz de utilizar el franc\u00e9s de forma eficaz, oral y escrita, en las principales situaciones de comunicaci\u00f3n profesional y que eres operativo en las funciones relacionales, administrativas y comerciales de la empresa.<\/p>\n<h3><\/h3>\n<p>&nbsp;<\/p>\n<h3><span style=\"color: #33cccc;\"><em><strong>Para quien ?<\/strong><\/em><\/span><\/h3>\n<p style=\"text-align: justify;\">Todos los\u00a0\u00a0estudiantes\u00a0o\u00a0profesionales\u00a0que trabajan o ser\u00e1n llamados a comunicarse en franc\u00e9s en un contexto profesional y que desean validar sus conocimientos adquiridos con un diploma.<\/p>\n<p style=\"text-align: justify;\">Este diploma est\u00e1 dirigido en particular al personal de empresas o administraciones, en todas las funciones que les pongan en comunicaci\u00f3n, oralmente o por escrito, con interlocutores franc\u00f3fonos.<\/p>\n<p>Los solicitantes deben cumplir los siguientes requisitos previos:<\/p>\n<ul style=\"text-align: justify; line-height: 20px;\">\n<li>Tener 16 a\u00f1os o m\u00e1s,<\/li>\n<li>Sea un lector\/escritor. Nivel m\u00ednimo recomendado de educaci\u00f3n secundaria,<\/li>\n<li>Ser capaz de ingresar texto en una computadora y usar el mouse para se\u00f1alar<br \/>\nun elemento o moverlo,<\/li>\n<li>Tener al menos conocimientos te\u00f3ricos de las realidades del mundo profesional.<br \/>\n<h3><span style=\"color: #33cccc;\"><em><strong>Ejemplos de actividades y temas cubiertos.<\/strong><\/em><\/span><\/h3>\n<p style=\"text-align: justify;\"><strong>Actividades :<\/strong>\u00a0Complete un formulario, comente un gr\u00e1fico, escriba una nota, escriba un informe, re\u00fanase y brinde informaci\u00f3n a un cliente, presente su recorrido profesional, discuta con una persona que toma decisiones.<\/p>\n<p><strong>Temas<\/strong>\u00a0: Mundo profesional, negocios, realidades sociales, econ\u00f3micas y comerciales, negociaciones.<\/p>\n<h3><span style=\"color: #33cccc;\"><em><strong>Descripci\u00f3n detallada de Diplomados por nivel<\/strong><\/em><\/span><\/h3>\n<p style=\"text-align: justify;\"><em>Franc\u00e9s de negocios<\/em>\u00a0ofrece cinco diplomas profesionales de franc\u00e9s<strong>\u00a0Negocio,<\/strong>\u00a0<strong>del nivel A1 al C1,<\/strong>\u00a0le\u00a0<strong>DFP B1<\/strong>y dos diplomas profesionales de franc\u00e9s<strong>\u00a0Secretar\u00eda, nivel B1 y B2<\/strong>\u00a0:<\/p>\n<div class=\"titre-bloc-deroulant\">\n<p style=\"text-align: justify;\">Todos nuestros diplomas han sido registrados en el Inventario de\u00a0<strong><a href=\"http:\/\/www.cncp.gouv.fr\/\" target=\"_blank\" rel=\"noopener noreferrer\">CNCP<\/a>\u00a0\u2013 Comisi\u00f3n Nacional de Certificaci\u00f3n Profesional<\/strong>. Enumera las certificaciones y autorizaciones correspondientes a competencias transversales ejercidas en una situaci\u00f3n profesional.\u00a0<a href=\"https:\/\/www.lefrancaisdesaffaires.fr\/diplomes-de-francais-professionnel-a-linventaire\/\" target=\"_blank\" rel=\"noopener noreferrer\">Para saber m\u00e1s.<\/a><\/p>\n<p style=\"text-align: justify;\">El registro de nuestros Diplomas en el Inventario permite a los alumnos que siguen una formaci\u00f3n que incluye la aprobaci\u00f3n de esta certificaci\u00f3n beneficiarse de la\u00a0<strong>financiaci\u00f3n de la Cuenta de Entrenamiento Personal<\/strong>\u00a0(<a href=\"http:\/\/www.moncompteformation.gouv.fr\/\" target=\"_blank\" rel=\"noopener noreferrer\">CPF)<\/a><\/p>\n<h2><span style=\"color: #33cccc;\"><em><strong>Negocio A1<\/strong><\/em><\/span><\/h2>\n<table>\n<tbody>\n<tr>\n<td><a href=\"https:\/\/cci-paris-idf.assessmentq.com\/?treeStructureAccessCode=DA745387-C247-4648-A1BA-407BB9DE792D&amp;userAccessCode=1f23733a-c2ee-4b68-8cc2-fa5eab63fd93#54werq\" target=\"_blank\" rel=\"noopener\"><img loading=\"lazy\" decoding=\"async\" class=\"\" src=\"https:\/\/abcformation1986.fr\/wp-content\/uploads\/2024\/12\/logo-DFP-site.png.webp\" alt=\"\" width=\"412\" height=\"269\" \/><\/a><\/td>\n<td><a href=\"https:\/\/cci-paris-idf.assessmentq.com\/?treeStructureAccessCode=f8d4e914-ec85-4cbb-996a-156f03306881&amp;userAccessCode=1f23733a-c2ee-4b68-8cc2-fa5eab63fd93\" target=\"_blank\" rel=\"noopener\"><img loading=\"lazy\" decoding=\"async\" class=\"\" src=\"https:\/\/abcformation1986.fr\/wp-content\/uploads\/2024\/12\/logo-DFP-site.png.webp\" alt=\"\" width=\"414\" height=\"271\" \/><\/a><\/td>\n<\/tr>\n<\/tbody>\n<\/table>\n<p>&nbsp;<\/p>\n<h2><span style=\"color: #33cccc;\"><em><strong>Negocio A2<\/strong><\/em><\/span><\/h2>\n<table>\n<tbody>\n<tr>\n<td><a href=\"https:\/\/cci-paris-idf.assessmentq.com\/?treeStructureAccessCode=B7DDA282-9E30-4923-BA9A-C6DE90FD60D5&amp;userAccessCode=1f23733a-c2ee-4b68-8cc2-fa5eab63fd93\" target=\"_blank\" rel=\"noopener\"><img loading=\"lazy\" decoding=\"async\" class=\"\" src=\"https:\/\/abcformation1986.fr\/wp-content\/uploads\/2024\/12\/logo-DFP-site.png.webp\" alt=\"\" width=\"418\" height=\"273\" \/><\/a><\/td>\n<td><a href=\"https:\/\/cci-paris-idf.assessmentq.com\/?treeStructureAccessCode=79c8686b-0d92-4607-8909-2a6045973313&amp;userAccessCode=1f23733a-c2ee-4b68-8cc2-fa5eab63fd93\" target=\"_blank\" rel=\"noopener\"><img loading=\"lazy\" decoding=\"async\" class=\"\" src=\"https:\/\/abcformation1986.fr\/wp-content\/uploads\/2024\/12\/logo-DFP-site.png.webp\" alt=\"\" width=\"406\" height=\"266\" \/><\/a><\/td>\n<\/tr>\n<\/tbody>\n<\/table>\n<p>&nbsp;<\/p>\n<h2><span style=\"color: #33cccc;\"><em><strong>Negocio B1<\/strong><\/em><\/span><\/h2>\n<table>\n<tbody>\n<tr>\n<td><a href=\"https:\/\/cci-paris-idf.assessmentq.com\/?treeStructureAccessCode=A18D606E-67D9-4DA5-A7B8-44BC73FBF265&amp;userAccessCode=1f23733a-c2ee-4b68-8cc2-fa5eab63fd93\" target=\"_blank\" rel=\"noopener\"><img loading=\"lazy\" decoding=\"async\" class=\"\" src=\"https:\/\/abcformation1986.fr\/wp-content\/uploads\/2024\/12\/logo-DFP-site.png.webp\" alt=\"\" width=\"410\" height=\"268\" \/><\/a><\/td>\n<td><a href=\"https:\/\/cci-paris-idf.assessmentq.com\/?treeStructureAccessCode=db79f77f-696d-4600-ab5f-2d6088ecaf80&amp;userAccessCode=1f23733a-c2ee-4b68-8cc2-fa5eab63fd93\" target=\"_blank\" rel=\"noopener\"><img loading=\"lazy\" decoding=\"async\" class=\"\" src=\"https:\/\/abcformation1986.fr\/wp-content\/uploads\/2024\/12\/logo-DFP-site.png.webp\" alt=\"\" width=\"423\" height=\"277\" \/><\/a><\/td>\n<\/tr>\n<\/tbody>\n<\/table>\n<p>&nbsp;<\/p>\n<h2><span style=\"color: #33cccc;\"><em><strong>Negocio B2<\/strong><\/em><\/span><\/h2>\n<table>\n<tbody>\n<tr>\n<td><a href=\"https:\/\/cci-paris-idf.assessmentq.com\/?treeStructureAccessCode=D759C1D2-45AC-4B5D-BB2B-284838673208&amp;userAccessCode=1f23733a-c2ee-4b68-8cc2-fa5eab63fd93\" target=\"_blank\" rel=\"noopener\"><img loading=\"lazy\" decoding=\"async\" class=\"\" src=\"https:\/\/abcformation1986.fr\/wp-content\/uploads\/2024\/12\/logo-DFP-site.png.webp\" alt=\"\" width=\"419\" height=\"274\" \/><\/a><\/td>\n<td><a href=\"https:\/\/cci-paris-idf.assessmentq.com\/?treeStructureAccessCode=e35db0e6-52b6-4906-8258-85364a71ffae&amp;userAccessCode=1f23733a-c2ee-4b68-8cc2-fa5eab63fd93\" target=\"_blank\" rel=\"noopener\"><img loading=\"lazy\" decoding=\"async\" class=\"\" src=\"https:\/\/abcformation1986.fr\/wp-content\/uploads\/2024\/12\/logo-DFP-site.png.webp\" alt=\"\" width=\"424\" height=\"278\" \/><\/a><\/td>\n<\/tr>\n<\/tbody>\n<\/table>\n<p>&nbsp;<\/p>\n<h2><span style=\"color: #008080;\"><em><strong>Negocio C1<\/strong><\/em><\/span><\/h2>\n<table>\n<tbody>\n<tr>\n<td><a href=\"https:\/\/cci-paris-idf.assessmentq.com\/?treeStructureAccessCode=4571A0D8-092A-423F-8AE4-7E6501D8F4F0&amp;userAccessCode=1f23733a-c2ee-4b68-8cc2-fa5eab63fd93\" target=\"_blank\" rel=\"noopener\"><img loading=\"lazy\" decoding=\"async\" class=\"\" src=\"https:\/\/abcformation1986.fr\/wp-content\/uploads\/2024\/12\/logo-DFP-site.png.webp\" alt=\"\" width=\"424\" height=\"278\" \/><\/a><\/td>\n<td><a href=\"https:\/\/cci-paris-idf.assessmentq.com\/?treeStructureAccessCode=ccc42dd4-87ba-4939-a157-7a10a7197c3c&amp;userAccessCode=1f23733a-c2ee-4b68-8cc2-fa5eab63fd93\" target=\"_blank\" rel=\"noopener\"><img loading=\"lazy\" decoding=\"async\" class=\"\" src=\"https:\/\/abcformation1986.fr\/wp-content\/uploads\/2024\/12\/logo-DFP-site.png.webp\" alt=\"\" width=\"413\" height=\"270\" \/><\/a><\/td>\n<\/tr>\n<\/tbody>\n<\/table>\n<\/div>\n<\/li>\n<\/ul>\n\n\t\t<\/div>\n\t<\/div>\n<div class=\"vc_separator wpb_content_element vc_separator_align_center vc_sep_width_100 vc_sep_shadow vc_sep_border_width_3 vc_sep_pos_align_center vc_separator_no_text\" ><span class=\"vc_sep_holder vc_sep_holder_l\"><span  style=\"border-color:#008080;\" class=\"vc_sep_line\"><\/span><\/span><span class=\"vc_sep_holder vc_sep_holder_r\"><span  style=\"border-color:#008080;\" class=\"vc_sep_line\"><\/span><\/span>\n<\/div><\/div><\/div><\/div><div class=\"wpb_column vc_column_container vc_col-sm-4\"><div class=\"vc_column-inner\"><div class=\"wpb_wrapper\">\n\t<div  class=\"wpb_single_image wpb_content_element vc_align_center\">\n\t\t\n\t\t<figure class=\"wpb_wrapper vc_figure\">\n\t\t\t<div class=\"vc_single_image-wrapper   vc_box_border_grey\"><img loading=\"lazy\" decoding=\"async\" width=\"300\" height=\"300\" src=\"https:\/\/abcformation1986.fr\/wp-content\/uploads\/2024\/10\/DFP-affaire.png\" class=\"vc_single_image-img attachment-medium\" alt=\"\" srcset=\"https:\/\/abcformation1986.fr\/wp-content\/uploads\/2024\/10\/DFP-affaire.png 300w, https:\/\/abcformation1986.fr\/wp-content\/uploads\/2024\/10\/DFP-affaire-291x291.png 291w, https:\/\/abcformation1986.fr\/wp-content\/uploads\/2024\/10\/DFP-affaire-100x100.png 100w, https:\/\/abcformation1986.fr\/wp-content\/uploads\/2024\/10\/DFP-affaire-150x150.png 150w, https:\/\/abcformation1986.fr\/wp-content\/uploads\/2024\/10\/DFP-affaire-12x12.png 12w\" sizes=\"auto, (max-width: 300px) 100vw, 300px\" \/><\/div>\n\t\t<\/figure>\n\t<\/div>\n<div class=\"vc_btn3-container vc_btn3-center\" >\n\t<a class=\"vc_general vc_btn3 vc_btn3-size-md vc_btn3-shape-square vc_btn3-style-3d vc_btn3-block vc_btn3-color-turquoise\" href=\"https:\/\/abcformation1986.fr\/es\/ressources-dfp\/\" title=\"\">Prepararse <\/a><\/div>\n<div class=\"vc_btn3-container vc_btn3-center\" >\n\t<a class=\"vc_general vc_btn3 vc_btn3-size-md vc_btn3-shape-square vc_btn3-style-3d vc_btn3-block vc_btn3-color-turquoise\" href=\"https:\/\/abcformation1986.fr\/wp-content\/uploads\/2024\/10\/catalogue-DFP-AFFAIRES.pdf\" title=\"\">Catalogue du dipl\u00f4me de fran\u00e7ais des affaires<\/a><\/div>\n<div class=\"vc_separator wpb_content_element vc_separator_align_center vc_sep_width_100 vc_sep_pos_align_center vc_separator_no_text vc_sep_color_grey\" ><span class=\"vc_sep_holder vc_sep_holder_l\"><span  class=\"vc_sep_line\"><\/span><\/span><span class=\"vc_sep_holder vc_sep_holder_r\"><span  class=\"vc_sep_line\"><\/span><\/span>\n<\/div><div class=\"vc_btn3-container vc_btn3-center\" >\n\t<a class=\"vc_general vc_btn3 vc_btn3-size-md vc_btn3-shape-square vc_btn3-style-3d vc_btn3-block vc_btn3-color-turquoise\" href=\"https:\/\/abcformation1986.fr\/wp-content\/uploads\/2024\/10\/catalogue-DFP-2023-affaires-programmes.pdf\" title=\"\">Pr\u00e9sentation des dipl\u00f4mes de fran\u00e7ais des affaires<\/a><\/div>\n\n\t<div  class=\"wpb_single_image wpb_content_element vc_align_center\">\n\t\t\n\t\t<figure class=\"wpb_wrapper vc_figure\">\n\t\t\t<div class=\"vc_single_image-wrapper   vc_box_border_grey\"><img loading=\"lazy\" decoding=\"async\" width=\"300\" height=\"300\" src=\"https:\/\/abcformation1986.fr\/wp-content\/uploads\/2024\/10\/Qr-codePresentation-des-diplomes-de-francais-des-affaires.png\" class=\"vc_single_image-img attachment-medium\" alt=\"\" srcset=\"https:\/\/abcformation1986.fr\/wp-content\/uploads\/2024\/10\/Qr-codePresentation-des-diplomes-de-francais-des-affaires.png 300w, https:\/\/abcformation1986.fr\/wp-content\/uploads\/2024\/10\/Qr-codePresentation-des-diplomes-de-francais-des-affaires-291x291.png 291w, https:\/\/abcformation1986.fr\/wp-content\/uploads\/2024\/10\/Qr-codePresentation-des-diplomes-de-francais-des-affaires-100x100.png 100w, https:\/\/abcformation1986.fr\/wp-content\/uploads\/2024\/10\/Qr-codePresentation-des-diplomes-de-francais-des-affaires-150x150.png 150w, https:\/\/abcformation1986.fr\/wp-content\/uploads\/2024\/10\/Qr-codePresentation-des-diplomes-de-francais-des-affaires-12x12.png 12w\" sizes=\"auto, (max-width: 300px) 100vw, 300px\" \/><\/div>\n\t\t<\/figure>\n\t<\/div>\n<\/div><\/div><\/div>\t<\/div>\n\t\t\t<\/div><div class=\"vc_row wpb_row vc_row-fluid\">\n\t\t\t\t<div class=\"mo-vc-row-ovelay\" style=\"\"><\/div>\n\t\t\t\t<div class=\"container\"><div class=\"wpb_column vc_column_container vc_col-sm-8\"><div class=\"vc_column-inner\"><div class=\"wpb_wrapper\"><div  class=\"vc_toggle vc_toggle_rounded vc_toggle_color_turquoise vc_toggle_color_inverted vc_toggle_size_md\">\n\t<div class=\"vc_toggle_title\"><h4 style=\"color: #008080;text-align: left;font-family:Abril Fatface;font-weight:400;font-style:normal\" class=\"vc_custom_heading\">Negocio A1<\/h4><i class=\"vc_toggle_icon\"><\/i><\/div>\n\t<div class=\"vc_toggle_content\"><h3><strong>Nivel<\/strong><\/h3>\n<p>El Diploma de Franc\u00e9s Profesional A1 para Negocios valida el nivel A1 del MCER en franc\u00e9s. Corresponde aproximadamente a 60 \u2013 80 horas de aprendizaje.<\/p>\n<p>Acredita competencias b\u00e1sicas en franc\u00e9s: el titular de este diploma puede comprender y expresarse en las situaciones m\u00e1s simples y habituales de la vida social y profesional en un contexto familiar, para realizar tareas profesionales muy sencillas.<\/p>\n<h3><\/h3>\n<h3><strong>Habilidades evaluadas<\/strong><\/h3>\n<p><strong><em>Comprender y procesar informaci\u00f3n:<\/em><\/strong><\/p>\n<p>El candidato puede comprender los elementos esenciales de documentos escritos profesionales muy sencillos para realizar tareas profesionales.<\/p>\n<p>Es capaz de comprender el contenido de un mensaje breve y predecible, cara a cara o por tel\u00e9fono, para realizar tareas profesionales muy sencillas.<\/p>\n<p>El candidato sabe redactar mensajes profesionales estandarizados muy breves relacionados con una actividad social y profesional actual.<\/p>\n<p><strong><em>Interactuar oralmente:<\/em><\/strong><\/p>\n<p>El candidato puede establecer contactos e intercambios sociales y profesionales muy sencillos para realizar tareas profesionales en un n\u00famero limitado de situaciones conocidas o predecibles.<\/p>\n<h3><strong><img loading=\"lazy\" decoding=\"async\" class=\"alignnone wp-image-2269\" src=\"https:\/\/abcformation1986.fr\/wp-content\/uploads\/2019\/11\/Tableau-Activites_Aff-A1-300x125.png\" alt=\"\" width=\"710\" height=\"296\" srcset=\"\" sizes=\"auto, (max-width: 710px) 100vw, 710px\" data-srcset=\"\" \/><\/strong><\/h3>\n<p>&nbsp;<\/p>\n<p><strong>Duraci\u00f3n total del examen: 60 min.<\/strong><\/p>\n<\/div>\n<\/div>\n<div  class=\"vc_toggle vc_toggle_rounded vc_toggle_color_turquoise vc_toggle_color_inverted vc_toggle_size_md\">\n\t<div class=\"vc_toggle_title\"><h4 style=\"color: #008080;text-align: left;font-family:Abril Fatface;font-weight:400;font-style:normal\" class=\"vc_custom_heading\">Negocio A2<\/h4><i class=\"vc_toggle_icon\"><\/i><\/div>\n\t<div class=\"vc_toggle_content\"><h3><strong>Nivel<\/strong><\/h3>\n<p>El Diploma de Franc\u00e9s Profesional A2 para Negocios valida el nivel A2 del MCER en franc\u00e9s. Corresponde aproximadamente a 120 \u2013 150 horas de aprendizaje.<\/p>\n<p>Acredita competencias b\u00e1sicas en franc\u00e9s: el titular de este diploma puede comprender y expresarse para realizar tareas de comunicaci\u00f3n en las situaciones m\u00e1s sencillas de la vida social y profesional m\u00e1s habitual.<\/p>\n<h3><\/h3>\n<h3><strong>Habilidades evaluadas<\/strong><\/h3>\n<p><strong><em>Comprender y procesar informaci\u00f3n:<\/em><\/strong><\/p>\n<p>El candidato puede comprender los elementos esenciales de documentos escritos profesionales sencillos para llevar a cabo tareas profesionales sencillas y habituales.<\/p>\n<p>Sabe redactar mensajes profesionales breves y habituales relacionados con la actividad social y profesional habitual.<\/p>\n<p>El candidato puede comprender la esencia de un mensaje breve y predecible, cara a cara o por tel\u00e9fono, cuando se refiere a su \u00e1mbito profesional habitual.<\/p>\n<p><strong><em>Interactuar oralmente:<\/em><\/strong><\/p>\n<p>El candidato puede, con un lenguaje sencillo, establecer contactos sociales, describir su experiencia, su actividad, intercambiar informaci\u00f3n objetiva, expresar una opini\u00f3n, una preferencia, hacer preguntas, etc., en un n\u00famero limitado de situaciones pr\u00e1cticas sobre temas comunes y conocidos.<\/p>\n<h3><img loading=\"lazy\" decoding=\"async\" class=\"alignnone wp-image-2272\" src=\"https:\/\/abcformation1986.fr\/wp-content\/uploads\/2019\/11\/Tableau-Activites_Aff-A2-300x118.png\" alt=\"\" width=\"672\" height=\"264\" srcset=\"\" sizes=\"auto, (max-width: 672px) 100vw, 672px\" data-srcset=\"\" \/><\/h3>\n<p><strong>Duraci\u00f3n total del examen: 60 min.<\/strong><\/p>\n<\/div>\n<\/div>\n<div  class=\"vc_toggle vc_toggle_rounded vc_toggle_color_turquoise vc_toggle_color_inverted vc_toggle_size_md\">\n\t<div class=\"vc_toggle_title\"><h4 style=\"color: #008080;text-align: left;font-family:Abril Fatface;font-weight:400;font-style:normal\" class=\"vc_custom_heading\">Negocio B1<\/h4><i class=\"vc_toggle_icon\"><\/i><\/div>\n\t<div class=\"vc_toggle_content\"><h3><strong>Nivel<\/strong><\/h3>\n<p>El Diploma de Franc\u00e9s Profesional B1 para Negocios valida el nivel B1 del MCER en franc\u00e9s. Corresponde a aproximadamente 250 horas de aprendizaje.<\/p>\n<p>Certifica competencia en franc\u00e9s a nivel independiente, lo que permite al usuario comprender y expresarse en situaciones habituales de la vida social y profesional.<\/p>\n<p>El titular de este diploma puede realizar actos comunes de comunicaci\u00f3n profesional en un contexto previsible.<\/p>\n<h3><\/h3>\n<h3><strong>Habilidades evaluadas<\/strong><\/h3>\n<p><strong><em>Comprender y procesar informaci\u00f3n:<\/em><\/strong><\/p>\n<p>El candidato puede comprender los elementos esenciales de informes, textos o documentos profesionales comunes.<\/p>\n<p>Puede comprender la esencia de un mensaje predecible (en su forma y contenido), cara a cara o por tel\u00e9fono, dentro de su campo de experiencia profesional.<\/p>\n<p>El candidato podr\u00e1 tomar elementos proporcionados para organizarlos en un formato determinado, redactar mensajes actuales, relacionados con la actividad social y profesional habitual.<\/p>\n<p><strong><em>Interactuar oralmente:<\/em><\/strong><\/p>\n<p>El candidato puede participar en intercambios actuales en su contexto profesional, describir su actividad, intercambiar informaci\u00f3n factual, discutir una opci\u00f3n, dar explicaciones en situaciones pr\u00e1cticas sobre temas conocidos.<\/p>\n<h3><\/h3>\n<p><img loading=\"lazy\" decoding=\"async\" class=\"alignnone wp-image-2275\" src=\"https:\/\/abcformation1986.fr\/wp-content\/uploads\/2019\/11\/Tableau-Activites_Aff-B1-300x140.png\" alt=\"\" width=\"677\" height=\"316\" srcset=\"\" sizes=\"auto, (max-width: 677px) 100vw, 677px\" data-srcset=\"\" \/><\/p>\n<p><strong><em>Duraci\u00f3n total del examen: 1 hora 45 minutos.<\/em><\/strong><\/p>\n<\/div>\n<\/div>\n<div  class=\"vc_toggle vc_toggle_rounded vc_toggle_color_turquoise vc_toggle_color_inverted vc_toggle_size_md\">\n\t<div class=\"vc_toggle_title\"><h4 style=\"color: #008080;text-align: left;font-family:Abril Fatface;font-weight:400;font-style:normal\" class=\"vc_custom_heading\">Negocio B2<\/h4><i class=\"vc_toggle_icon\"><\/i><\/div>\n\t<div class=\"vc_toggle_content\"><h3><strong>Nivel<\/strong><\/h3>\n<p>El Diploma de Franc\u00e9s Profesional B2 para Negocios valida el nivel B2 del MCER en franc\u00e9s. Corresponde aproximadamente a 350 horas de aprendizaje.<\/p>\n<p>Certifica el dominio del idioma franc\u00e9s de nivel independiente, lo que permite al usuario comunicarse de manera efectiva en una amplia gama de situaciones de comunicaci\u00f3n profesional.<\/p>\n<p>El titular de este diploma puede realizar, de forma oral y escrita, tareas de comunicaci\u00f3n profesional, en todas las situaciones habituales de su entorno profesional, incluidas aquellas que impliquen cierta gesti\u00f3n de lo inesperado.<\/p>\n<h3><\/h3>\n<h3><strong>Habilidades evaluadas<\/strong><\/h3>\n<p><strong><em>Comprender y procesar informaci\u00f3n:<\/em><\/strong><\/p>\n<p>El candidato puede comprender detalles importantes de la mayor\u00eda de los escritos profesionales de la empresa. Es capaz de extraer informaci\u00f3n relevante de documentos profesionales (informes, instructivos, instructivos, notas, correos electr\u00f3nicos, cartas, etc.) para actuar con eficacia.<\/p>\n<p>Puede comprender intervenciones o interacciones largas y estructuradas y tomar notas para redactar informes, res\u00famenes, informes, etc.<\/p>\n<p><strong><em>Interactuar oralmente:<\/em><\/strong><\/p>\n<p>El candidato es capaz de presentar informaci\u00f3n estructurada, argumentos relevantes, convencer a su interlocutor o audiencia, puede reaccionar a los argumentos de otros y defender un punto de vista en situaciones de presentaci\u00f3n o interacci\u00f3n formal (reuniones, mesas redondas). , negociaci\u00f3n, etc.)<\/p>\n<h3><\/h3>\n<p><strong><img loading=\"lazy\" decoding=\"async\" class=\"alignnone wp-image-2277\" src=\"https:\/\/abcformation1986.fr\/wp-content\/uploads\/2019\/11\/Tableau-Activites_Aff-B2-300x109.png\" alt=\"\" width=\"661\" height=\"240\" srcset=\"\" sizes=\"auto, (max-width: 661px) 100vw, 661px\" data-srcset=\"\" \/><\/strong><\/p>\n<p><strong>Duraci\u00f3n total del examen: 2h30.<\/strong><\/p>\n<\/div>\n<\/div>\n<div  class=\"vc_toggle vc_toggle_rounded vc_toggle_color_turquoise vc_toggle_color_inverted vc_toggle_size_md\">\n\t<div class=\"vc_toggle_title\"><h4 style=\"color: #008080;text-align: left;font-family:Abril Fatface;font-weight:400;font-style:normal\" class=\"vc_custom_heading\">Negocio C1<\/h4><i class=\"vc_toggle_icon\"><\/i><\/div>\n\t<div class=\"vc_toggle_content\"><h3><strong>Nivel<\/strong><\/h3>\n<p>El Diploma C1 de Franc\u00e9s Profesional para Negocios valida el nivel C1 del MCER en franc\u00e9s. Corresponde a aproximadamente 500 horas de aprendizaje.<\/p>\n<p>Certifica el dominio del franc\u00e9s a nivel experimentado, lo que permite al usuario comunicarse de forma eficaz, precisa y adaptada al interlocutor, en todas las situaciones de comunicaci\u00f3n profesional.<\/p>\n<p>El titular de este diploma puede realizar con facilidad tareas de comunicaci\u00f3n profesional, de forma oral y escrita, en todas las situaciones habituales de su entorno profesional. Tambi\u00e9n puede adaptar su comunicaci\u00f3n para reaccionar eficazmente ante situaciones imprevistas.<\/p>\n<h3><\/h3>\n<h3><strong>Habilidades evaluadas<\/strong><\/h3>\n<p><strong><em>Comprender y procesar informaci\u00f3n:<\/em><\/strong><\/p>\n<p>El candidato puede comprender y procesar una amplia gama de documentos extensos y complejos, escritos u orales, identificando con precisi\u00f3n puntos de vista y argumentos, incluso los impl\u00edcitos, apreciando matices de estilo y tono.<\/p>\n<p>Es capaz de redactar escritos profesionales estructurados y precisos, matizados y adaptados al destinatario, como parte de una transacci\u00f3n comercial o en respuesta a un problema identificado.<\/p>\n<p><strong><em>Interactuar oralmente:<\/em><\/strong><\/p>\n<p>El candidato es capaz de desarrollar argumentos ricos y precisos, de estructurar con precisi\u00f3n su discurso y de adaptarse con flexibilidad a los acontecimientos imprevistos. Puede improvisar una respuesta apropiada y eficaz a una pregunta compleja o inesperada.<\/p>\n<h3><\/h3>\n<p><strong><img loading=\"lazy\" decoding=\"async\" class=\"alignnone wp-image-2279\" src=\"https:\/\/abcformation1986.fr\/wp-content\/uploads\/2019\/11\/Tableau-Activites_Aff-C1-300x117.png\" alt=\"\" width=\"643\" height=\"251\" srcset=\"\" sizes=\"auto, (max-width: 643px) 100vw, 643px\" data-srcset=\"\" \/><\/strong><\/p>\n<p><strong>Duraci\u00f3n total del examen: 2h30.<\/strong><\/p>\n<\/div>\n<\/div>\n<div  class=\"vc_toggle vc_toggle_rounded vc_toggle_color_turquoise vc_toggle_color_inverted vc_toggle_size_md\">\n\t<div class=\"vc_toggle_title\"><h4 style=\"color: #008080;text-align: left;font-family:Abril Fatface;font-weight:400;font-style:normal\" class=\"vc_custom_heading\">Secretar\u00eda B1 y B2<\/h4><i class=\"vc_toggle_icon\"><\/i><\/div>\n\t<div class=\"vc_toggle_content\"><p><strong>Diplomas profesionales de secretariado franc\u00e9s niveles B1 y B2\u00a0<\/strong>prepararlos para el uso del franc\u00e9s en las principales situaciones de comunicaci\u00f3n profesional, tanto oralmente como por escrito, para profesiones administrativas y secretariales cualquiera que sea la funci\u00f3n, especializaci\u00f3n o sector de actividad.<\/p>\n<p>Certifican la competencia funcional en franc\u00e9s, que se basa en situaciones espec\u00edficas de las profesiones secretariales. Atestiguan que el candidato, colocado en una situaci\u00f3n laboral frente a un profesional franc\u00f3fono, es capaz de utilizar el franc\u00e9s de forma eficaz. Eval\u00faan y validan el nivel alcanzado en comprensi\u00f3n escrita, comprensi\u00f3n oral, comprensi\u00f3n y expresi\u00f3n escrita, expresi\u00f3n oral necesaria en la actividad profesional.<\/p>\n<p>&nbsp;<\/p>\n<p><strong>Publico determinado :<\/strong><\/p>\n<p>Profesionales o estudiantes que deseen trabajar como\u00a0<strong>empleados de empresas, instituciones u organizaciones internacionales<\/strong>\u00a0y dar fe de sus habilidades para comunicarse en franc\u00e9s cualquiera que sea su funci\u00f3n (<strong>secr\u00e9taire, assistant(e), h\u00f4tesse standardiste, employ\u00e9(e) de bureau, etc.<\/strong>), su especializaci\u00f3n (comercial, jur\u00eddica, secretar\u00eda administrativa, etc.), su sector de actividad (industria, comercio, servicios).<\/p>\n<\/div>\n<\/div>\n<div  class=\"vc_toggle vc_toggle_rounded vc_toggle_color_turquoise vc_toggle_color_inverted vc_toggle_size_md\">\n\t<div class=\"vc_toggle_title\"><h4 style=\"color: #008080;text-align: left;font-family:Abril Fatface;font-weight:400;font-style:normal\" class=\"vc_custom_heading\">DFP B1<\/h4><i class=\"vc_toggle_icon\"><\/i><\/div>\n\t<div class=\"vc_toggle_content\"><p>El Diploma de Franc\u00e9s Profesional B1 certifica la capacidad de comprender y comunicarse en franc\u00e9s en el \u00e1mbito empresarial.<\/p>\n<p>Valida el dominio del franc\u00e9s en el nivel B1 del Marco Com\u00fan Europeo de Referencia para las Lenguas (MCER).<br \/>\nEn este nivel, el candidato es capaz de comprender y expresarse en las situaciones m\u00e1s comunes y habituales de la vida social y profesional. Puede realizar, con un vocabulario limitado y estructuras gramaticales sencillas, actos de comunicaci\u00f3n profesional en un contexto conocido o predecible.<\/p>\n<p>Las pruebas del Diploma de Franc\u00e9s Profesional B1 tienen una duraci\u00f3n total de 2 horas y 45 minutos y ofrecen una puntuaci\u00f3n global sobre 100 puntos, as\u00ed como una puntuaci\u00f3n por prueba para reflejar el perfil ling\u00fc\u00edstico de los candidatos.<br \/>\nPara aprobar, el candidato deber\u00e1 obtener 45 puntos sobre 75 en las pruebas escritas y 60 puntos sobre 100 puntos en todas las pruebas.<\/p>\n<\/div>\n<\/div>\n<\/div><\/div><\/div><div class=\"wpb_column vc_column_container vc_col-sm-4 vc_col-has-fill\"><div class=\"vc_column-inner vc_custom_1680009427315\"><div class=\"wpb_wrapper\">\n\t<div class=\"wpb_text_column wpb_content_element\" >\n\t\t<div class=\"wpb_wrapper\">\n\t\t\t<p style=\"text-align: center;\">Les guides du candidat<\/p>\n<p style=\"text-align: center;\"><a class=\"flex-liens\" href=\"https:\/\/www.lefrancaisdesaffaires.fr\/wp-content\/uploads\/2024\/09\/guide-candidat-dfp-affaires.pdf\" target=\"_blank\" rel=\"noopener noreferrer\"><i class=\"fa fa-file-pdf-o\"><\/i>Guide du candidat Affaires<\/a><\/p>\n<p style=\"text-align: center;\"><a class=\"flex-liens\" href=\"https:\/\/www.lefrancaisdesaffaires.fr\/wp-content\/uploads\/2024\/09\/guide-candidat-dfp-thr.pdf\" target=\"_blank\" rel=\"noopener noreferrer\"><i class=\"fa fa-file-pdf-o\"><\/i>Guide du candidat<\/a><a class=\"flex-liens\" href=\"https:\/\/www.lefrancaisdesaffaires.fr\/wp-content\/uploads\/2018\/04\/Guide-Candidat_DFP-THR.pdf\" target=\"_blank\" rel=\"noopener noreferrer\">Tourisme<\/a><\/p>\n<p style=\"text-align: center;\"><a class=\"flex-liens\" href=\"https:\/\/www.lefrancaisdesaffaires.fr\/wp-content\/uploads\/2024\/09\/guide-candidat-dfp-ri.pdf\" target=\"_blank\" rel=\"noopener noreferrer\"><i class=\"fa fa-file-pdf-o\"><\/i>Guide du candidat Relations internationales<\/a><\/p>\n<p style=\"text-align: center;\"><a class=\"flex-liens\" href=\"https:\/\/www.lefrancaisdesaffaires.fr\/wp-content\/uploads\/2024\/09\/guide-candidat-dfp-san.pdf\" target=\"_blank\" rel=\"noopener noreferrer\"><i class=\"fa fa-file-pdf-o\"><\/i>Guide du candidat Sant\u00e9<\/a><\/p>\n\n\t\t<\/div>\n\t<\/div>\n<\/div><\/div><\/div>\t<\/div>\n\t\t\t<\/div><div class=\"vc_row wpb_row vc_row-fluid\">\n\t\t\t\t<div class=\"mo-vc-row-ovelay\" style=\"\"><\/div>\n\t\t\t\t<div class=\"container\"><div class=\"wpb_column vc_column_container vc_col-sm-12\"><div class=\"vc_column-inner\"><div class=\"wpb_wrapper\"><div class=\"vc_separator wpb_content_element vc_separator_align_center vc_sep_width_100 vc_sep_shadow vc_sep_pos_align_center vc_separator_no_text\" ><span class=\"vc_sep_holder vc_sep_holder_l\"><span  style=\"border-color:#008080;\" class=\"vc_sep_line\"><\/span><\/span><span class=\"vc_sep_holder vc_sep_holder_r\"><span  style=\"border-color:#008080;\" class=\"vc_sep_line\"><\/span><\/span>\n<\/div>\n\t<div class=\"wpb_text_column wpb_content_element\" >\n\t\t<div class=\"wpb_wrapper\">\n\t\t\t<p style=\"text-align: center;\"><span style=\"color: #33cccc;\">Pago asegurado con tarjeta de d\u00e9bito\u00a0<\/span><\/p>\n<p style=\"text-align: center;\">Puedes pagar con tu tarjeta bancaria.<\/p>\n<p style=\"text-align: center;\">Al hacer clic en este enlace, ser\u00e1 redirigido a un sitio de pago seguro en l\u00ednea.<\/p>\n<p style=\"text-align: center;\">Ya no puedes cancelar tu pago.<\/p>\n\n\t\t<\/div>\n\t<\/div>\n<\/div><\/div><\/div>\t<\/div>\n\t\t\t<\/div><div class=\"vc_row wpb_row vc_row-fluid\">\n\t\t\t\t<div class=\"mo-vc-row-ovelay\" style=\"\"><\/div>\n\t\t\t\t<div class=\"container\"><div class=\"wpb_column vc_column_container vc_col-sm-12\"><div class=\"vc_column-inner\"><div class=\"wpb_wrapper\"><div class=\"vc_btn3-container vc_btn3-center\" >\n\t<a class=\"vc_general vc_btn3 vc_btn3-size-md vc_btn3-shape-round vc_btn3-style-3d vc_btn3-color-turquoise\" href=\"https:\/\/abcformation1986.fr\/es\/boutique\/\" title=\"\">PARA PAGO EN L\u00cdNEA HAGA CLIC AQU\u00cd <\/a><\/div>\n<\/div><\/div><\/div>\t<\/div>\n\t\t\t<\/div>","protected":false},"excerpt":{"rendered":"DIPL\u00d4ME DE FRAN\u00c7AIS DES AFFAIRES Valable \u00e0 vie, le\u00a0Dipl\u00f4me de fran\u00e7ais professionnel\u00a0Affaires\u00a0vous permettra d\u2019attester que vous \u00eates capable d\u2019utiliser efficacement le fran\u00e7ais, \u00e0 l\u2019oral et \u00e0 l\u2019\u00e9crit, dans les\u00a0principales situations de communication professionnelle\u00a0et que vous \u00eates\u00a0op\u00e9rationnel\u00a0dans les fonctions relationnelles, administratives et commerciales de l\u2019entreprise. &nbsp; Pour qui ? Tous les\u00a0\u00a0\u00e9tudiants\u00a0ou\u00a0professionnels\u00a0qui travaillent ou seront appel\u00e9s \u00e0 [...]","protected":false},"author":2,"featured_media":0,"parent":0,"menu_order":0,"comment_status":"closed","ping_status":"closed","template":"","meta":{"_uag_custom_page_level_css":"","footnotes":""},"class_list":["post-1862","page","type-page","status-publish","hentry"],"yoast_head":"<!-- This site is optimized with the Yoast SEO plugin v25.2 - https:\/\/yoast.com\/wordpress\/plugins\/seo\/ -->\n<title>DIPL\u00d4ME DE FRAN\u00c7AIS DES AFFAIRES - Centre de Formation ABC Franconville | FLE | TEF<\/title>\n<meta name=\"description\" content=\"Tous les \u00e9tudiants ou professionnels qui travaillent ou seront appel\u00e9s \u00e0 communiquer en fran\u00e7ais dans un contexte professionnel et qui souhaitent valider leurs acquis par un dipl\u00f4me.\" \/>\n<meta name=\"robots\" content=\"index, follow, max-snippet:-1, max-image-preview:large, max-video-preview:-1\" \/>\n<link rel=\"canonical\" href=\"https:\/\/abcformation1986.fr\/es\/diplome-de-francais-des-affaires\/\" \/>\n<meta property=\"og:locale\" content=\"es_ES\" \/>\n<meta property=\"og:type\" content=\"article\" \/>\n<meta property=\"og:title\" content=\"DIPL\u00d4ME DE FRAN\u00c7AIS DES AFFAIRES - Centre de Formation ABC Franconville | FLE | TEF\" \/>\n<meta property=\"og:description\" content=\"Tous les \u00e9tudiants ou professionnels qui travaillent ou seront appel\u00e9s \u00e0 communiquer en fran\u00e7ais dans un contexte professionnel et qui souhaitent valider leurs acquis par un dipl\u00f4me.\" \/>\n<meta property=\"og:url\" content=\"https:\/\/abcformation1986.fr\/es\/diplome-de-francais-des-affaires\/\" \/>\n<meta property=\"og:site_name\" content=\"Centre de Formation ABC Franconville | FLE | TEF\" \/>\n<meta property=\"article:publisher\" content=\"http:\/\/@abcformation\" \/>\n<meta property=\"article:modified_time\" content=\"2024-12-06T14:00:15+00:00\" \/>\n<meta property=\"og:image\" content=\"https:\/\/abcformation1986.fr\/wp-content\/uploads\/2020\/04\/images.png\" \/>\n<meta name=\"twitter:card\" content=\"summary_large_image\" \/>\n<meta name=\"twitter:site\" content=\"@abc_formation\" \/>\n<meta name=\"twitter:label1\" content=\"Tiempo de lectura\" \/>\n\t<meta name=\"twitter:data1\" content=\"13 minutos\" \/>\n<script type=\"application\/ld+json\" class=\"yoast-schema-graph\">{\"@context\":\"https:\/\/schema.org\",\"@graph\":[{\"@type\":\"WebPage\",\"@id\":\"https:\/\/abcformation1986.fr\/diplome-de-francais-des-affaires\/\",\"url\":\"https:\/\/abcformation1986.fr\/diplome-de-francais-des-affaires\/\",\"name\":\"DIPL\u00d4ME DE FRAN\u00c7AIS DES AFFAIRES - Centre de Formation ABC Franconville | FLE | TEF\",\"isPartOf\":{\"@id\":\"https:\/\/abcformation1986.fr\/#website\"},\"primaryImageOfPage\":{\"@id\":\"https:\/\/abcformation1986.fr\/diplome-de-francais-des-affaires\/#primaryimage\"},\"image\":{\"@id\":\"https:\/\/abcformation1986.fr\/diplome-de-francais-des-affaires\/#primaryimage\"},\"thumbnailUrl\":\"https:\/\/abcformation1986.fr\/wp-content\/uploads\/2020\/04\/images.png\",\"datePublished\":\"2019-03-28T15:30:29+00:00\",\"dateModified\":\"2024-12-06T14:00:15+00:00\",\"description\":\"Tous les \u00e9tudiants ou professionnels qui travaillent ou seront appel\u00e9s \u00e0 communiquer en fran\u00e7ais dans un contexte professionnel et qui souhaitent valider leurs acquis par un dipl\u00f4me.\",\"breadcrumb\":{\"@id\":\"https:\/\/abcformation1986.fr\/diplome-de-francais-des-affaires\/#breadcrumb\"},\"inLanguage\":\"es\",\"potentialAction\":[{\"@type\":\"ReadAction\",\"target\":[\"https:\/\/abcformation1986.fr\/diplome-de-francais-des-affaires\/\"]}]},{\"@type\":\"ImageObject\",\"inLanguage\":\"es\",\"@id\":\"https:\/\/abcformation1986.fr\/diplome-de-francais-des-affaires\/#primaryimage\",\"url\":\"https:\/\/abcformation1986.fr\/wp-content\/uploads\/2020\/04\/images.png\",\"contentUrl\":\"https:\/\/abcformation1986.fr\/wp-content\/uploads\/2020\/04\/images.png\"},{\"@type\":\"BreadcrumbList\",\"@id\":\"https:\/\/abcformation1986.fr\/diplome-de-francais-des-affaires\/#breadcrumb\",\"itemListElement\":[{\"@type\":\"ListItem\",\"position\":1,\"name\":\"Home\",\"item\":\"https:\/\/abcformation1986.fr\/\"},{\"@type\":\"ListItem\",\"position\":2,\"name\":\"DIPL\u00d4ME DE FRAN\u00c7AIS DES AFFAIRES\"}]},{\"@type\":\"WebSite\",\"@id\":\"https:\/\/abcformation1986.fr\/#website\",\"url\":\"https:\/\/abcformation1986.fr\/\",\"name\":\"Centre de Formation ABC Franconville | FLE | TEF\",\"description\":\"Acteur historique de  la formation, de l\u2019insertion et de la  reconversion professionnelle depuis 1986\",\"publisher\":{\"@id\":\"https:\/\/abcformation1986.fr\/#organization\"},\"potentialAction\":[{\"@type\":\"SearchAction\",\"target\":{\"@type\":\"EntryPoint\",\"urlTemplate\":\"https:\/\/abcformation1986.fr\/?s={search_term_string}\"},\"query-input\":{\"@type\":\"PropertyValueSpecification\",\"valueRequired\":true,\"valueName\":\"search_term_string\"}}],\"inLanguage\":\"es\"},{\"@type\":\"Organization\",\"@id\":\"https:\/\/abcformation1986.fr\/#organization\",\"name\":\"ABCFORMATION\",\"url\":\"https:\/\/abcformation1986.fr\/\",\"logo\":{\"@type\":\"ImageObject\",\"inLanguage\":\"es\",\"@id\":\"https:\/\/abcformation1986.fr\/#\/schema\/logo\/image\/\",\"url\":\"https:\/\/abcformation1986.fr\/wp-content\/uploads\/2018\/11\/abclogo.png\",\"contentUrl\":\"https:\/\/abcformation1986.fr\/wp-content\/uploads\/2018\/11\/abclogo.png\",\"width\":134,\"height\":82,\"caption\":\"ABCFORMATION\"},\"image\":{\"@id\":\"https:\/\/abcformation1986.fr\/#\/schema\/logo\/image\/\"},\"sameAs\":[\"http:\/\/@abcformation\",\"https:\/\/x.com\/abc_formation\",\"http:\/\/abcformation1986\"]}]}<\/script>\n<!-- \/ Yoast SEO plugin. -->","yoast_head_json":{"title":"DIPL\u00d4ME DE FRAN\u00c7AIS DES AFFAIRES - Centre de Formation ABC Franconville | FLE | TEF","description":"Tous les \u00e9tudiants ou professionnels qui travaillent ou seront appel\u00e9s \u00e0 communiquer en fran\u00e7ais dans un contexte professionnel et qui souhaitent valider leurs acquis par un dipl\u00f4me.","robots":{"index":"index","follow":"follow","max-snippet":"max-snippet:-1","max-image-preview":"max-image-preview:large","max-video-preview":"max-video-preview:-1"},"canonical":"https:\/\/abcformation1986.fr\/es\/diplome-de-francais-des-affaires\/","og_locale":"es_ES","og_type":"article","og_title":"DIPL\u00d4ME DE FRAN\u00c7AIS DES AFFAIRES - Centre de Formation ABC Franconville | FLE | TEF","og_description":"Tous les \u00e9tudiants ou professionnels qui travaillent ou seront appel\u00e9s \u00e0 communiquer en fran\u00e7ais dans un contexte professionnel et qui souhaitent valider leurs acquis par un dipl\u00f4me.","og_url":"https:\/\/abcformation1986.fr\/es\/diplome-de-francais-des-affaires\/","og_site_name":"Centre de Formation ABC Franconville | FLE | TEF","article_publisher":"http:\/\/@abcformation","article_modified_time":"2024-12-06T14:00:15+00:00","og_image":[{"url":"https:\/\/abcformation1986.fr\/wp-content\/uploads\/2020\/04\/images.png","type":"","width":"","height":""}],"twitter_card":"summary_large_image","twitter_site":"@abc_formation","twitter_misc":{"Tiempo de lectura":"13 minutos"},"schema":{"@context":"https:\/\/schema.org","@graph":[{"@type":"WebPage","@id":"https:\/\/abcformation1986.fr\/diplome-de-francais-des-affaires\/","url":"https:\/\/abcformation1986.fr\/diplome-de-francais-des-affaires\/","name":"DIPL\u00d4ME DE FRAN\u00c7AIS DES AFFAIRES - Centre de Formation ABC Franconville | FLE | TEF","isPartOf":{"@id":"https:\/\/abcformation1986.fr\/#website"},"primaryImageOfPage":{"@id":"https:\/\/abcformation1986.fr\/diplome-de-francais-des-affaires\/#primaryimage"},"image":{"@id":"https:\/\/abcformation1986.fr\/diplome-de-francais-des-affaires\/#primaryimage"},"thumbnailUrl":"https:\/\/abcformation1986.fr\/wp-content\/uploads\/2020\/04\/images.png","datePublished":"2019-03-28T15:30:29+00:00","dateModified":"2024-12-06T14:00:15+00:00","description":"Tous les \u00e9tudiants ou professionnels qui travaillent ou seront appel\u00e9s \u00e0 communiquer en fran\u00e7ais dans un contexte professionnel et qui souhaitent valider leurs acquis par un dipl\u00f4me.","breadcrumb":{"@id":"https:\/\/abcformation1986.fr\/diplome-de-francais-des-affaires\/#breadcrumb"},"inLanguage":"es","potentialAction":[{"@type":"ReadAction","target":["https:\/\/abcformation1986.fr\/diplome-de-francais-des-affaires\/"]}]},{"@type":"ImageObject","inLanguage":"es","@id":"https:\/\/abcformation1986.fr\/diplome-de-francais-des-affaires\/#primaryimage","url":"https:\/\/abcformation1986.fr\/wp-content\/uploads\/2020\/04\/images.png","contentUrl":"https:\/\/abcformation1986.fr\/wp-content\/uploads\/2020\/04\/images.png"},{"@type":"BreadcrumbList","@id":"https:\/\/abcformation1986.fr\/diplome-de-francais-des-affaires\/#breadcrumb","itemListElement":[{"@type":"ListItem","position":1,"name":"Home","item":"https:\/\/abcformation1986.fr\/"},{"@type":"ListItem","position":2,"name":"DIPL\u00d4ME DE FRAN\u00c7AIS DES AFFAIRES"}]},{"@type":"WebSite","@id":"https:\/\/abcformation1986.fr\/#website","url":"https:\/\/abcformation1986.fr\/","name":"Centre de Formation ABC Franconville | FLE | TEF","description":"Acteur historique de  la formation, de l\u2019insertion et de la  reconversion professionnelle depuis 1986","publisher":{"@id":"https:\/\/abcformation1986.fr\/#organization"},"potentialAction":[{"@type":"SearchAction","target":{"@type":"EntryPoint","urlTemplate":"https:\/\/abcformation1986.fr\/?s={search_term_string}"},"query-input":{"@type":"PropertyValueSpecification","valueRequired":true,"valueName":"search_term_string"}}],"inLanguage":"es"},{"@type":"Organization","@id":"https:\/\/abcformation1986.fr\/#organization","name":"ABCFORMATION","url":"https:\/\/abcformation1986.fr\/","logo":{"@type":"ImageObject","inLanguage":"es","@id":"https:\/\/abcformation1986.fr\/#\/schema\/logo\/image\/","url":"https:\/\/abcformation1986.fr\/wp-content\/uploads\/2018\/11\/abclogo.png","contentUrl":"https:\/\/abcformation1986.fr\/wp-content\/uploads\/2018\/11\/abclogo.png","width":134,"height":82,"caption":"ABCFORMATION"},"image":{"@id":"https:\/\/abcformation1986.fr\/#\/schema\/logo\/image\/"},"sameAs":["http:\/\/@abcformation","https:\/\/x.com\/abc_formation","http:\/\/abcformation1986"]}]}},"uagb_featured_image_src":{"full":false,"thumbnail":false,"medium":false,"medium_large":false,"large":false,"1536x1536":false,"2048x2048":false,"trp-custom-language-flag":false,"hala-full":false,"hala-medium":false,"hala-small":false,"hala-team":false,"hala-thumb":false,"woocommerce_thumbnail":false,"woocommerce_single":false,"woocommerce_gallery_thumbnail":false},"uagb_author_info":{"display_name":"abc formation","author_link":"https:\/\/abcformation1986.fr\/es\/author\/abcformation\/"},"uagb_comment_info":0,"uagb_excerpt":null,"jetpack_sharing_enabled":true,"_links":{"self":[{"href":"https:\/\/abcformation1986.fr\/es\/wp-json\/wp\/v2\/pages\/1862","targetHints":{"allow":["GET"]}}],"collection":[{"href":"https:\/\/abcformation1986.fr\/es\/wp-json\/wp\/v2\/pages"}],"about":[{"href":"https:\/\/abcformation1986.fr\/es\/wp-json\/wp\/v2\/types\/page"}],"author":[{"embeddable":true,"href":"https:\/\/abcformation1986.fr\/es\/wp-json\/wp\/v2\/users\/2"}],"replies":[{"embeddable":true,"href":"https:\/\/abcformation1986.fr\/es\/wp-json\/wp\/v2\/comments?post=1862"}],"version-history":[{"count":22,"href":"https:\/\/abcformation1986.fr\/es\/wp-json\/wp\/v2\/pages\/1862\/revisions"}],"predecessor-version":[{"id":10725,"href":"https:\/\/abcformation1986.fr\/es\/wp-json\/wp\/v2\/pages\/1862\/revisions\/10725"}],"wp:attachment":[{"href":"https:\/\/abcformation1986.fr\/es\/wp-json\/wp\/v2\/media?parent=1862"}],"curies":[{"name":"wp","href":"https:\/\/api.w.org\/{rel}","templated":true}]}}