{"id":1858,"date":"2019-03-28T15:24:19","date_gmt":"2019-03-28T15:24:19","guid":{"rendered":"https:\/\/abcformation1986.fr\/?page_id=1858"},"modified":"2025-05-06T09:30:21","modified_gmt":"2025-05-06T09:30:21","slug":"dfp","status":"publish","type":"page","link":"https:\/\/abcformation1986.fr\/es\/dfp\/","title":{"rendered":"DFP"},"content":{"rendered":"<div class=\"vc_row wpb_row vc_row-fluid\">\n\t\t\t\t<div class=\"mo-vc-row-ovelay\" style=\"\"><\/div>\n\t\t\t\t<div class=\"container\"><div class=\"wpb_column vc_column_container vc_col-sm-6\"><div class=\"vc_column-inner\"><div class=\"wpb_wrapper\">\n\t<div class=\"wpb_raw_code wpb_content_element wpb_raw_html\" >\n\t\t<div class=\"wpb_wrapper\">\n\t\t\t<h2 style=\"text-align: center; color:#33cccc\">Un diploma de franc\u00e9s profesional (DFP)<\/h2>\n<h3 style=\"text-align: center; color:#33cccc\">\u00bfQuieres demostrar tus habilidades ling\u00fc\u00edsticas en franc\u00e9s profesional?<\/h3>\n<p style=\"text-align: justify;\">El Diploma Profesional de Franc\u00e9s de la C\u00e1mara de Comercio e Industria de Par\u00eds \u00cele-de-France, v\u00e1lido de por vida, acredita su capacidad para trabajar en franc\u00e9s en su sector de actividad.<\/p>\n\t\t<\/div>\n\t<\/div>\n<\/div><\/div><\/div><div class=\"wpb_column vc_column_container vc_col-sm-6\"><div class=\"vc_column-inner\"><div class=\"wpb_wrapper\">\n\t<div  class=\"wpb_single_image wpb_content_element vc_align_center\">\n\t\t\n\t\t<figure class=\"wpb_wrapper vc_figure\">\n\t\t\t<div class=\"vc_single_image-wrapper   vc_box_border_grey\"><img loading=\"lazy\" decoding=\"async\" width=\"900\" height=\"300\" src=\"https:\/\/abcformation1986.fr\/wp-content\/uploads\/2019\/03\/En-t\u00eate-page-DFP-1024x341.png\" class=\"vc_single_image-img attachment-large\" alt=\"\" srcset=\"\" sizes=\"auto, (max-width: 900px) 100vw, 900px\" data-srcset=\"\" \/><\/div>\n\t\t<\/figure>\n\t<\/div>\n<\/div><\/div><\/div>\t<\/div>\n\t\t\t<\/div><div class=\"vc_row wpb_row vc_row-fluid\">\n\t\t\t\t<div class=\"mo-vc-row-ovelay\" style=\"\"><\/div>\n\t\t\t\t<div class=\"container\"><div class=\"wpb_column vc_column_container vc_col-sm-6\"><div class=\"vc_column-inner\"><div class=\"wpb_wrapper\"><div class=\"vc_btn3-container vc_btn3-center\" >\n\t<a class=\"vc_general vc_btn3 vc_btn3-size-md vc_btn3-shape-square vc_btn3-style-3d vc_btn3-block vc_btn3-color-turquoise\" href=\"https:\/\/abcformation1986.fr\/es\/diplome-de-francais-des-affaires\/\" title=\"\">AFFAIRES<\/a><\/div>\n<div class=\"vc_btn3-container vc_btn3-center\" >\n\t<a class=\"vc_general vc_btn3 vc_btn3-size-md vc_btn3-shape-square vc_btn3-style-3d vc_btn3-block vc_btn3-color-turquoise\" href=\"https:\/\/abcformation1986.fr\/es\/diplome-de-francais-de-la-sante\/\" title=\"\">SALUD<\/a><\/div>\n<div class=\"vc_separator wpb_content_element vc_separator_align_center vc_sep_width_100 vc_sep_pos_align_center vc_separator_no_text vc_sep_color_white\" ><span class=\"vc_sep_holder vc_sep_holder_l\"><span  class=\"vc_sep_line\"><\/span><\/span><span class=\"vc_sep_holder vc_sep_holder_r\"><span  class=\"vc_sep_line\"><\/span><\/span>\n<\/div><\/div><\/div><\/div><div class=\"wpb_column vc_column_container vc_col-sm-6\"><div class=\"vc_column-inner\"><div class=\"wpb_wrapper\"><div class=\"vc_btn3-container vc_btn3-center\" >\n\t<a class=\"vc_general vc_btn3 vc_btn3-size-md vc_btn3-shape-square vc_btn3-style-3d vc_btn3-block vc_btn3-color-turquoise\" href=\"https:\/\/abcformation1986.fr\/es\/diplome-de-francais-des-relations-internationales\/\" title=\"\">RELACIONES INTERNACIONALES<\/a><\/div>\n<div class=\"vc_btn3-container vc_btn3-center\" >\n\t<a class=\"vc_general vc_btn3 vc_btn3-size-md vc_btn3-shape-square vc_btn3-style-3d vc_btn3-block vc_btn3-color-turquoise\" href=\"https:\/\/abcformation1986.fr\/es\/thr\/\" title=\"\">TURISMO, HOTEL, RESTAURANTES<\/a><\/div>\n<div class=\"vc_separator wpb_content_element vc_separator_align_center vc_sep_width_100 vc_sep_pos_align_center vc_separator_no_text vc_sep_color_white\" ><span class=\"vc_sep_holder vc_sep_holder_l\"><span  class=\"vc_sep_line\"><\/span><\/span><span class=\"vc_sep_holder vc_sep_holder_r\"><span  class=\"vc_sep_line\"><\/span><\/span>\n<\/div><\/div><\/div><\/div>\t<\/div>\n\t\t\t<\/div><div class=\"vc_row wpb_row vc_row-fluid\">\n\t\t\t\t<div class=\"mo-vc-row-ovelay\" style=\"\"><\/div>\n\t\t\t\t<div class=\"container\"><div class=\"wpb_column vc_column_container vc_col-sm-8\"><div class=\"vc_column-inner\"><div class=\"wpb_wrapper\">\n\t<div class=\"wpb_raw_code wpb_content_element wpb_raw_html\" >\n\t\t<div class=\"wpb_wrapper\">\n\t\t\t<p style=\"text-align: justify;\">Con un Diploma de Franc\u00e9s Profesional, demuestras a tus futuros empleadores que puedes llevar a cabo tus misiones profesionales en franc\u00e9s de forma eficaz, oralmente y por escrito, en diversas situaciones de comunicaci\u00f3n.<\/p>\n<ul style=\"text-align: justify; line-height:25px;\">El Diplomado te permite:\n<li>Destaca tu capacidad para trabajar en franc\u00e9s.<\/li>\n<li>destacarse en el mercado laboral;<\/li>\n<li>contribuir al desarrollo de su negocio en nuevos mercados;<\/li>\n<li>crece en tu negocio;<\/li>\n<li>facilitar su movilidad internacional.<\/li>\n<\/ul>\n<h2 style=\"text-align: center; color:#33cccc\">\u00bfListo para marcar la diferencia? <h2>\n<p style=\"text-align: justify;\">El Diploma de Franc\u00e9s Profesional existe en 4 \u00e1reas y para diferentes niveles.<\/p>\n<p style=\"text-align: justify;\">Tanto si eres estudiante como profesional, descubre el Diploma que mejor se adapta a tu proyecto profesional.<\/p>\n\t\t<\/div>\n\t<\/div>\n\n\t<div  class=\"wpb_single_image wpb_content_element vc_align_left\">\n\t\t\n\t\t<figure class=\"wpb_wrapper vc_figure\">\n\t\t\t<div class=\"vc_single_image-wrapper   vc_box_border_grey\"><img loading=\"lazy\" decoding=\"async\" width=\"2000\" height=\"1448\" src=\"https:\/\/abcformation1986.fr\/wp-content\/uploads\/2025\/05\/DFP-2025.png\" class=\"vc_single_image-img attachment-full\" alt=\"\" srcset=\"https:\/\/abcformation1986.fr\/wp-content\/uploads\/2025\/05\/DFP-2025.png 2000w, https:\/\/abcformation1986.fr\/wp-content\/uploads\/2025\/05\/DFP-2025-500x362.png 500w, https:\/\/abcformation1986.fr\/wp-content\/uploads\/2025\/05\/DFP-2025-300x217.png 300w, https:\/\/abcformation1986.fr\/wp-content\/uploads\/2025\/05\/DFP-2025-1024x741.png 1024w, https:\/\/abcformation1986.fr\/wp-content\/uploads\/2025\/05\/DFP-2025-768x556.png 768w, https:\/\/abcformation1986.fr\/wp-content\/uploads\/2025\/05\/DFP-2025-1536x1112.png 1536w, https:\/\/abcformation1986.fr\/wp-content\/uploads\/2025\/05\/DFP-2025-18x12.png 18w\" sizes=\"auto, (max-width: 2000px) 100vw, 2000px\" \/><\/div>\n\t\t<\/figure>\n\t<\/div>\n<\/div><\/div><\/div><div class=\"wpb_column vc_column_container vc_col-sm-4\"><div class=\"vc_column-inner\"><div class=\"wpb_wrapper\">\n\t<div class=\"wpb_raw_code wpb_content_element wpb_raw_html\" >\n\t\t<div class=\"wpb_wrapper\">\n\t\t\t<div style=\"background-color: #33cccc; border: 2px solid #007a7a; border-radius: 10px; padding: 20px; margin: 20px;\">\n<h2 style=\"text-align: left; padding-left: 20px; color: #fff;\"><strong>Enlaces \u00fatiles<\/strong><\/h2>\n<ul>\n \t<li style=\"margin-bottom: 10px; text-align: left;\"><strong><span style=\"color: #ff0000;\"><a style=\"color: #000000;\" href=\"https:\/\/www.lefrancaisdesaffaires.fr\/candidat\/conditions-dinscription-et-de-passation\/\">Condiciones de inscripci\u00f3n y finalizaci\u00f3n\u00a0<\/a><\/span><\/strong><\/li>\n \t\n<\/ul>\n<\/div>\n\t\t<\/div>\n\t<\/div>\n<\/div><\/div><\/div>\t<\/div>\n\t\t\t<\/div><div class=\"vc_row wpb_row vc_row-fluid\">\n\t\t\t\t<div class=\"mo-vc-row-ovelay\" style=\"\"><\/div>\n\t\t\t\t<div class=\"container\"><div class=\"wpb_column vc_column_container vc_col-sm-12\"><div class=\"vc_column-inner\"><div class=\"wpb_wrapper\"><div  class=\"vc_toggle vc_toggle_round vc_toggle_color_turquoise  vc_toggle_size_md\">\n\t<div class=\"vc_toggle_title\"><h4 style=\"text-align: center;font-family:Raleway;font-weight:400;font-style:normal\" class=\"vc_custom_heading\">\u00bfQui\u00e9n reconoce los Diplomas?<\/h4><i class=\"vc_toggle_icon\"><\/i><\/div>\n\t<div class=\"vc_toggle_content\"><p><strong>Reconnaissances acad\u00e9miques<\/strong><\/p>\n<p style=\"text-align: justify;\">Les Dipl\u00f4mes de fran\u00e7ais professionnel sont propos\u00e9s dans une centaine d\u2019universit\u00e9s et \u00e9coles de management dans le monde telles que l\u2019Acad\u00e9mie Diplomatique de Vienne en Autriche, l\u2019\u00c9cole hotelli\u00e8re de Lausanne en Suisse, l\u2019Universit\u00e9 Bocconi de Milan en Italie, l\u2019universit\u00e9 Chosun en Cor\u00e9e du Sud, l\u2019universit\u00e9 de Podomoro en Indon\u00e9sie, les universit\u00e9s Georgetown, DePaul et Vanderbilt aux Etats-Unis, et bien d\u2019autres.<\/p>\n<p style=\"text-align: justify;\"><a href=\"https:\/\/www.cems.org\/\">CEMS \u2013 The Global Alliance in Management Education<\/a> les reconnait pour la validation du niveau de fran\u00e7ais professionnel des \u00e9tudiant(e)s de ses 33 \u00e9coles.<\/p>\n<p><strong>Reconocimientos nacionales<\/strong><\/p>\n<p style=\"text-align: justify;\">Los diplomas profesionales franceses est\u00e1n reconocidos por varios ministerios en Europa (Francia, Suiza, Italia, Lituania, Rep\u00fablica Checa, Austria, etc.).<\/p>\n<p style=\"text-align: justify;\">En France, les Dipl\u00f4mes de fran\u00e7ais professionnel sont aussi <a href=\"https:\/\/www.legifrance.gouv.fr\/loda\/id\/JORFTEXT000024659195\">reconnus par le minist\u00e8re de l\u2019Int\u00e9rieur fran\u00e7ais<\/a> pour valider votre niveau de fran\u00e7ais dans le cadre d\u2019une demande de carte de r\u00e9sident ou de naturalisation en France.<\/p>\n<p style=\"text-align: justify;\">\u00c0 la diff\u00e9rence du TEF, ils sont valables \u00e0 vie et apporteront une valeur ajout\u00e9e \u00e0 votre CV pour votre \u00e9volution professionnelle.<\/p>\n<p><strong>Reconnaissances internationales<\/strong><\/p>\n<p style=\"text-align: justify;\">Le Dipl\u00f4me de fran\u00e7ais des relations internationales a \u00e9t\u00e9 con\u00e7u en partenariat avec<a href=\"https:\/\/www.francophonie.org\/\">la Organizaci\u00f3n Internacional de la Francofon\u00eda<\/a> , qui le reconna\u00eet et le prescrit dans diff\u00e9rents programmes internationaux.<\/p>\n<p style=\"text-align: justify;\">Los Diplomas de Negocios tambi\u00e9n se benefician de <a href=\"https:\/\/fr.alte.org\/Setting-Standards\">label europ\u00e9en ALTE<\/a> lo que les otorga reconocimiento cient\u00edfico europeo e internacional.<\/p>\n<\/div>\n<\/div>\n<div class=\"vc_separator wpb_content_element vc_separator_align_center vc_sep_width_100 vc_sep_pos_align_center vc_separator_no_text vc_sep_color_turquoise\" ><span class=\"vc_sep_holder vc_sep_holder_l\"><span  class=\"vc_sep_line\"><\/span><\/span><span class=\"vc_sep_holder vc_sep_holder_r\"><span  class=\"vc_sep_line\"><\/span><\/span>\n<\/div><\/div><\/div><\/div>\t<\/div>\n\t\t\t<\/div><div class=\"vc_row wpb_row vc_row-fluid\">\n\t\t\t\t<div class=\"mo-vc-row-ovelay\" style=\"\"><\/div>\n\t\t\t\t<div class=\"container\"><div class=\"wpb_column vc_column_container vc_col-sm-6\"><div class=\"vc_column-inner\"><div class=\"wpb_wrapper\">\n\t<div class=\"wpb_raw_code wpb_content_element wpb_raw_html\" >\n\t\t<div class=\"wpb_wrapper\">\n\t\t\t<!DOCTYPE html>\n<html lang=\"fr\">\n<head>\n    <meta charset=\"UTF-8\">\n    <meta name=\"viewport\" content=\"width=device-width, initial-scale=1.0\">\n   \n    <style>\n.title {\n    font-size: 2.2rem;\n    font-weight: bold;\n    color: #33cccc; \n    margin-bottom: 15px;\nmargin-top: 25px;\n}\n\n.highlight {\n    color: #1a1aff; \/* Highlighted word in blue *\/\n}\n\n.descriptions {\n    font-size: 14px;\n    margin-bottom: 20px;\n    color: #333; \/* Slightly darker text *\/\n}\n\n.btn {\n    display: inline-block;\n    background-color: #33cccc; \/* Red button background *\/\n    color: #fff;\n    text-decoration: none;\n    padding: 10px 20px;\n    border-radius: 5px;\n    font-weight: bold;\n    font-size: 1rem;\n    transition: background-color 0.3s ease;\n}\n\n.btn:hover {\n    background-color: #b40021; \/* Slightly darker red on hover *\/\n}\n<\/style>\n<\/head>\n<h1 class=\"title\">Diploma profesional de franc\u00e9s.<br><span class=\"highlight\">Negocio<\/span><\/h1>\n        <p class=\"descriptions\">\n            Eres o deseas ser consultor, director de marketing,\n director de recursos humanos, director de proyectos, ingeniero, etc.,\n y trabajar en una empresa abierta internacionalmente?\n        <\/p>\n        <a href=\"https:\/\/abcformation1986.fr\/es\/diplome-de-francais-des-affaires\/\" class=\"btn\">M\u00e1s informaci\u00f3n<\/a>\n<\/html>\n\t\t<\/div>\n\t<\/div>\n<\/div><\/div><\/div><div class=\"wpb_column vc_column_container vc_col-sm-6\"><div class=\"vc_column-inner\"><div class=\"wpb_wrapper\">\n\t<div  class=\"wpb_single_image wpb_content_element vc_align_right\">\n\t\t\n\t\t<figure class=\"wpb_wrapper vc_figure\">\n\t\t\t<div class=\"vc_single_image-wrapper   vc_box_border_grey\"><img loading=\"lazy\" decoding=\"async\" width=\"300\" height=\"300\" src=\"https:\/\/abcformation1986.fr\/wp-content\/uploads\/2023\/03\/Tutoriels-DFP-Affaires-300x300.jpg\" class=\"vc_single_image-img attachment-medium\" alt=\"\" srcset=\"https:\/\/abcformation1986.fr\/wp-content\/uploads\/2023\/03\/Tutoriels-DFP-Affaires-300x300.jpg 300w, https:\/\/abcformation1986.fr\/wp-content\/uploads\/2023\/03\/Tutoriels-DFP-Affaires-291x291.jpg 291w, https:\/\/abcformation1986.fr\/wp-content\/uploads\/2023\/03\/Tutoriels-DFP-Affaires-100x100.jpg 100w, https:\/\/abcformation1986.fr\/wp-content\/uploads\/2023\/03\/Tutoriels-DFP-Affaires-500x500.jpg 500w, https:\/\/abcformation1986.fr\/wp-content\/uploads\/2023\/03\/Tutoriels-DFP-Affaires-1024x1024.jpg 1024w, https:\/\/abcformation1986.fr\/wp-content\/uploads\/2023\/03\/Tutoriels-DFP-Affaires-150x150.jpg 150w, https:\/\/abcformation1986.fr\/wp-content\/uploads\/2023\/03\/Tutoriels-DFP-Affaires-768x768.jpg 768w, https:\/\/abcformation1986.fr\/wp-content\/uploads\/2023\/03\/Tutoriels-DFP-Affaires.jpg 1080w\" sizes=\"auto, (max-width: 300px) 100vw, 300px\" \/><\/div>\n\t\t<\/figure>\n\t<\/div>\n<\/div><\/div><\/div>\t<\/div>\n\t\t\t<\/div><div class=\"vc_row wpb_row vc_row-fluid\">\n\t\t\t\t<div class=\"mo-vc-row-ovelay\" style=\"\"><\/div>\n\t\t\t\t<div class=\"container\"><div class=\"wpb_column vc_column_container vc_col-sm-6\"><div class=\"vc_column-inner\"><div class=\"wpb_wrapper\">\n\t<div  class=\"wpb_single_image wpb_content_element vc_align_left  vc_custom_1734522151965\">\n\t\t\n\t\t<figure class=\"wpb_wrapper vc_figure\">\n\t\t\t<div class=\"vc_single_image-wrapper   vc_box_border_grey\"><img loading=\"lazy\" decoding=\"async\" width=\"300\" height=\"300\" src=\"https:\/\/abcformation1986.fr\/wp-content\/uploads\/2023\/03\/Tutoriels-DFP-RI-300x300.jpg\" class=\"vc_single_image-img attachment-medium\" alt=\"\" srcset=\"https:\/\/abcformation1986.fr\/wp-content\/uploads\/2023\/03\/Tutoriels-DFP-RI-300x300.jpg 300w, https:\/\/abcformation1986.fr\/wp-content\/uploads\/2023\/03\/Tutoriels-DFP-RI-291x291.jpg 291w, https:\/\/abcformation1986.fr\/wp-content\/uploads\/2023\/03\/Tutoriels-DFP-RI-100x100.jpg 100w, https:\/\/abcformation1986.fr\/wp-content\/uploads\/2023\/03\/Tutoriels-DFP-RI-500x500.jpg 500w, https:\/\/abcformation1986.fr\/wp-content\/uploads\/2023\/03\/Tutoriels-DFP-RI-1024x1024.jpg 1024w, https:\/\/abcformation1986.fr\/wp-content\/uploads\/2023\/03\/Tutoriels-DFP-RI-150x150.jpg 150w, https:\/\/abcformation1986.fr\/wp-content\/uploads\/2023\/03\/Tutoriels-DFP-RI-768x768.jpg 768w, https:\/\/abcformation1986.fr\/wp-content\/uploads\/2023\/03\/Tutoriels-DFP-RI.jpg 1080w\" sizes=\"auto, (max-width: 300px) 100vw, 300px\" \/><\/div>\n\t\t<\/figure>\n\t<\/div>\n<\/div><\/div><\/div><div class=\"wpb_column vc_column_container vc_col-sm-6\"><div class=\"vc_column-inner\"><div class=\"wpb_wrapper\">\n\t<div class=\"wpb_raw_code wpb_content_element wpb_raw_html\" >\n\t\t<div class=\"wpb_wrapper\">\n\t\t\t<!DOCTYPE html>\n<html lang=\"fr\">\n<head>\n    <meta charset=\"UTF-8\">\n    <meta name=\"viewport\" content=\"width=device-width, initial-scale=1.0\">\n   \n    <style>\n.title {\n    font-size: 2.2rem;\n    font-weight: bold;\n    color: #33cccc; \n    margin-bottom: 15px;\nmargin-top: 25px;\n}\n\n.highlight {\n    color: #1a1aff; \/* Highlighted word in blue *\/\n}\n\n.descriptions {\n    font-size: 14px;\n    margin-bottom: 20px;\n    color: #333; \/* Slightly darker text *\/\n}\n\n.btn {\n    display: inline-block;\n    background-color: #33cccc; \/* Red button background *\/\n    color: #fff;\n    text-decoration: none;\n    padding: 10px 20px;\n    border-radius: 5px;\n    font-weight: bold;\n    font-size: 1rem;\n    transition: background-color 0.3s ease;\n}\n\n.btn:hover {\n    background-color: #b40021; \/* Slightly darker red on hover *\/\n}\n<\/style>\n<\/head>\n<h1 class=\"title\">Diploma profesional de franc\u00e9s.<br><span class=\"highlight\">Relaciones Internacionales <\/span><\/h1>\n        <p class=\"descriptions\">\n            \u00bfEs usted o le gustar\u00eda convertirse en diplom\u00e1tico, funcionario internacional, periodista o trabajar m\u00e1s ampliamente en el campo de las relaciones internacionales?\n        <\/p>\n        <a href=\"https:\/\/abcformation1986.fr\/es\/diplome-de-francais-des-relations-internationales\/\" class=\"btn\">M\u00e1s informaci\u00f3n<\/a>\n<\/html>\n\t\t<\/div>\n\t<\/div>\n<\/div><\/div><\/div>\t<\/div>\n\t\t\t<\/div><div class=\"vc_row wpb_row vc_row-fluid\">\n\t\t\t\t<div class=\"mo-vc-row-ovelay\" style=\"\"><\/div>\n\t\t\t\t<div class=\"container\"><div class=\"wpb_column vc_column_container vc_col-sm-6\"><div class=\"vc_column-inner\"><div class=\"wpb_wrapper\">\n\t<div class=\"wpb_raw_code wpb_content_element wpb_raw_html\" >\n\t\t<div class=\"wpb_wrapper\">\n\t\t\t<!DOCTYPE html>\n<html lang=\"fr\">\n<head>\n    <meta charset=\"UTF-8\">\n    <meta name=\"viewport\" content=\"width=device-width, initial-scale=1.0\">\n   \n    <style>\n.title {\n    font-size: 2.2rem;\n    font-weight: bold;\n    color: #33cccc; \n    margin-bottom: 15px;\nmargin-top: 25px;\n}\n\n.highlight {\n    color: #1a1aff; \/* Highlighted word in blue *\/\n}\n\n.descriptions {\n    font-size: 14px;\n    margin-bottom: 20px;\n    color: #333; \/* Slightly darker text *\/\n}\n\n.btn {\n    display: inline-block;\n    background-color: #33cccc; \/* Red button background *\/\n    color: #fff;\n    text-decoration: none;\n    padding: 10px 20px;\n    border-radius: 5px;\n    font-weight: bold;\n    font-size: 1rem;\n    transition: background-color 0.3s ease;\n}\n\n.btn:hover {\n    background-color: #b40021; \/* Slightly darker red on hover *\/\n}\n<\/style>\n<\/head>\n<h1 class=\"title\">Diploma profesional de franc\u00e9s.<br><span class=\"highlight\">Salud<\/span><\/h1>\n        <p class=\"descriptions\">\n            \u00bfEs usted o le gustar\u00eda convertirse en m\u00e9dico, enfermero, fisioterapeuta, farmac\u00e9utico, director de programas de salud o trabajar m\u00e1s ampliamente en el campo m\u00e9dico y param\u00e9dico?\n        <\/p>\n        <a href=\"https:\/\/abcformation1986.fr\/es\/diplome-de-francais-de-la-sante\/\" class=\"btn\">M\u00e1s informaci\u00f3n<\/a>\n<\/html>\n\t\t<\/div>\n\t<\/div>\n<\/div><\/div><\/div><div class=\"wpb_column vc_column_container vc_col-sm-6\"><div class=\"vc_column-inner\"><div class=\"wpb_wrapper\">\n\t<div  class=\"wpb_single_image wpb_content_element vc_align_right\">\n\t\t\n\t\t<figure class=\"wpb_wrapper vc_figure\">\n\t\t\t<div class=\"vc_single_image-wrapper   vc_box_border_grey\"><img loading=\"lazy\" decoding=\"async\" width=\"300\" height=\"300\" src=\"https:\/\/abcformation1986.fr\/wp-content\/uploads\/2023\/03\/Tutoriels-DFP-Sante-300x300.jpg\" class=\"vc_single_image-img attachment-medium\" alt=\"\" srcset=\"https:\/\/abcformation1986.fr\/wp-content\/uploads\/2023\/03\/Tutoriels-DFP-Sante-300x300.jpg 300w, https:\/\/abcformation1986.fr\/wp-content\/uploads\/2023\/03\/Tutoriels-DFP-Sante-291x291.jpg 291w, https:\/\/abcformation1986.fr\/wp-content\/uploads\/2023\/03\/Tutoriels-DFP-Sante-100x100.jpg 100w, https:\/\/abcformation1986.fr\/wp-content\/uploads\/2023\/03\/Tutoriels-DFP-Sante-500x500.jpg 500w, https:\/\/abcformation1986.fr\/wp-content\/uploads\/2023\/03\/Tutoriels-DFP-Sante-1024x1024.jpg 1024w, https:\/\/abcformation1986.fr\/wp-content\/uploads\/2023\/03\/Tutoriels-DFP-Sante-150x150.jpg 150w, https:\/\/abcformation1986.fr\/wp-content\/uploads\/2023\/03\/Tutoriels-DFP-Sante-768x768.jpg 768w, https:\/\/abcformation1986.fr\/wp-content\/uploads\/2023\/03\/Tutoriels-DFP-Sante.jpg 1080w\" sizes=\"auto, (max-width: 300px) 100vw, 300px\" \/><\/div>\n\t\t<\/figure>\n\t<\/div>\n<\/div><\/div><\/div>\t<\/div>\n\t\t\t<\/div><div class=\"vc_row wpb_row vc_row-fluid\">\n\t\t\t\t<div class=\"mo-vc-row-ovelay\" style=\"\"><\/div>\n\t\t\t\t<div class=\"container\"><div class=\"wpb_column vc_column_container vc_col-sm-6\"><div class=\"vc_column-inner\"><div class=\"wpb_wrapper\">\n\t<div  class=\"wpb_single_image wpb_content_element vc_align_left\">\n\t\t\n\t\t<figure class=\"wpb_wrapper vc_figure\">\n\t\t\t<div class=\"vc_single_image-wrapper   vc_box_border_grey\"><img loading=\"lazy\" decoding=\"async\" width=\"300\" height=\"300\" src=\"https:\/\/abcformation1986.fr\/wp-content\/uploads\/2023\/03\/Tutoriels-DFP-THR-300x300.jpg\" class=\"vc_single_image-img attachment-medium\" alt=\"\" srcset=\"https:\/\/abcformation1986.fr\/wp-content\/uploads\/2023\/03\/Tutoriels-DFP-THR-300x300.jpg 300w, https:\/\/abcformation1986.fr\/wp-content\/uploads\/2023\/03\/Tutoriels-DFP-THR-291x291.jpg 291w, https:\/\/abcformation1986.fr\/wp-content\/uploads\/2023\/03\/Tutoriels-DFP-THR-100x100.jpg 100w, https:\/\/abcformation1986.fr\/wp-content\/uploads\/2023\/03\/Tutoriels-DFP-THR-500x500.jpg 500w, https:\/\/abcformation1986.fr\/wp-content\/uploads\/2023\/03\/Tutoriels-DFP-THR-1024x1024.jpg 1024w, https:\/\/abcformation1986.fr\/wp-content\/uploads\/2023\/03\/Tutoriels-DFP-THR-150x150.jpg 150w, https:\/\/abcformation1986.fr\/wp-content\/uploads\/2023\/03\/Tutoriels-DFP-THR-768x768.jpg 768w, https:\/\/abcformation1986.fr\/wp-content\/uploads\/2023\/03\/Tutoriels-DFP-THR.jpg 1080w\" sizes=\"auto, (max-width: 300px) 100vw, 300px\" \/><\/div>\n\t\t<\/figure>\n\t<\/div>\n<\/div><\/div><\/div><div class=\"wpb_column vc_column_container vc_col-sm-6\"><div class=\"vc_column-inner\"><div class=\"wpb_wrapper\">\n\t<div class=\"wpb_raw_code wpb_content_element wpb_raw_html\" >\n\t\t<div class=\"wpb_wrapper\">\n\t\t\t<!DOCTYPE html>\n<html lang=\"fr\">\n<head>\n    <meta charset=\"UTF-8\">\n    <meta name=\"viewport\" content=\"width=device-width, initial-scale=1.0\">\n   \n    <style>\n.title {\n    font-size: 2.2rem;\n    font-weight: bold;\n    color: #33cccc; \n    margin-bottom: 15px;\nmargin-top: 25px;\n}\n\n.highlight {\n    color: #1a1aff; \/* Highlighted word in blue *\/\n}\n\n.descriptions {\n    font-size: 14px;\n    margin-bottom: 20px;\n    color: #333; \/* Slightly darker text *\/\n}\n\n.btn {\n    display: inline-block;\n    background-color: #33cccc; \/* Red button background *\/\n    color: #fff;\n    text-decoration: none;\n    padding: 10px 20px;\n    border-radius: 5px;\n    font-weight: bold;\n    font-size: 1rem;\n    transition: background-color 0.3s ease;\n}\n\n.btn:hover {\n    background-color: #b40021; \/* Slightly darker red on hover *\/\n}\n<\/style>\n<\/head>\n<h1 class=\"title\">Diploma profesional de franc\u00e9s.<br><span class=\"highlight\">Turismo-Hosteler\u00eda-Restauraci\u00f3n  <\/span><\/h1>\n        <p class=\"descriptions\">\n            \u00bfEres o te gustar\u00eda ser asesor de viajes, gu\u00eda tur\u00edstico, recepcionista, agente de escala, camarero o camarero o trabajar de forma m\u00e1s amplia en el \u00e1mbito del turismo, la hoteler\u00eda y\/o la restauraci\u00f3n?\n        <\/p>\n        <a href=\"https:\/\/abcformation1986.fr\/es\/thr\/\" class=\"btn\">M\u00e1s informaci\u00f3n<\/a>\n<\/html>\n\t\t<\/div>\n\t<\/div>\n<\/div><\/div><\/div>\t<\/div>\n\t\t\t<\/div><div class=\"vc_row wpb_row vc_row-fluid\">\n\t\t\t\t<div class=\"mo-vc-row-ovelay\" style=\"\"><\/div>\n\t\t\t\t<div class=\"container\"><div class=\"wpb_column vc_column_container vc_col-sm-12\"><div class=\"vc_column-inner\"><div class=\"wpb_wrapper\"><\/div><\/div><\/div>\t<\/div>\n\t\t\t<\/div><div class=\"vc_row wpb_row vc_row-fluid\">\n\t\t\t\t<div class=\"mo-vc-row-ovelay\" style=\"\"><\/div>\n\t\t\t\t<div class=\"container\"><div class=\"wpb_column vc_column_container vc_col-sm-12\"><div class=\"vc_column-inner\"><div class=\"wpb_wrapper\"><div class=\"vc_separator wpb_content_element vc_separator_align_center vc_sep_width_100 vc_sep_pos_align_center vc_separator_no_text vc_sep_color_turquoise\" ><span class=\"vc_sep_holder vc_sep_holder_l\"><span  class=\"vc_sep_line\"><\/span><\/span><span class=\"vc_sep_holder vc_sep_holder_r\"><span  class=\"vc_sep_line\"><\/span><\/span>\n<\/div><\/div><\/div><\/div>\t<\/div>\n\t\t\t<\/div><div class=\"vc_row wpb_row vc_row-fluid\">\n\t\t\t\t<div class=\"mo-vc-row-ovelay\" style=\"\"><\/div>\n\t\t\t\t<div class=\"container\"><div class=\"wpb_column vc_column_container vc_col-sm-6\"><div class=\"vc_column-inner\"><div class=\"wpb_wrapper\">\n\t<div  class=\"wpb_single_image wpb_content_element vc_align_center  vc_custom_1734524012569\">\n\t\t\n\t\t<figure class=\"wpb_wrapper vc_figure\">\n\t\t\t<a href=\"https:\/\/abcformation1986.fr\/wp-content\/uploads\/2024\/10\/DFP-ALL.png\" target=\"_self\" class=\"vc_single_image-wrapper   vc_box_border_grey\"><img loading=\"lazy\" decoding=\"async\" width=\"300\" height=\"300\" src=\"https:\/\/abcformation1986.fr\/wp-content\/uploads\/2024\/10\/DFP-ALL.png\" class=\"vc_single_image-img attachment-medium\" alt=\"\" srcset=\"https:\/\/abcformation1986.fr\/wp-content\/uploads\/2024\/10\/DFP-ALL.png 300w, https:\/\/abcformation1986.fr\/wp-content\/uploads\/2024\/10\/DFP-ALL-291x291.png 291w, https:\/\/abcformation1986.fr\/wp-content\/uploads\/2024\/10\/DFP-ALL-100x100.png 100w, https:\/\/abcformation1986.fr\/wp-content\/uploads\/2024\/10\/DFP-ALL-150x150.png 150w, https:\/\/abcformation1986.fr\/wp-content\/uploads\/2024\/10\/DFP-ALL-12x12.png 12w\" sizes=\"auto, (max-width: 300px) 100vw, 300px\" \/><\/a>\n\t\t<\/figure>\n\t<\/div>\n<\/div><\/div><\/div><div class=\"wpb_column vc_column_container vc_col-sm-6\"><div class=\"vc_column-inner\"><div class=\"wpb_wrapper\"><div class=\"vc_separator wpb_content_element vc_separator_align_center vc_sep_width_100 vc_sep_pos_align_center vc_separator_no_text vc_sep_color_white vc_custom_1734522219238  vc_custom_1734522219238\" ><span class=\"vc_sep_holder vc_sep_holder_l\"><span  class=\"vc_sep_line\"><\/span><\/span><span class=\"vc_sep_holder vc_sep_holder_r\"><span  class=\"vc_sep_line\"><\/span><\/span>\n<\/div><div class=\"vc_separator wpb_content_element vc_separator_align_center vc_sep_width_100 vc_sep_pos_align_center vc_separator_no_text vc_sep_color_white vc_custom_1734522219238  vc_custom_1734522219238\" ><span class=\"vc_sep_holder vc_sep_holder_l\"><span  class=\"vc_sep_line\"><\/span><\/span><span class=\"vc_sep_holder vc_sep_holder_r\"><span  class=\"vc_sep_line\"><\/span><\/span>\n<\/div><div class=\"vc_btn3-container vc_btn3-center\" >\n\t<a class=\"vc_general vc_btn3 vc_btn3-size-md vc_btn3-shape-square vc_btn3-style-3d vc_btn3-block vc_btn3-color-turquoise\" href=\"https:\/\/abcformation1986.fr\/es\/ressources-dfp\/\" title=\"\">Prepararse <\/a><\/div>\n<div class=\"vc_btn3-container vc_btn3-center\" >\n\t<a class=\"vc_general vc_btn3 vc_btn3-size-md vc_btn3-shape-square vc_btn3-style-3d vc_btn3-block vc_btn3-color-turquoise\" href=\"https:\/\/abcformation1986.fr\/wp-content\/uploads\/2024\/10\/DFP-All.pdf\" title=\"\">Cat\u00e1logo DFP<\/a><\/div>\n<div class=\"vc_btn3-container vc_btn3-center\" >\n\t<a class=\"vc_general vc_btn3 vc_btn3-size-md vc_btn3-shape-square vc_btn3-style-3d vc_btn3-block vc_btn3-color-turquoise\" href=\"https:\/\/www.lefrancaisdesaffaires.fr\/wp-content\/uploads\/2025\/01\/guide-candidat-dfp-affaires.pdf\" title=\"\">T\u00e9l\u00e9charger le guide du candidat<\/a><\/div>\n<\/div><\/div><\/div>\t<\/div>\n\t\t\t<\/div>","protected":false},"excerpt":{"rendered":"Dipl\u00f4me de fran\u00e7ais professionnel (DFP) Vous souhaitez d\u00e9montrer vos comp\u00e9tences linguistiques en fran\u00e7ais professionnel ? Le Dipl\u00f4me de fran\u00e7ais professionnel de la Chambre de commerce et d'industrie de Paris \u00cele-de-France, valable \u00e0 vie, atteste de votre capacit\u00e9 \u00e0 travailler en fran\u00e7ais dans votre secteur d\u2019activit\u00e9. AFFAIRES SANT\u00c9 RELATIONS INTERNATIONALES TOURISME, H\u00d4TELLERIE,RESTAURATION Avec un Dipl\u00f4me de [...]","protected":false},"author":2,"featured_media":0,"parent":0,"menu_order":0,"comment_status":"closed","ping_status":"closed","template":"","meta":{"_uag_custom_page_level_css":"","footnotes":""},"class_list":["post-1858","page","type-page","status-publish","hentry"],"yoast_head":"<!-- This site is optimized with the Yoast SEO plugin v25.2 - https:\/\/yoast.com\/wordpress\/plugins\/seo\/ -->\n<title>DFP - Centre de Formation ABC Franconville | FLE | TEF<\/title>\n<meta name=\"robots\" content=\"index, follow, max-snippet:-1, max-image-preview:large, max-video-preview:-1\" \/>\n<link rel=\"canonical\" href=\"https:\/\/abcformation1986.fr\/es\/dfp\/\" \/>\n<meta property=\"og:locale\" content=\"es_ES\" \/>\n<meta property=\"og:type\" content=\"article\" \/>\n<meta property=\"og:title\" content=\"DFP - Centre de Formation ABC Franconville | FLE | TEF\" \/>\n<meta property=\"og:url\" content=\"https:\/\/abcformation1986.fr\/es\/dfp\/\" \/>\n<meta property=\"og:site_name\" content=\"Centre de Formation ABC Franconville | FLE | TEF\" \/>\n<meta property=\"article:publisher\" content=\"http:\/\/@abcformation\" \/>\n<meta property=\"article:modified_time\" content=\"2025-05-06T09:30:21+00:00\" \/>\n<meta name=\"twitter:card\" content=\"summary_large_image\" \/>\n<meta name=\"twitter:site\" content=\"@abc_formation\" \/>\n<meta name=\"twitter:label1\" content=\"Tiempo de lectura\" \/>\n\t<meta name=\"twitter:data1\" content=\"2 minutos\" \/>\n<script type=\"application\/ld+json\" class=\"yoast-schema-graph\">{\"@context\":\"https:\/\/schema.org\",\"@graph\":[{\"@type\":\"WebPage\",\"@id\":\"http:\/\/abcformation1986.fr\/dfp\/\",\"url\":\"http:\/\/abcformation1986.fr\/dfp\/\",\"name\":\"DFP - Centre de Formation ABC Franconville | FLE | TEF\",\"isPartOf\":{\"@id\":\"https:\/\/abcformation1986.fr\/#website\"},\"datePublished\":\"2019-03-28T15:24:19+00:00\",\"dateModified\":\"2025-05-06T09:30:21+00:00\",\"breadcrumb\":{\"@id\":\"http:\/\/abcformation1986.fr\/dfp\/#breadcrumb\"},\"inLanguage\":\"es\",\"potentialAction\":[{\"@type\":\"ReadAction\",\"target\":[\"http:\/\/abcformation1986.fr\/dfp\/\"]}]},{\"@type\":\"BreadcrumbList\",\"@id\":\"http:\/\/abcformation1986.fr\/dfp\/#breadcrumb\",\"itemListElement\":[{\"@type\":\"ListItem\",\"position\":1,\"name\":\"Home\",\"item\":\"https:\/\/abcformation1986.fr\/\"},{\"@type\":\"ListItem\",\"position\":2,\"name\":\"DFP\"}]},{\"@type\":\"WebSite\",\"@id\":\"https:\/\/abcformation1986.fr\/#website\",\"url\":\"https:\/\/abcformation1986.fr\/\",\"name\":\"Centre de Formation ABC Franconville | FLE | TEF\",\"description\":\"Acteur historique de  la formation, de l\u2019insertion et de la  reconversion professionnelle depuis 1986\",\"publisher\":{\"@id\":\"https:\/\/abcformation1986.fr\/#organization\"},\"potentialAction\":[{\"@type\":\"SearchAction\",\"target\":{\"@type\":\"EntryPoint\",\"urlTemplate\":\"https:\/\/abcformation1986.fr\/?s={search_term_string}\"},\"query-input\":{\"@type\":\"PropertyValueSpecification\",\"valueRequired\":true,\"valueName\":\"search_term_string\"}}],\"inLanguage\":\"es\"},{\"@type\":\"Organization\",\"@id\":\"https:\/\/abcformation1986.fr\/#organization\",\"name\":\"ABCFORMATION\",\"url\":\"https:\/\/abcformation1986.fr\/\",\"logo\":{\"@type\":\"ImageObject\",\"inLanguage\":\"es\",\"@id\":\"https:\/\/abcformation1986.fr\/#\/schema\/logo\/image\/\",\"url\":\"https:\/\/abcformation1986.fr\/wp-content\/uploads\/2018\/11\/abclogo.png\",\"contentUrl\":\"https:\/\/abcformation1986.fr\/wp-content\/uploads\/2018\/11\/abclogo.png\",\"width\":134,\"height\":82,\"caption\":\"ABCFORMATION\"},\"image\":{\"@id\":\"https:\/\/abcformation1986.fr\/#\/schema\/logo\/image\/\"},\"sameAs\":[\"http:\/\/@abcformation\",\"https:\/\/x.com\/abc_formation\",\"http:\/\/abcformation1986\"]}]}<\/script>\n<!-- \/ Yoast SEO plugin. -->","yoast_head_json":{"title":"DFP - Centre de Formation ABC Franconville | FLE | TEF","robots":{"index":"index","follow":"follow","max-snippet":"max-snippet:-1","max-image-preview":"max-image-preview:large","max-video-preview":"max-video-preview:-1"},"canonical":"https:\/\/abcformation1986.fr\/es\/dfp\/","og_locale":"es_ES","og_type":"article","og_title":"DFP - Centre de Formation ABC Franconville | FLE | TEF","og_url":"https:\/\/abcformation1986.fr\/es\/dfp\/","og_site_name":"Centre de Formation ABC Franconville | FLE | TEF","article_publisher":"http:\/\/@abcformation","article_modified_time":"2025-05-06T09:30:21+00:00","twitter_card":"summary_large_image","twitter_site":"@abc_formation","twitter_misc":{"Tiempo de lectura":"2 minutos"},"schema":{"@context":"https:\/\/schema.org","@graph":[{"@type":"WebPage","@id":"http:\/\/abcformation1986.fr\/dfp\/","url":"http:\/\/abcformation1986.fr\/dfp\/","name":"DFP - Centre de Formation ABC Franconville | FLE | TEF","isPartOf":{"@id":"https:\/\/abcformation1986.fr\/#website"},"datePublished":"2019-03-28T15:24:19+00:00","dateModified":"2025-05-06T09:30:21+00:00","breadcrumb":{"@id":"http:\/\/abcformation1986.fr\/dfp\/#breadcrumb"},"inLanguage":"es","potentialAction":[{"@type":"ReadAction","target":["http:\/\/abcformation1986.fr\/dfp\/"]}]},{"@type":"BreadcrumbList","@id":"http:\/\/abcformation1986.fr\/dfp\/#breadcrumb","itemListElement":[{"@type":"ListItem","position":1,"name":"Home","item":"https:\/\/abcformation1986.fr\/"},{"@type":"ListItem","position":2,"name":"DFP"}]},{"@type":"WebSite","@id":"https:\/\/abcformation1986.fr\/#website","url":"https:\/\/abcformation1986.fr\/","name":"Centre de Formation ABC Franconville | FLE | TEF","description":"Acteur historique de  la formation, de l\u2019insertion et de la  reconversion professionnelle depuis 1986","publisher":{"@id":"https:\/\/abcformation1986.fr\/#organization"},"potentialAction":[{"@type":"SearchAction","target":{"@type":"EntryPoint","urlTemplate":"https:\/\/abcformation1986.fr\/?s={search_term_string}"},"query-input":{"@type":"PropertyValueSpecification","valueRequired":true,"valueName":"search_term_string"}}],"inLanguage":"es"},{"@type":"Organization","@id":"https:\/\/abcformation1986.fr\/#organization","name":"ABCFORMATION","url":"https:\/\/abcformation1986.fr\/","logo":{"@type":"ImageObject","inLanguage":"es","@id":"https:\/\/abcformation1986.fr\/#\/schema\/logo\/image\/","url":"https:\/\/abcformation1986.fr\/wp-content\/uploads\/2018\/11\/abclogo.png","contentUrl":"https:\/\/abcformation1986.fr\/wp-content\/uploads\/2018\/11\/abclogo.png","width":134,"height":82,"caption":"ABCFORMATION"},"image":{"@id":"https:\/\/abcformation1986.fr\/#\/schema\/logo\/image\/"},"sameAs":["http:\/\/@abcformation","https:\/\/x.com\/abc_formation","http:\/\/abcformation1986"]}]}},"uagb_featured_image_src":{"full":false,"thumbnail":false,"medium":false,"medium_large":false,"large":false,"1536x1536":false,"2048x2048":false,"trp-custom-language-flag":false,"hala-full":false,"hala-medium":false,"hala-small":false,"hala-team":false,"hala-thumb":false,"woocommerce_thumbnail":false,"woocommerce_single":false,"woocommerce_gallery_thumbnail":false},"uagb_author_info":{"display_name":"abc formation","author_link":"https:\/\/abcformation1986.fr\/es\/author\/abcformation\/"},"uagb_comment_info":0,"uagb_excerpt":null,"jetpack_sharing_enabled":true,"_links":{"self":[{"href":"https:\/\/abcformation1986.fr\/es\/wp-json\/wp\/v2\/pages\/1858","targetHints":{"allow":["GET"]}}],"collection":[{"href":"https:\/\/abcformation1986.fr\/es\/wp-json\/wp\/v2\/pages"}],"about":[{"href":"https:\/\/abcformation1986.fr\/es\/wp-json\/wp\/v2\/types\/page"}],"author":[{"embeddable":true,"href":"https:\/\/abcformation1986.fr\/es\/wp-json\/wp\/v2\/users\/2"}],"replies":[{"embeddable":true,"href":"https:\/\/abcformation1986.fr\/es\/wp-json\/wp\/v2\/comments?post=1858"}],"version-history":[{"count":45,"href":"https:\/\/abcformation1986.fr\/es\/wp-json\/wp\/v2\/pages\/1858\/revisions"}],"predecessor-version":[{"id":11830,"href":"https:\/\/abcformation1986.fr\/es\/wp-json\/wp\/v2\/pages\/1858\/revisions\/11830"}],"wp:attachment":[{"href":"https:\/\/abcformation1986.fr\/es\/wp-json\/wp\/v2\/media?parent=1858"}],"curies":[{"name":"wp","href":"https:\/\/api.w.org\/{rel}","templated":true}]}}