{"id":3794,"date":"2021-10-04T08:21:57","date_gmt":"2021-10-04T08:21:57","guid":{"rendered":"https:\/\/abcformation1986.fr\/?page_id=3794"},"modified":"2024-07-26T09:36:54","modified_gmt":"2024-07-26T09:36:54","slug":"le-maintien-dans-lemploi-pour-les-personnes-handicapes","status":"publish","type":"page","link":"https:\/\/abcformation1986.fr\/en\/le-maintien-dans-lemploi-pour-les-personnes-handicapes\/","title":{"rendered":"Le maintien dans l&#8217;emploi pour les personnes handicap\u00e9s"},"content":{"rendered":"<p><!DOCTYPE html><br \/>\n<html lang=\"en\"><br \/>\n<head><br \/>\n<meta charset=\"UTF-8\"><br \/>\n<meta name=\"viewport\" content=\"width=device-width, initial-scale=1.0\"><\/p>\n<style>\n  .justified-text {\n    text-align: justify;\n    line-height: 1.6;\n  }\n<\/style>\n<p><\/head><br \/>\n<body><\/p>\n<p><img loading=\"lazy\" decoding=\"async\" class=\"alignnone size-medium wp-image-3796 aligncenter\" src=\"https:\/\/abcformation1986.fr\/wp-content\/uploads\/2021\/10\/EMPLOI-300x268.jpg\" alt=\"\" width=\"300\" height=\"268\" srcset=\"\" sizes=\"auto, (max-width: 300px) 100vw, 300px\" data-srcset=\"\" \/><\/p>\n<table width=\"991\">\n<tbody>\n<tr>\n<td width=\"203\">\n        <a href=\"http:\/\/crn.defi-metiers.fr\/fiches\/pole-emploi\"><strong>P\u00f4le emploi<\/strong><\/a><br \/>\n        <a href=\"http:\/\/crn.defi-metiers.fr\/fiches\/pole-emploi\"><br \/>\n          <img loading=\"lazy\" decoding=\"async\" class=\"wp-image-3797 alignleft\" src=\"https:\/\/abcformation1986.fr\/wp-content\/uploads\/2021\/10\/LOGO-POLE.jpg\" alt=\"\" width=\"58\" height=\"58\" srcset=\"https:\/\/abcformation1986.fr\/wp-content\/uploads\/2021\/10\/LOGO-POLE.jpg 165w, https:\/\/abcformation1986.fr\/wp-content\/uploads\/2021\/10\/LOGO-POLE-100x100.jpg 100w, https:\/\/abcformation1986.fr\/wp-content\/uploads\/2021\/10\/LOGO-POLE-150x150.jpg 150w\" sizes=\"auto, (max-width: 58px) 100vw, 58px\" \/><br \/>\n        <\/a>\n      <\/td>\n<td width=\"478\" class=\"justified-text\">Each local agency has a specialist employment advisor for people with disabilities.<\/td>\n<\/tr>\n<tr>\n<td width=\"203\">\n        <a href=\"https:\/\/crn.defi-metiers.fr\/fiches\/cap-emploi\"><strong>The \u201cCap emploi\u201d network<\/strong><\/a><br \/>\n        <img loading=\"lazy\" decoding=\"async\" class=\"alignnone wp-image-3798\" src=\"https:\/\/abcformation1986.fr\/wp-content\/uploads\/2021\/10\/LOGO-CAP.jpg\" alt=\"\" width=\"100\" height=\"54\" \/>\n      <\/td>\n<td width=\"478\" class=\"justified-text\">These specialized placement organizations work with employers and people with disabilities to promote the integration and retention of this population in employment.<\/td>\n<\/tr>\n<tr>\n<td width=\"203\">\n        <a href=\"https:\/\/crn.defi-metiers.fr\/fiches\/missions-locales\"><strong>Local missions<\/strong><\/a>\n      <\/td>\n<td width=\"478\" class=\"justified-text\">They help young people with disabilities, aged 16 to 25 inclusive, to define their professional project and support them towards employment.<\/td>\n<\/tr>\n<tr>\n<td width=\"203\">\n        <a href=\"https:\/\/www.agefiph.fr\/ile-de-france\"><strong>L&rsquo;Agefiph<\/strong><\/a><br \/>\n        <a href=\"https:\/\/www.agefiph.fr\/ile-de-france\"><strong>Association managing the fund for the professional integration of disabled people<\/strong><\/a><br \/>\n        <img loading=\"lazy\" decoding=\"async\" class=\"wp-image-3799 aligncenter\" src=\"https:\/\/abcformation1986.fr\/wp-content\/uploads\/2021\/10\/LOGO-AGEFI-300x145.jpg\" alt=\"\" width=\"173\" height=\"83\" srcset=\"\" sizes=\"auto, (max-width: 173px) 100vw, 173px\" data-srcset=\"\" \/>\n      <\/td>\n<td width=\"478\" class=\"justified-text\">\n        Its mission is to promote the employment of disabled people and more specifically to:<\/p>\n<ul>\n<li>Find a job<\/li>\n<li>Suivre une formation<\/li>\n<li>Keep a job<\/li>\n<li>Or even start a business<\/li>\n<\/ul>\n<p>        It offers a range of services and financial aid to training centers, private companies and people with disabilities.<br \/>\n        Training aid is granted as a priority to finance training activities prior to qualification or to compensate for the disability. <a href=\"https:\/\/www.agefiph.fr\/employeur\">https:\/\/www.agefiph.fr\/employeur<\/a>\n      <\/td>\n<\/tr>\n<\/tbody>\n<\/table>\n<table width=\"989\">\n<tbody>\n<tr>\n<td width=\"203\">\n        Its equivalent in the civil service is the<br \/>\n        <a href=\"http:\/\/www.fiphfp.fr\/\"><strong>Fiphfp<\/strong><\/a>,<br \/>\n        <a href=\"http:\/\/www.fiphfp.fr\/\">Fund for the integration of disabled people into the public service<\/a>\n      <\/td>\n<td width=\"478\" class=\"justified-text\">\n        It aims to enable any agent with a disability to experience full citizenship, particularly through employment.<br \/>\n        It supports public employers and meets the daily challenge of equality in the areas of employment and accessibility. The financing of training aid covers educational costs, part of the agent's payroll and costs relating to training.\n      <\/td>\n<\/tr>\n<tr>\n<td width=\"203\">\n        Unique place of reception, the<br \/>\n        <a href=\"https:\/\/crn.defi-metiers.fr\/fiches\/la-maison-departementale-des-personnes-handicapees\"><br \/>\n          <strong>Departmental house for disabled people (MDPH)<\/strong><br \/>\n        <\/a><br \/>\n        <img loading=\"lazy\" decoding=\"async\" class=\"wp-image-3800 aligncenter\" src=\"https:\/\/abcformation1986.fr\/wp-content\/uploads\/2021\/10\/LOGO-MDP.jpg\" alt=\"\" width=\"169\" height=\"112\" \/>\n      <\/td>\n<td width=\"478\" class=\"justified-text\">\n        Carries out a mission of welcoming, informing, supporting and advising disabled people and their families, as well as raising awareness of different disabilities aimed at citizens.\n      <\/td>\n<\/tr>\n<tr>\n<td width=\"203\">\n        <strong>Disability training resources (RHF)<\/strong>\n      <\/td>\n<td width=\"478\" class=\"justified-text\">\n        To allow people with disabilities to access \u201ccommon law\u201d training by taking disability better into account. This new service offers support for:<\/p>\n<ul>\n<li>Co-construct solutions for developing training courses<\/li>\n<li>Support training stakeholders to better meet their obligations in terms of accessibility and disability compensation<\/li>\n<\/ul>\n<\/td>\n<\/tr>\n<tr>\n<td width=\"203\">\n        <strong>Work support establishments and services (ESAT)<\/strong>\n      <\/td>\n<td width=\"478\" class=\"justified-text\">\n    Formerly called the Work Support Center, the<a href=\"https:\/\/crn.defi-metiers.fr\/fiches\/les-etablissements-et-services-daide-par-le-travail-esat\"><strong>the Esat<\/strong><\/a> is a medical-social establishment. It is a structure which allows people with disabilities to exercise a professional activity while benefiting from medical, social and educational support in adapted working conditions. This structure welcomes people who have not acquired enough autonomy to work in an ordinary environment or in a company adapted to their needs.\n  <\/td>\n<\/tr>\n<tr>\n<td width=\"203\">\n        <strong>Adapted Companies (EA)<\/strong>\n      <\/td>\n<td width=\"478\" class=\"justified-text\">\n        <a href=\"https:\/\/crn.defi-metiers.fr\/fiches\/les-entreprises-adaptees-ea\"><strong>L&rsquo;EA<\/strong><\/a>, called a \u201cprotected workshop\u201d until 2005, belongs to the commercial sector. The specificity of the adapted company is to employ at least 80% disabled workers. Some of them \u2013 the <strong>Work from Home Distribution Centers (DTDCs)<\/strong> \u2013 are specialized in the employment of people who are unable to travel. The adapted company allows a disabled worker to carry out a professional activity in conditions adapted to their abilities. The disabled worker has the status of employee and is subject to the same rules as other employees.\n      <\/td>\n<\/tr>\n<tr>\n<td width=\"203\">\n        <strong>OETH Network<\/strong><br \/>\n        <img loading=\"lazy\" decoding=\"async\" class=\"wp-image-3801 aligncenter\" src=\"https:\/\/abcformation1986.fr\/wp-content\/uploads\/2021\/10\/LOGO-OETH.png\" alt=\"\" width=\"181\" height=\"159\" \/>\n      <\/td>\n<td width=\"478\" class=\"justified-text\">\n        The OETH is at your side and at your disposal to support your establishment in terms of:<\/p>\n<ul>\n<li>recruitment of disabled workers<\/li>\n<li>job retention or professional retraining for your employees with disabilities<\/li>\n<li>disability prevention<\/li>\n<li>anticipation of incapacity and risky situations<\/li>\n<li>training your Human Resources departments to take disability into account within your work teams<\/li>\n<li>raising awareness of disability among all your employees<\/li>\n<\/ul>\n<\/td>\n<\/tr>\n<\/tbody>\n<\/table>\n<table width=\"986\">\n<tbody>\n<tr>\n<td width=\"203\"><\/td>\n<td width=\"478\" class=\"justified-text\">\n        Is a 1901 law association, recognized as being of public utility. She accompanies the disabled person in their ordinary struggle, that of their daily life so that we can \u201cLive together, equal and different\u201d (associative project 2016-2022). With <strong>110 establishments and services<\/strong> support, training, integration, schooling or care, LADAPT supports France every year <strong>plus de 19 000 personnes<\/strong> <em>(2018 figures)<\/em>LADAPT has been organizing the Week for the Employment of People with Disabilities since 1997, which has enjoyed growing success each year, and evolved in 2015 into <a href=\"http:\/\/www.semaine-emploi-handicap.com\/\">European Week for the Employment of People with Disabilities<\/a>.\n      <\/td>\n<\/tr>\n<tr>\n<td width=\"203\"><\/td>\n<td width=\"478\" class=\"justified-text\">\n        Are services supporting the continued employment of disabled workers. They are financed by the FIPHFP for the public service and by Agefiph for the private sector. These services therefore make it possible to obtain aid from Agefiph for the continued employment of disabled workers in the private sector in order to avoid the dismissal of an employee who has become unfit for their position.<\/p>\n<ul>\n<li>\u00b7\u00a0\u00a0\u00a0\u00a0\u00a0\u00a0\u00a0\u00a0 Recognized employee <strong>handicapped worker<\/strong> by the Committee on Personal Rights and Autonomy.<\/li>\n<li>Tout b\u00e9n\u00e9ficiaire d\u2019une <strong>work accident or occupational illness pension greater than 10%<\/strong>, in these cases, it is not necessary to apply for recognition as a disabled worker.<\/li>\n<\/ul>\n<\/td>\n<\/tr>\n<tr>\n<td width=\"203\"><\/td>\n<td width=\"478\" class=\"justified-text\">\n        Are in <a href=\"https:\/\/fr.wikipedia.org\/wiki\/France\">France<\/a> as in other countries, organizations responsible for representing the interests <a href=\"https:\/\/fr.wikipedia.org\/wiki\/Entreprise\">companies<\/a> commercial, industrial and service businesses in a geographical area and to provide them with certain services. CCIs are one of the three types of <a href=\"https:\/\/fr.wikipedia.org\/wiki\/Chambre_consulaire\">consular chamber<\/a> with the <a href=\"https:\/\/fr.wikipedia.org\/wiki\/Chambre_d%27agriculture\">chambers of agriculture<\/a> and the <a href=\"https:\/\/fr.wikipedia.org\/wiki\/Chambre_de_mtiers_et_de_lartisanat\">chambers of trades and crafts<\/a>. Ce sont des <a href=\"https:\/\/fr.wikipedia.org\/wiki\/tablissement_public_(France)\">public establishments<\/a>, called by the legislator \u201cpublic economic establishments\u201d, which can, in addition, manage equipment for the benefit of these companies.\n      <\/td>\n<\/tr>\n<tr>\n<td width=\"203\"><\/td>\n<td width=\"478\" class=\"justified-text\">\n        Are structures in the medical-educational sector. The SESSADs therefore express a desire to keep disabled children or adolescents in their environment, whenever possible. They work with children and young people in individual or collective integration.\n      <\/td>\n<\/tr>\n<tr>\n<td width=\"203\"><\/td>\n<td width=\"478\" class=\"justified-text\">\n        The Scheduled Accessibility Agenda (Ad\u2019AP) allows any manager\/owner to<br \/>\n        <a href=\"http:\/\/lesadap.fr\/erp-etablissement-recevant-du-public\/\">establishment open to the public (ERP)<\/a> to continue or achieve the accessibility of its establishment after January 1, 2015.<br \/>\n        However, the development of a Scheduled Accessibility Agenda allows you to comply and, above all, to open your businesses, offices, etc. to all.<br \/>\n        The Scheduled Accessibility Agenda corresponds to a commitment to carry out work within a specific time frame.\n      <\/td>\n<\/tr>\n<\/tbody>\n<\/table>\n<p><\/body><br \/>\n<\/html><\/p>","protected":false},"excerpt":{"rendered":"<p>P\u00f4le emploi Chaque agence locale dispose d\u2019un conseiller \u00e0 l\u2019emploi sp\u00e9cialis\u00e9 pour les personnes en situation de handicap. Le r\u00e9seau \u00ab Cap emploi \u00bb Ces organismes de placement sp\u00e9cialis\u00e9s interviennent aupr\u00e8s des employeurs et des personnes en situation de handicap afin de promouvoir l\u2019int\u00e9gration et le maintien dans l\u2019emploi de ce public. Les missions locales [&hellip;]<\/p>","protected":false},"author":2,"featured_media":0,"parent":0,"menu_order":0,"comment_status":"closed","ping_status":"closed","template":"","meta":{"_uag_custom_page_level_css":"","footnotes":""},"class_list":["post-3794","page","type-page","status-publish","hentry"],"yoast_head":"<!-- This site is optimized with the Yoast SEO plugin v25.2 - https:\/\/yoast.com\/wordpress\/plugins\/seo\/ -->\n<title>Le maintien dans l&#039;emploi pour les personnes handicap\u00e9s - Centre de Formation ABC Franconville | FLE | TEF<\/title>\n<meta name=\"robots\" content=\"index, follow, max-snippet:-1, max-image-preview:large, max-video-preview:-1\" \/>\n<link rel=\"canonical\" href=\"https:\/\/abcformation1986.fr\/en\/le-maintien-dans-lemploi-pour-les-personnes-handicapes\/\" \/>\n<meta property=\"og:locale\" content=\"en_US\" \/>\n<meta property=\"og:type\" content=\"article\" \/>\n<meta property=\"og:title\" content=\"Le maintien dans l&#039;emploi pour les personnes handicap\u00e9s - Centre de Formation ABC Franconville | FLE | TEF\" \/>\n<meta property=\"og:description\" content=\"P\u00f4le emploi Chaque agence locale dispose d\u2019un conseiller \u00e0 l\u2019emploi sp\u00e9cialis\u00e9 pour les personnes en situation de handicap. Le r\u00e9seau \u00ab Cap emploi \u00bb Ces organismes de placement sp\u00e9cialis\u00e9s interviennent aupr\u00e8s des employeurs et des personnes en situation de handicap afin de promouvoir l\u2019int\u00e9gration et le maintien dans l\u2019emploi de ce public. Les missions locales [&hellip;]\" \/>\n<meta property=\"og:url\" content=\"https:\/\/abcformation1986.fr\/en\/le-maintien-dans-lemploi-pour-les-personnes-handicapes\/\" \/>\n<meta property=\"og:site_name\" content=\"Centre de Formation ABC Franconville | FLE | TEF\" \/>\n<meta property=\"article:publisher\" content=\"http:\/\/@abcformation\" \/>\n<meta property=\"article:modified_time\" content=\"2024-07-26T09:36:54+00:00\" \/>\n<meta property=\"og:image\" content=\"https:\/\/abcformation1986.fr\/wp-content\/uploads\/2021\/10\/EMPLOI-300x268.jpg\" \/>\n<meta name=\"twitter:card\" content=\"summary_large_image\" \/>\n<meta name=\"twitter:site\" content=\"@abc_formation\" \/>\n<meta name=\"twitter:label1\" content=\"Est. reading time\" \/>\n\t<meta name=\"twitter:data1\" content=\"7 minutes\" \/>\n<script type=\"application\/ld+json\" class=\"yoast-schema-graph\">{\"@context\":\"https:\/\/schema.org\",\"@graph\":[{\"@type\":\"WebPage\",\"@id\":\"https:\/\/abcformation1986.fr\/ar\/le-maintien-dans-lemploi-pour-les-personnes-handicapes\/\",\"url\":\"https:\/\/abcformation1986.fr\/ar\/le-maintien-dans-lemploi-pour-les-personnes-handicapes\/\",\"name\":\"Le maintien dans l'emploi pour les personnes handicap\u00e9s - Centre de Formation ABC Franconville | FLE | TEF\",\"isPartOf\":{\"@id\":\"https:\/\/abcformation1986.fr\/#website\"},\"primaryImageOfPage\":{\"@id\":\"https:\/\/abcformation1986.fr\/ar\/le-maintien-dans-lemploi-pour-les-personnes-handicapes\/#primaryimage\"},\"image\":{\"@id\":\"https:\/\/abcformation1986.fr\/ar\/le-maintien-dans-lemploi-pour-les-personnes-handicapes\/#primaryimage\"},\"thumbnailUrl\":\"https:\/\/abcformation1986.fr\/wp-content\/uploads\/2021\/10\/EMPLOI-300x268.jpg\",\"datePublished\":\"2021-10-04T08:21:57+00:00\",\"dateModified\":\"2024-07-26T09:36:54+00:00\",\"breadcrumb\":{\"@id\":\"https:\/\/abcformation1986.fr\/ar\/le-maintien-dans-lemploi-pour-les-personnes-handicapes\/#breadcrumb\"},\"inLanguage\":\"en-US\",\"potentialAction\":[{\"@type\":\"ReadAction\",\"target\":[\"https:\/\/abcformation1986.fr\/ar\/le-maintien-dans-lemploi-pour-les-personnes-handicapes\/\"]}]},{\"@type\":\"ImageObject\",\"inLanguage\":\"en-US\",\"@id\":\"https:\/\/abcformation1986.fr\/ar\/le-maintien-dans-lemploi-pour-les-personnes-handicapes\/#primaryimage\",\"url\":\"https:\/\/abcformation1986.fr\/wp-content\/uploads\/2021\/10\/EMPLOI-300x268.jpg\",\"contentUrl\":\"https:\/\/abcformation1986.fr\/wp-content\/uploads\/2021\/10\/EMPLOI-300x268.jpg\"},{\"@type\":\"BreadcrumbList\",\"@id\":\"https:\/\/abcformation1986.fr\/ar\/le-maintien-dans-lemploi-pour-les-personnes-handicapes\/#breadcrumb\",\"itemListElement\":[{\"@type\":\"ListItem\",\"position\":1,\"name\":\"Home\",\"item\":\"https:\/\/abcformation1986.fr\/\"},{\"@type\":\"ListItem\",\"position\":2,\"name\":\"Le maintien dans l&#8217;emploi pour les personnes handicap\u00e9s\"}]},{\"@type\":\"WebSite\",\"@id\":\"https:\/\/abcformation1986.fr\/#website\",\"url\":\"https:\/\/abcformation1986.fr\/\",\"name\":\"Centre de Formation ABC Franconville | FLE | TEF\",\"description\":\"Acteur historique de  la formation, de l\u2019insertion et de la  reconversion professionnelle depuis 1986\",\"publisher\":{\"@id\":\"https:\/\/abcformation1986.fr\/#organization\"},\"potentialAction\":[{\"@type\":\"SearchAction\",\"target\":{\"@type\":\"EntryPoint\",\"urlTemplate\":\"https:\/\/abcformation1986.fr\/?s={search_term_string}\"},\"query-input\":{\"@type\":\"PropertyValueSpecification\",\"valueRequired\":true,\"valueName\":\"search_term_string\"}}],\"inLanguage\":\"en-US\"},{\"@type\":\"Organization\",\"@id\":\"https:\/\/abcformation1986.fr\/#organization\",\"name\":\"ABCFORMATION\",\"url\":\"https:\/\/abcformation1986.fr\/\",\"logo\":{\"@type\":\"ImageObject\",\"inLanguage\":\"en-US\",\"@id\":\"https:\/\/abcformation1986.fr\/#\/schema\/logo\/image\/\",\"url\":\"https:\/\/abcformation1986.fr\/wp-content\/uploads\/2018\/11\/abclogo.png\",\"contentUrl\":\"https:\/\/abcformation1986.fr\/wp-content\/uploads\/2018\/11\/abclogo.png\",\"width\":134,\"height\":82,\"caption\":\"ABCFORMATION\"},\"image\":{\"@id\":\"https:\/\/abcformation1986.fr\/#\/schema\/logo\/image\/\"},\"sameAs\":[\"http:\/\/@abcformation\",\"https:\/\/x.com\/abc_formation\",\"http:\/\/abcformation1986\"]}]}<\/script>\n<!-- \/ Yoast SEO plugin. -->","yoast_head_json":{"title":"Le maintien dans l'emploi pour les personnes handicap\u00e9s - Centre de Formation ABC Franconville | FLE | TEF","robots":{"index":"index","follow":"follow","max-snippet":"max-snippet:-1","max-image-preview":"max-image-preview:large","max-video-preview":"max-video-preview:-1"},"canonical":"https:\/\/abcformation1986.fr\/en\/le-maintien-dans-lemploi-pour-les-personnes-handicapes\/","og_locale":"en_US","og_type":"article","og_title":"Le maintien dans l'emploi pour les personnes handicap\u00e9s - Centre de Formation ABC Franconville | FLE | TEF","og_description":"P\u00f4le emploi Chaque agence locale dispose d\u2019un conseiller \u00e0 l\u2019emploi sp\u00e9cialis\u00e9 pour les personnes en situation de handicap. Le r\u00e9seau \u00ab Cap emploi \u00bb Ces organismes de placement sp\u00e9cialis\u00e9s interviennent aupr\u00e8s des employeurs et des personnes en situation de handicap afin de promouvoir l\u2019int\u00e9gration et le maintien dans l\u2019emploi de ce public. Les missions locales [&hellip;]","og_url":"https:\/\/abcformation1986.fr\/en\/le-maintien-dans-lemploi-pour-les-personnes-handicapes\/","og_site_name":"Centre de Formation ABC Franconville | FLE | TEF","article_publisher":"http:\/\/@abcformation","article_modified_time":"2024-07-26T09:36:54+00:00","og_image":[{"url":"https:\/\/abcformation1986.fr\/wp-content\/uploads\/2021\/10\/EMPLOI-300x268.jpg","type":"","width":"","height":""}],"twitter_card":"summary_large_image","twitter_site":"@abc_formation","twitter_misc":{"Est. reading time":"7 minutes"},"schema":{"@context":"https:\/\/schema.org","@graph":[{"@type":"WebPage","@id":"https:\/\/abcformation1986.fr\/ar\/le-maintien-dans-lemploi-pour-les-personnes-handicapes\/","url":"https:\/\/abcformation1986.fr\/ar\/le-maintien-dans-lemploi-pour-les-personnes-handicapes\/","name":"Le maintien dans l'emploi pour les personnes handicap\u00e9s - Centre de Formation ABC Franconville | FLE | TEF","isPartOf":{"@id":"https:\/\/abcformation1986.fr\/#website"},"primaryImageOfPage":{"@id":"https:\/\/abcformation1986.fr\/ar\/le-maintien-dans-lemploi-pour-les-personnes-handicapes\/#primaryimage"},"image":{"@id":"https:\/\/abcformation1986.fr\/ar\/le-maintien-dans-lemploi-pour-les-personnes-handicapes\/#primaryimage"},"thumbnailUrl":"https:\/\/abcformation1986.fr\/wp-content\/uploads\/2021\/10\/EMPLOI-300x268.jpg","datePublished":"2021-10-04T08:21:57+00:00","dateModified":"2024-07-26T09:36:54+00:00","breadcrumb":{"@id":"https:\/\/abcformation1986.fr\/ar\/le-maintien-dans-lemploi-pour-les-personnes-handicapes\/#breadcrumb"},"inLanguage":"en-US","potentialAction":[{"@type":"ReadAction","target":["https:\/\/abcformation1986.fr\/ar\/le-maintien-dans-lemploi-pour-les-personnes-handicapes\/"]}]},{"@type":"ImageObject","inLanguage":"en-US","@id":"https:\/\/abcformation1986.fr\/ar\/le-maintien-dans-lemploi-pour-les-personnes-handicapes\/#primaryimage","url":"https:\/\/abcformation1986.fr\/wp-content\/uploads\/2021\/10\/EMPLOI-300x268.jpg","contentUrl":"https:\/\/abcformation1986.fr\/wp-content\/uploads\/2021\/10\/EMPLOI-300x268.jpg"},{"@type":"BreadcrumbList","@id":"https:\/\/abcformation1986.fr\/ar\/le-maintien-dans-lemploi-pour-les-personnes-handicapes\/#breadcrumb","itemListElement":[{"@type":"ListItem","position":1,"name":"Home","item":"https:\/\/abcformation1986.fr\/"},{"@type":"ListItem","position":2,"name":"Le maintien dans l&#8217;emploi pour les personnes handicap\u00e9s"}]},{"@type":"WebSite","@id":"https:\/\/abcformation1986.fr\/#website","url":"https:\/\/abcformation1986.fr\/","name":"Centre de Formation ABC Franconville | FLE | TEF","description":"Acteur historique de  la formation, de l\u2019insertion et de la  reconversion professionnelle depuis 1986","publisher":{"@id":"https:\/\/abcformation1986.fr\/#organization"},"potentialAction":[{"@type":"SearchAction","target":{"@type":"EntryPoint","urlTemplate":"https:\/\/abcformation1986.fr\/?s={search_term_string}"},"query-input":{"@type":"PropertyValueSpecification","valueRequired":true,"valueName":"search_term_string"}}],"inLanguage":"en-US"},{"@type":"Organization","@id":"https:\/\/abcformation1986.fr\/#organization","name":"ABCFORMATION","url":"https:\/\/abcformation1986.fr\/","logo":{"@type":"ImageObject","inLanguage":"en-US","@id":"https:\/\/abcformation1986.fr\/#\/schema\/logo\/image\/","url":"https:\/\/abcformation1986.fr\/wp-content\/uploads\/2018\/11\/abclogo.png","contentUrl":"https:\/\/abcformation1986.fr\/wp-content\/uploads\/2018\/11\/abclogo.png","width":134,"height":82,"caption":"ABCFORMATION"},"image":{"@id":"https:\/\/abcformation1986.fr\/#\/schema\/logo\/image\/"},"sameAs":["http:\/\/@abcformation","https:\/\/x.com\/abc_formation","http:\/\/abcformation1986"]}]}},"uagb_featured_image_src":{"full":false,"thumbnail":false,"medium":false,"medium_large":false,"large":false,"1536x1536":false,"2048x2048":false,"trp-custom-language-flag":false,"hala-full":false,"hala-medium":false,"hala-small":false,"hala-team":false,"hala-thumb":false,"woocommerce_thumbnail":false,"woocommerce_single":false,"woocommerce_gallery_thumbnail":false},"uagb_author_info":{"display_name":"abc formation","author_link":"https:\/\/abcformation1986.fr\/en\/author\/abcformation\/"},"uagb_comment_info":0,"uagb_excerpt":"P\u00f4le emploi Chaque agence locale dispose d\u2019un conseiller \u00e0 l\u2019emploi sp\u00e9cialis\u00e9 pour les personnes en situation de handicap. Le r\u00e9seau \u00ab Cap emploi \u00bb Ces organismes de placement sp\u00e9cialis\u00e9s interviennent aupr\u00e8s des employeurs et des personnes en situation de handicap afin de promouvoir l\u2019int\u00e9gration et le maintien dans l\u2019emploi de ce public. Les missions locales&hellip;","jetpack_sharing_enabled":true,"_links":{"self":[{"href":"https:\/\/abcformation1986.fr\/en\/wp-json\/wp\/v2\/pages\/3794","targetHints":{"allow":["GET"]}}],"collection":[{"href":"https:\/\/abcformation1986.fr\/en\/wp-json\/wp\/v2\/pages"}],"about":[{"href":"https:\/\/abcformation1986.fr\/en\/wp-json\/wp\/v2\/types\/page"}],"author":[{"embeddable":true,"href":"https:\/\/abcformation1986.fr\/en\/wp-json\/wp\/v2\/users\/2"}],"replies":[{"embeddable":true,"href":"https:\/\/abcformation1986.fr\/en\/wp-json\/wp\/v2\/comments?post=3794"}],"version-history":[{"count":12,"href":"https:\/\/abcformation1986.fr\/en\/wp-json\/wp\/v2\/pages\/3794\/revisions"}],"predecessor-version":[{"id":9352,"href":"https:\/\/abcformation1986.fr\/en\/wp-json\/wp\/v2\/pages\/3794\/revisions\/9352"}],"wp:attachment":[{"href":"https:\/\/abcformation1986.fr\/en\/wp-json\/wp\/v2\/media?parent=3794"}],"curies":[{"name":"wp","href":"https:\/\/api.w.org\/{rel}","templated":true}]}}