{"id":3613,"date":"2021-08-31T09:19:16","date_gmt":"2021-08-31T09:19:16","guid":{"rendered":"https:\/\/abcformation1986.fr\/?page_id=3613"},"modified":"2026-02-26T12:02:34","modified_gmt":"2026-02-26T12:02:34","slug":"nos-labels","status":"publish","type":"page","link":"https:\/\/abcformation1986.fr\/en\/nos-labels\/","title":{"rendered":"NOS LABELS"},"content":{"rendered":"<div class=\"vc_row wpb_row vc_row-fluid\">\n\t\t\t\t<div class=\"mo-vc-row-ovelay\" style=\"\"><\/div>\n\t\t\t\t<div class=\"container\"><div class=\"wpb_column vc_column_container vc_col-sm-12\"><div class=\"vc_column-inner\"><div class=\"wpb_wrapper\">\n\t<div class=\"wpb_raw_code wpb_content_element wpb_raw_html\" >\n\t\t<div class=\"wpb_wrapper\">\n\t\t\t<!DOCTYPE html>\n<html lang=\"fr\">\n\n<head>\n    <meta charset=\"UTF-8\">\n    <meta name=\"viewport\" content=\"width=device-width, initial-scale=1.0\">\n    <title>Labels and Certifications<\/title>\n    <style>\n        body {\n            font-family: Arial, sans-serif;\n            color: #4a4a4a;\n            background-color: white;\n            margin: 0;\n            padding: 0;\n        }\n\n        .container {\n            \n            margin: 0 auto;\n            padding: 20px;\n        }\n\n        .section {\n            display: flex;\n            align-items: center;\n            margin-bottom: 30px;\n        }\n\n        .section img {\n            width: 200px;\n            height: auto;\n            margin-right: 20px;\n        }\n\n        .section h2 {\n            font-size: 1.5rem;\n            margin-bottom: 10px;\n            font-weight: bold;\n            color: #33cccc;\n        }\n\n        .section p {\n            margin: 5px 0;\n            text-align: justify;\n        }\n\n        .separator {\n            border-top: 4px solid #b2ebf2;\n            margin: 30px 0;\n        }\n\n        strong {\n            font-weight: bold;\n        }\n\n        \/* Responsive Design *\/\n        @media screen and (max-width: 768px) {\n            .section {\n                flex-direction: column;\n                align-items: center;\n                text-align: center;\n            }\n\n            .section img {\n                margin-bottom: 15px;\n                margin-right: 0;\n            }\n\n            .section h2 {\n                font-size: 1.25rem;\n            }\n        }\n    <\/style>\n<\/head>\n\n<body>\n    <div class=\"container\">\n        <!-- Section 1 -->\n        <div class=\"section\">\n            <div>\n                <img decoding=\"async\" src=\"https:\/\/abcformation1986.fr\/wp-content\/uploads\/2024\/10\/qualite-fle-visuel.jpg\" alt=\"FLE Logo\">\n            <\/div>\n            <div>\n                <h2>French as a Foreign Language training:<\/h2>\n                <p>. This label aims to identify, recognize and promote French as a foreign language centers whose linguistic offering and services present guarantees of quality.<\/p>\n            <\/div>\n        <\/div>\n\n        <!-- Separator -->\n        <div class=\"separator\"><\/div>\n\n        <!-- Section 2 -->\n        <div class=\"section\">\n            <div>\n                <a href=\"https:\/\/abcformation1986.fr\/wp-content\/uploads\/2025\/02\/Charte-dusage-Qualiopi-VF.pdf\"><img decoding=\"async\" src=\"https:\/\/abcformation1986.fr\/wp-content\/uploads\/2025\/02\/Qualiopi-logo.jpeg\" alt=\"Qualiopi Logo\"><\/a>\n            <\/div>\n            <div>\n                <h2>Qualiopi<\/h2>\n                <p>New essential certification for professional training organizations, we are the holder of the label <strong>Qualiopi<\/strong>.<\/p>\n                <p>aims to certify the quality of the process implemented by providers of professional skills development actions.<\/p>\n            <\/div>\n        <\/div>\n\n        <!-- Separator -->\n        <div class=\"separator\"><\/div>\n\n        <!-- Section 2-1 -->\n        <div class=\"section\">\n            <div>\n                <a href=\"https:\/\/abcformation1986.fr\/wp-content\/uploads\/2025\/02\/Charte-professionnelle-GFLE-1.pdf\"><img decoding=\"async\" src=\"https:\/\/abcformation1986.fr\/wp-content\/uploads\/2025\/02\/GrFLE.jpg\" alt=\"GroupementFLE Logo\"><\/a>\n            <\/div>\n            <div>\n                <h2>French as a Foreign Language Group<\/h2>\n                <p>The FLE Group brings together 48 French language schools in France, guaranteeing quality services to students, working professionals, and enthusiasts who wish to learn French in France through a language immersion program. Located in 31 cities, the member schools invite you to discover the richness and diversity of the French regions.<\/p>\n                <p><\/p>\n            <\/div>\n        <\/div>\n\n        <!-- Separator -->\n        <div class=\"separator\"><\/div>\n\n        <!-- Section 3 -->\n        <div class=\"section\">\n            <div>\n                <img decoding=\"async\" src=\"https:\/\/abcformation1986.fr\/wp-content\/uploads\/2022\/03\/Capture-d\u2019\u00e9cran-2022-03-01-181609-300x141.png\" alt=\"R\u00e9publique Fran\u00e7aise Logo\">\n            <\/div>\n            <div>\n                <h2>Authorized Aidant connect :<\/h2>\n                <p>This service secures and facilitates \u201cdoing on behalf of\u201d<\/p>\n                <p><strong>Aidants Connect guarantees human support<\/strong> for all people who, for various reasons, cannot complete their procedures online.<\/p>\n            <\/div>\n        <\/div>\n\n        <!-- Separator -->\n        <div class=\"separator\"><\/div>\n\n        <!-- Section 4 -->\n        <div class=\"section\">\n            <div>\n                <img decoding=\"async\" src=\"https:\/\/abcformation1986.fr\/wp-content\/uploads\/2024\/10\/logo.jpg\" alt=\"Conseill\u00e8re num\u00e9rique Logo\">\n            <\/div>\n            <div>\n                <h2>Digital Advisor <\/h2>\n                <p>The job of digital advisor is a new job set up by the State as part of the France Relance plan to combat digital illiteracy. In dedicated spaces, the digital advisor provides IT support services and digital usage initiation for people who are not very comfortable or uncomfortable with IT.<\/p>\n                <p>It raises awareness among users of digital issues and helps them to better understand new technologies and use them to the best of their ability (having a critical eye and protecting themselves against false information read on the web, protecting their personal data, mastering social networks, protecting themselves from scams, securing their connections, etc.).<\/p>\n            <\/div>\n        <\/div>\n\n        <!-- Separator -->\n        <div class=\"separator\"><\/div>\n\n        <!-- Section 5 -->\n        <div class=\"section\">\n            <div>\n                <img decoding=\"async\" src=\"https:\/\/abcformation1986.fr\/wp-content\/uploads\/2024\/10\/logo-CCI.jpg\" alt=\"CCI Logo\">\n            <\/div>\n            <div>\n                <h2>CCI<\/h2>\n                <p>TEF and Professional French Diplomas examination center, recognized by Le fran\u00e7ais des affaires of the CCI Paris Ile-de-France to organize the TEF or Professional French Diplomas examination.<\/p>\n                \n            <\/div>\n        <\/div>\n\n        <!-- Separator -->\n        <div class=\"separator\"><\/div>\n\n        <!-- Section 6 -->\n        <div class=\"section\">\n            <div>\n                <img decoding=\"async\" src=\"https:\/\/abcformation1986.fr\/wp-content\/uploads\/2024\/04\/Charte-de-la-diversite.png\" alt=\"Charte de la diversit\u00e9 Logo\">\n            <\/div>\n            <div>\n                <h2>La Charte de la diversit\u00e9:<\/h2>\n                <p>The Diversity Charter is a commitment text proposed for signature by any employer who wishes to take a proactive approach to act in favor of diversity and thus go beyond the legal and judicial framework of the fight against discrimination. Large companies, SMEs\/VSEs, ESS actors, public institutions, local authorities, etc. All economic actors are concerned by diversity in all its components.<\/p>\n                \n            <\/div>\n        <\/div>\n\n       \n\n        <!-- Separator -->\n        <div class=\"separator\"><\/div>\n\n        <!-- Section 8 -->\n        <div class=\"section\">\n            <div>\n                <img decoding=\"async\" src=\"https:\/\/abcformation1986.fr\/wp-content\/uploads\/2024\/10\/Nouvel_horizon-removebg-preview.png\" alt=\"Nouvel horizon Logo\">\n            <\/div>\n            <div>\n                <h2>Preventing domestic violence and supporting victims<\/h2>\n                <p>You think you are a victim of domestic violence, or you are witnessing a situation that seems abusive to you \u2013 contact our volunteers, they will be able to guide you.<\/p>\n                \n            <\/div>\n        <\/div>\n\n        <!-- Separator -->\n        <div class=\"separator\"><\/div>\n\n        <!-- Section 9 -->\n        <div class=\"section\">\n            <div>\n                <img decoding=\"async\" src=\"https:\/\/abcformation1986.fr\/wp-content\/uploads\/2024\/07\/Agir_ensemble_contre_illettrisme-removebg-preview.png\" alt=\"Agir Logo\">\n            <\/div>\n            <div>\n                <h2>Acting together against illiteracy:<\/h2>\n                <p>National education is one of the major players in preventing reading and writing difficulties. The re-establishment of the School, the support systems for schooling and the support given to associations and popular education movements allow progress to be made in this area.<\/p>\n                \n            <\/div>\n        <\/div>\n\n        <!-- Separator -->\n        <div class=\"separator\"><\/div>\n\n        <!-- Section 10 -->\n        <div class=\"section\">\n            <div>\n                <img decoding=\"async\" src=\"https:\/\/abcformation1986.fr\/wp-content\/uploads\/2021\/02\/aptic.png\" alt=\"APTIC Logo\">\n            <\/div>\n            <div>\n                <h2>Centre APTIC <\/h2>\n                <p>APTIC Center: Inclusive digital label, the system that brings citizens closer to digital technology. It increases the citizen\u2019s power to act in the digital society. Designed on the model of meal vouchers, it allows you to pay in full or in part for digital mediation services.<\/p>\n                \n            <\/div>\n        <\/div>\n\n        <!-- Separator -->\n        <div class=\"separator\"><\/div>\n\n        <!-- Section 11 -->\n       <!--<div class=\"section\">\n            <div>\n                <img decoding=\"async\" src=\"https:\/\/abcformation1986.fr\/wp-content\/uploads\/2021\/12\/log-pix-centre-300x121.png\" alt=\"PIX Logo\">\n            <\/div>\n            <div>\n                <h2>ABC Formation est centre de cerification PIX<\/h2>\n                <p>Cette certification est aujourd\u2019hui la r\u00e9f\u00e9rence de la certification des comp\u00e9tences num\u00e9riques, reconnue par l\u2019Etat, le monde acad\u00e9mique et professionnel.Avec la Certification Pix, les comp\u00e9tences num\u00e9riques sont (re)connues de tous !<\/p>\n                \n            <\/div>\n        <\/div>-->\n\n        <!-- Separator -->\n         <!--<div class=\"separator\"><\/div> -->\n\n        <!-- Section 12 -->\n        <!--<div class=\"section\">\n            <div>\n                <img decoding=\"async\" src=\"https:\/\/abcformation1986.fr\/wp-content\/uploads\/2021\/08\/t\u00e9l\u00e9chargement-300x102.png\" alt=\"ICDL Logo\">\n            <\/div>\n            <div>\n                <h2>Centre habilit\u00e9 ICDL (leader international de la certification des comp\u00e9tences num\u00e9rqiues)<\/h2>\n                <p>Anciennement connue sous le nom PCIE \u2013 Passeport de Comp\u00e9tences Informatique Europ\u00e9en, la certification ICDL est engag\u00e9e dans la reconnaissance des comp\u00e9tences num\u00e9riques depuis 1996.<\/p>\n                \n            <\/div>\n        <\/div> -->\n\n        <!-- Separator -->\n        <!--<div class=\"separator\"><\/div> -->\n\n        <!-- Section 13 -->\n        <div class=\"section\">\n            <div>\n                <img decoding=\"async\" src=\"https:\/\/abcformation1986.fr\/wp-content\/uploads\/2024\/07\/unifromation.jpg\" alt=\"Uniformation Logo\">\n            <\/div>\n            <div>\n                <h2>Uniformation<\/h2>\n                <p>Uniformation is an expert in managing companies' training funds, building their training plans, setting up or implementing all their training projects.<\/p>\n                \n            <\/div>\n        <\/div>\n\n        <!-- Separator -->\n        <div class=\"separator\"><\/div>\n\n        <!-- Section 14 -->\n        <div class=\"section\">\n            <div>\n                <img decoding=\"async\" src=\"https:\/\/abcformation1986.fr\/wp-content\/uploads\/2024\/09\/ETS-Pipplet-navy-1920w.png\" alt=\"Pipplet Logo\">\n            <\/div>\n            <div>\n                <h2>Pipplet<\/h2>\n                <p>Pipplet is an innovative language assessment platform that supports over 40 languages \u200b\u200band measures listening, speaking, and writing skills.<\/p>\n                \n            <\/div>\n        <\/div>\n\n        <!-- Separator -->\n        <div class=\"separator\"><\/div>\n\n        <!-- Section 15 -->\n        <div class=\"section\">\n            <div>\n                <img decoding=\"async\" src=\"https:\/\/abcformation1986.fr\/wp-content\/uploads\/2024\/10\/LOGO-cloe-200.png\" alt=\"CLOE Logo\">\n            <\/div>\n            <div>\n                <h2>CLOE<\/h2>\n                <p>CLOE Certifications, created by the CEL Network and CCI France, comprehensive assessments of language skills focusing on oral comprehension, oral production, written comprehension and written production.<\/p>\n                \n            <\/div>\n        <\/div>\n\n<!-- Separator -->\n        <div class=\"separator\"><\/div>\n\n        <!-- Section 14 -->\n        <div class=\"section\">\n            <div>\n                <img decoding=\"async\" src=\"http:\/\/abcformation1986.fr\/wp-content\/uploads\/2025\/10\/adere-idf-logo.png\" alt=\"adere Logo\">\n            <\/div>\n            <div>\n                <h2>Adere<\/h2>\n                <p>ADERE is a non-profit purchasing group dedicated to social and solidarity economy (SSE) organizations. Governed by the 1901 law on associations, it is managed by the regional ADERE branches that are members of its network. For over 40 years, its objective has been to facilitate purchasing for SSE organizations by offering them tailored, cost-effective, and responsible solutions.<\/p>\n                \n            <\/div>\n        <\/div>\n\n<!-- Separator -->\n        <div class=\"separator\"><\/div>\n\n        <!-- Section 15 -->\n        <div class=\"section\">\n            <div><a href=\"https:\/\/www.afpa.fr\/actualites\/le-village-afpa\">\n                <img decoding=\"async\" src=\"http:\/\/abcformation1986.fr\/wp-content\/uploads\/2026\/02\/Village-des-solutions-logo.jpeg\" alt=\"village des solutions Logo\">\n            <\/a><\/div>\n            <div>\n                <h2>Les Villages des solutions<\/h2>\n                <p>Les Villages des solutions offrent un accompagnement \u00e0 360\u00b0 aux publics en transition professionnelle, qu\u2019elle soit volontaire ou subie. En regroupant des partenaires et op\u00e9rateurs de solutions vari\u00e9s, chaque personne est aid\u00e9e pour relever ses d\u00e9fis. Les Villages sont des tiers-lieux qui rassemblent en un lieu physique de multiples guichets rendant l\u2019acc\u00e8s aux solutions simple, efficace et coordonn\u00e9. Chaque centre, en collaboration avec les acteurs locaux, d\u00e9veloppe des solutions compl\u00e9mentaires et sp\u00e9cifiques, conf\u00e9rrant \u00e0 chaque Village des solutions un caract\u00e8re unique et adapt\u00e9 aux besoins de sa communaut\u00e9.<\/p>\n                \n            <\/div>\n        <\/div>\n\n    <\/div>\n<\/body>\n\n<\/html>\n\n\t\t<\/div>\n\t<\/div>\n<\/div><\/div><\/div>\t<\/div>\n\t\t\t<\/div>","protected":false},"excerpt":{"rendered":"Labels and Certifications body { font-family: Arial, sans-serif; color: #4a4a4a; background-color: white; margin: 0; padding: 0; } .container { margin: 0 auto; padding: 20px; } .section { display: flex; align-items: center; margin-bottom: 30px; } .section img { width: 200px; height: auto; margin-right: 20px; } .section h2 { font-size: 1.5rem; margin-bottom: 10px; font-weight: bold; color: #33cccc; [...]","protected":false},"author":2,"featured_media":0,"parent":0,"menu_order":0,"comment_status":"closed","ping_status":"closed","template":"","meta":{"_uag_custom_page_level_css":"","footnotes":""},"class_list":["post-3613","page","type-page","status-publish","hentry"],"yoast_head":"<!-- This site is optimized with the Yoast SEO plugin v25.2 - https:\/\/yoast.com\/wordpress\/plugins\/seo\/ -->\n<title>NOS LABELS - Centre de Formation ABC Franconville | FLE | TEF<\/title>\n<meta name=\"robots\" content=\"index, follow, max-snippet:-1, max-image-preview:large, max-video-preview:-1\" \/>\n<link rel=\"canonical\" href=\"https:\/\/abcformation1986.fr\/en\/nos-labels\/\" \/>\n<meta property=\"og:locale\" content=\"en_US\" \/>\n<meta property=\"og:type\" content=\"article\" \/>\n<meta property=\"og:title\" content=\"NOS LABELS - Centre de Formation ABC Franconville | FLE | TEF\" \/>\n<meta property=\"og:url\" content=\"https:\/\/abcformation1986.fr\/en\/nos-labels\/\" \/>\n<meta property=\"og:site_name\" content=\"Centre de Formation ABC Franconville | FLE | TEF\" \/>\n<meta property=\"article:publisher\" content=\"http:\/\/@abcformation\" \/>\n<meta property=\"article:modified_time\" content=\"2026-02-26T12:02:34+00:00\" \/>\n<meta name=\"twitter:card\" content=\"summary_large_image\" \/>\n<meta name=\"twitter:site\" content=\"@abc_formation\" \/>\n<meta name=\"twitter:label1\" content=\"Est. reading time\" \/>\n\t<meta name=\"twitter:data1\" content=\"1 minute\" \/>\n<script type=\"application\/ld+json\" class=\"yoast-schema-graph\">{\"@context\":\"https:\/\/schema.org\",\"@graph\":[{\"@type\":\"WebPage\",\"@id\":\"https:\/\/abcformation1986.fr\/nos-labels\/\",\"url\":\"https:\/\/abcformation1986.fr\/nos-labels\/\",\"name\":\"NOS LABELS - Centre de Formation ABC Franconville | FLE | TEF\",\"isPartOf\":{\"@id\":\"http:\/\/abcformation1986.fr\/ar\/#website\"},\"datePublished\":\"2021-08-31T09:19:16+00:00\",\"dateModified\":\"2026-02-26T12:02:34+00:00\",\"breadcrumb\":{\"@id\":\"https:\/\/abcformation1986.fr\/nos-labels\/#breadcrumb\"},\"inLanguage\":\"en-US\",\"potentialAction\":[{\"@type\":\"ReadAction\",\"target\":[\"https:\/\/abcformation1986.fr\/nos-labels\/\"]}]},{\"@type\":\"BreadcrumbList\",\"@id\":\"https:\/\/abcformation1986.fr\/nos-labels\/#breadcrumb\",\"itemListElement\":[{\"@type\":\"ListItem\",\"position\":1,\"name\":\"Home\",\"item\":\"http:\/\/abcformation1986.fr\/ar\/\"},{\"@type\":\"ListItem\",\"position\":2,\"name\":\"NOS LABELS\"}]},{\"@type\":\"WebSite\",\"@id\":\"http:\/\/abcformation1986.fr\/ar\/#website\",\"url\":\"http:\/\/abcformation1986.fr\/ar\/\",\"name\":\"Centre de Formation ABC Franconville | FLE | TEF\",\"description\":\"Acteur historique de  la formation, de l\u2019insertion et de la  reconversion professionnelle depuis 1986\",\"publisher\":{\"@id\":\"http:\/\/abcformation1986.fr\/ar\/#organization\"},\"potentialAction\":[{\"@type\":\"SearchAction\",\"target\":{\"@type\":\"EntryPoint\",\"urlTemplate\":\"http:\/\/abcformation1986.fr\/ar\/?s={search_term_string}\"},\"query-input\":{\"@type\":\"PropertyValueSpecification\",\"valueRequired\":true,\"valueName\":\"search_term_string\"}}],\"inLanguage\":\"en-US\"},{\"@type\":\"Organization\",\"@id\":\"http:\/\/abcformation1986.fr\/ar\/#organization\",\"name\":\"ABCFORMATION\",\"url\":\"http:\/\/abcformation1986.fr\/ar\/\",\"logo\":{\"@type\":\"ImageObject\",\"inLanguage\":\"en-US\",\"@id\":\"http:\/\/abcformation1986.fr\/ar\/#\/schema\/logo\/image\/\",\"url\":\"https:\/\/abcformation1986.fr\/wp-content\/uploads\/2018\/11\/abclogo.png\",\"contentUrl\":\"https:\/\/abcformation1986.fr\/wp-content\/uploads\/2018\/11\/abclogo.png\",\"width\":134,\"height\":82,\"caption\":\"ABCFORMATION\"},\"image\":{\"@id\":\"http:\/\/abcformation1986.fr\/ar\/#\/schema\/logo\/image\/\"},\"sameAs\":[\"http:\/\/@abcformation\",\"https:\/\/x.com\/abc_formation\",\"http:\/\/abcformation1986\"]}]}<\/script>\n<!-- \/ Yoast SEO plugin. -->","yoast_head_json":{"title":"NOS LABELS - Centre de Formation ABC Franconville | FLE | TEF","robots":{"index":"index","follow":"follow","max-snippet":"max-snippet:-1","max-image-preview":"max-image-preview:large","max-video-preview":"max-video-preview:-1"},"canonical":"https:\/\/abcformation1986.fr\/en\/nos-labels\/","og_locale":"en_US","og_type":"article","og_title":"NOS LABELS - Centre de Formation ABC Franconville | FLE | TEF","og_url":"https:\/\/abcformation1986.fr\/en\/nos-labels\/","og_site_name":"Centre de Formation ABC Franconville | FLE | TEF","article_publisher":"http:\/\/@abcformation","article_modified_time":"2026-02-26T12:02:34+00:00","twitter_card":"summary_large_image","twitter_site":"@abc_formation","twitter_misc":{"Est. reading time":"1 minute"},"schema":{"@context":"https:\/\/schema.org","@graph":[{"@type":"WebPage","@id":"https:\/\/abcformation1986.fr\/nos-labels\/","url":"https:\/\/abcformation1986.fr\/nos-labels\/","name":"NOS LABELS - Centre de Formation ABC Franconville | FLE | TEF","isPartOf":{"@id":"http:\/\/abcformation1986.fr\/ar\/#website"},"datePublished":"2021-08-31T09:19:16+00:00","dateModified":"2026-02-26T12:02:34+00:00","breadcrumb":{"@id":"https:\/\/abcformation1986.fr\/nos-labels\/#breadcrumb"},"inLanguage":"en-US","potentialAction":[{"@type":"ReadAction","target":["https:\/\/abcformation1986.fr\/nos-labels\/"]}]},{"@type":"BreadcrumbList","@id":"https:\/\/abcformation1986.fr\/nos-labels\/#breadcrumb","itemListElement":[{"@type":"ListItem","position":1,"name":"Home","item":"http:\/\/abcformation1986.fr\/ar\/"},{"@type":"ListItem","position":2,"name":"NOS LABELS"}]},{"@type":"WebSite","@id":"http:\/\/abcformation1986.fr\/ar\/#website","url":"http:\/\/abcformation1986.fr\/ar\/","name":"Centre de Formation ABC Franconville | FLE | TEF","description":"Acteur historique de  la formation, de l\u2019insertion et de la  reconversion professionnelle depuis 1986","publisher":{"@id":"http:\/\/abcformation1986.fr\/ar\/#organization"},"potentialAction":[{"@type":"SearchAction","target":{"@type":"EntryPoint","urlTemplate":"http:\/\/abcformation1986.fr\/ar\/?s={search_term_string}"},"query-input":{"@type":"PropertyValueSpecification","valueRequired":true,"valueName":"search_term_string"}}],"inLanguage":"en-US"},{"@type":"Organization","@id":"http:\/\/abcformation1986.fr\/ar\/#organization","name":"ABCFORMATION","url":"http:\/\/abcformation1986.fr\/ar\/","logo":{"@type":"ImageObject","inLanguage":"en-US","@id":"http:\/\/abcformation1986.fr\/ar\/#\/schema\/logo\/image\/","url":"https:\/\/abcformation1986.fr\/wp-content\/uploads\/2018\/11\/abclogo.png","contentUrl":"https:\/\/abcformation1986.fr\/wp-content\/uploads\/2018\/11\/abclogo.png","width":134,"height":82,"caption":"ABCFORMATION"},"image":{"@id":"http:\/\/abcformation1986.fr\/ar\/#\/schema\/logo\/image\/"},"sameAs":["http:\/\/@abcformation","https:\/\/x.com\/abc_formation","http:\/\/abcformation1986"]}]}},"uagb_featured_image_src":{"full":false,"thumbnail":false,"medium":false,"medium_large":false,"large":false,"1536x1536":false,"2048x2048":false,"trp-custom-language-flag":false,"hala-full":false,"hala-medium":false,"hala-small":false,"hala-team":false,"hala-thumb":false,"woocommerce_thumbnail":false,"woocommerce_single":false,"woocommerce_gallery_thumbnail":false},"uagb_author_info":{"display_name":"abc formation","author_link":"https:\/\/abcformation1986.fr\/en\/author\/abcformation\/"},"uagb_comment_info":0,"uagb_excerpt":null,"jetpack_sharing_enabled":true,"_links":{"self":[{"href":"https:\/\/abcformation1986.fr\/en\/wp-json\/wp\/v2\/pages\/3613","targetHints":{"allow":["GET"]}}],"collection":[{"href":"https:\/\/abcformation1986.fr\/en\/wp-json\/wp\/v2\/pages"}],"about":[{"href":"https:\/\/abcformation1986.fr\/en\/wp-json\/wp\/v2\/types\/page"}],"author":[{"embeddable":true,"href":"https:\/\/abcformation1986.fr\/en\/wp-json\/wp\/v2\/users\/2"}],"replies":[{"embeddable":true,"href":"https:\/\/abcformation1986.fr\/en\/wp-json\/wp\/v2\/comments?post=3613"}],"version-history":[{"count":65,"href":"https:\/\/abcformation1986.fr\/en\/wp-json\/wp\/v2\/pages\/3613\/revisions"}],"predecessor-version":[{"id":13477,"href":"https:\/\/abcformation1986.fr\/en\/wp-json\/wp\/v2\/pages\/3613\/revisions\/13477"}],"wp:attachment":[{"href":"https:\/\/abcformation1986.fr\/en\/wp-json\/wp\/v2\/media?parent=3613"}],"curies":[{"name":"wp","href":"https:\/\/api.w.org\/{rel}","templated":true}]}}