{"id":1865,"date":"2019-03-28T15:32:43","date_gmt":"2019-03-28T15:32:43","guid":{"rendered":"https:\/\/abcformation1986.fr\/?page_id=1865"},"modified":"2024-12-11T14:34:40","modified_gmt":"2024-12-11T14:34:40","slug":"diplome-de-francais-des-relations-internationales","status":"publish","type":"page","link":"https:\/\/abcformation1986.fr\/en\/diplome-de-francais-des-relations-internationales\/","title":{"rendered":"DIPL\u00d4ME DE FRAN\u00c7AIS DES RELATIONS INTERNATIONALES"},"content":{"rendered":"<div class=\"vc_row wpb_row vc_row-fluid\">\n\t\t\t\t<div class=\"mo-vc-row-ovelay\" style=\"\"><\/div>\n\t\t\t\t<div class=\"container\"><div class=\"wpb_column vc_column_container vc_col-sm-8\"><div class=\"vc_column-inner\"><div class=\"wpb_wrapper\">\n\t<div class=\"wpb_text_column wpb_content_element\" >\n\t\t<div class=\"wpb_wrapper\">\n\t\t\t<h1 style=\"text-align: center;\"><span style=\"color: #33cccc;\"><a href=\"https:\/\/www.moncompteformation.gouv.fr\/espace-public\/comment-sinscrire-sur-mon-compte-formation\"><img loading=\"lazy\" decoding=\"async\" class=\"alignright wp-image-2349\" src=\"https:\/\/abcformation1986.fr\/wp-content\/uploads\/2020\/01\/LOGO-ELIGIBLE.jpg\" alt=\"\" width=\"158\" height=\"139\" \/><\/a><img loading=\"lazy\" decoding=\"async\" class=\"wp-image-2560 alignleft\" src=\"https:\/\/abcformation1986.fr\/wp-content\/uploads\/2020\/04\/images.png\" alt=\"\" width=\"132\" height=\"130\" \/>the Professional French Diploma\u00a0<strong>International relationships<\/strong><\/span><\/h1>\n<p style=\"text-align: justify;\"><strong>Valid for life,<\/strong>\u00a0the Professional French Diploma\u00a0International Relations\u00a0was created\u00a0<span class=\"value\">on demand<\/span>\u00a0du\u00a0<a href=\"http:\/\/www.diplomatie.gouv.fr\/fr\"><span class=\"st\">Department of Foreign Affairs and International Development<\/span><\/a>\u00a0and the<a href=\"http:\/\/www.francophonie.org\/\">International organization of Francophonie<\/a>. C<span class=\"value\">both institutions support the use of the French language within international organizations and in international political and diplomatic exchanges.<\/span><\/p>\n<p>&nbsp;<\/p>\n<p style=\"text-align: justify;\">This diploma was produced with the educational collaboration of the French Department of<a href=\"https:\/\/cci-paris-idf.us11.list-manage.com\/track\/click?u=ffa2c2ada72b80f102555043b&amp;id=f3affd91d0&amp;e=373e499ae9\" target=\"_blank\" rel=\"noopener noreferrer\">\u00a0the Diplomatic Academy of Vienna<\/a>.<\/p>\n<p style=\"text-align: justify;\">It assesses the level achieved in written comprehension and expression as well as in oral comprehension and expression through the accomplishment of professional tasks specific to the field of international relations: articles, conventions, presentations, negotiations.<\/p>\n<p style=\"text-align: justify;\">It meets the need for training and certification in professional French for diplomats, international civil servants and journalists, for whom French is often their first or second working language.<\/p>\n<h3><span style=\"color: #33cccc;\">For who ?<\/span><strong><br \/>\n<\/strong><\/h3>\n<p style=\"text-align: justify;\">This diploma is aimed in particular at executives of international or regional organizations who need to use French in their professional context; to national officials likely to have a role in the work of international or European institutions; to\u00a0journalists.<\/p>\n<h3><span style=\"color: #33cccc;\">Examples of activities and themes covered<\/span><\/h3>\n<p style=\"text-align: justify;\"><strong>Activities :\u00a0<\/strong>Write a summary note, comment on data on a country, summarize current events, organize a protocol event, write an official declaration, present a mission, a project, present a country situation, obtain support in the field, make a thematic presentation, argue during a negotiation<\/p>\n<p><strong>Themes:<\/strong>\u00a0Diplomacy, economics, education, human rights, finance, peacekeeping, ecology<\/p>\n<h3><span style=\"color: #33cccc;\">Detailed description of Diplomas by level<\/span><\/h3>\n<p style=\"text-align: justify;\"><em>Business French<\/em>\u00a0offers three Professional French Diplomas<strong>\u00a0International relationships,<\/strong>\u00a0<strong>from level B1 to C1<\/strong>\u00a0:<\/p>\n<div class=\"titre-bloc-deroulant\">\n<h3><span style=\"color: #33cccc;\">A diploma registered in the Inventory<\/span><\/h3>\n<\/div>\n<div class=\"titre-bloc-deroulant\">\n<p style=\"text-align: justify;\">All our diplomas have been registered in the Inventory of\u00a0<strong><a href=\"http:\/\/www.cncp.gouv.fr\/\" target=\"_blank\" rel=\"noopener noreferrer\">CNCP<\/a>\u00a0\u2013 National Commission for Professional Certification<\/strong>. It lists the certifications and authorizations corresponding to transversal skills exercised in a professional situation.\u00a0<a href=\"https:\/\/www.lefrancaisdesaffaires.fr\/diplomes-de-francais-professionnel-a-linventaire\/\" target=\"_blank\" rel=\"noopener noreferrer\">To know more.<\/a><\/p>\n<p style=\"text-align: justify;\">The registration of our Diplomas in the Inventory allows learners who follow training including the passing of this certification to benefit from financing from the Personal Training Account (<a href=\"http:\/\/www.moncompteformation.gouv.fr\/\" target=\"_blank\" rel=\"noopener noreferrer\">CPF<\/a>).<\/p>\n<\/div>\n<h2><\/h2>\n<h2>International relations B1<\/h2>\n<table>\n<tbody>\n<tr>\n<td><a href=\"https:\/\/cci-paris-idf.assessmentq.com\/?treeStructureAccessCode=d0d5b2ac-7961-48c6-9f10-415ca973611f&amp;userAccessCode=1f23733a-c2ee-4b68-8cc2-fa5eab63fd93\" target=\"_blank\" rel=\"noopener\"><img loading=\"lazy\" decoding=\"async\" class=\"alignnone\" src=\"https:\/\/abcformation1986.fr\/wp-content\/uploads\/2024\/12\/logo-DFP-site.png.webp\" alt=\"\" width=\"501\" height=\"328\" \/><\/a><\/td>\n<td><a href=\"https:\/\/cci-paris-idf.assessmentq.com\/?treeStructureAccessCode=328124fd-e017-43b5-9ece-aa81320c5825&amp;userAccessCode=1f23733a-c2ee-4b68-8cc2-fa5eab63fd93\" target=\"_blank\" rel=\"noopener\"><img loading=\"lazy\" decoding=\"async\" class=\"\" src=\"https:\/\/abcformation1986.fr\/wp-content\/uploads\/2024\/12\/logo-DFP-site.png.webp\" alt=\"\" width=\"502\" height=\"328\" \/><\/a><\/td>\n<\/tr>\n<\/tbody>\n<\/table>\n<p>&nbsp;<\/p>\n<h2>International relations B2<\/h2>\n<table>\n<tbody>\n<tr>\n<td><a href=\"https:\/\/cci-paris-idf.assessmentq.com\/?treeStructureAccessCode=214f58cf-e970-4aa4-9b29-35b39ed84fd2&amp;userAccessCode=1f23733a-c2ee-4b68-8cc2-fa5eab63fd93\" target=\"_blank\" rel=\"noopener\"><img loading=\"lazy\" decoding=\"async\" class=\"\" src=\"https:\/\/abcformation1986.fr\/wp-content\/uploads\/2024\/12\/logo-DFP-site.png.webp\" alt=\"\" width=\"500\" height=\"327\" \/><\/a><\/td>\n<td><a href=\"https:\/\/cci-paris-idf.assessmentq.com\/?treeStructureAccessCode=5bdf9616-daf5-458c-9e12-dcefa949fa75&amp;userAccessCode=1f23733a-c2ee-4b68-8cc2-fa5eab63fd93\" target=\"_blank\" rel=\"noopener\"><img loading=\"lazy\" decoding=\"async\" class=\"\" src=\"https:\/\/abcformation1986.fr\/wp-content\/uploads\/2024\/12\/logo-DFP-site.png.webp\" alt=\"\" width=\"500\" height=\"327\" \/><\/a><\/td>\n<\/tr>\n<\/tbody>\n<\/table>\n<p>&nbsp;<\/p>\n<h2>International relations C1<\/h2>\n<table>\n<tbody>\n<tr>\n<td><a href=\"https:\/\/cci-paris-idf.assessmentq.com\/?treeStructureAccessCode=80cac87e-a75a-44bd-b289-861fa05f7785&amp;userAccessCode=1f23733a-c2ee-4b68-8cc2-fa5eab63fd93\" target=\"_blank\" rel=\"noopener\"><img loading=\"lazy\" decoding=\"async\" class=\"\" src=\"https:\/\/abcformation1986.fr\/wp-content\/uploads\/2024\/12\/logo-DFP-site.png.webp\" alt=\"\" width=\"500\" height=\"327\" \/><\/a><\/td>\n<td><a href=\"https:\/\/cci-paris-idf.assessmentq.com\/?treeStructureAccessCode=843dab2a-e4b2-476b-ae88-1c855e831867&amp;userAccessCode=1f23733a-c2ee-4b68-8cc2-fa5eab63fd93\" target=\"_blank\" rel=\"noopener\"><img loading=\"lazy\" decoding=\"async\" class=\"\" src=\"https:\/\/abcformation1986.fr\/wp-content\/uploads\/2024\/12\/logo-DFP-site.png.webp\" width=\"500\" height=\"327\" \/><\/a><\/td>\n<\/tr>\n<\/tbody>\n<\/table>\n\n\t\t<\/div>\n\t<\/div>\n<\/div><\/div><\/div><div class=\"wpb_column vc_column_container vc_col-sm-4\"><div class=\"vc_column-inner\"><div class=\"wpb_wrapper\">\n\t<div  class=\"wpb_single_image wpb_content_element vc_align_center\">\n\t\t\n\t\t<figure class=\"wpb_wrapper vc_figure\">\n\t\t\t<div class=\"vc_single_image-wrapper   vc_box_border_grey\"><img loading=\"lazy\" decoding=\"async\" width=\"300\" height=\"300\" src=\"https:\/\/abcformation1986.fr\/wp-content\/uploads\/2024\/10\/DFP-Relations-internationals.png\" class=\"vc_single_image-img attachment-medium\" alt=\"\" srcset=\"https:\/\/abcformation1986.fr\/wp-content\/uploads\/2024\/10\/DFP-Relations-internationals.png 300w, https:\/\/abcformation1986.fr\/wp-content\/uploads\/2024\/10\/DFP-Relations-internationals-291x291.png 291w, https:\/\/abcformation1986.fr\/wp-content\/uploads\/2024\/10\/DFP-Relations-internationals-100x100.png 100w, https:\/\/abcformation1986.fr\/wp-content\/uploads\/2024\/10\/DFP-Relations-internationals-150x150.png 150w, https:\/\/abcformation1986.fr\/wp-content\/uploads\/2024\/10\/DFP-Relations-internationals-12x12.png 12w\" sizes=\"auto, (max-width: 300px) 100vw, 300px\" \/><\/div>\n\t\t<\/figure>\n\t<\/div>\n<div class=\"vc_btn3-container vc_btn3-center\" >\n\t<a class=\"vc_general vc_btn3 vc_btn3-size-md vc_btn3-shape-square vc_btn3-style-3d vc_btn3-block vc_btn3-color-turquoise\" href=\"https:\/\/abcformation1986.fr\/en\/ressources-dfp\/\" title=\"\">Prepare <\/a><\/div>\n<div class=\"vc_btn3-container vc_btn3-center\" >\n\t<a class=\"vc_general vc_btn3 vc_btn3-size-md vc_btn3-shape-square vc_btn3-style-3d vc_btn3-block vc_btn3-color-turquoise\" href=\"https:\/\/abcformation1986.fr\/wp-content\/uploads\/2024\/10\/DFP-RELATIONS-INTERNATIONALS.pdf\" title=\"\">Catalogue du fran\u00e7ais professionnel Relations internationales<\/a><\/div>\n<\/div><\/div><\/div>\t<\/div>\n\t\t\t<\/div><div class=\"vc_row wpb_row vc_row-fluid\">\n\t\t\t\t<div class=\"mo-vc-row-ovelay\" style=\"\"><\/div>\n\t\t\t\t<div class=\"container\"><div class=\"wpb_column vc_column_container vc_col-sm-8\"><div class=\"vc_column-inner\"><div class=\"wpb_wrapper\"><div class=\"vc_separator wpb_content_element vc_separator_align_center vc_sep_width_100 vc_sep_shadow vc_sep_pos_align_center vc_separator_no_text vc_sep_color_turquoise\" ><span class=\"vc_sep_holder vc_sep_holder_l\"><span  class=\"vc_sep_line\"><\/span><\/span><span class=\"vc_sep_holder vc_sep_holder_r\"><span  class=\"vc_sep_line\"><\/span><\/span>\n<\/div><div  class=\"vc_toggle vc_toggle_rounded vc_toggle_color_turquoise vc_toggle_color_inverted vc_toggle_size_md\">\n\t<div class=\"vc_toggle_title\"><h4 style=\"color: #2ae3ed;text-align: left;font-family:Abril Fatface;font-weight:400;font-style:normal\" class=\"vc_custom_heading\">International Relations B1<\/h4><i class=\"vc_toggle_icon\"><\/i><\/div>\n\t<div class=\"vc_toggle_content\"><h3>Level<\/h3>\n<p>The Professional French Diploma International Relations B1 validates competence in French at CEFR level B1.<br \/>\nIt certifies basic competence in French at an independent level, which allows the user to understand and express themselves in everyday situations of social and professional life.<br \/>\nThe holder of this diploma can carry out professional communication tasks, both orally and in writing, in a predictable context.<\/p>\n<h3>Skills assessed<\/h3>\n<p><strong><em>Understanding and processing information:<\/em><\/strong><br \/>\nThe candidate can understand the essential elements of information documents (quantified data, short press articles, extracts from protocol guides, regulations, etc.) and internal (colleagues) and external (international partners) messages.<br \/>\nHe\/She can process or complete usual professional documents (data comments, press review, protocol event preparation sheet, job application form, country sheet, etc.) most common in relations professions. international.<br \/>\nThe candidate can select elements provided to organize them in a given format, write simple formal emails requesting information or responding or confirming, in usual professional situations.<br \/>\n<strong><em>Interact orally:<\/em><\/strong><br \/>\nThe candidate can take part in current exchanges in his\/her professional context, to present his\/her institution, the situation of a country, a mission, to explain or negotiate important aspects of an action.<\/p>\n<h3><img loading=\"lazy\" decoding=\"async\" class=\"alignnone wp-image-2287\" src=\"https:\/\/abcformation1986.fr\/wp-content\/uploads\/2019\/11\/Tableau-Activites_RI-B1-300x131.png\" alt=\"\" width=\"591\" height=\"258\" srcset=\"\" sizes=\"auto, (max-width: 591px) 100vw, 591px\" data-srcset=\"\" \/><\/h3>\n<p><strong>Total duration of the exam: 1 hour 45 minutes<\/strong><\/p>\n<\/div>\n<\/div>\n<div  class=\"vc_toggle vc_toggle_rounded vc_toggle_color_turquoise vc_toggle_color_inverted vc_toggle_size_md\">\n\t<div class=\"vc_toggle_title\"><h4 style=\"color: #2ae3ed;text-align: left;font-family:Abril Fatface;font-weight:400;font-style:normal\" class=\"vc_custom_heading\">International Relations B2<\/h4><i class=\"vc_toggle_icon\"><\/i><\/div>\n\t<div class=\"vc_toggle_content\"><h3><strong>Level<\/strong><\/h3>\n<p>The Professional French Diploma International Relations B2 validates competence in French at CEFR level B2.<br \/>\nIt certifies independent-level French language proficiency, which allows the user to communicate effectively in a wide range of professional communication situations.<br \/>\nThe holder of this diploma can carry out, orally and in writing, professional communication tasks, in all standard situations in their professional environment, including those which involve some management of the unexpected. .<\/p>\n<p>&nbsp;<\/p>\n<h3><strong>Skills assessed<\/strong><\/h3>\n<p><strong><em>Understanding and processing information:<\/em><\/strong><br \/>\nThe candidate can understand important details of most professional international relations writings.<br \/>\nHe\/She is capable of extracting relevant information from professional documents (notes, emails, figures, action plans, procedures, instructions, etc.) to act effectively.<br \/>\nHe\/She can understand long, structured interventions or interactions and take notes to write reports, summaries, reports, etc.<br \/>\n<strong><em>Interact orally:<\/em><\/strong><br \/>\nThe candidate is able to present structured information on major international themes (diplomacy, education, health, culture, security, etc.), and to provide relevant arguments to convince their interlocutor or audience. He\/She can react to the arguments of others and defend a point of view in formal presentation or interaction situations (meetings, round tables, forums, etc.) face-to-face or by telephone\/videoconference.<\/p>\n<p>&nbsp;<\/p>\n<h3>\u00a0<img loading=\"lazy\" decoding=\"async\" class=\"alignnone wp-image-2288\" src=\"https:\/\/abcformation1986.fr\/wp-content\/uploads\/2019\/11\/Tableau-Activites_RI-B2-300x119.png\" alt=\"\" width=\"653\" height=\"259\" srcset=\"\" sizes=\"auto, (max-width: 653px) 100vw, 653px\" data-srcset=\"\" \/><\/h3>\n<p>&nbsp;<\/p>\n<p><strong>Total duration of the exam: 2h30<\/strong><\/p>\n<\/div>\n<\/div>\n<div  class=\"vc_toggle vc_toggle_rounded vc_toggle_color_turquoise vc_toggle_color_inverted vc_toggle_size_md\">\n\t<div class=\"vc_toggle_title\"><h4 style=\"color: #2ae3ed;text-align: left;font-family:Abril Fatface;font-weight:400;font-style:normal\" class=\"vc_custom_heading\">International Relations C1<\/h4><i class=\"vc_toggle_icon\"><\/i><\/div>\n\t<div class=\"vc_toggle_content\"><h3><strong>Level<\/strong><\/h3>\n<p>The Professional French Diploma International Relations C1 validates French proficiency at CEFR level C1.<br \/>\nIt certifies proficiency in French at master's level, which allows the user to communicate effectively in a wide range of professional communication situations.<br \/>\nThe holder of this diploma can carry out, orally and in writing, professional communication tasks, in all situations in their professional environment, including those which involve some degree of management of the unexpected.<\/p>\n<p>&nbsp;<\/p>\n<h3><strong>Skills assessed<\/strong><\/h3>\n<p><strong><em>Understanding and processing information:<\/em><\/strong><br \/>\nThe candidate can understand in detail all types of professional international relations writings.<br \/>\nHe\/She is capable of extracting all the information from a wide range of professional documents of all lengths (documentary file, specialized press article, diplomatic dispatch, conference, meeting, expert debate, etc.) with implicit meanings to act efficiently and flexibly.<br \/>\nHe\/She can understand long and structured interventions\/interactions, complex technical information, take notes to write reports, summaries, reports, etc.<br \/>\n<em><strong>Interact orally:<\/strong><\/em><br \/>\nThe candidate is able to present structured information on major international themes (diplomacy, education, health, culture, security, etc.), and to provide relevant arguments to convince their interlocutor or audience. He\/She can react to the arguments of others and defend a point of view in formal presentation or interaction situations (meetings, round tables, forums, etc.), face to face or by telephone\/videoconference.<\/p>\n<p><img loading=\"lazy\" decoding=\"async\" class=\"alignnone wp-image-2289\" src=\"https:\/\/abcformation1986.fr\/wp-content\/uploads\/2019\/11\/Tableau-Activites_RI-C1-300x131.png\" alt=\"\" width=\"650\" height=\"284\" srcset=\"\" sizes=\"auto, (max-width: 650px) 100vw, 650px\" data-srcset=\"\" \/><\/p>\n<p><strong>Total duration of the exam: 2h30<\/strong><\/p>\n<\/div>\n<\/div>\n<\/div><\/div><\/div><div class=\"wpb_column vc_column_container vc_col-sm-4 vc_col-has-fill\"><div class=\"vc_column-inner vc_custom_1588177121159\"><div class=\"wpb_wrapper\">\n\t<div class=\"wpb_text_column wpb_content_element\" >\n\t\t<div class=\"wpb_wrapper\">\n\t\t\t<p style=\"text-align: center;\"><span style=\"color: #000000;\">Les guides du candidat<\/span><\/p>\n<p style=\"text-align: center;\"><span style=\"color: #000000;\"><a class=\"flex-liens\" style=\"color: #000000;\" href=\"https:\/\/www.lefrancaisdesaffaires.fr\/wp-content\/uploads\/2024\/09\/guide-candidat-dfp-affaires.pdf\" target=\"_blank\" rel=\"noopener noreferrer\"><i class=\"fa fa-file-pdf-o\"><\/i>Guide du candidat Affaires<\/a><\/span><\/p>\n<p style=\"text-align: center;\"><span style=\"color: #000000;\"><a class=\"flex-liens\" style=\"color: #000000;\" href=\"https:\/\/www.lefrancaisdesaffaires.fr\/wp-content\/uploads\/2018\/04\/Guide-Candidat_DFP-THR.pdf\" target=\"_blank\" rel=\"noopener noreferrer\"><i class=\"fa fa-file-pdf-o\"><\/i>Guide du candidat<\/a><a class=\"flex-liens\" style=\"color: #000000;\" href=\"https:\/\/www.lefrancaisdesaffaires.fr\/wp-content\/uploads\/2024\/09\/guide-candidat-dfp-thr.pdf\" target=\"_blank\" rel=\"noopener noreferrer\">Tourisme<\/a><\/span><\/p>\n<p style=\"text-align: center;\"><span style=\"color: #000000;\"><a class=\"flex-liens\" style=\"color: #000000;\" href=\"https:\/\/www.lefrancaisdesaffaires.fr\/wp-content\/uploads\/2024\/09\/guide-candidat-dfp-ri.pdf\" target=\"_blank\" rel=\"noopener noreferrer\"><i class=\"fa fa-file-pdf-o\"><\/i>Guide du candidat Relations internationales<\/a><\/span><\/p>\n\n\t\t<\/div>\n\t<\/div>\n<\/div><\/div><\/div>\t<\/div>\n\t\t\t<\/div><div class=\"vc_row wpb_row vc_row-fluid\">\n\t\t\t\t<div class=\"mo-vc-row-ovelay\" style=\"\"><\/div>\n\t\t\t\t<div class=\"container\"><div class=\"wpb_column vc_column_container vc_col-sm-12\"><div class=\"vc_column-inner\"><div class=\"wpb_wrapper\"><div class=\"vc_separator wpb_content_element vc_separator_align_center vc_sep_width_100 vc_sep_shadow vc_sep_pos_align_center vc_separator_no_text vc_sep_color_turquoise\" ><span class=\"vc_sep_holder vc_sep_holder_l\"><span  class=\"vc_sep_line\"><\/span><\/span><span class=\"vc_sep_holder vc_sep_holder_r\"><span  class=\"vc_sep_line\"><\/span><\/span>\n<\/div>\n\t<div class=\"wpb_text_column wpb_content_element  wpb_animate_when_almost_visible wpb_bounceInRight bounceInRight\" >\n\t\t<div class=\"wpb_wrapper\">\n\t\t\t<p style=\"text-align: center;\"><span style=\"color: #33cccc;\">Payment secured by debit card\u00a0<\/span><\/p>\n<p style=\"text-align: center;\">You can pay with your bank card.<\/p>\n<p style=\"text-align: center;\">By clicking on this link, you will be redirected to a secure online payment site.<\/p>\n<p style=\"text-align: center;\">You can no longer cancel your payment.<\/p>\n\n\t\t<\/div>\n\t<\/div>\n<\/div><\/div><\/div>\t<\/div>\n\t\t\t<\/div><div class=\"vc_row wpb_row vc_row-fluid\">\n\t\t\t\t<div class=\"mo-vc-row-ovelay\" style=\"\"><\/div>\n\t\t\t\t<div class=\"container\"><div class=\"wpb_column vc_column_container vc_col-sm-12\"><div class=\"vc_column-inner\"><div class=\"wpb_wrapper\"><div class=\"vc_btn3-container vc_btn3-center\" >\n\t<a class=\"vc_general vc_btn3 vc_btn3-size-md vc_btn3-shape-round vc_btn3-style-3d vc_btn3-color-turquoise\" href=\"https:\/\/abcformation1986.fr\/en\/boutique\/\" title=\"\">FOR ONLINE PAYMENT CLICK HERE <\/a><\/div>\n<\/div><\/div><\/div>\t<\/div>\n\t\t\t<\/div>","protected":false},"excerpt":{"rendered":"le Dipl\u00f4me de fran\u00e7ais professionnel\u00a0Relations internationales Valable \u00e0 vie,\u00a0le Dipl\u00f4me de fran\u00e7ais professionnel\u00a0Relations internationales\u00a0a \u00e9t\u00e9 cr\u00e9\u00e9\u00a0\u00e0 la demande\u00a0du\u00a0Minist\u00e8re des Affaires \u00e9trang\u00e8res et du D\u00e9veloppement international\u00a0et l\u2019Organisation internationale de la Francophonie. Ces deux institutions soutiennent l\u2019usage de la langue fran\u00e7aise au sein des organisations internationales et dans les \u00e9changes politiques et diplomatiques \u00e0 l\u2019international. &nbsp; Ce [...]","protected":false},"author":2,"featured_media":0,"parent":0,"menu_order":0,"comment_status":"closed","ping_status":"closed","template":"","meta":{"_uag_custom_page_level_css":"","footnotes":""},"class_list":["post-1865","page","type-page","status-publish","hentry"],"yoast_head":"<!-- This site is optimized with the Yoast SEO plugin v25.2 - https:\/\/yoast.com\/wordpress\/plugins\/seo\/ -->\n<title>DIPL\u00d4ME DE FRAN\u00c7AIS DES RELATIONS INTERNATIONALES - Centre de Formation ABC Franconville | FLE | TEF<\/title>\n<meta name=\"robots\" content=\"index, follow, max-snippet:-1, max-image-preview:large, max-video-preview:-1\" \/>\n<link rel=\"canonical\" href=\"https:\/\/abcformation1986.fr\/en\/diplome-de-francais-des-relations-internationales\/\" \/>\n<meta property=\"og:locale\" content=\"en_US\" \/>\n<meta property=\"og:type\" content=\"article\" \/>\n<meta property=\"og:title\" content=\"DIPL\u00d4ME DE FRAN\u00c7AIS DES RELATIONS INTERNATIONALES - Centre de Formation ABC Franconville | FLE | TEF\" \/>\n<meta property=\"og:url\" content=\"https:\/\/abcformation1986.fr\/en\/diplome-de-francais-des-relations-internationales\/\" \/>\n<meta property=\"og:site_name\" content=\"Centre de Formation ABC Franconville | FLE | TEF\" \/>\n<meta property=\"article:publisher\" content=\"http:\/\/@abcformation\" \/>\n<meta property=\"article:modified_time\" content=\"2024-12-11T14:34:40+00:00\" \/>\n<meta property=\"og:image\" content=\"https:\/\/abcformation1986.fr\/wp-content\/uploads\/2020\/01\/LOGO-ELIGIBLE.jpg\" \/>\n<meta name=\"twitter:card\" content=\"summary_large_image\" \/>\n<meta name=\"twitter:site\" content=\"@abc_formation\" \/>\n<meta name=\"twitter:label1\" content=\"Est. reading time\" \/>\n\t<meta name=\"twitter:data1\" content=\"9 minutes\" \/>\n<script type=\"application\/ld+json\" class=\"yoast-schema-graph\">{\"@context\":\"https:\/\/schema.org\",\"@graph\":[{\"@type\":\"WebPage\",\"@id\":\"https:\/\/abcformation1986.fr\/en\/diplome-de-francais-des-relations-internationales\/\",\"url\":\"https:\/\/abcformation1986.fr\/en\/diplome-de-francais-des-relations-internationales\/\",\"name\":\"DIPL\u00d4ME DE FRAN\u00c7AIS DES RELATIONS INTERNATIONALES - Centre de Formation ABC Franconville | FLE | TEF\",\"isPartOf\":{\"@id\":\"https:\/\/abcformation1986.fr\/#website\"},\"primaryImageOfPage\":{\"@id\":\"https:\/\/abcformation1986.fr\/en\/diplome-de-francais-des-relations-internationales\/#primaryimage\"},\"image\":{\"@id\":\"https:\/\/abcformation1986.fr\/en\/diplome-de-francais-des-relations-internationales\/#primaryimage\"},\"thumbnailUrl\":\"https:\/\/abcformation1986.fr\/wp-content\/uploads\/2020\/01\/LOGO-ELIGIBLE.jpg\",\"datePublished\":\"2019-03-28T15:32:43+00:00\",\"dateModified\":\"2024-12-11T14:34:40+00:00\",\"breadcrumb\":{\"@id\":\"https:\/\/abcformation1986.fr\/en\/diplome-de-francais-des-relations-internationales\/#breadcrumb\"},\"inLanguage\":\"en-US\",\"potentialAction\":[{\"@type\":\"ReadAction\",\"target\":[\"https:\/\/abcformation1986.fr\/en\/diplome-de-francais-des-relations-internationales\/\"]}]},{\"@type\":\"ImageObject\",\"inLanguage\":\"en-US\",\"@id\":\"https:\/\/abcformation1986.fr\/en\/diplome-de-francais-des-relations-internationales\/#primaryimage\",\"url\":\"https:\/\/abcformation1986.fr\/wp-content\/uploads\/2020\/01\/LOGO-ELIGIBLE.jpg\",\"contentUrl\":\"https:\/\/abcformation1986.fr\/wp-content\/uploads\/2020\/01\/LOGO-ELIGIBLE.jpg\"},{\"@type\":\"BreadcrumbList\",\"@id\":\"https:\/\/abcformation1986.fr\/en\/diplome-de-francais-des-relations-internationales\/#breadcrumb\",\"itemListElement\":[{\"@type\":\"ListItem\",\"position\":1,\"name\":\"Home\",\"item\":\"https:\/\/abcformation1986.fr\/\"},{\"@type\":\"ListItem\",\"position\":2,\"name\":\"DIPL\u00d4ME DE FRAN\u00c7AIS DES RELATIONS INTERNATIONALES\"}]},{\"@type\":\"WebSite\",\"@id\":\"https:\/\/abcformation1986.fr\/#website\",\"url\":\"https:\/\/abcformation1986.fr\/\",\"name\":\"Centre de Formation ABC Franconville | FLE | TEF\",\"description\":\"Acteur historique de  la formation, de l\u2019insertion et de la  reconversion professionnelle depuis 1986\",\"publisher\":{\"@id\":\"https:\/\/abcformation1986.fr\/#organization\"},\"potentialAction\":[{\"@type\":\"SearchAction\",\"target\":{\"@type\":\"EntryPoint\",\"urlTemplate\":\"https:\/\/abcformation1986.fr\/?s={search_term_string}\"},\"query-input\":{\"@type\":\"PropertyValueSpecification\",\"valueRequired\":true,\"valueName\":\"search_term_string\"}}],\"inLanguage\":\"en-US\"},{\"@type\":\"Organization\",\"@id\":\"https:\/\/abcformation1986.fr\/#organization\",\"name\":\"ABCFORMATION\",\"url\":\"https:\/\/abcformation1986.fr\/\",\"logo\":{\"@type\":\"ImageObject\",\"inLanguage\":\"en-US\",\"@id\":\"https:\/\/abcformation1986.fr\/#\/schema\/logo\/image\/\",\"url\":\"https:\/\/abcformation1986.fr\/wp-content\/uploads\/2018\/11\/abclogo.png\",\"contentUrl\":\"https:\/\/abcformation1986.fr\/wp-content\/uploads\/2018\/11\/abclogo.png\",\"width\":134,\"height\":82,\"caption\":\"ABCFORMATION\"},\"image\":{\"@id\":\"https:\/\/abcformation1986.fr\/#\/schema\/logo\/image\/\"},\"sameAs\":[\"http:\/\/@abcformation\",\"https:\/\/x.com\/abc_formation\",\"http:\/\/abcformation1986\"]}]}<\/script>\n<!-- \/ Yoast SEO plugin. -->","yoast_head_json":{"title":"DIPL\u00d4ME DE FRAN\u00c7AIS DES RELATIONS INTERNATIONALES - Centre de Formation ABC Franconville | FLE | TEF","robots":{"index":"index","follow":"follow","max-snippet":"max-snippet:-1","max-image-preview":"max-image-preview:large","max-video-preview":"max-video-preview:-1"},"canonical":"https:\/\/abcformation1986.fr\/en\/diplome-de-francais-des-relations-internationales\/","og_locale":"en_US","og_type":"article","og_title":"DIPL\u00d4ME DE FRAN\u00c7AIS DES RELATIONS INTERNATIONALES - Centre de Formation ABC Franconville | FLE | TEF","og_url":"https:\/\/abcformation1986.fr\/en\/diplome-de-francais-des-relations-internationales\/","og_site_name":"Centre de Formation ABC Franconville | FLE | TEF","article_publisher":"http:\/\/@abcformation","article_modified_time":"2024-12-11T14:34:40+00:00","og_image":[{"url":"https:\/\/abcformation1986.fr\/wp-content\/uploads\/2020\/01\/LOGO-ELIGIBLE.jpg","type":"","width":"","height":""}],"twitter_card":"summary_large_image","twitter_site":"@abc_formation","twitter_misc":{"Est. reading time":"9 minutes"},"schema":{"@context":"https:\/\/schema.org","@graph":[{"@type":"WebPage","@id":"https:\/\/abcformation1986.fr\/en\/diplome-de-francais-des-relations-internationales\/","url":"https:\/\/abcformation1986.fr\/en\/diplome-de-francais-des-relations-internationales\/","name":"DIPL\u00d4ME DE FRAN\u00c7AIS DES RELATIONS INTERNATIONALES - Centre de Formation ABC Franconville | FLE | TEF","isPartOf":{"@id":"https:\/\/abcformation1986.fr\/#website"},"primaryImageOfPage":{"@id":"https:\/\/abcformation1986.fr\/en\/diplome-de-francais-des-relations-internationales\/#primaryimage"},"image":{"@id":"https:\/\/abcformation1986.fr\/en\/diplome-de-francais-des-relations-internationales\/#primaryimage"},"thumbnailUrl":"https:\/\/abcformation1986.fr\/wp-content\/uploads\/2020\/01\/LOGO-ELIGIBLE.jpg","datePublished":"2019-03-28T15:32:43+00:00","dateModified":"2024-12-11T14:34:40+00:00","breadcrumb":{"@id":"https:\/\/abcformation1986.fr\/en\/diplome-de-francais-des-relations-internationales\/#breadcrumb"},"inLanguage":"en-US","potentialAction":[{"@type":"ReadAction","target":["https:\/\/abcformation1986.fr\/en\/diplome-de-francais-des-relations-internationales\/"]}]},{"@type":"ImageObject","inLanguage":"en-US","@id":"https:\/\/abcformation1986.fr\/en\/diplome-de-francais-des-relations-internationales\/#primaryimage","url":"https:\/\/abcformation1986.fr\/wp-content\/uploads\/2020\/01\/LOGO-ELIGIBLE.jpg","contentUrl":"https:\/\/abcformation1986.fr\/wp-content\/uploads\/2020\/01\/LOGO-ELIGIBLE.jpg"},{"@type":"BreadcrumbList","@id":"https:\/\/abcformation1986.fr\/en\/diplome-de-francais-des-relations-internationales\/#breadcrumb","itemListElement":[{"@type":"ListItem","position":1,"name":"Home","item":"https:\/\/abcformation1986.fr\/"},{"@type":"ListItem","position":2,"name":"DIPL\u00d4ME DE FRAN\u00c7AIS DES RELATIONS INTERNATIONALES"}]},{"@type":"WebSite","@id":"https:\/\/abcformation1986.fr\/#website","url":"https:\/\/abcformation1986.fr\/","name":"Centre de Formation ABC Franconville | FLE | TEF","description":"Acteur historique de  la formation, de l\u2019insertion et de la  reconversion professionnelle depuis 1986","publisher":{"@id":"https:\/\/abcformation1986.fr\/#organization"},"potentialAction":[{"@type":"SearchAction","target":{"@type":"EntryPoint","urlTemplate":"https:\/\/abcformation1986.fr\/?s={search_term_string}"},"query-input":{"@type":"PropertyValueSpecification","valueRequired":true,"valueName":"search_term_string"}}],"inLanguage":"en-US"},{"@type":"Organization","@id":"https:\/\/abcformation1986.fr\/#organization","name":"ABCFORMATION","url":"https:\/\/abcformation1986.fr\/","logo":{"@type":"ImageObject","inLanguage":"en-US","@id":"https:\/\/abcformation1986.fr\/#\/schema\/logo\/image\/","url":"https:\/\/abcformation1986.fr\/wp-content\/uploads\/2018\/11\/abclogo.png","contentUrl":"https:\/\/abcformation1986.fr\/wp-content\/uploads\/2018\/11\/abclogo.png","width":134,"height":82,"caption":"ABCFORMATION"},"image":{"@id":"https:\/\/abcformation1986.fr\/#\/schema\/logo\/image\/"},"sameAs":["http:\/\/@abcformation","https:\/\/x.com\/abc_formation","http:\/\/abcformation1986"]}]}},"uagb_featured_image_src":{"full":false,"thumbnail":false,"medium":false,"medium_large":false,"large":false,"1536x1536":false,"2048x2048":false,"trp-custom-language-flag":false,"hala-full":false,"hala-medium":false,"hala-small":false,"hala-team":false,"hala-thumb":false,"woocommerce_thumbnail":false,"woocommerce_single":false,"woocommerce_gallery_thumbnail":false},"uagb_author_info":{"display_name":"abc formation","author_link":"https:\/\/abcformation1986.fr\/en\/author\/abcformation\/"},"uagb_comment_info":0,"uagb_excerpt":null,"jetpack_sharing_enabled":true,"_links":{"self":[{"href":"https:\/\/abcformation1986.fr\/en\/wp-json\/wp\/v2\/pages\/1865","targetHints":{"allow":["GET"]}}],"collection":[{"href":"https:\/\/abcformation1986.fr\/en\/wp-json\/wp\/v2\/pages"}],"about":[{"href":"https:\/\/abcformation1986.fr\/en\/wp-json\/wp\/v2\/types\/page"}],"author":[{"embeddable":true,"href":"https:\/\/abcformation1986.fr\/en\/wp-json\/wp\/v2\/users\/2"}],"replies":[{"embeddable":true,"href":"https:\/\/abcformation1986.fr\/en\/wp-json\/wp\/v2\/comments?post=1865"}],"version-history":[{"count":7,"href":"https:\/\/abcformation1986.fr\/en\/wp-json\/wp\/v2\/pages\/1865\/revisions"}],"predecessor-version":[{"id":10744,"href":"https:\/\/abcformation1986.fr\/en\/wp-json\/wp\/v2\/pages\/1865\/revisions\/10744"}],"wp:attachment":[{"href":"https:\/\/abcformation1986.fr\/en\/wp-json\/wp\/v2\/media?parent=1865"}],"curies":[{"name":"wp","href":"https:\/\/api.w.org\/{rel}","templated":true}]}}