{"id":1862,"date":"2019-03-28T15:30:29","date_gmt":"2019-03-28T15:30:29","guid":{"rendered":"https:\/\/abcformation1986.fr\/?page_id=1862"},"modified":"2024-12-06T14:00:15","modified_gmt":"2024-12-06T14:00:15","slug":"diplome-de-francais-des-affaires","status":"publish","type":"page","link":"https:\/\/abcformation1986.fr\/en\/diplome-de-francais-des-affaires\/","title":{"rendered":"BUSINESS FRENCH DIPLOMA"},"content":{"rendered":"<div class=\"vc_row wpb_row vc_row-fluid\">\n\t\t\t\t<div class=\"mo-vc-row-ovelay\" style=\"\"><\/div>\n\t\t\t\t<div class=\"container\"><div class=\"wpb_column vc_column_container vc_col-sm-8\"><div class=\"vc_column-inner\"><div class=\"wpb_wrapper\">\n\t<div class=\"wpb_text_column wpb_content_element\" >\n\t\t<div class=\"wpb_wrapper\">\n\t\t\t<h1 style=\"text-align: center;\"><strong><img loading=\"lazy\" decoding=\"async\" class=\"wp-image-2560 alignleft\" src=\"https:\/\/abcformation1986.fr\/wp-content\/uploads\/2020\/04\/images.png\" alt=\"\" width=\"132\" height=\"130\" \/><\/strong><\/h1>\n<h2 style=\"text-align: center;\"><span style=\"color: #33cccc; text-shadow: 2px 2px 4px #000000;\"><em><strong>BUSINESS FRENCH DIPLOMA<\/strong><\/em><a href=\"https:\/\/www.moncompteformation.gouv.fr\/espace-public\/comment-sinscrire-sur-mon-compte-formation\"><img loading=\"lazy\" decoding=\"async\" class=\"wp-image-2349 alignright\" src=\"https:\/\/abcformation1986.fr\/wp-content\/uploads\/2020\/01\/LOGO-ELIGIBLE.jpg\" alt=\"\" width=\"158\" height=\"139\" \/><\/a><\/span><\/h2>\n<p style=\"text-align: justify;\"><strong>Valid for life<\/strong>, the Professional French Business Diploma will allow you to certify that you are able to use French effectively, orally and in writing, in the main professional communication situations and that you are operational in relational functions, administrative and commercial aspects of the company.<\/p>\n<h3><\/h3>\n<p>&nbsp;<\/p>\n<h3><span style=\"color: #33cccc;\"><em><strong>For who ?<\/strong><\/em><\/span><\/h3>\n<p style=\"text-align: justify;\">All\u00a0\u00a0students\u00a0or\u00a0professionals\u00a0who work or will be called upon to communicate in French in a professional context and who wish to validate their acquired knowledge with a diploma.<\/p>\n<p style=\"text-align: justify;\">This diploma is aimed in particular at staff of companies or administrations, in all functions which put them in communication, orally or in writing, with French-speaking interlocutors.<\/p>\n<p>Applicants must meet the following\u00a0prerequisites:<\/p>\n<ul style=\"text-align: justify; line-height: 20px;\">\n<li>Be 16 years or older,<\/li>\n<li>Be a reader\/writer. Recommended minimum level of secondary education,<\/li>\n<li>Be able to enter text on a computer and use the mouse to point<br \/>\nan element or move it,<\/li>\n<li>Have at least theoretical knowledge of the realities of the professional world.<br \/>\n<h3><span style=\"color: #33cccc;\"><em><strong>Examples of activities and themes covered<\/strong><\/em><\/span><\/h3>\n<p style=\"text-align: justify;\"><strong>Activities :<\/strong>\u00a0Complete a form, comment on a graph, write a note, write a report, meet and provide information to a client, present your professional journey, argue with a decision-maker.<\/p>\n<p><strong>Themes<\/strong>\u00a0: Professional world, business, social, economic and commercial realities, negotiations.<\/p>\n<h3><span style=\"color: #33cccc;\"><em><strong>Detailed description of Diplomas by level<\/strong><\/em><\/span><\/h3>\n<p style=\"text-align: justify;\"><em>Business French<\/em>\u00a0offers five Professional French Diplomas<strong>\u00a0Business,<\/strong>\u00a0<strong>from level A1 to C1,<\/strong>\u00a0the\u00a0<strong>DFP B1<\/strong>, and two Professional French Diplomas<strong>\u00a0Secretariat, level B1 and B2<\/strong>\u00a0:<\/p>\n<div class=\"titre-bloc-deroulant\">\n<p style=\"text-align: justify;\">All our diplomas have been registered in the Inventory of\u00a0<strong><a href=\"http:\/\/www.cncp.gouv.fr\/\" target=\"_blank\" rel=\"noopener noreferrer\">CNCP<\/a>\u00a0\u2013 National Commission for Professional Certification<\/strong>. It lists the certifications and authorizations corresponding to transversal skills exercised in a professional situation.\u00a0<a href=\"https:\/\/www.lefrancaisdesaffaires.fr\/diplomes-de-francais-professionnel-a-linventaire\/\" target=\"_blank\" rel=\"noopener noreferrer\">To know more.<\/a><\/p>\n<p style=\"text-align: justify;\">The registration of our Diplomas in the Inventory allows learners who follow training including the passing of this certification to benefit from the\u00a0<strong>financing of the Personal Training Account<\/strong>\u00a0(<a href=\"http:\/\/www.moncompteformation.gouv.fr\/\" target=\"_blank\" rel=\"noopener noreferrer\">CPF)<\/a><\/p>\n<h2><span style=\"color: #33cccc;\"><em><strong>Business A1<\/strong><\/em><\/span><\/h2>\n<table>\n<tbody>\n<tr>\n<td><a href=\"https:\/\/cci-paris-idf.assessmentq.com\/?treeStructureAccessCode=DA745387-C247-4648-A1BA-407BB9DE792D&amp;userAccessCode=1f23733a-c2ee-4b68-8cc2-fa5eab63fd93#54werq\" target=\"_blank\" rel=\"noopener\"><img loading=\"lazy\" decoding=\"async\" class=\"\" src=\"https:\/\/abcformation1986.fr\/wp-content\/uploads\/2024\/12\/logo-DFP-site.png.webp\" alt=\"\" width=\"412\" height=\"269\" \/><\/a><\/td>\n<td><a href=\"https:\/\/cci-paris-idf.assessmentq.com\/?treeStructureAccessCode=f8d4e914-ec85-4cbb-996a-156f03306881&amp;userAccessCode=1f23733a-c2ee-4b68-8cc2-fa5eab63fd93\" target=\"_blank\" rel=\"noopener\"><img loading=\"lazy\" decoding=\"async\" class=\"\" src=\"https:\/\/abcformation1986.fr\/wp-content\/uploads\/2024\/12\/logo-DFP-site.png.webp\" alt=\"\" width=\"414\" height=\"271\" \/><\/a><\/td>\n<\/tr>\n<\/tbody>\n<\/table>\n<p>&nbsp;<\/p>\n<h2><span style=\"color: #33cccc;\"><em><strong>Business A2<\/strong><\/em><\/span><\/h2>\n<table>\n<tbody>\n<tr>\n<td><a href=\"https:\/\/cci-paris-idf.assessmentq.com\/?treeStructureAccessCode=B7DDA282-9E30-4923-BA9A-C6DE90FD60D5&amp;userAccessCode=1f23733a-c2ee-4b68-8cc2-fa5eab63fd93\" target=\"_blank\" rel=\"noopener\"><img loading=\"lazy\" decoding=\"async\" class=\"\" src=\"https:\/\/abcformation1986.fr\/wp-content\/uploads\/2024\/12\/logo-DFP-site.png.webp\" alt=\"\" width=\"418\" height=\"273\" \/><\/a><\/td>\n<td><a href=\"https:\/\/cci-paris-idf.assessmentq.com\/?treeStructureAccessCode=79c8686b-0d92-4607-8909-2a6045973313&amp;userAccessCode=1f23733a-c2ee-4b68-8cc2-fa5eab63fd93\" target=\"_blank\" rel=\"noopener\"><img loading=\"lazy\" decoding=\"async\" class=\"\" src=\"https:\/\/abcformation1986.fr\/wp-content\/uploads\/2024\/12\/logo-DFP-site.png.webp\" alt=\"\" width=\"406\" height=\"266\" \/><\/a><\/td>\n<\/tr>\n<\/tbody>\n<\/table>\n<p>&nbsp;<\/p>\n<h2><span style=\"color: #33cccc;\"><em><strong>Business B1<\/strong><\/em><\/span><\/h2>\n<table>\n<tbody>\n<tr>\n<td><a href=\"https:\/\/cci-paris-idf.assessmentq.com\/?treeStructureAccessCode=A18D606E-67D9-4DA5-A7B8-44BC73FBF265&amp;userAccessCode=1f23733a-c2ee-4b68-8cc2-fa5eab63fd93\" target=\"_blank\" rel=\"noopener\"><img loading=\"lazy\" decoding=\"async\" class=\"\" src=\"https:\/\/abcformation1986.fr\/wp-content\/uploads\/2024\/12\/logo-DFP-site.png.webp\" alt=\"\" width=\"410\" height=\"268\" \/><\/a><\/td>\n<td><a href=\"https:\/\/cci-paris-idf.assessmentq.com\/?treeStructureAccessCode=db79f77f-696d-4600-ab5f-2d6088ecaf80&amp;userAccessCode=1f23733a-c2ee-4b68-8cc2-fa5eab63fd93\" target=\"_blank\" rel=\"noopener\"><img loading=\"lazy\" decoding=\"async\" class=\"\" src=\"https:\/\/abcformation1986.fr\/wp-content\/uploads\/2024\/12\/logo-DFP-site.png.webp\" alt=\"\" width=\"423\" height=\"277\" \/><\/a><\/td>\n<\/tr>\n<\/tbody>\n<\/table>\n<p>&nbsp;<\/p>\n<h2><span style=\"color: #33cccc;\"><em><strong>Business B2<\/strong><\/em><\/span><\/h2>\n<table>\n<tbody>\n<tr>\n<td><a href=\"https:\/\/cci-paris-idf.assessmentq.com\/?treeStructureAccessCode=D759C1D2-45AC-4B5D-BB2B-284838673208&amp;userAccessCode=1f23733a-c2ee-4b68-8cc2-fa5eab63fd93\" target=\"_blank\" rel=\"noopener\"><img loading=\"lazy\" decoding=\"async\" class=\"\" src=\"https:\/\/abcformation1986.fr\/wp-content\/uploads\/2024\/12\/logo-DFP-site.png.webp\" alt=\"\" width=\"419\" height=\"274\" \/><\/a><\/td>\n<td><a href=\"https:\/\/cci-paris-idf.assessmentq.com\/?treeStructureAccessCode=e35db0e6-52b6-4906-8258-85364a71ffae&amp;userAccessCode=1f23733a-c2ee-4b68-8cc2-fa5eab63fd93\" target=\"_blank\" rel=\"noopener\"><img loading=\"lazy\" decoding=\"async\" class=\"\" src=\"https:\/\/abcformation1986.fr\/wp-content\/uploads\/2024\/12\/logo-DFP-site.png.webp\" alt=\"\" width=\"424\" height=\"278\" \/><\/a><\/td>\n<\/tr>\n<\/tbody>\n<\/table>\n<p>&nbsp;<\/p>\n<h2><span style=\"color: #008080;\"><em><strong>Business C1<\/strong><\/em><\/span><\/h2>\n<table>\n<tbody>\n<tr>\n<td><a href=\"https:\/\/cci-paris-idf.assessmentq.com\/?treeStructureAccessCode=4571A0D8-092A-423F-8AE4-7E6501D8F4F0&amp;userAccessCode=1f23733a-c2ee-4b68-8cc2-fa5eab63fd93\" target=\"_blank\" rel=\"noopener\"><img loading=\"lazy\" decoding=\"async\" class=\"\" src=\"https:\/\/abcformation1986.fr\/wp-content\/uploads\/2024\/12\/logo-DFP-site.png.webp\" alt=\"\" width=\"424\" height=\"278\" \/><\/a><\/td>\n<td><a href=\"https:\/\/cci-paris-idf.assessmentq.com\/?treeStructureAccessCode=ccc42dd4-87ba-4939-a157-7a10a7197c3c&amp;userAccessCode=1f23733a-c2ee-4b68-8cc2-fa5eab63fd93\" target=\"_blank\" rel=\"noopener\"><img loading=\"lazy\" decoding=\"async\" class=\"\" src=\"https:\/\/abcformation1986.fr\/wp-content\/uploads\/2024\/12\/logo-DFP-site.png.webp\" alt=\"\" width=\"413\" height=\"270\" \/><\/a><\/td>\n<\/tr>\n<\/tbody>\n<\/table>\n<\/div>\n<\/li>\n<\/ul>\n\n\t\t<\/div>\n\t<\/div>\n<div class=\"vc_separator wpb_content_element vc_separator_align_center vc_sep_width_100 vc_sep_shadow vc_sep_border_width_3 vc_sep_pos_align_center vc_separator_no_text\" ><span class=\"vc_sep_holder vc_sep_holder_l\"><span  style=\"border-color:#008080;\" class=\"vc_sep_line\"><\/span><\/span><span class=\"vc_sep_holder vc_sep_holder_r\"><span  style=\"border-color:#008080;\" class=\"vc_sep_line\"><\/span><\/span>\n<\/div><\/div><\/div><\/div><div class=\"wpb_column vc_column_container vc_col-sm-4\"><div class=\"vc_column-inner\"><div class=\"wpb_wrapper\">\n\t<div  class=\"wpb_single_image wpb_content_element vc_align_center\">\n\t\t\n\t\t<figure class=\"wpb_wrapper vc_figure\">\n\t\t\t<div class=\"vc_single_image-wrapper   vc_box_border_grey\"><img loading=\"lazy\" decoding=\"async\" width=\"300\" height=\"300\" src=\"https:\/\/abcformation1986.fr\/wp-content\/uploads\/2024\/10\/DFP-affaire.png\" class=\"vc_single_image-img attachment-medium\" alt=\"\" srcset=\"https:\/\/abcformation1986.fr\/wp-content\/uploads\/2024\/10\/DFP-affaire.png 300w, https:\/\/abcformation1986.fr\/wp-content\/uploads\/2024\/10\/DFP-affaire-291x291.png 291w, https:\/\/abcformation1986.fr\/wp-content\/uploads\/2024\/10\/DFP-affaire-100x100.png 100w, https:\/\/abcformation1986.fr\/wp-content\/uploads\/2024\/10\/DFP-affaire-150x150.png 150w, https:\/\/abcformation1986.fr\/wp-content\/uploads\/2024\/10\/DFP-affaire-12x12.png 12w\" sizes=\"auto, (max-width: 300px) 100vw, 300px\" \/><\/div>\n\t\t<\/figure>\n\t<\/div>\n<div class=\"vc_btn3-container vc_btn3-center\" >\n\t<a class=\"vc_general vc_btn3 vc_btn3-size-md vc_btn3-shape-square vc_btn3-style-3d vc_btn3-block vc_btn3-color-turquoise\" href=\"https:\/\/abcformation1986.fr\/en\/ressources-dfp\/\" title=\"\">Prepare <\/a><\/div>\n<div class=\"vc_btn3-container vc_btn3-center\" >\n\t<a class=\"vc_general vc_btn3 vc_btn3-size-md vc_btn3-shape-square vc_btn3-style-3d vc_btn3-block vc_btn3-color-turquoise\" href=\"https:\/\/abcformation1986.fr\/wp-content\/uploads\/2024\/10\/catalogue-DFP-AFFAIRES.pdf\" title=\"\">Catalogue du dipl\u00f4me de fran\u00e7ais des affaires<\/a><\/div>\n<div class=\"vc_separator wpb_content_element vc_separator_align_center vc_sep_width_100 vc_sep_pos_align_center vc_separator_no_text vc_sep_color_grey\" ><span class=\"vc_sep_holder vc_sep_holder_l\"><span  class=\"vc_sep_line\"><\/span><\/span><span class=\"vc_sep_holder vc_sep_holder_r\"><span  class=\"vc_sep_line\"><\/span><\/span>\n<\/div><div class=\"vc_btn3-container vc_btn3-center\" >\n\t<a class=\"vc_general vc_btn3 vc_btn3-size-md vc_btn3-shape-square vc_btn3-style-3d vc_btn3-block vc_btn3-color-turquoise\" href=\"https:\/\/abcformation1986.fr\/wp-content\/uploads\/2024\/10\/catalogue-DFP-2023-affaires-programmes.pdf\" title=\"\">Pr\u00e9sentation des dipl\u00f4mes de fran\u00e7ais des affaires<\/a><\/div>\n\n\t<div  class=\"wpb_single_image wpb_content_element vc_align_center\">\n\t\t\n\t\t<figure class=\"wpb_wrapper vc_figure\">\n\t\t\t<div class=\"vc_single_image-wrapper   vc_box_border_grey\"><img loading=\"lazy\" decoding=\"async\" width=\"300\" height=\"300\" src=\"https:\/\/abcformation1986.fr\/wp-content\/uploads\/2024\/10\/Qr-codePresentation-des-diplomes-de-francais-des-affaires.png\" class=\"vc_single_image-img attachment-medium\" alt=\"\" srcset=\"https:\/\/abcformation1986.fr\/wp-content\/uploads\/2024\/10\/Qr-codePresentation-des-diplomes-de-francais-des-affaires.png 300w, https:\/\/abcformation1986.fr\/wp-content\/uploads\/2024\/10\/Qr-codePresentation-des-diplomes-de-francais-des-affaires-291x291.png 291w, https:\/\/abcformation1986.fr\/wp-content\/uploads\/2024\/10\/Qr-codePresentation-des-diplomes-de-francais-des-affaires-100x100.png 100w, https:\/\/abcformation1986.fr\/wp-content\/uploads\/2024\/10\/Qr-codePresentation-des-diplomes-de-francais-des-affaires-150x150.png 150w, https:\/\/abcformation1986.fr\/wp-content\/uploads\/2024\/10\/Qr-codePresentation-des-diplomes-de-francais-des-affaires-12x12.png 12w\" sizes=\"auto, (max-width: 300px) 100vw, 300px\" \/><\/div>\n\t\t<\/figure>\n\t<\/div>\n<\/div><\/div><\/div>\t<\/div>\n\t\t\t<\/div><div class=\"vc_row wpb_row vc_row-fluid\">\n\t\t\t\t<div class=\"mo-vc-row-ovelay\" style=\"\"><\/div>\n\t\t\t\t<div class=\"container\"><div class=\"wpb_column vc_column_container vc_col-sm-8\"><div class=\"vc_column-inner\"><div class=\"wpb_wrapper\"><div  class=\"vc_toggle vc_toggle_rounded vc_toggle_color_turquoise vc_toggle_color_inverted vc_toggle_size_md\">\n\t<div class=\"vc_toggle_title\"><h4 style=\"color: #008080;text-align: left;font-family:Abril Fatface;font-weight:400;font-style:normal\" class=\"vc_custom_heading\">Business A1<\/h4><i class=\"vc_toggle_icon\"><\/i><\/div>\n\t<div class=\"vc_toggle_content\"><h3><strong>Level<\/strong><\/h3>\n<p>The A1 Professional French Business Diploma validates CEFR level A1 French proficiency. It corresponds approximately to 60 \u2013 80 hours of learning.<\/p>\n<p>It certifies basic competence in French: the holder of this diploma can understand and express himself in the simplest and most usual situations of social and professional life in a familiar context, to carry out very simple professional tasks.<\/p>\n<h3><\/h3>\n<h3><strong>Skills assessed<\/strong><\/h3>\n<p><strong><em>Understand and process information:<\/em><\/strong><\/p>\n<p>The candidate can understand the essential elements of very simple professional written documents to carry out professional tasks.<\/p>\n<p>He\/She can understand the gist of a short and predictable message, face to face or on the telephone, to carry out very simple professional tasks.<\/p>\n<p>The candidate can write very short standardized professional messages related to a current social and professional activity.<\/p>\n<p><strong><em>Interact orally:<\/em><\/strong><\/p>\n<p>The candidate can establish very simple social and professional contacts and exchange to carry out professional tasks in a limited number of known or predictable situations.<\/p>\n<h3><strong><img loading=\"lazy\" decoding=\"async\" class=\"alignnone wp-image-2269\" src=\"https:\/\/abcformation1986.fr\/wp-content\/uploads\/2019\/11\/Tableau-Activites_Aff-A1-300x125.png\" alt=\"\" width=\"710\" height=\"296\" srcset=\"\" sizes=\"auto, (max-width: 710px) 100vw, 710px\" data-srcset=\"\" \/><\/strong><\/h3>\n<p>&nbsp;<\/p>\n<p><strong>Total exam duration: 60 min.<\/strong><\/p>\n<\/div>\n<\/div>\n<div  class=\"vc_toggle vc_toggle_rounded vc_toggle_color_turquoise vc_toggle_color_inverted vc_toggle_size_md\">\n\t<div class=\"vc_toggle_title\"><h4 style=\"color: #008080;text-align: left;font-family:Abril Fatface;font-weight:400;font-style:normal\" class=\"vc_custom_heading\">Business A2<\/h4><i class=\"vc_toggle_icon\"><\/i><\/div>\n\t<div class=\"vc_toggle_content\"><h3><strong>Level<\/strong><\/h3>\n<p>The A2 Professional French Business Diploma validates CEFR level A2 French proficiency. It corresponds approximately to 120 \u2013 150 hours of learning.<\/p>\n<p>It certifies basic competence in French: the holder of this diploma can understand and express himself to carry out communication tasks in the very simple situations of the most usual social and professional life.<\/p>\n<h3><\/h3>\n<h3><strong>Skills assessed<\/strong><\/h3>\n<p><strong><em>Understand and process information:<\/em><\/strong><\/p>\n<p>The candidate can understand the essential elements of simple professional written documents to carry out simple and common professional tasks.<\/p>\n<p>He\/She can write short and usual professional messages related to usual social and professional activity.<\/p>\n<p>The candidate can understand the gist of a short and predictable message, face to face or on the telephone, when it concerns their usual field of professional experience.<\/p>\n<p><strong><em>Interact orally:<\/em><\/strong><\/p>\n<p>The candidate can, with simple language, establish social contacts, describe their experience, their activity, exchange factual information, express an opinion, a preference, ask questions, etc., in a limited number of situations practices on common and known subjects.<\/p>\n<h3><img loading=\"lazy\" decoding=\"async\" class=\"alignnone wp-image-2272\" src=\"https:\/\/abcformation1986.fr\/wp-content\/uploads\/2019\/11\/Tableau-Activites_Aff-A2-300x118.png\" alt=\"\" width=\"672\" height=\"264\" srcset=\"\" sizes=\"auto, (max-width: 672px) 100vw, 672px\" data-srcset=\"\" \/><\/h3>\n<p><strong>Total exam duration: 60 min.<\/strong><\/p>\n<\/div>\n<\/div>\n<div  class=\"vc_toggle vc_toggle_rounded vc_toggle_color_turquoise vc_toggle_color_inverted vc_toggle_size_md\">\n\t<div class=\"vc_toggle_title\"><h4 style=\"color: #008080;text-align: left;font-family:Abril Fatface;font-weight:400;font-style:normal\" class=\"vc_custom_heading\">Business B1<\/h4><i class=\"vc_toggle_icon\"><\/i><\/div>\n\t<div class=\"vc_toggle_content\"><h3><strong>Level<\/strong><\/h3>\n<p>The B1 Professional French Business Diploma validates CEFR level B1 French proficiency. It corresponds to approximately 250 hours of learning.<\/p>\n<p>It certifies competence in French at an independent level, which allows the user to understand and express themselves in common situations of social and professional life.<\/p>\n<p>The holder of this diploma can carry out common professional communication acts in a predictable context.<\/p>\n<h3><\/h3>\n<h3><strong>Skills assessed<\/strong><\/h3>\n<p><strong><em>Understand and process information:<\/em><\/strong><\/p>\n<p>The candidate can understand the essential elements of simple reports, texts or common professional documents.<\/p>\n<p>He\/She can understand the gist of a predictable message (in its form and content), face to face or on the telephone, within his\/her field of professional experience.<\/p>\n<p>The candidate can take elements provided to organize them in a given format, write current messages, related to usual social and professional activity.<\/p>\n<p><strong><em>Interact orally:<\/em><\/strong><\/p>\n<p>The candidate can take part in current exchanges in their professional context, describe their activity, exchange factual information, discuss an option, give explanations in practical situations on known subjects.<\/p>\n<h3><\/h3>\n<p><img loading=\"lazy\" decoding=\"async\" class=\"alignnone wp-image-2275\" src=\"https:\/\/abcformation1986.fr\/wp-content\/uploads\/2019\/11\/Tableau-Activites_Aff-B1-300x140.png\" alt=\"\" width=\"677\" height=\"316\" srcset=\"\" sizes=\"auto, (max-width: 677px) 100vw, 677px\" data-srcset=\"\" \/><\/p>\n<p><strong><em>Total duration of the exam: 1 hour 45 minutes.<\/em><\/strong><\/p>\n<\/div>\n<\/div>\n<div  class=\"vc_toggle vc_toggle_rounded vc_toggle_color_turquoise vc_toggle_color_inverted vc_toggle_size_md\">\n\t<div class=\"vc_toggle_title\"><h4 style=\"color: #008080;text-align: left;font-family:Abril Fatface;font-weight:400;font-style:normal\" class=\"vc_custom_heading\">Business B2<\/h4><i class=\"vc_toggle_icon\"><\/i><\/div>\n\t<div class=\"vc_toggle_content\"><h3><strong>Level<\/strong><\/h3>\n<p>The B2 Professional French Business Diploma validates CEFR level B2 French proficiency. It corresponds approximately to 350 hours of learning.<\/p>\n<p>It certifies independent-level French language proficiency, which allows the user to communicate effectively in a wide range of professional communication situations.<\/p>\n<p>The holder of this diploma can carry out, orally and in writing, professional communication tasks, in all standard situations in their professional environment, including those which involve some management of the unexpected. .<\/p>\n<h3><\/h3>\n<h3><strong>Skills assessed<\/strong><\/h3>\n<p><strong><em>Understand and process information:<\/em><\/strong><\/p>\n<p>The candidate can understand important details of most of the company's professional writings. He\/She is able to extract relevant information from professional documents (reports, instructions, instructions, notes, emails, letters, etc.) to act effectively.<\/p>\n<p>He\/She can understand long, structured interventions or interactions and take notes to write reports, summaries, reports, etc.<\/p>\n<p><strong><em>Interact orally:<\/em><\/strong><\/p>\n<p>The candidate is able to present structured information, relevant arguments, to convince his\/her interlocutor or audience, he\/she can react to the arguments of others and defend a point of view in presentation or presentation situations. formal interaction (meeting, round tables, negotiation, etc.)<\/p>\n<h3><\/h3>\n<p><strong><img loading=\"lazy\" decoding=\"async\" class=\"alignnone wp-image-2277\" src=\"https:\/\/abcformation1986.fr\/wp-content\/uploads\/2019\/11\/Tableau-Activites_Aff-B2-300x109.png\" alt=\"\" width=\"661\" height=\"240\" srcset=\"\" sizes=\"auto, (max-width: 661px) 100vw, 661px\" data-srcset=\"\" \/><\/strong><\/p>\n<p><strong>Total duration of the exam: 2h30.<\/strong><\/p>\n<\/div>\n<\/div>\n<div  class=\"vc_toggle vc_toggle_rounded vc_toggle_color_turquoise vc_toggle_color_inverted vc_toggle_size_md\">\n\t<div class=\"vc_toggle_title\"><h4 style=\"color: #008080;text-align: left;font-family:Abril Fatface;font-weight:400;font-style:normal\" class=\"vc_custom_heading\">Business C1<\/h4><i class=\"vc_toggle_icon\"><\/i><\/div>\n\t<div class=\"vc_toggle_content\"><h3><strong>Level<\/strong><\/h3>\n<p>The C1 Professional French Business Diploma validates CEFR level C1 French proficiency. It corresponds to approximately 500 hours of learning.<\/p>\n<p>It certifies proficiency in French at an experienced level, which allows the user to communicate effectively, precisely and adapted to the interlocutor, in all professional communication situations.<\/p>\n<p>The holder of this diploma can carry out professional communication tasks with ease, orally and in writing, in all standard situations in their professional environment. He can also adapt his communication to react effectively to unforeseen situations.<\/p>\n<h3><\/h3>\n<h3><strong>Skills assessed<\/strong><\/h3>\n<p><strong><em>Understand and process information:<\/em><\/strong><\/p>\n<p>The candidate can understand and process a wide range of long and complex documents, written or oral, accurately identifying points of view and arguments, even implicit ones, appreciating nuances of style and tone.<\/p>\n<p>He\/She is capable of writing professional writing that is structured and precise, nuanced and adapted to the recipient, as part of a commercial transaction or in response to an identified problem.<\/p>\n<p><strong><em>Interact orally:<\/em><\/strong><\/p>\n<p>The candidate is capable of developing rich and precise arguments, of finely structuring his\/her speech and of adapting flexibly to unforeseen events. He\/she can improvise an appropriate and effective response to a complex or unexpected question.<\/p>\n<h3><\/h3>\n<p><strong><img loading=\"lazy\" decoding=\"async\" class=\"alignnone wp-image-2279\" src=\"https:\/\/abcformation1986.fr\/wp-content\/uploads\/2019\/11\/Tableau-Activites_Aff-C1-300x117.png\" alt=\"\" width=\"643\" height=\"251\" srcset=\"\" sizes=\"auto, (max-width: 643px) 100vw, 643px\" data-srcset=\"\" \/><\/strong><\/p>\n<p><strong>Total duration of the exam: 2h30.<\/strong><\/p>\n<\/div>\n<\/div>\n<div  class=\"vc_toggle vc_toggle_rounded vc_toggle_color_turquoise vc_toggle_color_inverted vc_toggle_size_md\">\n\t<div class=\"vc_toggle_title\"><h4 style=\"color: #008080;text-align: left;font-family:Abril Fatface;font-weight:400;font-style:normal\" class=\"vc_custom_heading\">Secretariat B1 and B2<\/h4><i class=\"vc_toggle_icon\"><\/i><\/div>\n\t<div class=\"vc_toggle_content\"><p><strong>Professional French Secretarial Diplomas levels B1 and B2\u00a0<\/strong>prepare them for the use of French in the main professional communication situations, both orally and in writing, for administrative and secretarial professions whatever the function, specialization, or sector of activity.<\/p>\n<p>They certify functional competence in French, which is based on specific situations in secretarial professions. They attest that the candidate, placed in a work situation facing a French-speaking professional, is capable of using French effectively. They evaluate and validate the level achieved in written comprehension, oral comprehension, written comprehension and expression, oral expression necessary in professional activity.<\/p>\n<p>&nbsp;<\/p>\n<p><strong>Targeted audience :<\/strong><\/p>\n<p>Professionals or students wishing to work as\u00a0<strong>employees of companies, institutions or international organizations<\/strong>\u00a0and attest to their skills in communicating in French whatever their function (<strong>secretary, assistant, receptionist, office worker, etc.<\/strong>), their specialization (commercial, legal, administrative secretary, etc.), their sector of activity (industry, commerce, services).<\/p>\n<\/div>\n<\/div>\n<div  class=\"vc_toggle vc_toggle_rounded vc_toggle_color_turquoise vc_toggle_color_inverted vc_toggle_size_md\">\n\t<div class=\"vc_toggle_title\"><h4 style=\"color: #008080;text-align: left;font-family:Abril Fatface;font-weight:400;font-style:normal\" class=\"vc_custom_heading\">DFP B1<\/h4><i class=\"vc_toggle_icon\"><\/i><\/div>\n\t<div class=\"vc_toggle_content\"><p>The B1 Professional French Diploma certifies the ability to understand and communicate in French in the business field.<\/p>\n<p>It validates French proficiency at level B1 on the Common European Framework of Reference for Languages (CEFR).<br \/>\nAt this level, the candidate is able to understand and express himself in the most common and usual situations of social and professional life. He can carry out, with a limited vocabulary and simple grammatical structures, acts of professional communication in a known or predictable context.<\/p>\n<p>The B1 Professional French Diploma tests last a total of 2 hours 45 minutes and provide an overall score out of 100 points as well as a score per test to reflect the linguistic profile of the candidates.<br \/>\nTo succeed, the candidate must obtain 45 points out of 75 in the written tests and 60 points out of 100 points in all the tests.<\/p>\n<\/div>\n<\/div>\n<\/div><\/div><\/div><div class=\"wpb_column vc_column_container vc_col-sm-4 vc_col-has-fill\"><div class=\"vc_column-inner vc_custom_1680009427315\"><div class=\"wpb_wrapper\">\n\t<div class=\"wpb_text_column wpb_content_element\" >\n\t\t<div class=\"wpb_wrapper\">\n\t\t\t<p style=\"text-align: center;\">Les guides du candidat<\/p>\n<p style=\"text-align: center;\"><a class=\"flex-liens\" href=\"https:\/\/www.lefrancaisdesaffaires.fr\/wp-content\/uploads\/2024\/09\/guide-candidat-dfp-affaires.pdf\" target=\"_blank\" rel=\"noopener noreferrer\"><i class=\"fa fa-file-pdf-o\"><\/i>Guide du candidat Affaires<\/a><\/p>\n<p style=\"text-align: center;\"><a class=\"flex-liens\" href=\"https:\/\/www.lefrancaisdesaffaires.fr\/wp-content\/uploads\/2024\/09\/guide-candidat-dfp-thr.pdf\" target=\"_blank\" rel=\"noopener noreferrer\"><i class=\"fa fa-file-pdf-o\"><\/i>Guide du candidat<\/a><a class=\"flex-liens\" href=\"https:\/\/www.lefrancaisdesaffaires.fr\/wp-content\/uploads\/2018\/04\/Guide-Candidat_DFP-THR.pdf\" target=\"_blank\" rel=\"noopener noreferrer\">Tourisme<\/a><\/p>\n<p style=\"text-align: center;\"><a class=\"flex-liens\" href=\"https:\/\/www.lefrancaisdesaffaires.fr\/wp-content\/uploads\/2024\/09\/guide-candidat-dfp-ri.pdf\" target=\"_blank\" rel=\"noopener noreferrer\"><i class=\"fa fa-file-pdf-o\"><\/i>Guide du candidat Relations internationales<\/a><\/p>\n<p style=\"text-align: center;\"><a class=\"flex-liens\" href=\"https:\/\/www.lefrancaisdesaffaires.fr\/wp-content\/uploads\/2024\/09\/guide-candidat-dfp-san.pdf\" target=\"_blank\" rel=\"noopener noreferrer\"><i class=\"fa fa-file-pdf-o\"><\/i>Guide du candidat Sant\u00e9<\/a><\/p>\n\n\t\t<\/div>\n\t<\/div>\n<\/div><\/div><\/div>\t<\/div>\n\t\t\t<\/div><div class=\"vc_row wpb_row vc_row-fluid\">\n\t\t\t\t<div class=\"mo-vc-row-ovelay\" style=\"\"><\/div>\n\t\t\t\t<div class=\"container\"><div class=\"wpb_column vc_column_container vc_col-sm-12\"><div class=\"vc_column-inner\"><div class=\"wpb_wrapper\"><div class=\"vc_separator wpb_content_element vc_separator_align_center vc_sep_width_100 vc_sep_shadow vc_sep_pos_align_center vc_separator_no_text\" ><span class=\"vc_sep_holder vc_sep_holder_l\"><span  style=\"border-color:#008080;\" class=\"vc_sep_line\"><\/span><\/span><span class=\"vc_sep_holder vc_sep_holder_r\"><span  style=\"border-color:#008080;\" class=\"vc_sep_line\"><\/span><\/span>\n<\/div>\n\t<div class=\"wpb_text_column wpb_content_element\" >\n\t\t<div class=\"wpb_wrapper\">\n\t\t\t<p style=\"text-align: center;\"><span style=\"color: #33cccc;\">Payment secured by debit card\u00a0<\/span><\/p>\n<p style=\"text-align: center;\">You can pay with your bank card.<\/p>\n<p style=\"text-align: center;\">By clicking on this link, you will be redirected to a secure online payment site.<\/p>\n<p style=\"text-align: center;\">You can no longer cancel your payment.<\/p>\n\n\t\t<\/div>\n\t<\/div>\n<\/div><\/div><\/div>\t<\/div>\n\t\t\t<\/div><div class=\"vc_row wpb_row vc_row-fluid\">\n\t\t\t\t<div class=\"mo-vc-row-ovelay\" style=\"\"><\/div>\n\t\t\t\t<div class=\"container\"><div class=\"wpb_column vc_column_container vc_col-sm-12\"><div class=\"vc_column-inner\"><div class=\"wpb_wrapper\"><div class=\"vc_btn3-container vc_btn3-center\" >\n\t<a class=\"vc_general vc_btn3 vc_btn3-size-md vc_btn3-shape-round vc_btn3-style-3d vc_btn3-color-turquoise\" href=\"https:\/\/abcformation1986.fr\/en\/boutique\/\" title=\"\">FOR ONLINE PAYMENT CLICK HERE <\/a><\/div>\n<\/div><\/div><\/div>\t<\/div>\n\t\t\t<\/div>","protected":false},"excerpt":{"rendered":"DIPL\u00d4ME DE FRAN\u00c7AIS DES AFFAIRES Valable \u00e0 vie, le\u00a0Dipl\u00f4me de fran\u00e7ais professionnel\u00a0Affaires\u00a0vous permettra d\u2019attester que vous \u00eates capable d\u2019utiliser efficacement le fran\u00e7ais, \u00e0 l\u2019oral et \u00e0 l\u2019\u00e9crit, dans les\u00a0principales situations de communication professionnelle\u00a0et que vous \u00eates\u00a0op\u00e9rationnel\u00a0dans les fonctions relationnelles, administratives et commerciales de l\u2019entreprise. &nbsp; Pour qui ? Tous les\u00a0\u00a0\u00e9tudiants\u00a0ou\u00a0professionnels\u00a0qui travaillent ou seront appel\u00e9s \u00e0 [...]","protected":false},"author":2,"featured_media":0,"parent":0,"menu_order":0,"comment_status":"closed","ping_status":"closed","template":"","meta":{"_uag_custom_page_level_css":"","footnotes":""},"class_list":["post-1862","page","type-page","status-publish","hentry"],"yoast_head":"<!-- This site is optimized with the Yoast SEO plugin v25.2 - https:\/\/yoast.com\/wordpress\/plugins\/seo\/ -->\n<title>DIPL\u00d4ME DE FRAN\u00c7AIS DES AFFAIRES - Centre de Formation ABC Franconville | FLE | TEF<\/title>\n<meta name=\"description\" content=\"Tous les \u00e9tudiants ou professionnels qui travaillent ou seront appel\u00e9s \u00e0 communiquer en fran\u00e7ais dans un contexte professionnel et qui souhaitent valider leurs acquis par un dipl\u00f4me.\" \/>\n<meta name=\"robots\" content=\"index, follow, max-snippet:-1, max-image-preview:large, max-video-preview:-1\" \/>\n<link rel=\"canonical\" href=\"https:\/\/abcformation1986.fr\/en\/diplome-de-francais-des-affaires\/\" \/>\n<meta property=\"og:locale\" content=\"en_US\" \/>\n<meta property=\"og:type\" content=\"article\" \/>\n<meta property=\"og:title\" content=\"DIPL\u00d4ME DE FRAN\u00c7AIS DES AFFAIRES - Centre de Formation ABC Franconville | FLE | TEF\" \/>\n<meta property=\"og:description\" content=\"Tous les \u00e9tudiants ou professionnels qui travaillent ou seront appel\u00e9s \u00e0 communiquer en fran\u00e7ais dans un contexte professionnel et qui souhaitent valider leurs acquis par un dipl\u00f4me.\" \/>\n<meta property=\"og:url\" content=\"https:\/\/abcformation1986.fr\/en\/diplome-de-francais-des-affaires\/\" \/>\n<meta property=\"og:site_name\" content=\"Centre de Formation ABC Franconville | FLE | TEF\" \/>\n<meta property=\"article:publisher\" content=\"http:\/\/@abcformation\" \/>\n<meta property=\"article:modified_time\" content=\"2024-12-06T14:00:15+00:00\" \/>\n<meta property=\"og:image\" content=\"https:\/\/abcformation1986.fr\/wp-content\/uploads\/2020\/04\/images.png\" \/>\n<meta name=\"twitter:card\" content=\"summary_large_image\" \/>\n<meta name=\"twitter:site\" content=\"@abc_formation\" \/>\n<meta name=\"twitter:label1\" content=\"Est. reading time\" \/>\n\t<meta name=\"twitter:data1\" content=\"13 minutes\" \/>\n<script type=\"application\/ld+json\" class=\"yoast-schema-graph\">{\"@context\":\"https:\/\/schema.org\",\"@graph\":[{\"@type\":\"WebPage\",\"@id\":\"https:\/\/abcformation1986.fr\/en\/diplome-de-francais-des-affaires\/\",\"url\":\"https:\/\/abcformation1986.fr\/en\/diplome-de-francais-des-affaires\/\",\"name\":\"DIPL\u00d4ME DE FRAN\u00c7AIS DES AFFAIRES - Centre de Formation ABC Franconville | FLE | TEF\",\"isPartOf\":{\"@id\":\"https:\/\/abcformation1986.fr\/en\/#website\"},\"primaryImageOfPage\":{\"@id\":\"https:\/\/abcformation1986.fr\/en\/diplome-de-francais-des-affaires\/#primaryimage\"},\"image\":{\"@id\":\"https:\/\/abcformation1986.fr\/en\/diplome-de-francais-des-affaires\/#primaryimage\"},\"thumbnailUrl\":\"https:\/\/abcformation1986.fr\/wp-content\/uploads\/2020\/04\/images.png\",\"datePublished\":\"2019-03-28T15:30:29+00:00\",\"dateModified\":\"2024-12-06T14:00:15+00:00\",\"description\":\"Tous les \u00e9tudiants ou professionnels qui travaillent ou seront appel\u00e9s \u00e0 communiquer en fran\u00e7ais dans un contexte professionnel et qui souhaitent valider leurs acquis par un dipl\u00f4me.\",\"breadcrumb\":{\"@id\":\"https:\/\/abcformation1986.fr\/en\/diplome-de-francais-des-affaires\/#breadcrumb\"},\"inLanguage\":\"en-US\",\"potentialAction\":[{\"@type\":\"ReadAction\",\"target\":[\"https:\/\/abcformation1986.fr\/en\/diplome-de-francais-des-affaires\/\"]}]},{\"@type\":\"ImageObject\",\"inLanguage\":\"en-US\",\"@id\":\"https:\/\/abcformation1986.fr\/en\/diplome-de-francais-des-affaires\/#primaryimage\",\"url\":\"https:\/\/abcformation1986.fr\/wp-content\/uploads\/2020\/04\/images.png\",\"contentUrl\":\"https:\/\/abcformation1986.fr\/wp-content\/uploads\/2020\/04\/images.png\"},{\"@type\":\"BreadcrumbList\",\"@id\":\"https:\/\/abcformation1986.fr\/en\/diplome-de-francais-des-affaires\/#breadcrumb\",\"itemListElement\":[{\"@type\":\"ListItem\",\"position\":1,\"name\":\"Home\",\"item\":\"https:\/\/abcformation1986.fr\/en\/\"},{\"@type\":\"ListItem\",\"position\":2,\"name\":\"DIPL\u00d4ME DE FRAN\u00c7AIS DES AFFAIRES\"}]},{\"@type\":\"WebSite\",\"@id\":\"https:\/\/abcformation1986.fr\/en\/#website\",\"url\":\"https:\/\/abcformation1986.fr\/en\/\",\"name\":\"Centre de Formation ABC Franconville | FLE | TEF\",\"description\":\"Acteur historique de  la formation, de l\u2019insertion et de la  reconversion professionnelle depuis 1986\",\"publisher\":{\"@id\":\"https:\/\/abcformation1986.fr\/en\/#organization\"},\"potentialAction\":[{\"@type\":\"SearchAction\",\"target\":{\"@type\":\"EntryPoint\",\"urlTemplate\":\"https:\/\/abcformation1986.fr\/en\/?s={search_term_string}\"},\"query-input\":{\"@type\":\"PropertyValueSpecification\",\"valueRequired\":true,\"valueName\":\"search_term_string\"}}],\"inLanguage\":\"en-US\"},{\"@type\":\"Organization\",\"@id\":\"https:\/\/abcformation1986.fr\/en\/#organization\",\"name\":\"ABCFORMATION\",\"url\":\"https:\/\/abcformation1986.fr\/en\/\",\"logo\":{\"@type\":\"ImageObject\",\"inLanguage\":\"en-US\",\"@id\":\"https:\/\/abcformation1986.fr\/en\/#\/schema\/logo\/image\/\",\"url\":\"https:\/\/abcformation1986.fr\/wp-content\/uploads\/2018\/11\/abclogo.png\",\"contentUrl\":\"https:\/\/abcformation1986.fr\/wp-content\/uploads\/2018\/11\/abclogo.png\",\"width\":134,\"height\":82,\"caption\":\"ABCFORMATION\"},\"image\":{\"@id\":\"https:\/\/abcformation1986.fr\/en\/#\/schema\/logo\/image\/\"},\"sameAs\":[\"http:\/\/@abcformation\",\"https:\/\/x.com\/abc_formation\",\"http:\/\/abcformation1986\"]}]}<\/script>\n<!-- \/ Yoast SEO plugin. -->","yoast_head_json":{"title":"DIPL\u00d4ME DE FRAN\u00c7AIS DES AFFAIRES - Centre de Formation ABC Franconville | FLE | TEF","description":"Tous les \u00e9tudiants ou professionnels qui travaillent ou seront appel\u00e9s \u00e0 communiquer en fran\u00e7ais dans un contexte professionnel et qui souhaitent valider leurs acquis par un dipl\u00f4me.","robots":{"index":"index","follow":"follow","max-snippet":"max-snippet:-1","max-image-preview":"max-image-preview:large","max-video-preview":"max-video-preview:-1"},"canonical":"https:\/\/abcformation1986.fr\/en\/diplome-de-francais-des-affaires\/","og_locale":"en_US","og_type":"article","og_title":"DIPL\u00d4ME DE FRAN\u00c7AIS DES AFFAIRES - Centre de Formation ABC Franconville | FLE | TEF","og_description":"Tous les \u00e9tudiants ou professionnels qui travaillent ou seront appel\u00e9s \u00e0 communiquer en fran\u00e7ais dans un contexte professionnel et qui souhaitent valider leurs acquis par un dipl\u00f4me.","og_url":"https:\/\/abcformation1986.fr\/en\/diplome-de-francais-des-affaires\/","og_site_name":"Centre de Formation ABC Franconville | FLE | TEF","article_publisher":"http:\/\/@abcformation","article_modified_time":"2024-12-06T14:00:15+00:00","og_image":[{"url":"https:\/\/abcformation1986.fr\/wp-content\/uploads\/2020\/04\/images.png","type":"","width":"","height":""}],"twitter_card":"summary_large_image","twitter_site":"@abc_formation","twitter_misc":{"Est. reading time":"13 minutes"},"schema":{"@context":"https:\/\/schema.org","@graph":[{"@type":"WebPage","@id":"https:\/\/abcformation1986.fr\/en\/diplome-de-francais-des-affaires\/","url":"https:\/\/abcformation1986.fr\/en\/diplome-de-francais-des-affaires\/","name":"DIPL\u00d4ME DE FRAN\u00c7AIS DES AFFAIRES - Centre de Formation ABC Franconville | FLE | TEF","isPartOf":{"@id":"https:\/\/abcformation1986.fr\/en\/#website"},"primaryImageOfPage":{"@id":"https:\/\/abcformation1986.fr\/en\/diplome-de-francais-des-affaires\/#primaryimage"},"image":{"@id":"https:\/\/abcformation1986.fr\/en\/diplome-de-francais-des-affaires\/#primaryimage"},"thumbnailUrl":"https:\/\/abcformation1986.fr\/wp-content\/uploads\/2020\/04\/images.png","datePublished":"2019-03-28T15:30:29+00:00","dateModified":"2024-12-06T14:00:15+00:00","description":"Tous les \u00e9tudiants ou professionnels qui travaillent ou seront appel\u00e9s \u00e0 communiquer en fran\u00e7ais dans un contexte professionnel et qui souhaitent valider leurs acquis par un dipl\u00f4me.","breadcrumb":{"@id":"https:\/\/abcformation1986.fr\/en\/diplome-de-francais-des-affaires\/#breadcrumb"},"inLanguage":"en-US","potentialAction":[{"@type":"ReadAction","target":["https:\/\/abcformation1986.fr\/en\/diplome-de-francais-des-affaires\/"]}]},{"@type":"ImageObject","inLanguage":"en-US","@id":"https:\/\/abcformation1986.fr\/en\/diplome-de-francais-des-affaires\/#primaryimage","url":"https:\/\/abcformation1986.fr\/wp-content\/uploads\/2020\/04\/images.png","contentUrl":"https:\/\/abcformation1986.fr\/wp-content\/uploads\/2020\/04\/images.png"},{"@type":"BreadcrumbList","@id":"https:\/\/abcformation1986.fr\/en\/diplome-de-francais-des-affaires\/#breadcrumb","itemListElement":[{"@type":"ListItem","position":1,"name":"Home","item":"https:\/\/abcformation1986.fr\/en\/"},{"@type":"ListItem","position":2,"name":"DIPL\u00d4ME DE FRAN\u00c7AIS DES AFFAIRES"}]},{"@type":"WebSite","@id":"https:\/\/abcformation1986.fr\/en\/#website","url":"https:\/\/abcformation1986.fr\/en\/","name":"Centre de Formation ABC Franconville | FLE | TEF","description":"Acteur historique de  la formation, de l\u2019insertion et de la  reconversion professionnelle depuis 1986","publisher":{"@id":"https:\/\/abcformation1986.fr\/en\/#organization"},"potentialAction":[{"@type":"SearchAction","target":{"@type":"EntryPoint","urlTemplate":"https:\/\/abcformation1986.fr\/en\/?s={search_term_string}"},"query-input":{"@type":"PropertyValueSpecification","valueRequired":true,"valueName":"search_term_string"}}],"inLanguage":"en-US"},{"@type":"Organization","@id":"https:\/\/abcformation1986.fr\/en\/#organization","name":"ABCFORMATION","url":"https:\/\/abcformation1986.fr\/en\/","logo":{"@type":"ImageObject","inLanguage":"en-US","@id":"https:\/\/abcformation1986.fr\/en\/#\/schema\/logo\/image\/","url":"https:\/\/abcformation1986.fr\/wp-content\/uploads\/2018\/11\/abclogo.png","contentUrl":"https:\/\/abcformation1986.fr\/wp-content\/uploads\/2018\/11\/abclogo.png","width":134,"height":82,"caption":"ABCFORMATION"},"image":{"@id":"https:\/\/abcformation1986.fr\/en\/#\/schema\/logo\/image\/"},"sameAs":["http:\/\/@abcformation","https:\/\/x.com\/abc_formation","http:\/\/abcformation1986"]}]}},"uagb_featured_image_src":{"full":false,"thumbnail":false,"medium":false,"medium_large":false,"large":false,"1536x1536":false,"2048x2048":false,"trp-custom-language-flag":false,"hala-full":false,"hala-medium":false,"hala-small":false,"hala-team":false,"hala-thumb":false,"woocommerce_thumbnail":false,"woocommerce_single":false,"woocommerce_gallery_thumbnail":false},"uagb_author_info":{"display_name":"abc formation","author_link":"https:\/\/abcformation1986.fr\/en\/author\/abcformation\/"},"uagb_comment_info":0,"uagb_excerpt":null,"jetpack_sharing_enabled":true,"_links":{"self":[{"href":"https:\/\/abcformation1986.fr\/en\/wp-json\/wp\/v2\/pages\/1862","targetHints":{"allow":["GET"]}}],"collection":[{"href":"https:\/\/abcformation1986.fr\/en\/wp-json\/wp\/v2\/pages"}],"about":[{"href":"https:\/\/abcformation1986.fr\/en\/wp-json\/wp\/v2\/types\/page"}],"author":[{"embeddable":true,"href":"https:\/\/abcformation1986.fr\/en\/wp-json\/wp\/v2\/users\/2"}],"replies":[{"embeddable":true,"href":"https:\/\/abcformation1986.fr\/en\/wp-json\/wp\/v2\/comments?post=1862"}],"version-history":[{"count":22,"href":"https:\/\/abcformation1986.fr\/en\/wp-json\/wp\/v2\/pages\/1862\/revisions"}],"predecessor-version":[{"id":10725,"href":"https:\/\/abcformation1986.fr\/en\/wp-json\/wp\/v2\/pages\/1862\/revisions\/10725"}],"wp:attachment":[{"href":"https:\/\/abcformation1986.fr\/en\/wp-json\/wp\/v2\/media?parent=1862"}],"curies":[{"name":"wp","href":"https:\/\/api.w.org\/{rel}","templated":true}]}}