{"id":3602,"date":"2021-08-31T08:32:31","date_gmt":"2021-08-31T08:32:31","guid":{"rendered":"https:\/\/abcformation1986.fr\/?post_type=product&#038;p=3602"},"modified":"2025-04-18T12:05:05","modified_gmt":"2025-04-18T12:05:05","slug":"le-diplome-de-francais-professionnel-affaires-niveau-b2","status":"publish","type":"product","link":"https:\/\/abcformation1986.fr\/ar\/product\/le-diplome-de-francais-professionnel-affaires-niveau-b2\/","title":{"rendered":"\u0627\u0644\u062f\u0628\u0644\u0648\u0645 \u0627\u0644\u0641\u0631\u0646\u0633\u064a \u0641\u064a \u0625\u062f\u0627\u0631\u0629 \u0627\u0644\u0623\u0639\u0645\u0627\u0644 \u0627\u0644\u0645\u0647\u0646\u064a\u0629 \u0627\u0644\u0645\u0633\u062a\u0648\u0649 B2"},"content":{"rendered":"<p>Le Dipl\u00f4me de fran\u00e7ais des Affaires B2 valide une comp\u00e9tence en fran\u00e7ais de niveau B2 du CECRL. Il correspond approximativement \u00e0 350 heures d\u2019apprentissage.<\/p>\n<p>\u0648\u0647\u0648 \u064a\u0634\u0647\u062f \u0639\u0644\u0649 \u0625\u062a\u0642\u0627\u0646 \u0627\u0644\u0644\u063a\u0629 \u0627\u0644\u0641\u0631\u0646\u0633\u064a\u0629 \u0639\u0644\u0649 \u0645\u0633\u062a\u0648\u0649 \u0645\u0633\u062a\u0642\u0644\u060c \u0645\u0645\u0627 \u064a\u0633\u0645\u062d \u0644\u0644\u0645\u0633\u062a\u062e\u062f\u0645 \u0628\u0627\u0644\u062a\u0648\u0627\u0635\u0644 \u0628\u0641\u0639\u0627\u0644\u064a\u0629 \u0641\u064a \u0645\u062c\u0645\u0648\u0639\u0629 \u0648\u0627\u0633\u0639\u0629 \u0645\u0646 \u0645\u0648\u0627\u0642\u0641 \u0627\u0644\u0627\u062a\u0635\u0627\u0644 \u0627\u0644\u0645\u0647\u0646\u064a\u0629.<\/p>\n<p>\u064a\u0645\u0643\u0646 \u0644\u062d\u0627\u0645\u0644 \u0647\u0630\u0627 \u0627\u0644\u062f\u0628\u0644\u0648\u0645 \u062a\u0646\u0641\u064a\u0630 \u0645\u0647\u0627\u0645 \u0627\u0644\u0627\u062a\u0635\u0627\u0644 \u0627\u0644\u0645\u0647\u0646\u064a\u0629\u060c \u0634\u0641\u0647\u064a\u064b\u0627 \u0648\u0643\u062a\u0627\u0628\u064a\u064b\u0627\u060c \u0641\u064a \u062c\u0645\u064a\u0639 \u0627\u0644\u0645\u0648\u0627\u0642\u0641 \u0627\u0644\u0642\u064a\u0627\u0633\u064a\u0629 \u0641\u064a \u0628\u064a\u0626\u062a\u0647 \u0627\u0644\u0645\u0647\u0646\u064a\u0629\u060c \u0628\u0645\u0627 \u0641\u064a \u0630\u0644\u0643 \u062a\u0644\u0643 \u0627\u0644\u062a\u064a \u062a\u0646\u0637\u0648\u064a \u0639\u0644\u0649 \u0628\u0639\u0636 \u0625\u062f\u0627\u0631\u0629 \u0645\u0627 \u0647\u0648 \u063a\u064a\u0631 \u0645\u062a\u0648\u0642\u0639.<\/p>\n<h3><strong>\u0627\u0644\u0645\u0647\u0627\u0631\u0627\u062a \u0627\u0644\u062a\u064a \u062a\u0645 \u062a\u0642\u064a\u064a\u0645\u0647\u0627<\/strong><\/h3>\n<p><strong><em>\u0641\u0647\u0645 \u0648\u0645\u0639\u0627\u0644\u062c\u0629 \u0627\u0644\u0645\u0639\u0644\u0648\u0645\u0627\u062a:<\/em><\/strong><\/p>\n<p>\u064a\u0633\u062a\u0637\u064a\u0639 \u0627\u0644\u0645\u0631\u0634\u062d \u0641\u0647\u0645 \u0627\u0644\u062a\u0641\u0627\u0635\u064a\u0644 \u0627\u0644\u0645\u0647\u0645\u0629 \u0644\u0645\u0639\u0638\u0645 \u0627\u0644\u0643\u062a\u0627\u0628\u0627\u062a \u0627\u0644\u0645\u0647\u0646\u064a\u0629 \u0644\u0644\u0634\u0631\u0643\u0629. \u0647\u0648 \/ \u0647\u064a \u0642\u0627\u062f\u0631 \u0639\u0644\u0649 \u0627\u0633\u062a\u062e\u0631\u0627\u062c \u0627\u0644\u0645\u0639\u0644\u0648\u0645\u0627\u062a \u0630\u0627\u062a \u0627\u0644\u0635\u0644\u0629 \u0645\u0646 \u0627\u0644\u0645\u0633\u062a\u0646\u062f\u0627\u062a \u0627\u0644\u0645\u0647\u0646\u064a\u0629 (\u0627\u0644\u062a\u0642\u0627\u0631\u064a\u0631 \u0648\u0627\u0644\u062a\u0639\u0644\u064a\u0645\u0627\u062a \u0648\u0627\u0644\u062a\u0639\u0644\u064a\u0645\u0627\u062a \u0648\u0627\u0644\u0645\u0644\u0627\u062d\u0638\u0627\u062a \u0648\u0631\u0633\u0627\u0626\u0644 \u0627\u0644\u0628\u0631\u064a\u062f \u0627\u0644\u0625\u0644\u0643\u062a\u0631\u0648\u0646\u064a \u0648\u0627\u0644\u062e\u0637\u0627\u0628\u0627\u062a \u0648\u0645\u0627 \u0625\u0644\u0649 \u0630\u0644\u0643) \u0644\u0644\u0639\u0645\u0644 \u0628\u0641\u0639\u0627\u0644\u064a\u0629.<\/p>\n<p>\u064a\u0645\u0643\u0646\u0647 \u0641\u0647\u0645 \u0627\u0644\u062a\u062f\u062e\u0644\u0627\u062a \u0623\u0648 \u0627\u0644\u062a\u0641\u0627\u0639\u0644\u0627\u062a \u0627\u0644\u0637\u0648\u064a\u0644\u0629 \u0648\u0627\u0644\u0645\u0646\u0638\u0645\u0629 \u0648\u062a\u062f\u0648\u064a\u0646 \u0627\u0644\u0645\u0644\u0627\u062d\u0638\u0627\u062a \u0644\u0643\u062a\u0627\u0628\u0629 \u0627\u0644\u062a\u0642\u0627\u0631\u064a\u0631 \u0648\u0627\u0644\u0645\u0644\u062e\u0635\u0627\u062a \u0648\u0627\u0644\u062a\u0642\u0627\u0631\u064a\u0631 \u0648\u0645\u0627 \u0625\u0644\u0649 \u0630\u0644\u0643.<\/p>\n<p><strong><em>\u0627\u0644\u062a\u0641\u0627\u0639\u0644 \u0634\u0641\u0648\u064a\u0627:<\/em><\/strong><\/p>\n<p>\u064a\u0643\u0648\u0646 \u0627\u0644\u0645\u0631\u0634\u062d \u0642\u0627\u062f\u0631\u064b\u0627 \u0639\u0644\u0649 \u062a\u0642\u062f\u064a\u0645 \u0645\u0639\u0644\u0648\u0645\u0627\u062a \u0645\u0646\u0638\u0645\u0629\u060c \u0648\u0627\u0644\u062d\u062c\u062c \u0630\u0627\u062a \u0627\u0644\u0635\u0644\u0629\u060c \u0644\u0625\u0642\u0646\u0627\u0639 \u0645\u062d\u0627\u0648\u0631\u0647 \u0623\u0648 \u062c\u0645\u0647\u0648\u0631\u0647\u060c \u0648\u064a\u0645\u0643\u0646\u0647 \u0627\u0644\u0631\u062f \u0639\u0644\u0649 \u062d\u062c\u062c \u0627\u0644\u0622\u062e\u0631\u064a\u0646 \u0648\u0627\u0644\u062f\u0641\u0627\u0639 \u0639\u0646 \u0648\u062c\u0647\u0629 \u0646\u0638\u0631 \u0641\u064a \u0645\u0648\u0627\u0642\u0641 \u0627\u0644\u0639\u0631\u0636 \u0623\u0648 \u0627\u0644\u0639\u0631\u0636. \u0627\u0644\u062a\u0641\u0627\u0639\u0644 \u0627\u0644\u0631\u0633\u0645\u064a (\u0627\u062c\u062a\u0645\u0627\u0639\u060c \u0645\u0648\u0627\u0626\u062f \u0645\u0633\u062a\u062f\u064a\u0631\u0629 \u060c \u0627\u0644\u062a\u0641\u0627\u0648\u0636\u060c \u0627\u0644\u062e.)<\/p>","protected":false},"excerpt":{"rendered":"<p>Valable \u00e0 vie, ce dipl\u00f4me vous permettra d&rsquo;attester de vos capacit\u00e9s \u00e0 travailler en fran\u00e7ais dans les fonctions relationnelles, administratives et commerciales de l\u2019entreprise.<\/p>\n<p>Ce dipl\u00f4me est disponible dans cinq\u00a0niveaux : A1, A2, B1, B2 et C1.<\/p>\n<p>Les Dipl\u00f4mes de fran\u00e7ais professionnel sont \u00e9galement reconnus par le Minist\u00e8re de l\u2019int\u00e9rieur\u00a0pour valider votre niveau de fran\u00e7ais dans le cadre d\u2019une demande de\u00a0<strong>\u0628\u0637\u0627\u0642\u0629 \u0627\u0642\u0627\u0645\u0629<\/strong>\u00a0\u0623\u0648\u00a0<strong>\u0627\u0644\u062a\u062c\u0646\u0633<\/strong>\u00a0\u0645\u0639 \u0627\u0644\u062f\u0648\u0644\u0629 \u0627\u0644\u0641\u0631\u0646\u0633\u064a\u0629 .<\/p>","protected":false},"featured_media":10326,"template":"","meta":{"_uag_custom_page_level_css":""},"product_brand":[],"product_cat":[111],"product_tag":[],"class_list":{"0":"post-3602","1":"product","2":"type-product","3":"status-publish","4":"has-post-thumbnail","6":"product_cat-dfp","8":"first","9":"instock","10":"taxable","11":"shipping-taxable","12":"purchasable","13":"product-type-simple"},"yoast_head":"<!-- This site is optimized with the Yoast SEO plugin v25.2 - https:\/\/yoast.com\/wordpress\/plugins\/seo\/ -->\n<title>LE DIPL\u00d4ME DE FRAN\u00c7AIS PROFESSIONNEL AFFAIRES niveau B2 - Centre de Formation ABC Franconville | FLE | TEF<\/title>\n<meta name=\"robots\" content=\"index, follow, max-snippet:-1, max-image-preview:large, max-video-preview:-1\" \/>\n<link rel=\"canonical\" href=\"https:\/\/abcformation1986.fr\/ar\/producto\/le-diplome-de-francais-professionnel-affaires-niveau-b2\/\" \/>\n<meta property=\"og:locale\" content=\"ar_AR\" \/>\n<meta property=\"og:type\" content=\"article\" \/>\n<meta property=\"og:title\" content=\"LE DIPL\u00d4ME DE FRAN\u00c7AIS PROFESSIONNEL AFFAIRES niveau B2 - Centre de Formation ABC Franconville | FLE | TEF\" \/>\n<meta property=\"og:description\" content=\"Valable \u00e0 vie, ce dipl\u00f4me vous permettra d&#039;attester de vos capacit\u00e9s \u00e0 travailler en fran\u00e7ais dans les fonctions relationnelles, administratives et commerciales de l\u2019entreprise.  Ce dipl\u00f4me est disponible dans cinq\u00a0niveaux : A1, A2, B1, B2 et C1.  Les Dipl\u00f4mes de fran\u00e7ais professionnel sont \u00e9galement reconnus par le Minist\u00e8re de l\u2019int\u00e9rieur\u00a0pour valider votre niveau de fran\u00e7ais dans le cadre d\u2019une demande de\u00a0carte de r\u00e9sident\u00a0ou de\u00a0naturalisation\u00a0aupr\u00e8s de l\u2019\u00c9tat fran\u00e7ais.\" \/>\n<meta property=\"og:url\" content=\"https:\/\/abcformation1986.fr\/ar\/producto\/le-diplome-de-francais-professionnel-affaires-niveau-b2\/\" \/>\n<meta property=\"og:site_name\" content=\"Centre de Formation ABC Franconville | FLE | TEF\" \/>\n<meta property=\"article:publisher\" content=\"http:\/\/@abcformation\" \/>\n<meta property=\"article:modified_time\" content=\"2025-04-18T12:05:05+00:00\" \/>\n<meta property=\"og:image\" content=\"https:\/\/abcformation1986.fr\/wp-content\/uploads\/2021\/08\/DFP-affaires-b2.png\" \/>\n\t<meta property=\"og:image:width\" content=\"300\" \/>\n\t<meta property=\"og:image:height\" content=\"300\" \/>\n\t<meta property=\"og:image:type\" content=\"image\/png\" \/>\n<meta name=\"twitter:card\" content=\"summary_large_image\" \/>\n<meta name=\"twitter:site\" content=\"@abc_formation\" \/>\n<meta name=\"twitter:label1\" content=\"\u0648\u0642\u062a \u0627\u0644\u0642\u0631\u0627\u0621\u0629 \u0627\u0644\u0645\u064f\u0642\u062f\u0651\u0631\" \/>\n\t<meta name=\"twitter:data1\" content=\"\u062f\u0642\u064a\u0642\u062a\u0627\u0646\" \/>\n<script type=\"application\/ld+json\" class=\"yoast-schema-graph\">{\"@context\":\"https:\/\/schema.org\",\"@graph\":[{\"@type\":\"WebPage\",\"@id\":\"https:\/\/abcformation1986.fr\/es\/producto\/le-diplome-de-francais-professionnel-affaires-niveau-b2\/\",\"url\":\"https:\/\/abcformation1986.fr\/es\/producto\/le-diplome-de-francais-professionnel-affaires-niveau-b2\/\",\"name\":\"LE DIPL\u00d4ME DE FRAN\u00c7AIS PROFESSIONNEL AFFAIRES niveau B2 - Centre de Formation ABC Franconville | FLE | TEF\",\"isPartOf\":{\"@id\":\"https:\/\/abcformation1986.fr\/en\/#website\"},\"primaryImageOfPage\":{\"@id\":\"https:\/\/abcformation1986.fr\/es\/producto\/le-diplome-de-francais-professionnel-affaires-niveau-b2\/#primaryimage\"},\"image\":{\"@id\":\"https:\/\/abcformation1986.fr\/es\/producto\/le-diplome-de-francais-professionnel-affaires-niveau-b2\/#primaryimage\"},\"thumbnailUrl\":\"https:\/\/abcformation1986.fr\/wp-content\/uploads\/2021\/08\/DFP-affaires-b2.png\",\"datePublished\":\"2021-08-31T08:32:31+00:00\",\"dateModified\":\"2025-04-18T12:05:05+00:00\",\"breadcrumb\":{\"@id\":\"https:\/\/abcformation1986.fr\/es\/producto\/le-diplome-de-francais-professionnel-affaires-niveau-b2\/#breadcrumb\"},\"inLanguage\":\"ar\",\"potentialAction\":[{\"@type\":\"ReadAction\",\"target\":[\"https:\/\/abcformation1986.fr\/es\/producto\/le-diplome-de-francais-professionnel-affaires-niveau-b2\/\"]}]},{\"@type\":\"ImageObject\",\"inLanguage\":\"ar\",\"@id\":\"https:\/\/abcformation1986.fr\/es\/producto\/le-diplome-de-francais-professionnel-affaires-niveau-b2\/#primaryimage\",\"url\":\"https:\/\/abcformation1986.fr\/wp-content\/uploads\/2021\/08\/DFP-affaires-b2.png\",\"contentUrl\":\"https:\/\/abcformation1986.fr\/wp-content\/uploads\/2021\/08\/DFP-affaires-b2.png\",\"width\":300,\"height\":300},{\"@type\":\"BreadcrumbList\",\"@id\":\"https:\/\/abcformation1986.fr\/es\/producto\/le-diplome-de-francais-professionnel-affaires-niveau-b2\/#breadcrumb\",\"itemListElement\":[{\"@type\":\"ListItem\",\"position\":1,\"name\":\"Home\",\"item\":\"https:\/\/abcformation1986.fr\/en\/\"},{\"@type\":\"ListItem\",\"position\":2,\"name\":\"Boutique\",\"item\":\"https:\/\/abcformation1986.fr\/ar\/boutique\/\"},{\"@type\":\"ListItem\",\"position\":3,\"name\":\"LE DIPL\u00d4ME DE FRAN\u00c7AIS PROFESSIONNEL AFFAIRES niveau B2\"}]},{\"@type\":\"WebSite\",\"@id\":\"https:\/\/abcformation1986.fr\/en\/#website\",\"url\":\"https:\/\/abcformation1986.fr\/en\/\",\"name\":\"Centre de Formation ABC Franconville | FLE | TEF\",\"description\":\"Acteur historique de  la formation, de l\u2019insertion et de la  reconversion professionnelle depuis 1986\",\"publisher\":{\"@id\":\"https:\/\/abcformation1986.fr\/en\/#organization\"},\"potentialAction\":[{\"@type\":\"SearchAction\",\"target\":{\"@type\":\"EntryPoint\",\"urlTemplate\":\"https:\/\/abcformation1986.fr\/en\/?s={search_term_string}\"},\"query-input\":{\"@type\":\"PropertyValueSpecification\",\"valueRequired\":true,\"valueName\":\"search_term_string\"}}],\"inLanguage\":\"ar\"},{\"@type\":\"Organization\",\"@id\":\"https:\/\/abcformation1986.fr\/en\/#organization\",\"name\":\"ABCFORMATION\",\"url\":\"https:\/\/abcformation1986.fr\/en\/\",\"logo\":{\"@type\":\"ImageObject\",\"inLanguage\":\"ar\",\"@id\":\"https:\/\/abcformation1986.fr\/en\/#\/schema\/logo\/image\/\",\"url\":\"https:\/\/abcformation1986.fr\/wp-content\/uploads\/2018\/11\/abclogo.png\",\"contentUrl\":\"https:\/\/abcformation1986.fr\/wp-content\/uploads\/2018\/11\/abclogo.png\",\"width\":134,\"height\":82,\"caption\":\"ABCFORMATION\"},\"image\":{\"@id\":\"https:\/\/abcformation1986.fr\/en\/#\/schema\/logo\/image\/\"},\"sameAs\":[\"http:\/\/@abcformation\",\"https:\/\/x.com\/abc_formation\",\"http:\/\/abcformation1986\"]}]}<\/script>\n<!-- \/ Yoast SEO plugin. -->","yoast_head_json":{"title":"LE DIPL\u00d4ME DE FRAN\u00c7AIS PROFESSIONNEL AFFAIRES niveau B2 - Centre de Formation ABC Franconville | FLE | TEF","robots":{"index":"index","follow":"follow","max-snippet":"max-snippet:-1","max-image-preview":"max-image-preview:large","max-video-preview":"max-video-preview:-1"},"canonical":"https:\/\/abcformation1986.fr\/ar\/producto\/le-diplome-de-francais-professionnel-affaires-niveau-b2\/","og_locale":"ar_AR","og_type":"article","og_title":"LE DIPL\u00d4ME DE FRAN\u00c7AIS PROFESSIONNEL AFFAIRES niveau B2 - Centre de Formation ABC Franconville | FLE | TEF","og_description":"Valable \u00e0 vie, ce dipl\u00f4me vous permettra d'attester de vos capacit\u00e9s \u00e0 travailler en fran\u00e7ais dans les fonctions relationnelles, administratives et commerciales de l\u2019entreprise.  Ce dipl\u00f4me est disponible dans cinq\u00a0niveaux : A1, A2, B1, B2 et C1.  Les Dipl\u00f4mes de fran\u00e7ais professionnel sont \u00e9galement reconnus par le Minist\u00e8re de l\u2019int\u00e9rieur\u00a0pour valider votre niveau de fran\u00e7ais dans le cadre d\u2019une demande de\u00a0carte de r\u00e9sident\u00a0ou de\u00a0naturalisation\u00a0aupr\u00e8s de l\u2019\u00c9tat fran\u00e7ais.","og_url":"https:\/\/abcformation1986.fr\/ar\/producto\/le-diplome-de-francais-professionnel-affaires-niveau-b2\/","og_site_name":"Centre de Formation ABC Franconville | FLE | TEF","article_publisher":"http:\/\/@abcformation","article_modified_time":"2025-04-18T12:05:05+00:00","og_image":[{"width":300,"height":300,"url":"https:\/\/abcformation1986.fr\/wp-content\/uploads\/2021\/08\/DFP-affaires-b2.png","type":"image\/png"}],"twitter_card":"summary_large_image","twitter_site":"@abc_formation","twitter_misc":{"\u0648\u0642\u062a \u0627\u0644\u0642\u0631\u0627\u0621\u0629 \u0627\u0644\u0645\u064f\u0642\u062f\u0651\u0631":"\u062f\u0642\u064a\u0642\u062a\u0627\u0646"},"schema":{"@context":"https:\/\/schema.org","@graph":[{"@type":"WebPage","@id":"https:\/\/abcformation1986.fr\/es\/producto\/le-diplome-de-francais-professionnel-affaires-niveau-b2\/","url":"https:\/\/abcformation1986.fr\/es\/producto\/le-diplome-de-francais-professionnel-affaires-niveau-b2\/","name":"LE DIPL\u00d4ME DE FRAN\u00c7AIS PROFESSIONNEL AFFAIRES niveau B2 - Centre de Formation ABC Franconville | FLE | TEF","isPartOf":{"@id":"https:\/\/abcformation1986.fr\/en\/#website"},"primaryImageOfPage":{"@id":"https:\/\/abcformation1986.fr\/es\/producto\/le-diplome-de-francais-professionnel-affaires-niveau-b2\/#primaryimage"},"image":{"@id":"https:\/\/abcformation1986.fr\/es\/producto\/le-diplome-de-francais-professionnel-affaires-niveau-b2\/#primaryimage"},"thumbnailUrl":"https:\/\/abcformation1986.fr\/wp-content\/uploads\/2021\/08\/DFP-affaires-b2.png","datePublished":"2021-08-31T08:32:31+00:00","dateModified":"2025-04-18T12:05:05+00:00","breadcrumb":{"@id":"https:\/\/abcformation1986.fr\/es\/producto\/le-diplome-de-francais-professionnel-affaires-niveau-b2\/#breadcrumb"},"inLanguage":"ar","potentialAction":[{"@type":"ReadAction","target":["https:\/\/abcformation1986.fr\/es\/producto\/le-diplome-de-francais-professionnel-affaires-niveau-b2\/"]}]},{"@type":"ImageObject","inLanguage":"ar","@id":"https:\/\/abcformation1986.fr\/es\/producto\/le-diplome-de-francais-professionnel-affaires-niveau-b2\/#primaryimage","url":"https:\/\/abcformation1986.fr\/wp-content\/uploads\/2021\/08\/DFP-affaires-b2.png","contentUrl":"https:\/\/abcformation1986.fr\/wp-content\/uploads\/2021\/08\/DFP-affaires-b2.png","width":300,"height":300},{"@type":"BreadcrumbList","@id":"https:\/\/abcformation1986.fr\/es\/producto\/le-diplome-de-francais-professionnel-affaires-niveau-b2\/#breadcrumb","itemListElement":[{"@type":"ListItem","position":1,"name":"Home","item":"https:\/\/abcformation1986.fr\/en\/"},{"@type":"ListItem","position":2,"name":"Boutique","item":"https:\/\/abcformation1986.fr\/ar\/boutique\/"},{"@type":"ListItem","position":3,"name":"LE DIPL\u00d4ME DE FRAN\u00c7AIS PROFESSIONNEL AFFAIRES niveau B2"}]},{"@type":"WebSite","@id":"https:\/\/abcformation1986.fr\/en\/#website","url":"https:\/\/abcformation1986.fr\/en\/","name":"Centre de Formation ABC Franconville | FLE | TEF","description":"Acteur historique de  la formation, de l\u2019insertion et de la  reconversion professionnelle depuis 1986","publisher":{"@id":"https:\/\/abcformation1986.fr\/en\/#organization"},"potentialAction":[{"@type":"SearchAction","target":{"@type":"EntryPoint","urlTemplate":"https:\/\/abcformation1986.fr\/en\/?s={search_term_string}"},"query-input":{"@type":"PropertyValueSpecification","valueRequired":true,"valueName":"search_term_string"}}],"inLanguage":"ar"},{"@type":"Organization","@id":"https:\/\/abcformation1986.fr\/en\/#organization","name":"ABCFORMATION","url":"https:\/\/abcformation1986.fr\/en\/","logo":{"@type":"ImageObject","inLanguage":"ar","@id":"https:\/\/abcformation1986.fr\/en\/#\/schema\/logo\/image\/","url":"https:\/\/abcformation1986.fr\/wp-content\/uploads\/2018\/11\/abclogo.png","contentUrl":"https:\/\/abcformation1986.fr\/wp-content\/uploads\/2018\/11\/abclogo.png","width":134,"height":82,"caption":"ABCFORMATION"},"image":{"@id":"https:\/\/abcformation1986.fr\/en\/#\/schema\/logo\/image\/"},"sameAs":["http:\/\/@abcformation","https:\/\/x.com\/abc_formation","http:\/\/abcformation1986"]}]}},"uagb_featured_image_src":{"full":["https:\/\/abcformation1986.fr\/wp-content\/uploads\/2021\/08\/DFP-affaires-b2.png",300,300,false],"thumbnail":["https:\/\/abcformation1986.fr\/wp-content\/uploads\/2021\/08\/DFP-affaires-b2-150x150.png",150,150,true],"medium":["https:\/\/abcformation1986.fr\/wp-content\/uploads\/2021\/08\/DFP-affaires-b2.png",300,300,false],"medium_large":["https:\/\/abcformation1986.fr\/wp-content\/uploads\/2021\/08\/DFP-affaires-b2.png",300,300,false],"large":["https:\/\/abcformation1986.fr\/wp-content\/uploads\/2021\/08\/DFP-affaires-b2.png",300,300,false],"1536x1536":["https:\/\/abcformation1986.fr\/wp-content\/uploads\/2021\/08\/DFP-affaires-b2.png",300,300,false],"2048x2048":["https:\/\/abcformation1986.fr\/wp-content\/uploads\/2021\/08\/DFP-affaires-b2.png",300,300,false],"trp-custom-language-flag":["https:\/\/abcformation1986.fr\/wp-content\/uploads\/2021\/08\/DFP-affaires-b2-12x12.png",12,12,true],"hala-full":["https:\/\/abcformation1986.fr\/wp-content\/uploads\/2021\/08\/DFP-affaires-b2.png",300,300,false],"hala-medium":["https:\/\/abcformation1986.fr\/wp-content\/uploads\/2021\/08\/DFP-affaires-b2.png",300,300,false],"hala-small":["https:\/\/abcformation1986.fr\/wp-content\/uploads\/2021\/08\/DFP-affaires-b2-300x280.png",300,280,true],"hala-team":["https:\/\/abcformation1986.fr\/wp-content\/uploads\/2021\/08\/DFP-affaires-b2-250x300.png",250,300,true],"hala-thumb":["https:\/\/abcformation1986.fr\/wp-content\/uploads\/2021\/08\/DFP-affaires-b2-100x100.png",100,100,true],"woocommerce_thumbnail":["https:\/\/abcformation1986.fr\/wp-content\/uploads\/2021\/08\/DFP-affaires-b2-291x291.png",291,291,true],"woocommerce_single":["https:\/\/abcformation1986.fr\/wp-content\/uploads\/2021\/08\/DFP-affaires-b2.png",300,300,false],"woocommerce_gallery_thumbnail":["https:\/\/abcformation1986.fr\/wp-content\/uploads\/2021\/08\/DFP-affaires-b2-100x100.png",100,100,true]},"uagb_author_info":{"display_name":"abc formation","author_link":"https:\/\/abcformation1986.fr\/ar\/author\/"},"uagb_comment_info":0,"uagb_excerpt":"Valable \u00e0 vie, ce dipl\u00f4me vous permettra d'attester de vos capacit\u00e9s \u00e0 travailler en fran\u00e7ais dans les fonctions relationnelles, administratives et commerciales de l\u2019entreprise. Ce dipl\u00f4me est disponible dans cinq\u00a0niveaux : A1, A2, B1, B2 et C1. Les Dipl\u00f4mes de fran\u00e7ais professionnel sont \u00e9galement reconnus par le Minist\u00e8re de l\u2019int\u00e9rieur\u00a0pour valider votre niveau de fran\u00e7ais&hellip;","jetpack_sharing_enabled":true,"_links":{"self":[{"href":"https:\/\/abcformation1986.fr\/ar\/wp-json\/wp\/v2\/product\/3602","targetHints":{"allow":["GET"]}}],"collection":[{"href":"https:\/\/abcformation1986.fr\/ar\/wp-json\/wp\/v2\/product"}],"about":[{"href":"https:\/\/abcformation1986.fr\/ar\/wp-json\/wp\/v2\/types\/product"}],"wp:featuredmedia":[{"embeddable":true,"href":"https:\/\/abcformation1986.fr\/ar\/wp-json\/wp\/v2\/media\/10326"}],"wp:attachment":[{"href":"https:\/\/abcformation1986.fr\/ar\/wp-json\/wp\/v2\/media?parent=3602"}],"wp:term":[{"taxonomy":"product_brand","embeddable":true,"href":"https:\/\/abcformation1986.fr\/ar\/wp-json\/wp\/v2\/product_brand?post=3602"},{"taxonomy":"product_cat","embeddable":true,"href":"https:\/\/abcformation1986.fr\/ar\/wp-json\/wp\/v2\/product_cat?post=3602"},{"taxonomy":"product_tag","embeddable":true,"href":"https:\/\/abcformation1986.fr\/ar\/wp-json\/wp\/v2\/product_tag?post=3602"}],"curies":[{"name":"wp","href":"https:\/\/api.w.org\/{rel}","templated":true}]}}