{"id":1563,"date":"2019-02-13T15:09:28","date_gmt":"2019-02-13T15:09:28","guid":{"rendered":"https:\/\/abcformation1986.fr\/?post_type=product&#038;p=1563"},"modified":"2025-05-06T09:19:07","modified_gmt":"2025-05-06T09:19:07","slug":"tef-quebec-tefaq-complet","status":"publish","type":"product","link":"https:\/\/abcformation1986.fr\/ar\/product\/tef-quebec-tefaq-complet\/","title":{"rendered":"TEF QU\u00c9BEC (TEFAQ) \u0627\u0643\u062a\u0645\u0644"},"content":{"rendered":"<p>Dans le cadre des proc\u00e9dures d\u2019immigration au Qu\u00e9bec,\u00a0<a href=\"https:\/\/www.immigration-quebec.gouv.qc.ca\/fr\/accueil.html\" target=\"_blank\" rel=\"noopener noreferrer\">le minist\u00e8re de l\u2019Immigration, de la Francisation et de l\u2019Int\u00e9gration (MIFI) du Qu\u00e9bec\u00a0<\/a>demande d\u2019attester de ses connaissances linguistiques en fran\u00e7ais. Il reconna\u00eet pour ces d\u00e9marches\u00a0<strong>le TEF Qu\u00e9bec (TEFAQ).\u00a0<\/strong><\/p>\n<p>Le TEFAQ est \u00e9galement reconnu par IRCC pour l\u2019acc\u00e8s \u00e0 la citoyennet\u00e9 canadienne<\/p>\n<p>Le TEF Qu\u00e9bec (TEFAQ) se compose de 4 \u00e9preuves modulaires :<\/p>\n<ul>\n<li><strong>\u0627\u0644\u0641\u0647\u0645 \u0639\u0646 \u0637\u0631\u064a\u0642 \u0627\u0644\u0641\u0645<\/strong> : 40 min \u2013 4 sections &#8211; 40 question<\/li>\n<li><strong>\u062a\u0639\u0628\u064a\u0631 \u0634\u0641\u0647\u064a<\/strong> : 15 min \u2013 2 sections<\/li>\n<li><strong>\u0627\u0644\u0641\u0647\u0645 \u0627\u0644\u0643\u062a\u0627\u0628\u064a<\/strong> : 60 min \u2013 4 sections &#8211; 40 question<\/li>\n<li><strong>\u062a\u0639\u0628\u064a\u0631 \u0643\u062a\u0627\u0628\u064a\u00a0<\/strong>: 60 min \u2013 2 sections<\/li>\n<\/ul>","protected":false},"excerpt":{"rendered":"<p><img loading=\"lazy\" decoding=\"async\" class=\"alignnone wp-image-1564\" src=\"https:\/\/abcformation1986.fr\/wp-content\/uploads\/2019\/02\/Logo_CCIP_TEFaQ-2-300x217.png\" alt=\"\" width=\"78\" height=\"56\" srcset=\"https:\/\/abcformation1986.fr\/wp-content\/uploads\/2019\/02\/Logo_CCIP_TEFaQ-2-300x217.png 300w, https:\/\/abcformation1986.fr\/wp-content\/uploads\/2019\/02\/Logo_CCIP_TEFaQ-2.png 348w\" sizes=\"auto, (max-width: 78px) 100vw, 78px\" \/><\/p>\n<ul>\n<li><strong>\u0627\u0644\u0641\u0647\u0645 \u0639\u0646 \u0637\u0631\u064a\u0642 \u0627\u0644\u0641\u0645<\/strong>\u00a0: 40 \u062f\u0642\u064a\u0642\u0629 \u2013 60 \u0633\u0624\u0627\u0644\u0627\u064b<\/li>\n<li><strong>\u062a\u0639\u0628\u064a\u0631 \u0634\u0641\u0647\u064a<\/strong>\u00a0: 15 \u062f\u0642\u064a\u0642\u0629 - \u0645\u0648\u0636\u0648\u0639\u0627\u0646 \u0644\u0644\u062a\u063a\u0637\u064a\u0629<\/li>\n<li><strong>\u0627\u0644\u0641\u0647\u0645 \u0627\u0644\u0643\u062a\u0627\u0628\u064a<\/strong>\u00a0: 60 \u062f\u0642\u064a\u0642\u0629 \u2013 50 \u0633\u0624\u0627\u0644\u0627\u064b<\/li>\n<li><strong>\u062a\u0639\u0628\u064a\u0631 \u0643\u062a\u0627\u0628\u064a\u00a0<\/strong>: 60 \u062f\u0642\u064a\u0642\u0629 - \u0645\u0648\u0636\u0648\u0639\u0627\u0646 \u0644\u0644\u062a\u063a\u0637\u064a\u0629<\/li>\n<\/ul>","protected":false},"featured_media":10320,"template":"","meta":{"_uag_custom_page_level_css":""},"product_brand":[],"product_cat":[49],"product_tag":[],"class_list":{"0":"post-1563","1":"product","2":"type-product","3":"status-publish","4":"has-post-thumbnail","6":"product_cat-tef","8":"first","9":"instock","10":"taxable","11":"shipping-taxable","12":"purchasable","13":"product-type-simple"},"yoast_head":"<!-- This site is optimized with the Yoast SEO plugin v25.2 - https:\/\/yoast.com\/wordpress\/plugins\/seo\/ -->\n<title>TEF QU\u00c9BEC (TEFAQ) Complet - Centre de Formation ABC Franconville | FLE | TEF<\/title>\n<meta name=\"description\" content=\"Dans le cadre des proc\u00e9dures d\u2019immigration, le minist\u00e8re de l\u2019Immigration de la Diversit\u00e9 et de l\u2019Inclusion (MIDI) du Qu\u00e9bec demande d\u2019attester de ses connaissances linguistiques en fran\u00e7ais.\" \/>\n<meta name=\"robots\" content=\"index, follow, max-snippet:-1, max-image-preview:large, max-video-preview:-1\" \/>\n<link rel=\"canonical\" href=\"http:\/\/abcformation1986.fr\/ar\/producto\/tef-quebec-tefaq-complet\/\" \/>\n<meta property=\"og:locale\" content=\"ar_AR\" \/>\n<meta property=\"og:type\" content=\"article\" \/>\n<meta property=\"og:title\" content=\"TEF QU\u00c9BEC (TEFAQ) Complet - Centre de Formation ABC Franconville | FLE | TEF\" \/>\n<meta property=\"og:description\" content=\"Dans le cadre des proc\u00e9dures d\u2019immigration, le minist\u00e8re de l\u2019Immigration de la Diversit\u00e9 et de l\u2019Inclusion (MIDI) du Qu\u00e9bec demande d\u2019attester de ses connaissances linguistiques en fran\u00e7ais.\" \/>\n<meta property=\"og:url\" content=\"http:\/\/abcformation1986.fr\/ar\/producto\/tef-quebec-tefaq-complet\/\" \/>\n<meta property=\"og:site_name\" content=\"Centre de Formation ABC Franconville | FLE | TEF\" \/>\n<meta property=\"article:publisher\" content=\"http:\/\/@abcformation\" \/>\n<meta property=\"article:modified_time\" content=\"2025-05-06T09:19:07+00:00\" \/>\n<meta property=\"og:image\" content=\"http:\/\/abcformation1986.fr\/wp-content\/uploads\/2019\/02\/TEF-Quebec.png\" \/>\n\t<meta property=\"og:image:width\" content=\"300\" \/>\n\t<meta property=\"og:image:height\" content=\"300\" \/>\n\t<meta property=\"og:image:type\" content=\"image\/png\" \/>\n<meta name=\"twitter:card\" content=\"summary_large_image\" \/>\n<meta name=\"twitter:site\" content=\"@abc_formation\" \/>\n<meta name=\"twitter:label1\" content=\"\u0648\u0642\u062a \u0627\u0644\u0642\u0631\u0627\u0621\u0629 \u0627\u0644\u0645\u064f\u0642\u062f\u0651\u0631\" \/>\n\t<meta name=\"twitter:data1\" content=\"\u062f\u0642\u064a\u0642\u0629 \u0648\u0627\u062d\u062f\u0629\" \/>\n<script type=\"application\/ld+json\" class=\"yoast-schema-graph\">{\"@context\":\"https:\/\/schema.org\",\"@graph\":[{\"@type\":\"WebPage\",\"@id\":\"http:\/\/abcformation1986.fr\/es\/producto\/tef-quebec-tefaq-complet\/\",\"url\":\"http:\/\/abcformation1986.fr\/es\/producto\/tef-quebec-tefaq-complet\/\",\"name\":\"TEF QU\u00c9BEC (TEFAQ) Complet - Centre de Formation ABC Franconville | FLE | TEF\",\"isPartOf\":{\"@id\":\"https:\/\/abcformation1986.fr\/#website\"},\"primaryImageOfPage\":{\"@id\":\"http:\/\/abcformation1986.fr\/es\/producto\/tef-quebec-tefaq-complet\/#primaryimage\"},\"image\":{\"@id\":\"http:\/\/abcformation1986.fr\/es\/producto\/tef-quebec-tefaq-complet\/#primaryimage\"},\"thumbnailUrl\":\"https:\/\/abcformation1986.fr\/wp-content\/uploads\/2019\/02\/TEF-Quebec.png\",\"datePublished\":\"2019-02-13T15:09:28+00:00\",\"dateModified\":\"2025-05-06T09:19:07+00:00\",\"description\":\"Dans le cadre des proc\u00e9dures d\u2019immigration, le minist\u00e8re de l\u2019Immigration de la Diversit\u00e9 et de l\u2019Inclusion (MIDI) du Qu\u00e9bec demande d\u2019attester de ses connaissances linguistiques en fran\u00e7ais.\",\"breadcrumb\":{\"@id\":\"http:\/\/abcformation1986.fr\/es\/producto\/tef-quebec-tefaq-complet\/#breadcrumb\"},\"inLanguage\":\"ar\",\"potentialAction\":[{\"@type\":\"ReadAction\",\"target\":[\"http:\/\/abcformation1986.fr\/es\/producto\/tef-quebec-tefaq-complet\/\"]}]},{\"@type\":\"ImageObject\",\"inLanguage\":\"ar\",\"@id\":\"http:\/\/abcformation1986.fr\/es\/producto\/tef-quebec-tefaq-complet\/#primaryimage\",\"url\":\"https:\/\/abcformation1986.fr\/wp-content\/uploads\/2019\/02\/TEF-Quebec.png\",\"contentUrl\":\"https:\/\/abcformation1986.fr\/wp-content\/uploads\/2019\/02\/TEF-Quebec.png\",\"width\":300,\"height\":300},{\"@type\":\"BreadcrumbList\",\"@id\":\"http:\/\/abcformation1986.fr\/es\/producto\/tef-quebec-tefaq-complet\/#breadcrumb\",\"itemListElement\":[{\"@type\":\"ListItem\",\"position\":1,\"name\":\"Home\",\"item\":\"https:\/\/abcformation1986.fr\/\"},{\"@type\":\"ListItem\",\"position\":2,\"name\":\"Boutique\",\"item\":\"https:\/\/abcformation1986.fr\/en\/boutique\/\"},{\"@type\":\"ListItem\",\"position\":3,\"name\":\"TEF QU\u00c9BEC (TEFAQ) Complet\"}]},{\"@type\":\"WebSite\",\"@id\":\"https:\/\/abcformation1986.fr\/#website\",\"url\":\"https:\/\/abcformation1986.fr\/\",\"name\":\"Centre de Formation ABC Franconville | FLE | TEF\",\"description\":\"Acteur historique de  la formation, de l\u2019insertion et de la  reconversion professionnelle depuis 1986\",\"publisher\":{\"@id\":\"https:\/\/abcformation1986.fr\/#organization\"},\"potentialAction\":[{\"@type\":\"SearchAction\",\"target\":{\"@type\":\"EntryPoint\",\"urlTemplate\":\"https:\/\/abcformation1986.fr\/?s={search_term_string}\"},\"query-input\":{\"@type\":\"PropertyValueSpecification\",\"valueRequired\":true,\"valueName\":\"search_term_string\"}}],\"inLanguage\":\"ar\"},{\"@type\":\"Organization\",\"@id\":\"https:\/\/abcformation1986.fr\/#organization\",\"name\":\"ABCFORMATION\",\"url\":\"https:\/\/abcformation1986.fr\/\",\"logo\":{\"@type\":\"ImageObject\",\"inLanguage\":\"ar\",\"@id\":\"https:\/\/abcformation1986.fr\/#\/schema\/logo\/image\/\",\"url\":\"https:\/\/abcformation1986.fr\/wp-content\/uploads\/2018\/11\/abclogo.png\",\"contentUrl\":\"https:\/\/abcformation1986.fr\/wp-content\/uploads\/2018\/11\/abclogo.png\",\"width\":134,\"height\":82,\"caption\":\"ABCFORMATION\"},\"image\":{\"@id\":\"https:\/\/abcformation1986.fr\/#\/schema\/logo\/image\/\"},\"sameAs\":[\"http:\/\/@abcformation\",\"https:\/\/x.com\/abc_formation\",\"http:\/\/abcformation1986\"]}]}<\/script>\n<!-- \/ Yoast SEO plugin. -->","yoast_head_json":{"title":"TEF QU\u00c9BEC (TEFAQ) Complet - Centre de Formation ABC Franconville | FLE | TEF","description":"Dans le cadre des proc\u00e9dures d\u2019immigration, le minist\u00e8re de l\u2019Immigration de la Diversit\u00e9 et de l\u2019Inclusion (MIDI) du Qu\u00e9bec demande d\u2019attester de ses connaissances linguistiques en fran\u00e7ais.","robots":{"index":"index","follow":"follow","max-snippet":"max-snippet:-1","max-image-preview":"max-image-preview:large","max-video-preview":"max-video-preview:-1"},"canonical":"http:\/\/abcformation1986.fr\/ar\/producto\/tef-quebec-tefaq-complet\/","og_locale":"ar_AR","og_type":"article","og_title":"TEF QU\u00c9BEC (TEFAQ) Complet - Centre de Formation ABC Franconville | FLE | TEF","og_description":"Dans le cadre des proc\u00e9dures d\u2019immigration, le minist\u00e8re de l\u2019Immigration de la Diversit\u00e9 et de l\u2019Inclusion (MIDI) du Qu\u00e9bec demande d\u2019attester de ses connaissances linguistiques en fran\u00e7ais.","og_url":"http:\/\/abcformation1986.fr\/ar\/producto\/tef-quebec-tefaq-complet\/","og_site_name":"Centre de Formation ABC Franconville | FLE | TEF","article_publisher":"http:\/\/@abcformation","article_modified_time":"2025-05-06T09:19:07+00:00","og_image":[{"width":300,"height":300,"url":"http:\/\/abcformation1986.fr\/wp-content\/uploads\/2019\/02\/TEF-Quebec.png","type":"image\/png"}],"twitter_card":"summary_large_image","twitter_site":"@abc_formation","twitter_misc":{"\u0648\u0642\u062a \u0627\u0644\u0642\u0631\u0627\u0621\u0629 \u0627\u0644\u0645\u064f\u0642\u062f\u0651\u0631":"\u062f\u0642\u064a\u0642\u0629 \u0648\u0627\u062d\u062f\u0629"},"schema":{"@context":"https:\/\/schema.org","@graph":[{"@type":"WebPage","@id":"http:\/\/abcformation1986.fr\/es\/producto\/tef-quebec-tefaq-complet\/","url":"http:\/\/abcformation1986.fr\/es\/producto\/tef-quebec-tefaq-complet\/","name":"TEF QU\u00c9BEC (TEFAQ) Complet - Centre de Formation ABC Franconville | FLE | TEF","isPartOf":{"@id":"https:\/\/abcformation1986.fr\/#website"},"primaryImageOfPage":{"@id":"http:\/\/abcformation1986.fr\/es\/producto\/tef-quebec-tefaq-complet\/#primaryimage"},"image":{"@id":"http:\/\/abcformation1986.fr\/es\/producto\/tef-quebec-tefaq-complet\/#primaryimage"},"thumbnailUrl":"https:\/\/abcformation1986.fr\/wp-content\/uploads\/2019\/02\/TEF-Quebec.png","datePublished":"2019-02-13T15:09:28+00:00","dateModified":"2025-05-06T09:19:07+00:00","description":"Dans le cadre des proc\u00e9dures d\u2019immigration, le minist\u00e8re de l\u2019Immigration de la Diversit\u00e9 et de l\u2019Inclusion (MIDI) du Qu\u00e9bec demande d\u2019attester de ses connaissances linguistiques en fran\u00e7ais.","breadcrumb":{"@id":"http:\/\/abcformation1986.fr\/es\/producto\/tef-quebec-tefaq-complet\/#breadcrumb"},"inLanguage":"ar","potentialAction":[{"@type":"ReadAction","target":["http:\/\/abcformation1986.fr\/es\/producto\/tef-quebec-tefaq-complet\/"]}]},{"@type":"ImageObject","inLanguage":"ar","@id":"http:\/\/abcformation1986.fr\/es\/producto\/tef-quebec-tefaq-complet\/#primaryimage","url":"https:\/\/abcformation1986.fr\/wp-content\/uploads\/2019\/02\/TEF-Quebec.png","contentUrl":"https:\/\/abcformation1986.fr\/wp-content\/uploads\/2019\/02\/TEF-Quebec.png","width":300,"height":300},{"@type":"BreadcrumbList","@id":"http:\/\/abcformation1986.fr\/es\/producto\/tef-quebec-tefaq-complet\/#breadcrumb","itemListElement":[{"@type":"ListItem","position":1,"name":"Home","item":"https:\/\/abcformation1986.fr\/"},{"@type":"ListItem","position":2,"name":"Boutique","item":"https:\/\/abcformation1986.fr\/en\/boutique\/"},{"@type":"ListItem","position":3,"name":"TEF QU\u00c9BEC (TEFAQ) Complet"}]},{"@type":"WebSite","@id":"https:\/\/abcformation1986.fr\/#website","url":"https:\/\/abcformation1986.fr\/","name":"Centre de Formation ABC Franconville | FLE | TEF","description":"Acteur historique de  la formation, de l\u2019insertion et de la  reconversion professionnelle depuis 1986","publisher":{"@id":"https:\/\/abcformation1986.fr\/#organization"},"potentialAction":[{"@type":"SearchAction","target":{"@type":"EntryPoint","urlTemplate":"https:\/\/abcformation1986.fr\/?s={search_term_string}"},"query-input":{"@type":"PropertyValueSpecification","valueRequired":true,"valueName":"search_term_string"}}],"inLanguage":"ar"},{"@type":"Organization","@id":"https:\/\/abcformation1986.fr\/#organization","name":"ABCFORMATION","url":"https:\/\/abcformation1986.fr\/","logo":{"@type":"ImageObject","inLanguage":"ar","@id":"https:\/\/abcformation1986.fr\/#\/schema\/logo\/image\/","url":"https:\/\/abcformation1986.fr\/wp-content\/uploads\/2018\/11\/abclogo.png","contentUrl":"https:\/\/abcformation1986.fr\/wp-content\/uploads\/2018\/11\/abclogo.png","width":134,"height":82,"caption":"ABCFORMATION"},"image":{"@id":"https:\/\/abcformation1986.fr\/#\/schema\/logo\/image\/"},"sameAs":["http:\/\/@abcformation","https:\/\/x.com\/abc_formation","http:\/\/abcformation1986"]}]}},"uagb_featured_image_src":{"full":["https:\/\/abcformation1986.fr\/wp-content\/uploads\/2019\/02\/TEF-Quebec.png",300,300,false],"thumbnail":["https:\/\/abcformation1986.fr\/wp-content\/uploads\/2019\/02\/TEF-Quebec-150x150.png",150,150,true],"medium":["https:\/\/abcformation1986.fr\/wp-content\/uploads\/2019\/02\/TEF-Quebec.png",300,300,false],"medium_large":["https:\/\/abcformation1986.fr\/wp-content\/uploads\/2019\/02\/TEF-Quebec.png",300,300,false],"large":["https:\/\/abcformation1986.fr\/wp-content\/uploads\/2019\/02\/TEF-Quebec.png",300,300,false],"1536x1536":["https:\/\/abcformation1986.fr\/wp-content\/uploads\/2019\/02\/TEF-Quebec.png",300,300,false],"2048x2048":["https:\/\/abcformation1986.fr\/wp-content\/uploads\/2019\/02\/TEF-Quebec.png",300,300,false],"trp-custom-language-flag":["https:\/\/abcformation1986.fr\/wp-content\/uploads\/2019\/02\/TEF-Quebec-12x12.png",12,12,true],"hala-full":["https:\/\/abcformation1986.fr\/wp-content\/uploads\/2019\/02\/TEF-Quebec.png",300,300,false],"hala-medium":["https:\/\/abcformation1986.fr\/wp-content\/uploads\/2019\/02\/TEF-Quebec.png",300,300,false],"hala-small":["https:\/\/abcformation1986.fr\/wp-content\/uploads\/2019\/02\/TEF-Quebec-300x280.png",300,280,true],"hala-team":["https:\/\/abcformation1986.fr\/wp-content\/uploads\/2019\/02\/TEF-Quebec-250x300.png",250,300,true],"hala-thumb":["https:\/\/abcformation1986.fr\/wp-content\/uploads\/2019\/02\/TEF-Quebec-100x100.png",100,100,true],"woocommerce_thumbnail":["https:\/\/abcformation1986.fr\/wp-content\/uploads\/2019\/02\/TEF-Quebec-291x291.png",291,291,true],"woocommerce_single":["https:\/\/abcformation1986.fr\/wp-content\/uploads\/2019\/02\/TEF-Quebec.png",300,300,false],"woocommerce_gallery_thumbnail":["https:\/\/abcformation1986.fr\/wp-content\/uploads\/2019\/02\/TEF-Quebec-100x100.png",100,100,true]},"uagb_author_info":{"display_name":"abc formation","author_link":"https:\/\/abcformation1986.fr\/ar\/author\/"},"uagb_comment_info":0,"uagb_excerpt":"Compr\u00e9hension orale\u00a0: 40 min \u2013 60 questions Expression orale\u00a0: 15 min \u2013 2 sujets \u00e0 traiter Compr\u00e9hension \u00e9crite\u00a0: 60 min \u2013 50 questions Expression \u00e9crite\u00a0: 60 min \u2013 2 sujets \u00e0 traiter","jetpack_sharing_enabled":true,"_links":{"self":[{"href":"https:\/\/abcformation1986.fr\/ar\/wp-json\/wp\/v2\/product\/1563","targetHints":{"allow":["GET"]}}],"collection":[{"href":"https:\/\/abcformation1986.fr\/ar\/wp-json\/wp\/v2\/product"}],"about":[{"href":"https:\/\/abcformation1986.fr\/ar\/wp-json\/wp\/v2\/types\/product"}],"wp:featuredmedia":[{"embeddable":true,"href":"https:\/\/abcformation1986.fr\/ar\/wp-json\/wp\/v2\/media\/10320"}],"wp:attachment":[{"href":"https:\/\/abcformation1986.fr\/ar\/wp-json\/wp\/v2\/media?parent=1563"}],"wp:term":[{"taxonomy":"product_brand","embeddable":true,"href":"https:\/\/abcformation1986.fr\/ar\/wp-json\/wp\/v2\/product_brand?post=1563"},{"taxonomy":"product_cat","embeddable":true,"href":"https:\/\/abcformation1986.fr\/ar\/wp-json\/wp\/v2\/product_cat?post=1563"},{"taxonomy":"product_tag","embeddable":true,"href":"https:\/\/abcformation1986.fr\/ar\/wp-json\/wp\/v2\/product_tag?post=1563"}],"curies":[{"name":"wp","href":"https:\/\/api.w.org\/{rel}","templated":true}]}}