{"id":1086,"date":"2018-11-28T10:43:45","date_gmt":"2018-11-28T10:43:45","guid":{"rendered":"http:\/\/abcformation1986.fr\/?post_type=product&#038;p=1086"},"modified":"2025-05-06T09:10:31","modified_gmt":"2025-05-06T09:10:31","slug":"tef-canada","status":"publish","type":"product","link":"https:\/\/abcformation1986.fr\/ar\/product\/tef-canada\/","title":{"rendered":"TEF Canada"},"content":{"rendered":"<p>Dans le cadre des proc\u00e9dures d\u2019immigration et de demande de citoyennet\u00e9, le\u00a0<a href=\"https:\/\/www.canada.ca\/fr\/immigration-refugies-citoyennete.html\">\u0627\u0644\u062d\u0643\u0648\u0645\u0629 \u0627\u0644\u0641\u064a\u062f\u0631\u0627\u0644\u064a\u0629 \u0644\u0643\u0646\u062f\u0627<\/a>\u00a0reconna\u00eet depuis 2002\u00a0<strong>\u062a\u064a \u0625\u064a \u0625\u0641 \u0643\u0646\u062f\u0627\u00a0<\/strong>pour attester de ses connaissances linguistiques en fran\u00e7ais.<\/p>\n<p>Dans le cadre d\u2019une\u00a0demande d\u2019immigration vers le Canada, vous devez passer les 4 \u00e9preuves suivantes :<\/p>\n<ul>\n<li><strong>\u0627\u0644\u0641\u0647\u0645 \u0639\u0646 \u0637\u0631\u064a\u0642 \u0627\u0644\u0641\u0645:\u00a0<\/strong>40 min \u2013 4 sections &#8211; 40 question<\/li>\n<li><strong>\u0627\u0644\u0641\u0647\u0645 \u0627\u0644\u0643\u062a\u0627\u0628\u064a:<\/strong> 60 min \u20134 sections &#8211; 40 question<\/li>\n<li><strong>\u062a\u0639\u0628\u064a\u0631 \u0634\u0641\u0647\u064a:<\/strong> 15 min \u2013 2 section<\/li>\n<li><strong>Expression \u00e9crite :<\/strong> 60 min \u2013 2 section<\/li>\n<\/ul>\n<p><i class=\"fa fa-arrow-circle-right\" aria-hidden=\"true\"><\/i>\u00a0Dans le cadre d\u2019une\u00a0demande de citoyennet\u00e9 canadienne, vous devez passer les 2 \u00e9preuves suivantes :<\/p>\n<ul>\n<li><strong>\u0627\u0644\u0641\u0647\u0645 \u0639\u0646 \u0637\u0631\u064a\u0642 \u0627\u0644\u0641\u0645:\u00a0<\/strong>40 min \u2013 4 sections \u2013 40 questions<\/li>\n<li><strong>\u062a\u0639\u0628\u064a\u0631 \u0634\u0641\u0647\u064a:<\/strong> 15 min \u2013 2 sections<\/li>\n<\/ul>\n<p><i class=\"fa fa-exclamation-circle\" aria-hidden=\"true\">\u00a0<\/i><strong>\u062d\u0630\u0627\u0631\u064a\u00a0<\/strong>! Toutes les \u00e9preuves doivent \u00eatre pass\u00e9es le m\u00eame jour pour que votre attestation soit reconnue par les autorit\u00e9s canadiennes.<\/p>","protected":false},"excerpt":{"rendered":"<p>Dans le cadre des proc\u00e9dures d\u2019immigration et de demande de citoyennet\u00e9, le\u00a0gouvernement f\u00e9d\u00e9ral du Canada\u00a0reconna\u00eet depuis 2002\u00a0le TEF Canada\u00a0pour attester de ses connaissances linguistiques en fran\u00e7ais. Dans le cadre d\u2019une\u00a0demande d\u2019immigration vers le Canada, vous devez passer les 4 \u00e9preuves suivantes : Compr\u00e9hension orale :\u00a040 min \u2013 4 sections &#8211; 40 question Compr\u00e9hension \u00e9crite : [&hellip;]<\/p>","protected":false},"featured_media":10319,"template":"","meta":{"_uag_custom_page_level_css":""},"product_brand":[],"product_cat":[49],"product_tag":[],"class_list":{"0":"post-1086","1":"product","2":"type-product","3":"status-publish","4":"has-post-thumbnail","6":"product_cat-tef","8":"first","9":"instock","10":"taxable","11":"shipping-taxable","12":"purchasable","13":"product-type-simple"},"yoast_head":"<!-- This site is optimized with the Yoast SEO plugin v25.2 - https:\/\/yoast.com\/wordpress\/plugins\/seo\/ -->\n<title>TEF Canada - Centre de Formation ABC Franconville | FLE | TEF<\/title>\n<meta name=\"robots\" content=\"index, follow, max-snippet:-1, max-image-preview:large, max-video-preview:-1\" \/>\n<link rel=\"canonical\" href=\"https:\/\/abcformation1986.fr\/ar\/product\/tef-canada\/\" \/>\n<meta property=\"og:locale\" content=\"ar_AR\" \/>\n<meta property=\"og:type\" content=\"article\" \/>\n<meta property=\"og:title\" content=\"TEF Canada - Centre de Formation ABC Franconville | FLE | TEF\" \/>\n<meta property=\"og:description\" content=\"Dans le cadre des proc\u00e9dures d\u2019immigration et de demande de citoyennet\u00e9, le\u00a0gouvernement f\u00e9d\u00e9ral du Canada\u00a0reconna\u00eet depuis 2002\u00a0le TEF Canada\u00a0pour attester de ses connaissances linguistiques en fran\u00e7ais. Dans le cadre d\u2019une\u00a0demande d\u2019immigration vers le Canada, vous devez passer les 4 \u00e9preuves suivantes : Compr\u00e9hension orale :\u00a040 min \u2013 4 sections &#8211; 40 question Compr\u00e9hension \u00e9crite : [&hellip;]\" \/>\n<meta property=\"og:url\" content=\"https:\/\/abcformation1986.fr\/ar\/product\/tef-canada\/\" \/>\n<meta property=\"og:site_name\" content=\"Centre de Formation ABC Franconville | FLE | TEF\" \/>\n<meta property=\"article:publisher\" content=\"http:\/\/@abcformation\" \/>\n<meta property=\"article:modified_time\" content=\"2025-05-06T09:10:31+00:00\" \/>\n<meta property=\"og:image\" content=\"https:\/\/abcformation1986.fr\/wp-content\/uploads\/2018\/11\/TEF-Canada-1.png\" \/>\n\t<meta property=\"og:image:width\" content=\"300\" \/>\n\t<meta property=\"og:image:height\" content=\"300\" \/>\n\t<meta property=\"og:image:type\" content=\"image\/png\" \/>\n<meta name=\"twitter:card\" content=\"summary_large_image\" \/>\n<meta name=\"twitter:site\" content=\"@abc_formation\" \/>\n<meta name=\"twitter:label1\" content=\"\u0648\u0642\u062a \u0627\u0644\u0642\u0631\u0627\u0621\u0629 \u0627\u0644\u0645\u064f\u0642\u062f\u0651\u0631\" \/>\n\t<meta name=\"twitter:data1\" content=\"\u062f\u0642\u064a\u0642\u0629 \u0648\u0627\u062d\u062f\u0629\" \/>\n<script type=\"application\/ld+json\" class=\"yoast-schema-graph\">{\"@context\":\"https:\/\/schema.org\",\"@graph\":[{\"@type\":\"WebPage\",\"@id\":\"https:\/\/abcformation1986.fr\/ar\/product\/tef-canada\/\",\"url\":\"https:\/\/abcformation1986.fr\/ar\/product\/tef-canada\/\",\"name\":\"TEF Canada - Centre de Formation ABC Franconville | FLE | TEF\",\"isPartOf\":{\"@id\":\"https:\/\/abcformation1986.fr\/en\/#website\"},\"primaryImageOfPage\":{\"@id\":\"https:\/\/abcformation1986.fr\/ar\/product\/tef-canada\/#primaryimage\"},\"image\":{\"@id\":\"https:\/\/abcformation1986.fr\/ar\/product\/tef-canada\/#primaryimage\"},\"thumbnailUrl\":\"https:\/\/abcformation1986.fr\/wp-content\/uploads\/2018\/11\/TEF-Canada-1.png\",\"datePublished\":\"2018-11-28T10:43:45+00:00\",\"dateModified\":\"2025-05-06T09:10:31+00:00\",\"breadcrumb\":{\"@id\":\"https:\/\/abcformation1986.fr\/ar\/product\/tef-canada\/#breadcrumb\"},\"inLanguage\":\"ar\",\"potentialAction\":[{\"@type\":\"ReadAction\",\"target\":[\"https:\/\/abcformation1986.fr\/ar\/product\/tef-canada\/\"]}]},{\"@type\":\"ImageObject\",\"inLanguage\":\"ar\",\"@id\":\"https:\/\/abcformation1986.fr\/ar\/product\/tef-canada\/#primaryimage\",\"url\":\"https:\/\/abcformation1986.fr\/wp-content\/uploads\/2018\/11\/TEF-Canada-1.png\",\"contentUrl\":\"https:\/\/abcformation1986.fr\/wp-content\/uploads\/2018\/11\/TEF-Canada-1.png\",\"width\":300,\"height\":300},{\"@type\":\"BreadcrumbList\",\"@id\":\"https:\/\/abcformation1986.fr\/ar\/product\/tef-canada\/#breadcrumb\",\"itemListElement\":[{\"@type\":\"ListItem\",\"position\":1,\"name\":\"Home\",\"item\":\"https:\/\/abcformation1986.fr\/en\/\"},{\"@type\":\"ListItem\",\"position\":2,\"name\":\"Boutique\",\"item\":\"https:\/\/abcformation1986.fr\/ar\/boutique\/\"},{\"@type\":\"ListItem\",\"position\":3,\"name\":\"TEF Canada\"}]},{\"@type\":\"WebSite\",\"@id\":\"https:\/\/abcformation1986.fr\/en\/#website\",\"url\":\"https:\/\/abcformation1986.fr\/en\/\",\"name\":\"Centre de Formation ABC Franconville | FLE | TEF\",\"description\":\"Acteur historique de  la formation, de l\u2019insertion et de la  reconversion professionnelle depuis 1986\",\"publisher\":{\"@id\":\"https:\/\/abcformation1986.fr\/en\/#organization\"},\"potentialAction\":[{\"@type\":\"SearchAction\",\"target\":{\"@type\":\"EntryPoint\",\"urlTemplate\":\"https:\/\/abcformation1986.fr\/en\/?s={search_term_string}\"},\"query-input\":{\"@type\":\"PropertyValueSpecification\",\"valueRequired\":true,\"valueName\":\"search_term_string\"}}],\"inLanguage\":\"ar\"},{\"@type\":\"Organization\",\"@id\":\"https:\/\/abcformation1986.fr\/en\/#organization\",\"name\":\"ABCFORMATION\",\"url\":\"https:\/\/abcformation1986.fr\/en\/\",\"logo\":{\"@type\":\"ImageObject\",\"inLanguage\":\"ar\",\"@id\":\"https:\/\/abcformation1986.fr\/en\/#\/schema\/logo\/image\/\",\"url\":\"https:\/\/abcformation1986.fr\/wp-content\/uploads\/2018\/11\/abclogo.png\",\"contentUrl\":\"https:\/\/abcformation1986.fr\/wp-content\/uploads\/2018\/11\/abclogo.png\",\"width\":134,\"height\":82,\"caption\":\"ABCFORMATION\"},\"image\":{\"@id\":\"https:\/\/abcformation1986.fr\/en\/#\/schema\/logo\/image\/\"},\"sameAs\":[\"http:\/\/@abcformation\",\"https:\/\/x.com\/abc_formation\",\"http:\/\/abcformation1986\"]}]}<\/script>\n<!-- \/ Yoast SEO plugin. -->","yoast_head_json":{"title":"TEF Canada - Centre de Formation ABC Franconville | FLE | TEF","robots":{"index":"index","follow":"follow","max-snippet":"max-snippet:-1","max-image-preview":"max-image-preview:large","max-video-preview":"max-video-preview:-1"},"canonical":"https:\/\/abcformation1986.fr\/ar\/product\/tef-canada\/","og_locale":"ar_AR","og_type":"article","og_title":"TEF Canada - Centre de Formation ABC Franconville | FLE | TEF","og_description":"Dans le cadre des proc\u00e9dures d\u2019immigration et de demande de citoyennet\u00e9, le\u00a0gouvernement f\u00e9d\u00e9ral du Canada\u00a0reconna\u00eet depuis 2002\u00a0le TEF Canada\u00a0pour attester de ses connaissances linguistiques en fran\u00e7ais. Dans le cadre d\u2019une\u00a0demande d\u2019immigration vers le Canada, vous devez passer les 4 \u00e9preuves suivantes : Compr\u00e9hension orale :\u00a040 min \u2013 4 sections &#8211; 40 question Compr\u00e9hension \u00e9crite : [&hellip;]","og_url":"https:\/\/abcformation1986.fr\/ar\/product\/tef-canada\/","og_site_name":"Centre de Formation ABC Franconville | FLE | TEF","article_publisher":"http:\/\/@abcformation","article_modified_time":"2025-05-06T09:10:31+00:00","og_image":[{"width":300,"height":300,"url":"https:\/\/abcformation1986.fr\/wp-content\/uploads\/2018\/11\/TEF-Canada-1.png","type":"image\/png"}],"twitter_card":"summary_large_image","twitter_site":"@abc_formation","twitter_misc":{"\u0648\u0642\u062a \u0627\u0644\u0642\u0631\u0627\u0621\u0629 \u0627\u0644\u0645\u064f\u0642\u062f\u0651\u0631":"\u062f\u0642\u064a\u0642\u0629 \u0648\u0627\u062d\u062f\u0629"},"schema":{"@context":"https:\/\/schema.org","@graph":[{"@type":"WebPage","@id":"https:\/\/abcformation1986.fr\/ar\/product\/tef-canada\/","url":"https:\/\/abcformation1986.fr\/ar\/product\/tef-canada\/","name":"TEF Canada - Centre de Formation ABC Franconville | FLE | TEF","isPartOf":{"@id":"https:\/\/abcformation1986.fr\/en\/#website"},"primaryImageOfPage":{"@id":"https:\/\/abcformation1986.fr\/ar\/product\/tef-canada\/#primaryimage"},"image":{"@id":"https:\/\/abcformation1986.fr\/ar\/product\/tef-canada\/#primaryimage"},"thumbnailUrl":"https:\/\/abcformation1986.fr\/wp-content\/uploads\/2018\/11\/TEF-Canada-1.png","datePublished":"2018-11-28T10:43:45+00:00","dateModified":"2025-05-06T09:10:31+00:00","breadcrumb":{"@id":"https:\/\/abcformation1986.fr\/ar\/product\/tef-canada\/#breadcrumb"},"inLanguage":"ar","potentialAction":[{"@type":"ReadAction","target":["https:\/\/abcformation1986.fr\/ar\/product\/tef-canada\/"]}]},{"@type":"ImageObject","inLanguage":"ar","@id":"https:\/\/abcformation1986.fr\/ar\/product\/tef-canada\/#primaryimage","url":"https:\/\/abcformation1986.fr\/wp-content\/uploads\/2018\/11\/TEF-Canada-1.png","contentUrl":"https:\/\/abcformation1986.fr\/wp-content\/uploads\/2018\/11\/TEF-Canada-1.png","width":300,"height":300},{"@type":"BreadcrumbList","@id":"https:\/\/abcformation1986.fr\/ar\/product\/tef-canada\/#breadcrumb","itemListElement":[{"@type":"ListItem","position":1,"name":"Home","item":"https:\/\/abcformation1986.fr\/en\/"},{"@type":"ListItem","position":2,"name":"Boutique","item":"https:\/\/abcformation1986.fr\/ar\/boutique\/"},{"@type":"ListItem","position":3,"name":"TEF Canada"}]},{"@type":"WebSite","@id":"https:\/\/abcformation1986.fr\/en\/#website","url":"https:\/\/abcformation1986.fr\/en\/","name":"Centre de Formation ABC Franconville | FLE | TEF","description":"Acteur historique de  la formation, de l\u2019insertion et de la  reconversion professionnelle depuis 1986","publisher":{"@id":"https:\/\/abcformation1986.fr\/en\/#organization"},"potentialAction":[{"@type":"SearchAction","target":{"@type":"EntryPoint","urlTemplate":"https:\/\/abcformation1986.fr\/en\/?s={search_term_string}"},"query-input":{"@type":"PropertyValueSpecification","valueRequired":true,"valueName":"search_term_string"}}],"inLanguage":"ar"},{"@type":"Organization","@id":"https:\/\/abcformation1986.fr\/en\/#organization","name":"ABCFORMATION","url":"https:\/\/abcformation1986.fr\/en\/","logo":{"@type":"ImageObject","inLanguage":"ar","@id":"https:\/\/abcformation1986.fr\/en\/#\/schema\/logo\/image\/","url":"https:\/\/abcformation1986.fr\/wp-content\/uploads\/2018\/11\/abclogo.png","contentUrl":"https:\/\/abcformation1986.fr\/wp-content\/uploads\/2018\/11\/abclogo.png","width":134,"height":82,"caption":"ABCFORMATION"},"image":{"@id":"https:\/\/abcformation1986.fr\/en\/#\/schema\/logo\/image\/"},"sameAs":["http:\/\/@abcformation","https:\/\/x.com\/abc_formation","http:\/\/abcformation1986"]}]}},"uagb_featured_image_src":{"full":["https:\/\/abcformation1986.fr\/wp-content\/uploads\/2018\/11\/TEF-Canada-1.png",300,300,false],"thumbnail":["https:\/\/abcformation1986.fr\/wp-content\/uploads\/2018\/11\/TEF-Canada-1-150x150.png",150,150,true],"medium":["https:\/\/abcformation1986.fr\/wp-content\/uploads\/2018\/11\/TEF-Canada-1.png",300,300,false],"medium_large":["https:\/\/abcformation1986.fr\/wp-content\/uploads\/2018\/11\/TEF-Canada-1.png",300,300,false],"large":["https:\/\/abcformation1986.fr\/wp-content\/uploads\/2018\/11\/TEF-Canada-1.png",300,300,false],"1536x1536":["https:\/\/abcformation1986.fr\/wp-content\/uploads\/2018\/11\/TEF-Canada-1.png",300,300,false],"2048x2048":["https:\/\/abcformation1986.fr\/wp-content\/uploads\/2018\/11\/TEF-Canada-1.png",300,300,false],"trp-custom-language-flag":["https:\/\/abcformation1986.fr\/wp-content\/uploads\/2018\/11\/TEF-Canada-1-12x12.png",12,12,true],"hala-full":["https:\/\/abcformation1986.fr\/wp-content\/uploads\/2018\/11\/TEF-Canada-1.png",300,300,false],"hala-medium":["https:\/\/abcformation1986.fr\/wp-content\/uploads\/2018\/11\/TEF-Canada-1.png",300,300,false],"hala-small":["https:\/\/abcformation1986.fr\/wp-content\/uploads\/2018\/11\/TEF-Canada-1-300x280.png",300,280,true],"hala-team":["https:\/\/abcformation1986.fr\/wp-content\/uploads\/2018\/11\/TEF-Canada-1-250x300.png",250,300,true],"hala-thumb":["https:\/\/abcformation1986.fr\/wp-content\/uploads\/2018\/11\/TEF-Canada-1-100x100.png",100,100,true],"woocommerce_thumbnail":["https:\/\/abcformation1986.fr\/wp-content\/uploads\/2018\/11\/TEF-Canada-1-291x291.png",291,291,true],"woocommerce_single":["https:\/\/abcformation1986.fr\/wp-content\/uploads\/2018\/11\/TEF-Canada-1.png",300,300,false],"woocommerce_gallery_thumbnail":["https:\/\/abcformation1986.fr\/wp-content\/uploads\/2018\/11\/TEF-Canada-1-100x100.png",100,100,true]},"uagb_author_info":{"display_name":"abc formation","author_link":"https:\/\/abcformation1986.fr\/ar\/author\/"},"uagb_comment_info":0,"uagb_excerpt":"Dans le cadre des proc\u00e9dures d\u2019immigration et de demande de citoyennet\u00e9, le\u00a0gouvernement f\u00e9d\u00e9ral du Canada\u00a0reconna\u00eet depuis 2002\u00a0le TEF Canada\u00a0pour attester de ses connaissances linguistiques en fran\u00e7ais. Dans le cadre d\u2019une\u00a0demande d\u2019immigration vers le Canada, vous devez passer les 4 \u00e9preuves suivantes : Compr\u00e9hension orale :\u00a040 min \u2013 4 sections &#8211; 40 question Compr\u00e9hension \u00e9crite :&hellip;","jetpack_sharing_enabled":true,"_links":{"self":[{"href":"https:\/\/abcformation1986.fr\/ar\/wp-json\/wp\/v2\/product\/1086","targetHints":{"allow":["GET"]}}],"collection":[{"href":"https:\/\/abcformation1986.fr\/ar\/wp-json\/wp\/v2\/product"}],"about":[{"href":"https:\/\/abcformation1986.fr\/ar\/wp-json\/wp\/v2\/types\/product"}],"wp:featuredmedia":[{"embeddable":true,"href":"https:\/\/abcformation1986.fr\/ar\/wp-json\/wp\/v2\/media\/10319"}],"wp:attachment":[{"href":"https:\/\/abcformation1986.fr\/ar\/wp-json\/wp\/v2\/media?parent=1086"}],"wp:term":[{"taxonomy":"product_brand","embeddable":true,"href":"https:\/\/abcformation1986.fr\/ar\/wp-json\/wp\/v2\/product_brand?post=1086"},{"taxonomy":"product_cat","embeddable":true,"href":"https:\/\/abcformation1986.fr\/ar\/wp-json\/wp\/v2\/product_cat?post=1086"},{"taxonomy":"product_tag","embeddable":true,"href":"https:\/\/abcformation1986.fr\/ar\/wp-json\/wp\/v2\/product_tag?post=1086"}],"curies":[{"name":"wp","href":"https:\/\/api.w.org\/{rel}","templated":true}]}}