{"id":1082,"date":"2018-11-28T10:39:59","date_gmt":"2018-11-28T10:39:59","guid":{"rendered":"http:\/\/abcformation1986.fr\/?post_type=product&#038;p=1082"},"modified":"2025-05-06T09:13:01","modified_gmt":"2025-05-06T09:13:01","slug":"tef-irn","status":"publish","type":"product","link":"https:\/\/abcformation1986.fr\/ar\/product\/tef-irn\/","title":{"rendered":"E-TEF IRN \u0627\u0644\u062a\u0643\u0627\u0645\u0644 \u0648\u0627\u0644\u0625\u0642\u0627\u0645\u0629 \u0648\u0627\u0644\u062c\u0646\u0633\u064a\u0629"},"content":{"rendered":"<p>\u0645\u0639\u062a\u0631\u0641 \u0628\u0647\u0627 \u0645\u0646 \u0642\u0628\u0644 \u0648\u0632\u0627\u0631\u0629 \u0627\u0644\u062f\u0627\u062e\u0644\u064a\u0629 \u0627\u0644\u0641\u0631\u0646\u0633\u064a\u0629\u00a0<strong>TEF \u0627\u0644\u062a\u0643\u0627\u0645\u0644 \u0648\u0627\u0644\u0625\u0642\u0627\u0645\u0629 \u0648\u0627\u0644\u062c\u0646\u0633\u064a\u0629<\/strong>\u00a0\u0645\u062e\u0635\u0635 \u0644\u0623\u064a \u0634\u062e\u0635 \u0623\u062c\u0646\u0628\u064a \u064a\u0632\u064a\u062f \u0639\u0645\u0631\u0647 \u0639\u0646 16 \u0639\u0627\u0645\u064b\u0627 \u0648\u064a\u0631\u063a\u0628 \u0641\u064a:<\/p>\n<ul>\n<li>\u062a\u0639\u0632\u064a\u0632 \u0645\u0633\u062a\u0648\u0627\u0643 \u0641\u064a \u0627\u0644\u0644\u063a\u0629 \u0627\u0644\u0641\u0631\u0646\u0633\u064a\u0629<strong>\u00a0\u0643\u062c\u0632\u0621 \u0645\u0646 \u0631\u062d\u0644\u0629 \u0645\u0648\u0627\u0637\u0646 OFII<\/strong>\u00a0<strong>(\u0627\u0644\u0645\u0633\u062a\u0648\u0649 A1)<\/strong>\u00a0;<\/li>\n<li>certifier son niveau de fran\u00e7ais\u00a0<strong>\u0644\u0648\u0627\u062d\u062f\u0629<\/strong>\u00a0<strong>\u0637\u0644\u0628 \u0627\u0644\u062d\u0635\u0648\u0644 \u0639\u0644\u0649 \u0628\u0637\u0627\u0642\u0629 \u0625\u0642\u0627\u0645\u0629 \u0637\u0648\u064a\u0644\u0629 \u0627\u0644\u0623\u062c\u0644<\/strong>\u00a0<strong>(\u0627\u0644\u0645\u0633\u062a\u0648\u0649 A2)<\/strong>\u00a0;<\/li>\n<li>certifier son niveau de fran\u00e7ais\u00a0<strong>\u0644\u0637\u0644\u0628 \u0627\u0644\u062d\u0635\u0648\u0644 \u0639\u0644\u0649 \u0627\u0644\u062c\u0646\u0633\u064a\u0629 \u0627\u0644\u0641\u0631\u0646\u0633\u064a\u0629 (\u0627\u0644\u0645\u0633\u062a\u0648\u0649 B1)<\/strong>.<\/li>\n<\/ul>\n<p>Le TEF Naturalisation se compose de 4 \u00e9preuves obligatoires\u00a0\u00a0:<\/p>\n<ul>\n<li><strong>\u0627\u0644\u0641\u0647\u0645 \u0627\u0644\u0643\u062a\u0627\u0628\u064a<\/strong> (CE) 20 questions au format QCM \u00e0 traiter en 30 minutes<\/li>\n<li><strong>\u0627\u0644\u0641\u0647\u0645 \u0639\u0646 \u0637\u0631\u064a\u0642 \u0627\u0644\u0641\u0645<\/strong> (CO) 20 questions au format QCM \u00e0 traiter en 20 minutes.<\/li>\n<li><strong>\u062a\u0639\u0628\u064a\u0631 \u0643\u062a\u0627\u0628\u064a<\/strong> (EE) 2 sujets \u00e0 traiter en 30 minutes au total.<\/li>\n<li><strong><strong><strong>\u062a\u0639\u0628\u064a\u0631 \u0634\u0641\u0647\u064a\u00a0 <\/strong><\/strong><\/strong>2 sujets \u00e0 traiter en 5 minutes chacun, 10 minutes au total.<\/li>\n<\/ul>","protected":false},"excerpt":{"rendered":"<p>Reconnu par le minist\u00e8re de l\u2019Int\u00e9rieur fran\u00e7ais, le\u00a0TEF Int\u00e9gration, R\u00e9sidence et Nationalit\u00e9\u00a0est destin\u00e9 \u00e0 toute personne \u00e9trang\u00e8re de plus de 16 ans souhaitant : valoriser son niveau de fran\u00e7ais\u00a0dans le cadre du parcours citoyen OFII\u00a0(niveau A1)\u00a0; certifier son niveau de fran\u00e7ais\u00a0pour une\u00a0demande de carte de r\u00e9sident de longue dur\u00e9e\u00a0(niveau A2)\u00a0; certifier son niveau de fran\u00e7ais\u00a0pour [&hellip;]<\/p>","protected":false},"featured_media":10315,"template":"","meta":{"_uag_custom_page_level_css":""},"product_brand":[],"product_cat":[49],"product_tag":[],"class_list":{"0":"post-1082","1":"product","2":"type-product","3":"status-publish","4":"has-post-thumbnail","6":"product_cat-tef","8":"first","9":"instock","10":"taxable","11":"shipping-taxable","12":"purchasable","13":"product-type-simple"},"yoast_head":"<!-- This site is optimized with the Yoast SEO plugin v25.2 - https:\/\/yoast.com\/wordpress\/plugins\/seo\/ -->\n<title>E-TEF IRN INT\u00c9GRATION, R\u00c9SIDENCE ET NATIONALIT\u00c9 - Centre de Formation ABC Franconville | FLE | TEF<\/title>\n<meta name=\"robots\" content=\"index, follow, max-snippet:-1, max-image-preview:large, max-video-preview:-1\" \/>\n<link rel=\"canonical\" href=\"https:\/\/abcformation1986.fr\/ar\/product\/tef-irn\/\" \/>\n<meta property=\"og:locale\" content=\"ar_AR\" \/>\n<meta property=\"og:type\" content=\"article\" \/>\n<meta property=\"og:title\" content=\"E-TEF IRN INT\u00c9GRATION, R\u00c9SIDENCE ET NATIONALIT\u00c9 - Centre de Formation ABC Franconville | FLE | TEF\" \/>\n<meta property=\"og:description\" content=\"Reconnu par le minist\u00e8re de l\u2019Int\u00e9rieur fran\u00e7ais, le\u00a0TEF Int\u00e9gration, R\u00e9sidence et Nationalit\u00e9\u00a0est destin\u00e9 \u00e0 toute personne \u00e9trang\u00e8re de plus de 16 ans souhaitant : valoriser son niveau de fran\u00e7ais\u00a0dans le cadre du parcours citoyen OFII\u00a0(niveau A1)\u00a0; certifier son niveau de fran\u00e7ais\u00a0pour une\u00a0demande de carte de r\u00e9sident de longue dur\u00e9e\u00a0(niveau A2)\u00a0; certifier son niveau de fran\u00e7ais\u00a0pour [&hellip;]\" \/>\n<meta property=\"og:url\" content=\"https:\/\/abcformation1986.fr\/ar\/product\/tef-irn\/\" \/>\n<meta property=\"og:site_name\" content=\"Centre de Formation ABC Franconville | FLE | TEF\" \/>\n<meta property=\"article:publisher\" content=\"http:\/\/@abcformation\" \/>\n<meta property=\"article:modified_time\" content=\"2025-05-06T09:13:01+00:00\" \/>\n<meta property=\"og:image\" content=\"https:\/\/abcformation1986.fr\/wp-content\/uploads\/2018\/11\/TEF-IRN.png\" \/>\n\t<meta property=\"og:image:width\" content=\"300\" \/>\n\t<meta property=\"og:image:height\" content=\"300\" \/>\n\t<meta property=\"og:image:type\" content=\"image\/png\" \/>\n<meta name=\"twitter:card\" content=\"summary_large_image\" \/>\n<meta name=\"twitter:site\" content=\"@abc_formation\" \/>\n<meta name=\"twitter:label1\" content=\"\u0648\u0642\u062a \u0627\u0644\u0642\u0631\u0627\u0621\u0629 \u0627\u0644\u0645\u064f\u0642\u062f\u0651\u0631\" \/>\n\t<meta name=\"twitter:data1\" content=\"\u062f\u0642\u064a\u0642\u0629 \u0648\u0627\u062d\u062f\u0629\" \/>\n<script type=\"application\/ld+json\" class=\"yoast-schema-graph\">{\"@context\":\"https:\/\/schema.org\",\"@graph\":[{\"@type\":\"WebPage\",\"@id\":\"https:\/\/abcformation1986.fr\/produit\/tef-irn\/\",\"url\":\"https:\/\/abcformation1986.fr\/produit\/tef-irn\/\",\"name\":\"E-TEF IRN INT\u00c9GRATION, R\u00c9SIDENCE ET NATIONALIT\u00c9 - Centre de Formation ABC Franconville | FLE | TEF\",\"isPartOf\":{\"@id\":\"http:\/\/abcformation1986.fr\/ar\/#website\"},\"primaryImageOfPage\":{\"@id\":\"https:\/\/abcformation1986.fr\/produit\/tef-irn\/#primaryimage\"},\"image\":{\"@id\":\"https:\/\/abcformation1986.fr\/produit\/tef-irn\/#primaryimage\"},\"thumbnailUrl\":\"https:\/\/abcformation1986.fr\/wp-content\/uploads\/2018\/11\/TEF-IRN.png\",\"datePublished\":\"2018-11-28T10:39:59+00:00\",\"dateModified\":\"2025-05-06T09:13:01+00:00\",\"breadcrumb\":{\"@id\":\"https:\/\/abcformation1986.fr\/produit\/tef-irn\/#breadcrumb\"},\"inLanguage\":\"ar\",\"potentialAction\":[{\"@type\":\"ReadAction\",\"target\":[\"https:\/\/abcformation1986.fr\/produit\/tef-irn\/\"]}]},{\"@type\":\"ImageObject\",\"inLanguage\":\"ar\",\"@id\":\"https:\/\/abcformation1986.fr\/produit\/tef-irn\/#primaryimage\",\"url\":\"https:\/\/abcformation1986.fr\/wp-content\/uploads\/2018\/11\/TEF-IRN.png\",\"contentUrl\":\"https:\/\/abcformation1986.fr\/wp-content\/uploads\/2018\/11\/TEF-IRN.png\",\"width\":300,\"height\":300},{\"@type\":\"BreadcrumbList\",\"@id\":\"https:\/\/abcformation1986.fr\/produit\/tef-irn\/#breadcrumb\",\"itemListElement\":[{\"@type\":\"ListItem\",\"position\":1,\"name\":\"Home\",\"item\":\"http:\/\/abcformation1986.fr\/ar\/\"},{\"@type\":\"ListItem\",\"position\":2,\"name\":\"Boutique\",\"item\":\"https:\/\/abcformation1986.fr\/boutique\/\"},{\"@type\":\"ListItem\",\"position\":3,\"name\":\"E-TEF IRN INT\u00c9GRATION, R\u00c9SIDENCE ET NATIONALIT\u00c9\"}]},{\"@type\":\"WebSite\",\"@id\":\"http:\/\/abcformation1986.fr\/ar\/#website\",\"url\":\"http:\/\/abcformation1986.fr\/ar\/\",\"name\":\"Centre de Formation ABC Franconville | FLE | TEF\",\"description\":\"Acteur historique de  la formation, de l\u2019insertion et de la  reconversion professionnelle depuis 1986\",\"publisher\":{\"@id\":\"http:\/\/abcformation1986.fr\/ar\/#organization\"},\"potentialAction\":[{\"@type\":\"SearchAction\",\"target\":{\"@type\":\"EntryPoint\",\"urlTemplate\":\"http:\/\/abcformation1986.fr\/ar\/?s={search_term_string}\"},\"query-input\":{\"@type\":\"PropertyValueSpecification\",\"valueRequired\":true,\"valueName\":\"search_term_string\"}}],\"inLanguage\":\"ar\"},{\"@type\":\"Organization\",\"@id\":\"http:\/\/abcformation1986.fr\/ar\/#organization\",\"name\":\"ABCFORMATION\",\"url\":\"http:\/\/abcformation1986.fr\/ar\/\",\"logo\":{\"@type\":\"ImageObject\",\"inLanguage\":\"ar\",\"@id\":\"http:\/\/abcformation1986.fr\/ar\/#\/schema\/logo\/image\/\",\"url\":\"https:\/\/abcformation1986.fr\/wp-content\/uploads\/2018\/11\/abclogo.png\",\"contentUrl\":\"https:\/\/abcformation1986.fr\/wp-content\/uploads\/2018\/11\/abclogo.png\",\"width\":134,\"height\":82,\"caption\":\"ABCFORMATION\"},\"image\":{\"@id\":\"http:\/\/abcformation1986.fr\/ar\/#\/schema\/logo\/image\/\"},\"sameAs\":[\"http:\/\/@abcformation\",\"https:\/\/x.com\/abc_formation\",\"http:\/\/abcformation1986\"]}]}<\/script>\n<!-- \/ Yoast SEO plugin. -->","yoast_head_json":{"title":"E-TEF IRN INT\u00c9GRATION, R\u00c9SIDENCE ET NATIONALIT\u00c9 - Centre de Formation ABC Franconville | FLE | TEF","robots":{"index":"index","follow":"follow","max-snippet":"max-snippet:-1","max-image-preview":"max-image-preview:large","max-video-preview":"max-video-preview:-1"},"canonical":"https:\/\/abcformation1986.fr\/ar\/product\/tef-irn\/","og_locale":"ar_AR","og_type":"article","og_title":"E-TEF IRN INT\u00c9GRATION, R\u00c9SIDENCE ET NATIONALIT\u00c9 - Centre de Formation ABC Franconville | FLE | TEF","og_description":"Reconnu par le minist\u00e8re de l\u2019Int\u00e9rieur fran\u00e7ais, le\u00a0TEF Int\u00e9gration, R\u00e9sidence et Nationalit\u00e9\u00a0est destin\u00e9 \u00e0 toute personne \u00e9trang\u00e8re de plus de 16 ans souhaitant : valoriser son niveau de fran\u00e7ais\u00a0dans le cadre du parcours citoyen OFII\u00a0(niveau A1)\u00a0; certifier son niveau de fran\u00e7ais\u00a0pour une\u00a0demande de carte de r\u00e9sident de longue dur\u00e9e\u00a0(niveau A2)\u00a0; certifier son niveau de fran\u00e7ais\u00a0pour [&hellip;]","og_url":"https:\/\/abcformation1986.fr\/ar\/product\/tef-irn\/","og_site_name":"Centre de Formation ABC Franconville | FLE | TEF","article_publisher":"http:\/\/@abcformation","article_modified_time":"2025-05-06T09:13:01+00:00","og_image":[{"width":300,"height":300,"url":"https:\/\/abcformation1986.fr\/wp-content\/uploads\/2018\/11\/TEF-IRN.png","type":"image\/png"}],"twitter_card":"summary_large_image","twitter_site":"@abc_formation","twitter_misc":{"\u0648\u0642\u062a \u0627\u0644\u0642\u0631\u0627\u0621\u0629 \u0627\u0644\u0645\u064f\u0642\u062f\u0651\u0631":"\u062f\u0642\u064a\u0642\u0629 \u0648\u0627\u062d\u062f\u0629"},"schema":{"@context":"https:\/\/schema.org","@graph":[{"@type":"WebPage","@id":"https:\/\/abcformation1986.fr\/produit\/tef-irn\/","url":"https:\/\/abcformation1986.fr\/produit\/tef-irn\/","name":"E-TEF IRN INT\u00c9GRATION, R\u00c9SIDENCE ET NATIONALIT\u00c9 - Centre de Formation ABC Franconville | FLE | TEF","isPartOf":{"@id":"http:\/\/abcformation1986.fr\/ar\/#website"},"primaryImageOfPage":{"@id":"https:\/\/abcformation1986.fr\/produit\/tef-irn\/#primaryimage"},"image":{"@id":"https:\/\/abcformation1986.fr\/produit\/tef-irn\/#primaryimage"},"thumbnailUrl":"https:\/\/abcformation1986.fr\/wp-content\/uploads\/2018\/11\/TEF-IRN.png","datePublished":"2018-11-28T10:39:59+00:00","dateModified":"2025-05-06T09:13:01+00:00","breadcrumb":{"@id":"https:\/\/abcformation1986.fr\/produit\/tef-irn\/#breadcrumb"},"inLanguage":"ar","potentialAction":[{"@type":"ReadAction","target":["https:\/\/abcformation1986.fr\/produit\/tef-irn\/"]}]},{"@type":"ImageObject","inLanguage":"ar","@id":"https:\/\/abcformation1986.fr\/produit\/tef-irn\/#primaryimage","url":"https:\/\/abcformation1986.fr\/wp-content\/uploads\/2018\/11\/TEF-IRN.png","contentUrl":"https:\/\/abcformation1986.fr\/wp-content\/uploads\/2018\/11\/TEF-IRN.png","width":300,"height":300},{"@type":"BreadcrumbList","@id":"https:\/\/abcformation1986.fr\/produit\/tef-irn\/#breadcrumb","itemListElement":[{"@type":"ListItem","position":1,"name":"Home","item":"http:\/\/abcformation1986.fr\/ar\/"},{"@type":"ListItem","position":2,"name":"Boutique","item":"https:\/\/abcformation1986.fr\/boutique\/"},{"@type":"ListItem","position":3,"name":"E-TEF IRN INT\u00c9GRATION, R\u00c9SIDENCE ET NATIONALIT\u00c9"}]},{"@type":"WebSite","@id":"http:\/\/abcformation1986.fr\/ar\/#website","url":"http:\/\/abcformation1986.fr\/ar\/","name":"Centre de Formation ABC Franconville | FLE | TEF","description":"Acteur historique de  la formation, de l\u2019insertion et de la  reconversion professionnelle depuis 1986","publisher":{"@id":"http:\/\/abcformation1986.fr\/ar\/#organization"},"potentialAction":[{"@type":"SearchAction","target":{"@type":"EntryPoint","urlTemplate":"http:\/\/abcformation1986.fr\/ar\/?s={search_term_string}"},"query-input":{"@type":"PropertyValueSpecification","valueRequired":true,"valueName":"search_term_string"}}],"inLanguage":"ar"},{"@type":"Organization","@id":"http:\/\/abcformation1986.fr\/ar\/#organization","name":"ABCFORMATION","url":"http:\/\/abcformation1986.fr\/ar\/","logo":{"@type":"ImageObject","inLanguage":"ar","@id":"http:\/\/abcformation1986.fr\/ar\/#\/schema\/logo\/image\/","url":"https:\/\/abcformation1986.fr\/wp-content\/uploads\/2018\/11\/abclogo.png","contentUrl":"https:\/\/abcformation1986.fr\/wp-content\/uploads\/2018\/11\/abclogo.png","width":134,"height":82,"caption":"ABCFORMATION"},"image":{"@id":"http:\/\/abcformation1986.fr\/ar\/#\/schema\/logo\/image\/"},"sameAs":["http:\/\/@abcformation","https:\/\/x.com\/abc_formation","http:\/\/abcformation1986"]}]}},"uagb_featured_image_src":{"full":["https:\/\/abcformation1986.fr\/wp-content\/uploads\/2018\/11\/TEF-IRN.png",300,300,false],"thumbnail":["https:\/\/abcformation1986.fr\/wp-content\/uploads\/2018\/11\/TEF-IRN-150x150.png",150,150,true],"medium":["https:\/\/abcformation1986.fr\/wp-content\/uploads\/2018\/11\/TEF-IRN.png",300,300,false],"medium_large":["https:\/\/abcformation1986.fr\/wp-content\/uploads\/2018\/11\/TEF-IRN.png",300,300,false],"large":["https:\/\/abcformation1986.fr\/wp-content\/uploads\/2018\/11\/TEF-IRN.png",300,300,false],"1536x1536":["https:\/\/abcformation1986.fr\/wp-content\/uploads\/2018\/11\/TEF-IRN.png",300,300,false],"2048x2048":["https:\/\/abcformation1986.fr\/wp-content\/uploads\/2018\/11\/TEF-IRN.png",300,300,false],"trp-custom-language-flag":["https:\/\/abcformation1986.fr\/wp-content\/uploads\/2018\/11\/TEF-IRN-12x12.png",12,12,true],"hala-full":["https:\/\/abcformation1986.fr\/wp-content\/uploads\/2018\/11\/TEF-IRN.png",300,300,false],"hala-medium":["https:\/\/abcformation1986.fr\/wp-content\/uploads\/2018\/11\/TEF-IRN.png",300,300,false],"hala-small":["https:\/\/abcformation1986.fr\/wp-content\/uploads\/2018\/11\/TEF-IRN-300x280.png",300,280,true],"hala-team":["https:\/\/abcformation1986.fr\/wp-content\/uploads\/2018\/11\/TEF-IRN-250x300.png",250,300,true],"hala-thumb":["https:\/\/abcformation1986.fr\/wp-content\/uploads\/2018\/11\/TEF-IRN-100x100.png",100,100,true],"woocommerce_thumbnail":["https:\/\/abcformation1986.fr\/wp-content\/uploads\/2018\/11\/TEF-IRN-291x291.png",291,291,true],"woocommerce_single":["https:\/\/abcformation1986.fr\/wp-content\/uploads\/2018\/11\/TEF-IRN.png",300,300,false],"woocommerce_gallery_thumbnail":["https:\/\/abcformation1986.fr\/wp-content\/uploads\/2018\/11\/TEF-IRN-100x100.png",100,100,true]},"uagb_author_info":{"display_name":"abc formation","author_link":"https:\/\/abcformation1986.fr\/ar\/author\/"},"uagb_comment_info":0,"uagb_excerpt":"Reconnu par le minist\u00e8re de l\u2019Int\u00e9rieur fran\u00e7ais, le\u00a0TEF Int\u00e9gration, R\u00e9sidence et Nationalit\u00e9\u00a0est destin\u00e9 \u00e0 toute personne \u00e9trang\u00e8re de plus de 16 ans souhaitant : valoriser son niveau de fran\u00e7ais\u00a0dans le cadre du parcours citoyen OFII\u00a0(niveau A1)\u00a0; certifier son niveau de fran\u00e7ais\u00a0pour une\u00a0demande de carte de r\u00e9sident de longue dur\u00e9e\u00a0(niveau A2)\u00a0; certifier son niveau de fran\u00e7ais\u00a0pour&hellip;","jetpack_sharing_enabled":true,"_links":{"self":[{"href":"https:\/\/abcformation1986.fr\/ar\/wp-json\/wp\/v2\/product\/1082","targetHints":{"allow":["GET"]}}],"collection":[{"href":"https:\/\/abcformation1986.fr\/ar\/wp-json\/wp\/v2\/product"}],"about":[{"href":"https:\/\/abcformation1986.fr\/ar\/wp-json\/wp\/v2\/types\/product"}],"wp:featuredmedia":[{"embeddable":true,"href":"https:\/\/abcformation1986.fr\/ar\/wp-json\/wp\/v2\/media\/10315"}],"wp:attachment":[{"href":"https:\/\/abcformation1986.fr\/ar\/wp-json\/wp\/v2\/media?parent=1082"}],"wp:term":[{"taxonomy":"product_brand","embeddable":true,"href":"https:\/\/abcformation1986.fr\/ar\/wp-json\/wp\/v2\/product_brand?post=1082"},{"taxonomy":"product_cat","embeddable":true,"href":"https:\/\/abcformation1986.fr\/ar\/wp-json\/wp\/v2\/product_cat?post=1082"},{"taxonomy":"product_tag","embeddable":true,"href":"https:\/\/abcformation1986.fr\/ar\/wp-json\/wp\/v2\/product_tag?post=1082"}],"curies":[{"name":"wp","href":"https:\/\/api.w.org\/{rel}","templated":true}]}}