{"id":845,"date":"2018-11-20T08:50:21","date_gmt":"2018-11-20T08:50:21","guid":{"rendered":"http:\/\/abcformation1986.fr\/?page_id=845"},"modified":"2025-06-12T19:28:38","modified_gmt":"2025-06-12T19:28:38","slug":"historique","status":"publish","type":"page","link":"http:\/\/abcformation1986.fr\/es\/historique\/","title":{"rendered":"Hist\u00f3rico"},"content":{"rendered":"<div class=\"vc_row wpb_row vc_row-fluid\">\n\t\t\t\t<div class=\"mo-vc-row-ovelay\" style=\"\"><\/div>\n\t\t\t\t<div class=\"container\"><div class=\"wpb_column vc_column_container vc_col-sm-8\"><div class=\"vc_column-inner\"><div class=\"wpb_wrapper\">\n\t<div class=\"wpb_text_column wpb_content_element\" >\n\t\t<div class=\"wpb_wrapper\">\n\t\t\t<div class=\"flex-1 overflow-hidden\">\n<div class=\"react-scroll-to-bottom--css-pcbnz-79elbk h-full dark:bg-gray-800\">\n<div class=\"react-scroll-to-bottom--css-pcbnz-1n7m0yu\">\n<div class=\"flex flex-col text-sm dark:bg-gray-800\">\n<div class=\"group w-full text-token-text-primary border-b border-black\/10 dark:border-gray-900\/50 bg-gray-50 dark:bg-&#091;#444654&#093;\" data-testid=\"conversation-turn-17\">\n<div class=\"p-4 justify-center text-base md:gap-6 md:py-6 m-auto\">\n<div class=\"flex flex-1 gap-4 text-base mx-auto md:gap-6 md:max-w-2xl lg:max-w-&#091;38rem&#093; xl:max-w-3xl }\">\n<div class=\"relative flex w-&#091;calc(100%-50px)&#093; flex-col gap-1 md:gap-3 lg:w-&#091;calc(100%-115px)&#093;\">\n<div class=\"flex flex-grow flex-col gap-3 max-w-full\">\n<div class=\"min-h-&#091;20px&#093; flex flex-col items-start gap-3 overflow-x-auto whitespace-pre-wrap break-words\">\n<div class=\"markdown prose w-full break-words dark:prose-invert light\">\n<p><span style=\"font-weight: 400;\">Fundada en 1986, ABC FORMACI\u00d3N es una asociaci\u00f3n al amparo de la ley de 1901, creada con el objetivo de ayudar a cualquier persona sin discriminaci\u00f3n por origen, g\u00e9nero, procedencia o religi\u00f3n a integrarse social y profesionalmente en nuestro territorio. Hist\u00f3ricamente socio privilegiado de los servicios p\u00fablicos de empleo en sus esfuerzos de integraci\u00f3n profesional de los j\u00f3venes (menores de 26 a\u00f1os) y beneficiarios de prestaciones sociales m\u00ednimas,\u00a0\u00a0<\/span><\/p>\n<p><span style=\"font-weight: 400;\">ABC Formaci\u00f3n ha concentrado sus actividades durante los \u00faltimos 5 a\u00f1os en torno a 2 centros de aprendizaje, ling\u00fc\u00edstico y digital, y un centro de apoyo e integraci\u00f3n socioprofesional.<\/span><\/p>\n<p><span style=\"font-weight: 400;\">En el marco de varias acciones aprobadas por el DDETS, se organizan peri\u00f3dicamente varios cursos de idiomas en nuestro establecimiento. Estos cursos est\u00e1n dirigidos a reci\u00e9n llegados, refugiados y beneficiarios de RSA desde el nivel A1.1 hasta el nivel B1.\u00a0<\/span><\/p>\n<p>&nbsp;<\/p>\n<h3><span style=\"color: #33cccc;\"><b>Polo ling\u00fc\u00edstico:<\/b><\/span><\/h3>\n<ol>\n<li style=\"font-weight: 400;\" aria-level=\"1\">\n<h4><strong><span style=\"color: #33cccc;\">Formaci\u00f3n de lengua francesa de integraci\u00f3n:<\/span><\/strong><\/h4>\n<\/li>\n<\/ol>\n<p><span style=\"font-weight: 400;\">El objetivo general de esta formaci\u00f3n es la integraci\u00f3n sociocultural de los reci\u00e9n llegados, que a menudo son poco comunicativos. El objetivo educativo es alcanzar el nivel A1 al finalizar el curso.<\/span><\/p>\n<p><span style=\"font-weight: 400;\">Para que el alumno sea protagonista de su aprendizaje, se organizan talleres semanales de actividades deportivas y culturales (cine, teatro o visitas a lugares o recursos hist\u00f3ricos) en l\u00ednea con los cursos generales de franc\u00e9s.<\/span><\/p>\n<p><strong>\u00a0<span style=\"color: #33cccc;\">1.<\/span><span style=\"color: #33cccc;\">Formaci\u00f3n de lengua francesa extranjera:<\/span><\/strong><\/p>\n<p><span style=\"font-weight: 400;\">Se trata de aprender franc\u00e9s y facilitar el acceso al mercado laboral. Los alumnos reciben apoyo para aprender franc\u00e9s hasta la certificaci\u00f3n de nivel A2, el nivel m\u00ednimo requerido para cualquier acceso a un empleo o formaci\u00f3n.<\/span><\/p>\n<p><span style=\"font-weight: 400;\">\u00a0<\/span><\/p>\n<h4><span style=\"color: #33cccc;\"><strong>2.Formaci\u00f3n de franc\u00e9s con fines profesionales:<\/strong><\/span><\/h4>\n<p><span style=\"font-weight: 400;\">Ofrecemos actividades de formaci\u00f3n en franc\u00e9s con fines profesionales en diferentes sectores en tensi\u00f3n: el objetivo es adquirir competencias ling\u00fc\u00edsticas profesionales que le permitan trabajar.\u00a0<\/span><\/p>\n<p><span style=\"font-weight: 400;\">en los \u00e1mbitos de la gran distribuci\u00f3n, hosteler\u00eda, asistencia personal o m\u00e9dico-social, etc.\u00a0<\/span><\/p>\n<p><span style=\"font-weight: 400;\">Nuestros cursos FOS se organizan en torno a los diplomas profesionales de franc\u00e9s CCIP y, en la mayor\u00eda de los casos, para sectores en tensi\u00f3n.<\/span><\/p>\n<p><span style=\"font-weight: 400;\">El acceso a estas formaciones certificantes o diplomantes requiere el nivel A1 del cuadro europeo.<\/span><\/p>\n<p><span style=\"font-weight: 400;\">Como Centro Certificador y en colaboraci\u00f3n con la CCI (C\u00e1mara de Comercio e Industria), ofrecemos a cualquier persona que integre este sistema la realizaci\u00f3n del Diploma A2.<\/span><\/p>\n<p><span style=\"font-weight: 400;\">Objetivos: desarrollar habilidades ling\u00fc\u00edsticas orales y escritas en un contexto profesional, alcanzando el nivel A2 o B1 del Marco Com\u00fan Europeo de Referencia para las Lenguas. Una prueba de nivel A2 TEF (CCI Paris Ile de France) certificar\u00e1 el nivel.\u00a0<\/span><\/p>\n<p><span style=\"font-weight: 400;\">Preparaci\u00f3n intensiva para la certificaci\u00f3n de idiomas A2, B1<\/span><\/p>\n<p><span style=\"font-weight: 400;\">Los cursos complementarios del nivel B1 tambi\u00e9n se proponen a los aprendices para reforzar su acervo ling\u00fc\u00edstico. Nuestras formaciones ling\u00fc\u00edsticas se aplican a un volumen num\u00e9rico que facilita la autonom\u00eda en el aprendizaje.<\/span><\/p>\n<p><span style=\"font-weight: 400;\">Adem\u00e1s del centro de certificaci\u00f3n ling\u00fc\u00edstica, ABC Formation prepara diariamente a los candidatos para la aprobaci\u00f3n de las certificaciones ling\u00fc\u00edsticas de CCIP. Adem\u00e1s de los m\u00f3dulos individuales de preparaci\u00f3n de pruebas de franc\u00e9s presentes en nuestro cat\u00e1logo CPF, todos los participantes se benefician de una preparaci\u00f3n intensiva para este tipo de prueba. En efecto, todas las acciones ling\u00fc\u00edsticas en lengua francesa est\u00e1n sancionadas por una certificaci\u00f3n TEF o DFP, lo que implica una preparaci\u00f3n previa a la prueba.<\/span><\/p>\n<h3><span style=\"color: #33cccc;\"><span style=\"font-weight: 400;\">\u00a0<\/span><b>\u00a0<\/b><\/span><\/h3>\n<h3><span style=\"color: #33cccc;\"><b>centro digital<\/b><\/span><\/h3>\n<p><span style=\"font-weight: 400;\">Dentro de este servicio se presta especial atenci\u00f3n a la pol\u00edtica de lucha contra la brecha digital. Una de nuestras acciones a favor de las poblaciones analfabetas es nuestro proyecto e-Tic-Lab. Esta formaci\u00f3n pretende ser concreta, pr\u00e1ctica y pragm\u00e1tica para que los alumnos adquieran facilidad y autonom\u00eda en el uso de herramientas digitales en su vida diaria con el fin de facilitar sus tr\u00e1mites administrativos; su b\u00fasqueda de empleo y borrar en la medida de lo posible el electronicismo y la brecha digital.<\/span><\/p>\n<p><span style=\"font-weight: 400;\">El uso de estas herramientas y redes sociales act\u00faa como un aut\u00e9ntico acelerador tanto en su vida personal como profesional, abre nuevas perspectivas y acceso a las caracter\u00edsticas del mundo profesional y social actual.<\/span><\/p>\n<p><span style=\"font-weight: 400;\">Esta formaci\u00f3n es una resoluci\u00f3n girada frente a la pr\u00e1ctica de las funciones. Las aplicaciones y ejercicios sobre casos concretos son conductos en alternancia para crear partes te\u00f3ricas y aplicaciones pr\u00e1cticas que dan una coherencia y una comprensi\u00f3n del programa que sigue a los beneficiarios. Cada a\u00f1o m\u00e1s de 200 inmigrantes se benefician de las acciones del polo num\u00e9rico.<\/span><\/p>\n<h1 style=\"text-align: center;\"><\/h1>\n<h3><span style=\"color: #33cccc;\"><b>P\u00f4le acompa\u00f1amiento inserci\u00f3n socioprofessionnelle<\/b><\/span><\/h3>\n<p><span style=\"font-weight: 400;\">Nuestros objetivos, en el marco del Programa Departamental de Integraci\u00f3n y Empleo para beneficiarios de RSA, es evaluar situaciones individuales para desarrollar un proyecto personal, social, familiar y\/o profesional y eliminar obst\u00e1culos al empleo y la integraci\u00f3n (problemas familiares, inactividad, enfermedad, barrera del idioma, etc.)<\/span><\/p>\n<p><span style=\"font-weight: 400;\">Nuestro psic\u00f3logo laboral as\u00ed como nuestros asesores de integraci\u00f3n profesional trabajan en los tres sistemas PDIE:<\/span><\/p>\n<ul>\n<li><span style=\"font-weight: 400;\">Movilizaci\u00f3n hacia la actividad y el empleo<\/span><\/li>\n<li><span style=\"font-weight: 400;\">Apoyo general con el P\u00f4le Emploi<\/span><\/li>\n<li><span style=\"font-weight: 400;\">Acci\u00f3n ling\u00fc\u00edstica con fines profesionales dirigida a bRSA.\u00a0<\/span><\/li>\n<\/ul>\n<h1 style=\"text-align: center;\"><\/h1>\n<\/div>\n<\/div>\n<\/div>\n<\/div>\n<\/div>\n<\/div>\n<\/div>\n<\/div>\n<\/div>\n<\/div>\n<\/div>\n\n\t\t<\/div>\n\t<\/div>\n<\/div><\/div><\/div><div class=\"wpb_column vc_column_container vc_col-sm-4\"><div class=\"vc_column-inner\"><div class=\"wpb_wrapper\">\n\t<div class=\"wpb_video_widget wpb_content_element vc_clearfix   vc_video-aspect-ratio-169 vc_video-el-width-100 vc_video-align-left\" >\n\t\t<div class=\"wpb_wrapper\">\n\t\t\t\n\t\t\t<div class=\"wpb_video_wrapper\"><iframe loading=\"lazy\" title=\"La sortie de ch\u00e2teau de Versailles\" width=\"900\" height=\"506\" src=\"https:\/\/www.youtube.com\/embed\/d_jlrz9cDFw?feature=oembed\" frameborder=\"0\" allow=\"accelerometer; autoplay; clipboard-write; encrypted-media; gyroscope; picture-in-picture; web-share\" allowfullscreen><\/iframe><\/div>\n\t\t<\/div>\n\t<\/div>\n\n\t<div  class=\"wpb_single_image wpb_content_element vc_align_left\">\n\t\t\n\t\t<figure class=\"wpb_wrapper vc_figure\">\n\t\t\t<div class=\"vc_single_image-wrapper   vc_box_border_grey\"><img loading=\"lazy\" decoding=\"async\" width=\"551\" height=\"672\" src=\"http:\/\/abcformation1986.fr\/wp-content\/uploads\/2023\/09\/retour-secretariat-1.png\" class=\"vc_single_image-img attachment-full\" alt=\"\" srcset=\"http:\/\/abcformation1986.fr\/wp-content\/uploads\/2023\/09\/retour-secretariat-1.png 551w, http:\/\/abcformation1986.fr\/wp-content\/uploads\/2023\/09\/retour-secretariat-1-500x610.png 500w, http:\/\/abcformation1986.fr\/wp-content\/uploads\/2023\/09\/retour-secretariat-1-246x300.png 246w, http:\/\/abcformation1986.fr\/wp-content\/uploads\/2023\/09\/retour-secretariat-1-10x12.png 10w\" sizes=\"auto, (max-width: 551px) 100vw, 551px\" \/><\/div>\n\t\t<\/figure>\n\t<\/div>\n\n\t<div class=\"wpb_video_widget wpb_content_element vc_clearfix   vc_video-aspect-ratio-169 vc_video-el-width-100 vc_video-align-left\" >\n\t\t<div class=\"wpb_wrapper\">\n\t\t\t\n\t\t\t<div class=\"wpb_video_wrapper\"><iframe loading=\"lazy\" title=\"Sortie du 30 05 2023\" width=\"900\" height=\"675\" src=\"https:\/\/www.youtube.com\/embed\/iOl_3M6oKGw?feature=oembed\" frameborder=\"0\" allow=\"accelerometer; autoplay; clipboard-write; encrypted-media; gyroscope; picture-in-picture; web-share\" allowfullscreen><\/iframe><\/div>\n\t\t<\/div>\n\t<\/div>\n\n\t<div  class=\"wpb_single_image wpb_content_element vc_align_left\">\n\t\t\n\t\t<figure class=\"wpb_wrapper vc_figure\">\n\t\t\t<div class=\"vc_single_image-wrapper   vc_box_border_grey\"><img loading=\"lazy\" decoding=\"async\" width=\"509\" height=\"675\" src=\"http:\/\/abcformation1986.fr\/wp-content\/uploads\/2023\/09\/retour-secretariat-2.png\" class=\"vc_single_image-img attachment-full\" alt=\"\" srcset=\"http:\/\/abcformation1986.fr\/wp-content\/uploads\/2023\/09\/retour-secretariat-2.png 509w, http:\/\/abcformation1986.fr\/wp-content\/uploads\/2023\/09\/retour-secretariat-2-500x663.png 500w, http:\/\/abcformation1986.fr\/wp-content\/uploads\/2023\/09\/retour-secretariat-2-226x300.png 226w, http:\/\/abcformation1986.fr\/wp-content\/uploads\/2023\/09\/retour-secretariat-2-9x12.png 9w\" sizes=\"auto, (max-width: 509px) 100vw, 509px\" \/><\/div>\n\t\t<\/figure>\n\t<\/div>\n\n\t<div  class=\"wpb_single_image wpb_content_element vc_align_left\">\n\t\t\n\t\t<figure class=\"wpb_wrapper vc_figure\">\n\t\t\t<div class=\"vc_single_image-wrapper   vc_box_border_grey\"><img loading=\"lazy\" decoding=\"async\" width=\"502\" height=\"675\" src=\"http:\/\/abcformation1986.fr\/wp-content\/uploads\/2023\/09\/retour-secretariat-3.png\" class=\"vc_single_image-img attachment-full\" alt=\"\" srcset=\"http:\/\/abcformation1986.fr\/wp-content\/uploads\/2023\/09\/retour-secretariat-3.png 502w, http:\/\/abcformation1986.fr\/wp-content\/uploads\/2023\/09\/retour-secretariat-3-500x672.png 500w, http:\/\/abcformation1986.fr\/wp-content\/uploads\/2023\/09\/retour-secretariat-3-223x300.png 223w, http:\/\/abcformation1986.fr\/wp-content\/uploads\/2023\/09\/retour-secretariat-3-9x12.png 9w\" sizes=\"auto, (max-width: 502px) 100vw, 502px\" \/><\/div>\n\t\t<\/figure>\n\t<\/div>\n<\/div><\/div><\/div>\t<\/div>\n\t\t\t<\/div><div class=\"vc_row wpb_row vc_row-fluid\">\n\t\t\t\t<div class=\"mo-vc-row-ovelay\" style=\"\"><\/div>\n\t\t\t\t<div class=\"container\"><div class=\"wpb_column vc_column_container vc_col-sm-12\"><div class=\"vc_column-inner\"><div class=\"wpb_wrapper\">\n\t<div  class=\"wpb_single_image wpb_content_element vc_align_center\">\n\t\t\n\t\t<figure class=\"wpb_wrapper vc_figure\">\n\t\t\t<a href=\"http:\/\/abcformation1986.fr\/wp-content\/uploads\/2025\/06\/ACTIVITE-2025-1024x576.png\" target=\"_self\" class=\"vc_single_image-wrapper   vc_box_border_grey\"><img loading=\"lazy\" decoding=\"async\" width=\"1920\" height=\"1080\" src=\"http:\/\/abcformation1986.fr\/wp-content\/uploads\/2025\/06\/ACTIVITE-2025.png\" class=\"vc_single_image-img attachment-full\" alt=\"\" srcset=\"http:\/\/abcformation1986.fr\/wp-content\/uploads\/2025\/06\/ACTIVITE-2025.png 1920w, http:\/\/abcformation1986.fr\/wp-content\/uploads\/2025\/06\/ACTIVITE-2025-500x281.png 500w, http:\/\/abcformation1986.fr\/wp-content\/uploads\/2025\/06\/ACTIVITE-2025-300x169.png 300w, http:\/\/abcformation1986.fr\/wp-content\/uploads\/2025\/06\/ACTIVITE-2025-1024x576.png 1024w, http:\/\/abcformation1986.fr\/wp-content\/uploads\/2025\/06\/ACTIVITE-2025-768x432.png 768w, http:\/\/abcformation1986.fr\/wp-content\/uploads\/2025\/06\/ACTIVITE-2025-1536x864.png 1536w, http:\/\/abcformation1986.fr\/wp-content\/uploads\/2025\/06\/ACTIVITE-2025-18x10.png 18w\" sizes=\"auto, (max-width: 1920px) 100vw, 1920px\" \/><\/a>\n\t\t<\/figure>\n\t<\/div>\n<\/div><\/div><\/div>\t<\/div>\n\t\t\t<\/div>","protected":false},"excerpt":{"rendered":"Fond\u00e9e en 1986, ABC FORMATION est une association loi 1901, cr\u00e9\u00e9e dans le but d\u2019aider toute personne sans discrimination d\u2019origine, de genre, de parcours, de religion\u00a0 \u00e0 s\u2019int\u00e9grer socialement et professionnellement sur notre territoire. Historiquement partenaire privil\u00e9gi\u00e9 des services publics d\u2019emploi dans leurs efforts d\u2019insertion professionnelle des jeunes (-26ans) et des b\u00e9n\u00e9ficiaires des minima sociaux,\u00a0\u00a0 [...]","protected":false},"author":2,"featured_media":0,"parent":0,"menu_order":0,"comment_status":"closed","ping_status":"closed","template":"","meta":{"_uag_custom_page_level_css":"","footnotes":""},"class_list":["post-845","page","type-page","status-publish","hentry"],"yoast_head":"<!-- This site is optimized with the Yoast SEO plugin v25.2 - https:\/\/yoast.com\/wordpress\/plugins\/seo\/ -->\n<title>Historique - Centre de Formation ABC Franconville | FLE | TEF<\/title>\n<meta name=\"robots\" content=\"index, follow, max-snippet:-1, max-image-preview:large, max-video-preview:-1\" \/>\n<link rel=\"canonical\" href=\"https:\/\/abcformation1986.fr\/es\/historique\/\" \/>\n<meta property=\"og:locale\" content=\"es_ES\" \/>\n<meta property=\"og:type\" content=\"article\" \/>\n<meta property=\"og:title\" content=\"Historique - Centre de Formation ABC Franconville | FLE | TEF\" \/>\n<meta property=\"og:url\" content=\"https:\/\/abcformation1986.fr\/es\/historique\/\" \/>\n<meta property=\"og:site_name\" content=\"Centre de Formation ABC Franconville | FLE | TEF\" \/>\n<meta property=\"article:publisher\" content=\"http:\/\/@abcformation\" \/>\n<meta property=\"article:modified_time\" content=\"2025-06-12T19:28:38+00:00\" \/>\n<meta name=\"twitter:card\" content=\"summary_large_image\" \/>\n<meta name=\"twitter:site\" content=\"@abc_formation\" \/>\n<meta name=\"twitter:label1\" content=\"Tiempo de lectura\" \/>\n\t<meta name=\"twitter:data1\" content=\"5 minutos\" \/>\n<script type=\"application\/ld+json\" class=\"yoast-schema-graph\">{\"@context\":\"https:\/\/schema.org\",\"@graph\":[{\"@type\":\"WebPage\",\"@id\":\"https:\/\/abcformation1986.fr\/es\/historique\/\",\"url\":\"https:\/\/abcformation1986.fr\/es\/historique\/\",\"name\":\"Historique - Centre de Formation ABC Franconville | FLE | TEF\",\"isPartOf\":{\"@id\":\"https:\/\/abcformation1986.fr\/#website\"},\"datePublished\":\"2018-11-20T08:50:21+00:00\",\"dateModified\":\"2025-06-12T19:28:38+00:00\",\"breadcrumb\":{\"@id\":\"https:\/\/abcformation1986.fr\/es\/historique\/#breadcrumb\"},\"inLanguage\":\"es\",\"potentialAction\":[{\"@type\":\"ReadAction\",\"target\":[\"https:\/\/abcformation1986.fr\/es\/historique\/\"]}]},{\"@type\":\"BreadcrumbList\",\"@id\":\"https:\/\/abcformation1986.fr\/es\/historique\/#breadcrumb\",\"itemListElement\":[{\"@type\":\"ListItem\",\"position\":1,\"name\":\"Home\",\"item\":\"https:\/\/abcformation1986.fr\/\"},{\"@type\":\"ListItem\",\"position\":2,\"name\":\"Historique\"}]},{\"@type\":\"WebSite\",\"@id\":\"https:\/\/abcformation1986.fr\/#website\",\"url\":\"https:\/\/abcformation1986.fr\/\",\"name\":\"Centre de Formation ABC Franconville | FLE | TEF\",\"description\":\"Acteur historique de  la formation, de l\u2019insertion et de la  reconversion professionnelle depuis 1986\",\"publisher\":{\"@id\":\"https:\/\/abcformation1986.fr\/#organization\"},\"potentialAction\":[{\"@type\":\"SearchAction\",\"target\":{\"@type\":\"EntryPoint\",\"urlTemplate\":\"https:\/\/abcformation1986.fr\/?s={search_term_string}\"},\"query-input\":{\"@type\":\"PropertyValueSpecification\",\"valueRequired\":true,\"valueName\":\"search_term_string\"}}],\"inLanguage\":\"es\"},{\"@type\":\"Organization\",\"@id\":\"https:\/\/abcformation1986.fr\/#organization\",\"name\":\"ABCFORMATION\",\"url\":\"https:\/\/abcformation1986.fr\/\",\"logo\":{\"@type\":\"ImageObject\",\"inLanguage\":\"es\",\"@id\":\"https:\/\/abcformation1986.fr\/#\/schema\/logo\/image\/\",\"url\":\"https:\/\/abcformation1986.fr\/wp-content\/uploads\/2018\/11\/abclogo.png\",\"contentUrl\":\"https:\/\/abcformation1986.fr\/wp-content\/uploads\/2018\/11\/abclogo.png\",\"width\":134,\"height\":82,\"caption\":\"ABCFORMATION\"},\"image\":{\"@id\":\"https:\/\/abcformation1986.fr\/#\/schema\/logo\/image\/\"},\"sameAs\":[\"http:\/\/@abcformation\",\"https:\/\/x.com\/abc_formation\",\"http:\/\/abcformation1986\"]}]}<\/script>\n<!-- \/ Yoast SEO plugin. -->","yoast_head_json":{"title":"Historique - Centre de Formation ABC Franconville | FLE | TEF","robots":{"index":"index","follow":"follow","max-snippet":"max-snippet:-1","max-image-preview":"max-image-preview:large","max-video-preview":"max-video-preview:-1"},"canonical":"https:\/\/abcformation1986.fr\/es\/historique\/","og_locale":"es_ES","og_type":"article","og_title":"Historique - Centre de Formation ABC Franconville | FLE | TEF","og_url":"https:\/\/abcformation1986.fr\/es\/historique\/","og_site_name":"Centre de Formation ABC Franconville | FLE | TEF","article_publisher":"http:\/\/@abcformation","article_modified_time":"2025-06-12T19:28:38+00:00","twitter_card":"summary_large_image","twitter_site":"@abc_formation","twitter_misc":{"Tiempo de lectura":"5 minutos"},"schema":{"@context":"https:\/\/schema.org","@graph":[{"@type":"WebPage","@id":"https:\/\/abcformation1986.fr\/es\/historique\/","url":"https:\/\/abcformation1986.fr\/es\/historique\/","name":"Historique - Centre de Formation ABC Franconville | FLE | TEF","isPartOf":{"@id":"https:\/\/abcformation1986.fr\/#website"},"datePublished":"2018-11-20T08:50:21+00:00","dateModified":"2025-06-12T19:28:38+00:00","breadcrumb":{"@id":"https:\/\/abcformation1986.fr\/es\/historique\/#breadcrumb"},"inLanguage":"es","potentialAction":[{"@type":"ReadAction","target":["https:\/\/abcformation1986.fr\/es\/historique\/"]}]},{"@type":"BreadcrumbList","@id":"https:\/\/abcformation1986.fr\/es\/historique\/#breadcrumb","itemListElement":[{"@type":"ListItem","position":1,"name":"Home","item":"https:\/\/abcformation1986.fr\/"},{"@type":"ListItem","position":2,"name":"Historique"}]},{"@type":"WebSite","@id":"https:\/\/abcformation1986.fr\/#website","url":"https:\/\/abcformation1986.fr\/","name":"Centre de Formation ABC Franconville | FLE | TEF","description":"Acteur historique de  la formation, de l\u2019insertion et de la  reconversion professionnelle depuis 1986","publisher":{"@id":"https:\/\/abcformation1986.fr\/#organization"},"potentialAction":[{"@type":"SearchAction","target":{"@type":"EntryPoint","urlTemplate":"https:\/\/abcformation1986.fr\/?s={search_term_string}"},"query-input":{"@type":"PropertyValueSpecification","valueRequired":true,"valueName":"search_term_string"}}],"inLanguage":"es"},{"@type":"Organization","@id":"https:\/\/abcformation1986.fr\/#organization","name":"ABCFORMATION","url":"https:\/\/abcformation1986.fr\/","logo":{"@type":"ImageObject","inLanguage":"es","@id":"https:\/\/abcformation1986.fr\/#\/schema\/logo\/image\/","url":"https:\/\/abcformation1986.fr\/wp-content\/uploads\/2018\/11\/abclogo.png","contentUrl":"https:\/\/abcformation1986.fr\/wp-content\/uploads\/2018\/11\/abclogo.png","width":134,"height":82,"caption":"ABCFORMATION"},"image":{"@id":"https:\/\/abcformation1986.fr\/#\/schema\/logo\/image\/"},"sameAs":["http:\/\/@abcformation","https:\/\/x.com\/abc_formation","http:\/\/abcformation1986"]}]}},"uagb_featured_image_src":{"full":false,"thumbnail":false,"medium":false,"medium_large":false,"large":false,"1536x1536":false,"2048x2048":false,"trp-custom-language-flag":false,"hala-full":false,"hala-medium":false,"hala-small":false,"hala-team":false,"hala-thumb":false,"woocommerce_thumbnail":false,"woocommerce_single":false,"woocommerce_gallery_thumbnail":false},"uagb_author_info":{"display_name":"abc formation","author_link":"http:\/\/abcformation1986.fr\/es\/author\/abcformation\/"},"uagb_comment_info":0,"uagb_excerpt":null,"jetpack_sharing_enabled":true,"_links":{"self":[{"href":"http:\/\/abcformation1986.fr\/es\/wp-json\/wp\/v2\/pages\/845","targetHints":{"allow":["GET"]}}],"collection":[{"href":"http:\/\/abcformation1986.fr\/es\/wp-json\/wp\/v2\/pages"}],"about":[{"href":"http:\/\/abcformation1986.fr\/es\/wp-json\/wp\/v2\/types\/page"}],"author":[{"embeddable":true,"href":"http:\/\/abcformation1986.fr\/es\/wp-json\/wp\/v2\/users\/2"}],"replies":[{"embeddable":true,"href":"http:\/\/abcformation1986.fr\/es\/wp-json\/wp\/v2\/comments?post=845"}],"version-history":[{"count":8,"href":"http:\/\/abcformation1986.fr\/es\/wp-json\/wp\/v2\/pages\/845\/revisions"}],"predecessor-version":[{"id":11995,"href":"http:\/\/abcformation1986.fr\/es\/wp-json\/wp\/v2\/pages\/845\/revisions\/11995"}],"wp:attachment":[{"href":"http:\/\/abcformation1986.fr\/es\/wp-json\/wp\/v2\/media?parent=845"}],"curies":[{"name":"wp","href":"https:\/\/api.w.org\/{rel}","templated":true}]}}