{"id":9603,"date":"2024-08-27T13:14:49","date_gmt":"2024-08-27T13:14:49","guid":{"rendered":"https:\/\/abcformation1986.fr\/?page_id=9603"},"modified":"2025-10-28T15:33:33","modified_gmt":"2025-10-28T15:33:33","slug":"cbp","status":"publish","type":"page","link":"http:\/\/abcformation1986.fr\/en\/cbp\/","title":{"rendered":"CBP"},"content":{"rendered":"<div class=\"vc_row wpb_row vc_row-fluid\">\n\t\t\t\t<div class=\"mo-vc-row-ovelay\" style=\"\"><\/div>\n\t\t\t\t<div class=\"container\"><div class=\"wpb_column vc_column_container vc_col-sm-8\"><div class=\"vc_column-inner\"><div class=\"wpb_wrapper\">\n\t<div class=\"wpb_text_column wpb_content_element\" >\n\t\t<div class=\"wpb_wrapper\">\n\t\t\t<h2 style=\"color: #33cccc; text-align: center;\">REGIONAL TRANSVERSAL TRAINING PROGRAM<br \/>\nBASIC PROFESSIONAL SKILLS<\/h2>\n<h3 style=\"color: #33cccc; text-align: left;\">Presentation of the system and its objectives<\/h3>\n<p style=\"text-align: justify; line-height: 25px;\">The training actions offered in the Basic Professional Skills program aim to increase the chances of integration and return to employment, particularly for people with significant language problems that represent a barrier to access to qualifying training and ultimately to their professional integration.<\/p>\n<p style=\"text-align: justify; line-height: 25px;\">They also concern people whose lack of qualifications or low level of qualifications does not allow them to find lasting employment and who need to acquire the basic skills necessary to build a professional project and integrate a qualifying\/professional training course or access employment.<\/p>\n<p style=\"text-align: justify; line-height: 25px;\">The purpose of this consultation is therefore the purchase of modular and individualised training actions focused on the development of basic skills in a professional situation intended for a public who encounter significant linguistic difficulties, including allophones or those in a situation of illiteracy.<br \/>\nThe courses followed and the skills developed contextualized in the professional world must allow beneficiaries to access qualifying, professionalizing training or employment.<\/p>\n<h3 style=\"color: #33cccc; text-align: left;\">The training implemented aims to:<\/h3>\n<p style=\"text-align: justify; line-height: 25px;\">To enable the professional integration of people with language difficulties by acquiring the B1 language level of the Common European Framework of Reference for Languages \u200b\u200band basic skills with the aim of obtaining certification. In the event that this level is not achievable, it is a question of acquiring the maximum achievable language level according to the entry level and the trainee's dispositions.<\/p>\n<p style=\"text-align: justify; line-height: 25px;\">Consolidate\/develop a professional project with a view to accessing professional, pre-qualifying\/qualifying training, or employment<\/p>\n<h2 style=\"color: #33cccc; text-align: center;\">The eligible public<\/h2>\n<h3 style=\"color: #33cccc; text-align: left;\">Eligible audiences are:<\/h3>\n<p style=\"text-align: justify; line-height: 25px;\">Job seekers and job seekers with a PIC IFP or ND1 number with a language level below A1 of the Common European Framework of Reference for Languages, regardless of their level of qualification.<\/p>\n<p style=\"text-align: justify; line-height: 25px;\">Job seekers and job seekers with a PIC IFP or ND1 number without qualifications or first levels of qualification according to the nomenclature published by decree no. 2019-14 relating to the national framework of professional certifications.<\/p>\n<p style=\"text-align: justify; line-height: 25px;\">Students monitored by missions to combat school dropout, subject to regional authorization<\/p>\n<h2 style=\"color: #33cccc; text-align: center;\">Including priority audiences:<\/h2>\n<ul style=\"text-align: justify; line-height: 25px;\">\n<li>Audiences in situations of illiteracy.<\/li>\n<li>Beneficiaries of the Active Solidarity Income (RSA).<\/li>\n<li>Job seekers with disabilities.<\/li>\n<li>Job seekers residing in neighborhoods considered priorities under urban policy or residing in rural revitalization zones.<\/li>\n<li>Employees of integration through economic activity (IAE).<\/li>\n<li>People placed under the supervision of justice in an open environment.<\/li>\n<li>Beneficiaries of the regional support system for the validation of acquired skills (VAE)<\/li>\n<\/ul>\n<h2 style=\"color: #33cccc; text-align: left;\">Assessment methods<\/h2>\n<ul style=\"text-align: justify; line-height: 25px;\">\n<li>\u2022 SAS Initial, Intermediate and final \u2013 Regional Skills Map<\/li>\n<li>\u2022 Formative assessment throughout the training<\/li>\n<li>\u2022 Evaluation of your satisfaction<\/li>\n<\/ul>\n<h2 style=\"color: #33cccc; text-align: left;\">Terms of access to training<\/h2>\n<ul style=\"text-align: justify; line-height: 25px;\">\n<li>Individualization of courses<\/li>\n<li>Alternation of theoretical contributions and practical applications<\/li>\n<li>The role-playing, case studies and exercises are constant, which facilitates the learning of know-how and the consolidation of knowledge.<\/li>\n<\/ul>\n\n\t\t<\/div>\n\t<\/div>\n<\/div><\/div><\/div><div class=\"wpb_column vc_column_container vc_col-sm-4\"><div class=\"vc_column-inner\"><div class=\"wpb_wrapper\">\n\t<div  class=\"wpb_single_image wpb_content_element vc_align_left\">\n\t\t\n\t\t<figure class=\"wpb_wrapper vc_figure\">\n\t\t\t<a href=\"http:\/\/abcformation1986.fr\/wp-content\/uploads\/2025\/10\/CBP--724x1024.png\" target=\"_self\" class=\"vc_single_image-wrapper   vc_box_border_grey\"><img loading=\"lazy\" decoding=\"async\" width=\"724\" height=\"1024\" src=\"http:\/\/abcformation1986.fr\/wp-content\/uploads\/2025\/10\/CBP--724x1024.png\" class=\"vc_single_image-img attachment-large\" alt=\"\" srcset=\"http:\/\/abcformation1986.fr\/wp-content\/uploads\/2025\/10\/CBP--724x1024.png 724w, http:\/\/abcformation1986.fr\/wp-content\/uploads\/2025\/10\/CBP--500x707.png 500w, http:\/\/abcformation1986.fr\/wp-content\/uploads\/2025\/10\/CBP--212x300.png 212w, http:\/\/abcformation1986.fr\/wp-content\/uploads\/2025\/10\/CBP--768x1086.png 768w, http:\/\/abcformation1986.fr\/wp-content\/uploads\/2025\/10\/CBP--1086x1536.png 1086w, http:\/\/abcformation1986.fr\/wp-content\/uploads\/2025\/10\/CBP--8x12.png 8w, http:\/\/abcformation1986.fr\/wp-content\/uploads\/2025\/10\/CBP-.png 1414w\" sizes=\"auto, (max-width: 724px) 100vw, 724px\" \/><\/a>\n\t\t<\/figure>\n\t<\/div>\n\n\t<div class=\"wpb_text_column wpb_content_element  vc_custom_1761665486259\" >\n\t\t<div class=\"wpb_wrapper\">\n\t\t\t<h2 style=\"text-align: center;\"><span style=\"color: #ffffff;\"><strong>CBP <\/strong><\/span><\/h2>\n<h3 class=\"flex-bloc flex-bloc-liens\" style=\"text-align: center; font-weight: bold;\"><span style=\"color: #000000;\">from 10\/11\/2025 to 13\/03\/2026<\/span><\/h3>\n<h3 class=\"flex-bloc flex-bloc-liens\" style=\"text-align: center; font-weight: bold;\"><span style=\"color: #000000;\">Duration: 350 hours\u00a0<\/span><\/h3>\n<h3 class=\"flex-bloc flex-bloc-liens\" style=\"text-align: center; font-weight: bold;\"><span style=\"color: #000000;\">(7 horas al d\u00eda)\u00a0<\/span><\/h3>\n<h3 class=\"flex-bloc flex-bloc-liens\" style=\"text-align: center; font-weight: bold;\"><span style=\"color: #000000;\">21 hours per week\u00a0<\/span><\/h3>\n<h3 class=\"flex-bloc flex-bloc-liens\" style=\"text-align: center; font-weight: bold;\"><span style=\"color: #000000;\">Tuesday, Thursday and Friday\u00a0<\/span><\/h3>\n<h3 class=\"flex-bloc flex-bloc-liens\" style=\"text-align: center; font-weight: bold;\"><span style=\"color: #000000;\"><span class=\"a_GcMg font-feature-liga-off font-feature-clig-off font-feature-calt-off text-decoration-none text-strikethrough-none\">Individual support and company internships available<\/span> <\/span><\/h3>\n\n\t\t<\/div>\n\t<\/div>\n\n\t<div class=\"wpb_text_column wpb_content_element  vc_custom_1728741483412\" >\n\t\t<div class=\"wpb_wrapper\">\n\t\t\t<p>&nbsp;<\/p>\n<h3 class=\"flex-bloc flex-bloc-liens\" style=\"text-align: center; font-weight: bold;\"><span style=\"color: #000000;\">Cost of training: fully covered<\/span><\/h3>\n<h3 class=\"flex-bloc flex-bloc-liens\" style=\"text-align: center; font-weight: bold;\"><span style=\"color: #000000;\">Remuneration: according to the candidate's status <\/span><\/h3>\n<h3 class=\"flex-bloc flex-bloc-liens\" style=\"text-align: center; font-weight: bold;\"><span style=\"color: #000000;\">Prerequisites: Have an A2 and\/or B1 level<\/span><\/h3>\n<p>&nbsp;<\/p>\n\n\t\t<\/div>\n\t<\/div>\n\n\t<div class=\"wpb_text_column wpb_content_element  vc_custom_1728977690995\" >\n\t\t<div class=\"wpb_wrapper\">\n\t\t\t<p>&nbsp;<\/p>\n<h2 style=\"text-align: center;\"><span style=\"color: #ffffff;\"><strong>Certification sought <\/strong><\/span><\/h2>\n<h3 class=\"flex-bloc flex-bloc-liens\" style=\"text-align: center; font-weight: bold;\"><span style=\"color: #000000;\">\u2022 Certification(s) targeted according to needs and level (DELF, DILF, DCL, TCF, Pix, Cl\u00e9A, Cl\u00e9A Num\u00e9rique, SST, PRAP, PSC1 <\/span><\/h3>\n<h3 class=\"flex-bloc flex-bloc-liens\" style=\"text-align: center; font-weight: bold;\"><span style=\"color: #000000;\">\u2022 A certificate of skills and completion of training will be issued at the end of the training. <\/span><\/h3>\n<p>&nbsp;<\/p>\n\n\t\t<\/div>\n\t<\/div>\n<\/div><\/div><\/div>\t<\/div>\n\t\t\t<\/div>","protected":false},"excerpt":{"rendered":"PROGRAMME REGIONAL DE FORMATIONS TRANSVERSALES COMPETENCES DE BASE PROFESSIONNELLES Pr\u00e9sentation du dispositif et de ses objectifs Les actions de formation propos\u00e9es dans le programme Comp\u00e9tences de base professionnelles visent \u00e0 accro\u00eetre les chances d'insertion et de retour \u00e0 l'emploi en particulier des personnes ayant des probl\u00e9matiques linguistiques importantes repr\u00e9sentant un frein \u00e0 l'acc\u00e8s aux formations [...]","protected":false},"author":2,"featured_media":0,"parent":0,"menu_order":0,"comment_status":"closed","ping_status":"closed","template":"","meta":{"_uag_custom_page_level_css":"","footnotes":""},"class_list":["post-9603","page","type-page","status-publish","hentry"],"yoast_head":"<!-- This site is optimized with the Yoast SEO plugin v25.2 - https:\/\/yoast.com\/wordpress\/plugins\/seo\/ -->\n<title>CBP - Centre de Formation ABC Franconville | FLE | TEF<\/title>\n<meta name=\"robots\" content=\"index, follow, max-snippet:-1, max-image-preview:large, max-video-preview:-1\" \/>\n<link rel=\"canonical\" href=\"http:\/\/abcformation1986.fr\/en\/cbp\/\" \/>\n<meta property=\"og:locale\" content=\"en_US\" \/>\n<meta property=\"og:type\" content=\"article\" \/>\n<meta property=\"og:title\" content=\"CBP - Centre de Formation ABC Franconville | FLE | TEF\" \/>\n<meta property=\"og:url\" content=\"http:\/\/abcformation1986.fr\/en\/cbp\/\" \/>\n<meta property=\"og:site_name\" content=\"Centre de Formation ABC Franconville | FLE | TEF\" \/>\n<meta property=\"article:publisher\" content=\"http:\/\/@abcformation\" \/>\n<meta property=\"article:modified_time\" content=\"2025-10-28T15:33:33+00:00\" \/>\n<meta name=\"twitter:card\" content=\"summary_large_image\" \/>\n<meta name=\"twitter:site\" content=\"@abc_formation\" \/>\n<meta name=\"twitter:label1\" content=\"Est. reading time\" \/>\n\t<meta name=\"twitter:data1\" content=\"4 minutes\" \/>\n<script type=\"application\/ld+json\" class=\"yoast-schema-graph\">{\"@context\":\"https:\/\/schema.org\",\"@graph\":[{\"@type\":\"WebPage\",\"@id\":\"https:\/\/abcformation1986.fr\/cbp\/\",\"url\":\"https:\/\/abcformation1986.fr\/cbp\/\",\"name\":\"CBP - Centre de Formation ABC Franconville | FLE | TEF\",\"isPartOf\":{\"@id\":\"https:\/\/abcformation1986.fr\/en\/#website\"},\"datePublished\":\"2024-08-27T13:14:49+00:00\",\"dateModified\":\"2025-10-28T15:33:33+00:00\",\"breadcrumb\":{\"@id\":\"https:\/\/abcformation1986.fr\/cbp\/#breadcrumb\"},\"inLanguage\":\"en-US\",\"potentialAction\":[{\"@type\":\"ReadAction\",\"target\":[\"https:\/\/abcformation1986.fr\/cbp\/\"]}]},{\"@type\":\"BreadcrumbList\",\"@id\":\"https:\/\/abcformation1986.fr\/cbp\/#breadcrumb\",\"itemListElement\":[{\"@type\":\"ListItem\",\"position\":1,\"name\":\"Home\",\"item\":\"https:\/\/abcformation1986.fr\/en\/\"},{\"@type\":\"ListItem\",\"position\":2,\"name\":\"CBP\"}]},{\"@type\":\"WebSite\",\"@id\":\"https:\/\/abcformation1986.fr\/en\/#website\",\"url\":\"https:\/\/abcformation1986.fr\/en\/\",\"name\":\"Centre de Formation ABC Franconville | FLE | TEF\",\"description\":\"Acteur historique de  la formation, de l\u2019insertion et de la  reconversion professionnelle depuis 1986\",\"publisher\":{\"@id\":\"https:\/\/abcformation1986.fr\/en\/#organization\"},\"potentialAction\":[{\"@type\":\"SearchAction\",\"target\":{\"@type\":\"EntryPoint\",\"urlTemplate\":\"https:\/\/abcformation1986.fr\/en\/?s={search_term_string}\"},\"query-input\":{\"@type\":\"PropertyValueSpecification\",\"valueRequired\":true,\"valueName\":\"search_term_string\"}}],\"inLanguage\":\"en-US\"},{\"@type\":\"Organization\",\"@id\":\"https:\/\/abcformation1986.fr\/en\/#organization\",\"name\":\"ABCFORMATION\",\"url\":\"https:\/\/abcformation1986.fr\/en\/\",\"logo\":{\"@type\":\"ImageObject\",\"inLanguage\":\"en-US\",\"@id\":\"https:\/\/abcformation1986.fr\/en\/#\/schema\/logo\/image\/\",\"url\":\"https:\/\/abcformation1986.fr\/wp-content\/uploads\/2018\/11\/abclogo.png\",\"contentUrl\":\"https:\/\/abcformation1986.fr\/wp-content\/uploads\/2018\/11\/abclogo.png\",\"width\":134,\"height\":82,\"caption\":\"ABCFORMATION\"},\"image\":{\"@id\":\"https:\/\/abcformation1986.fr\/en\/#\/schema\/logo\/image\/\"},\"sameAs\":[\"http:\/\/@abcformation\",\"https:\/\/x.com\/abc_formation\",\"http:\/\/abcformation1986\"]}]}<\/script>\n<!-- \/ Yoast SEO plugin. -->","yoast_head_json":{"title":"CBP - Centre de Formation ABC Franconville | FLE | TEF","robots":{"index":"index","follow":"follow","max-snippet":"max-snippet:-1","max-image-preview":"max-image-preview:large","max-video-preview":"max-video-preview:-1"},"canonical":"http:\/\/abcformation1986.fr\/en\/cbp\/","og_locale":"en_US","og_type":"article","og_title":"CBP - Centre de Formation ABC Franconville | FLE | TEF","og_url":"http:\/\/abcformation1986.fr\/en\/cbp\/","og_site_name":"Centre de Formation ABC Franconville | FLE | TEF","article_publisher":"http:\/\/@abcformation","article_modified_time":"2025-10-28T15:33:33+00:00","twitter_card":"summary_large_image","twitter_site":"@abc_formation","twitter_misc":{"Est. reading time":"4 minutes"},"schema":{"@context":"https:\/\/schema.org","@graph":[{"@type":"WebPage","@id":"https:\/\/abcformation1986.fr\/cbp\/","url":"https:\/\/abcformation1986.fr\/cbp\/","name":"CBP - Centre de Formation ABC Franconville | FLE | TEF","isPartOf":{"@id":"https:\/\/abcformation1986.fr\/en\/#website"},"datePublished":"2024-08-27T13:14:49+00:00","dateModified":"2025-10-28T15:33:33+00:00","breadcrumb":{"@id":"https:\/\/abcformation1986.fr\/cbp\/#breadcrumb"},"inLanguage":"en-US","potentialAction":[{"@type":"ReadAction","target":["https:\/\/abcformation1986.fr\/cbp\/"]}]},{"@type":"BreadcrumbList","@id":"https:\/\/abcformation1986.fr\/cbp\/#breadcrumb","itemListElement":[{"@type":"ListItem","position":1,"name":"Home","item":"https:\/\/abcformation1986.fr\/en\/"},{"@type":"ListItem","position":2,"name":"CBP"}]},{"@type":"WebSite","@id":"https:\/\/abcformation1986.fr\/en\/#website","url":"https:\/\/abcformation1986.fr\/en\/","name":"Centre de Formation ABC Franconville | FLE | TEF","description":"Acteur historique de  la formation, de l\u2019insertion et de la  reconversion professionnelle depuis 1986","publisher":{"@id":"https:\/\/abcformation1986.fr\/en\/#organization"},"potentialAction":[{"@type":"SearchAction","target":{"@type":"EntryPoint","urlTemplate":"https:\/\/abcformation1986.fr\/en\/?s={search_term_string}"},"query-input":{"@type":"PropertyValueSpecification","valueRequired":true,"valueName":"search_term_string"}}],"inLanguage":"en-US"},{"@type":"Organization","@id":"https:\/\/abcformation1986.fr\/en\/#organization","name":"ABCFORMATION","url":"https:\/\/abcformation1986.fr\/en\/","logo":{"@type":"ImageObject","inLanguage":"en-US","@id":"https:\/\/abcformation1986.fr\/en\/#\/schema\/logo\/image\/","url":"https:\/\/abcformation1986.fr\/wp-content\/uploads\/2018\/11\/abclogo.png","contentUrl":"https:\/\/abcformation1986.fr\/wp-content\/uploads\/2018\/11\/abclogo.png","width":134,"height":82,"caption":"ABCFORMATION"},"image":{"@id":"https:\/\/abcformation1986.fr\/en\/#\/schema\/logo\/image\/"},"sameAs":["http:\/\/@abcformation","https:\/\/x.com\/abc_formation","http:\/\/abcformation1986"]}]}},"uagb_featured_image_src":{"full":false,"thumbnail":false,"medium":false,"medium_large":false,"large":false,"1536x1536":false,"2048x2048":false,"trp-custom-language-flag":false,"hala-full":false,"hala-medium":false,"hala-small":false,"hala-team":false,"hala-thumb":false,"woocommerce_thumbnail":false,"woocommerce_single":false,"woocommerce_gallery_thumbnail":false},"uagb_author_info":{"display_name":"abc formation","author_link":"http:\/\/abcformation1986.fr\/en\/author\/abcformation\/"},"uagb_comment_info":0,"uagb_excerpt":null,"jetpack_sharing_enabled":true,"_links":{"self":[{"href":"http:\/\/abcformation1986.fr\/en\/wp-json\/wp\/v2\/pages\/9603","targetHints":{"allow":["GET"]}}],"collection":[{"href":"http:\/\/abcformation1986.fr\/en\/wp-json\/wp\/v2\/pages"}],"about":[{"href":"http:\/\/abcformation1986.fr\/en\/wp-json\/wp\/v2\/types\/page"}],"author":[{"embeddable":true,"href":"http:\/\/abcformation1986.fr\/en\/wp-json\/wp\/v2\/users\/2"}],"replies":[{"embeddable":true,"href":"http:\/\/abcformation1986.fr\/en\/wp-json\/wp\/v2\/comments?post=9603"}],"version-history":[{"count":15,"href":"http:\/\/abcformation1986.fr\/en\/wp-json\/wp\/v2\/pages\/9603\/revisions"}],"predecessor-version":[{"id":12473,"href":"http:\/\/abcformation1986.fr\/en\/wp-json\/wp\/v2\/pages\/9603\/revisions\/12473"}],"wp:attachment":[{"href":"http:\/\/abcformation1986.fr\/en\/wp-json\/wp\/v2\/media?parent=9603"}],"curies":[{"name":"wp","href":"https:\/\/api.w.org\/{rel}","templated":true}]}}