{"id":854,"date":"2018-11-20T09:12:37","date_gmt":"2018-11-20T09:12:37","guid":{"rendered":"http:\/\/abcformation1986.fr\/?page_id=854"},"modified":"2026-04-28T13:48:54","modified_gmt":"2026-04-28T13:48:54","slug":"test-devaluation-de-francais-tef","status":"publish","type":"page","link":"http:\/\/abcformation1986.fr\/en\/test-devaluation-de-francais-tef\/","title":{"rendered":"Test d\u2019\u00e9valuation de fran\u00e7ais TEF"},"content":{"rendered":"<div class=\"vc_row wpb_row vc_row-fluid\">\n\t\t\t\t<div class=\"mo-vc-row-ovelay\" style=\"\"><\/div>\n\t\t\t\t<div class=\"container\"><div class=\"wpb_column vc_column_container vc_col-sm-8\"><div class=\"vc_column-inner\"><div class=\"wpb_wrapper\">\n\t<div class=\"wpb_text_column wpb_content_element\" >\n\t\t<div class=\"wpb_wrapper\">\n\t\t\t<h1 style=\"text-align: center;\"><span style=\"color: #33cccc;\"><strong>the French Assessment Test (TEF)\u00a0<\/strong><\/span><\/h1>\n<p>Created in 1998 by the CCI Paris Ile-de-France, the\u00a0<strong>the french assessment test<\/strong>\u00a0<strong>(TEF)<\/strong>\u00a0is an international benchmark exam that measures your level of knowledge and skills in French.<\/p>\n<p>&nbsp;<\/p>\n<p>The TEF is officially recognized:<\/p>\n<ul style=\"text-align= justify; line-height: 25px;\">\n<li>the French Ministry of National Education<\/li>\n<li>\u2022 the Ministry of Higher Education, Research and Innovation<\/li>\n<li>\u2022 the French Ministry of the Interior<\/li>\n<li>\u2022 the Department of Immigration, Refugees and Citizenship of Canada<\/li>\n<li>\u2022 the Ministry of Immigration, Francisation and Integration of Quebec<\/li>\n<li>\u2022 the Swiss State Secretariat for Migration<\/li>\n<\/ul>\n<p><strong><span class=\"st\">The results are valid for two years.\u00a0 \u00a0 \u00a0 \u00a0 \u00a0 \u00a0 \u00a0 \u00a0 \u00a0 \u00a0 \u00a0 \u00a0 \u00a0 \u00a0 \u00a0 \u00a0 \u00a0 \u00a0 \u00a0 \u00a0 \u00a0 \u00a0 \u00a0 \u00a0 \u00a0 \u00a0 \u00a0 \u00a0 \u00a0 \u00a0 \u00a0 \u00a0 \u00a0 \u00a0 \u00a0 \u00a0 \u00a0 \u00a0 \u00a0 \u00a0 \u00a0 \u00a0 \u00a0 \u00a0 \u00a0 \u00a0 \u00a0 \u00a0 \u00a0 \u00a0 \u00a0<\/span><\/strong><\/p>\n<p>&nbsp;<\/p>\n<h3><span style=\"color: #33cccc;\" data-darkreader-inline-color=\"\">What is the TEF used for?<\/span><\/h3>\n<ul style=\"text-align= justify; line-height: 25px;\">\n<li style=\"list-style-type: none;\">\n<ul style=\"text-align= justify; line-height: 25px;\">\n<li style=\"list-style-type: none;\">\n<ul style=\"text-align: justify; line-height: 25px;\">\n<li>To integrate\u00a0<a href=\"https:\/\/www.lefrancaisdesaffaires.fr\/tests-diplomes\/test-evaluation-francais-tef#etudes\">a school\/university establishment<\/a><\/li>\n<li>Obtain French or Swiss nationality with<a href=\"http:\/\/abcformation1986.fr\/en\/tef-integration-residence-et-nationalite\/\">\u00a0TEF Integration, Residence and Nationality<\/a><\/li>\n<li>Obtain the residence card in France with the\u00a0<a href=\"http:\/\/abcformation1986.fr\/en\/tef-integration-residence-et-nationalite\/\">TEF Integration, Residence and Nationality<\/a><\/li>\n<li>Enhance your A1 level within the framework of the CIR (Republican Integration Contract) with the\u00a0<a href=\"http:\/\/abcformation1986.fr\/en\/tef-integration-residence-et-nationalite\/\">TEF Integration, Residence and Nationality<\/a><\/li>\n<li>Immigrate to Canada and obtain Canadian citizenship (<a href=\"http:\/\/abcformation1986.fr\/en\/tef-canada\/\">TEF Canada<\/a>)<\/li>\n<li>Immigrate to Quebec (<a href=\"https:\/\/abcformation1986.fr\/en\/test-devaluation-de-francais-pour-lacces-au-quebec\/\">TEFAQ<\/a>)<\/li>\n<li>Certify your level of French in a professional context, to assess the level of French of employees in the context of recruitment, to position students in the context of training or mobility, etc.<\/li>\n<li>By clicking here you can access our prices as well as our registration form.<\/li>\n<\/ul>\n<\/li>\n<\/ul>\n<\/li>\n<\/ul>\n<h4 style=\"text-align: center;\"><\/h4>\n<h3><span style=\"color: #33cccc;\">What are the tests?<\/span><\/h3>\n<p>The TEF consists of\u00a0<strong>5 tests<\/strong>\u00a0:<\/p>\n<ul style=\"text-align= justify; line-height: 25px;\">\n<li style=\"list-style-type: none;\">\n<ul style=\"text-align= justify; line-height: 25px;\">\n<li style=\"list-style-type: none;\">\n<ul style=\"text-align: justify; line-height: 25px;\">\n<li>Compr\u00e9hension orale (CO)<\/li>\n<li>Compr\u00e9hension \u00e9crite (CE)<\/li>\n<li>Expression orale (EO)<\/li>\n<li>Expression \u00e9crite (EE)<\/li>\n<li>Lexique et structure (LS)<\/li>\n<\/ul>\n<\/li>\n<\/ul>\n<\/li>\n<\/ul>\n<p style=\"text-align: justify; line-height: 25px;\">Depending on your objective and the steps you take, choose the version of the TEF that includes the tests you need.<\/p>\n<p style=\"text-align: justify; line-height: 25px;\">The tests are evaluated using a 7-level scale, from level 0 (most basic abilities) to level 6 (complete mastery).<\/p>\n<p style=\"text-align: justify; line-height: 25px;\">This scale refers to the 6 levels (A1 to C2) of the Common European Framework of Reference for Languages (<a href=\"https:\/\/www.lefrancaisdesaffaires.fr\/wp-content\/uploads\/2018\/08\/Correspondance-score-TEF-niveau-CECR.pdf\">CECR<\/a>) of the Council of Europe and the 12 Canadian language proficiency levels (<a href=\"https:\/\/www.lefrancaisdesaffaires.fr\/wp-content\/uploads\/2019\/10\/Correspondance-TEF-NCLC-CECR-apr%C3%A8s-le-01.10.2019.pdf\" target=\"_blank\" rel=\"noopener noreferrer\">NCLC<\/a>) \/ qu\u00e9b\u00e9cois (<a href=\"https:\/\/www.lefrancaisdesaffaires.fr\/wp-content\/uploads\/2019\/10\/Correspondance-TEF-EQNCF-CECR-aprs-le-01.10.2019.pdf\" target=\"_blank\" rel=\"noopener noreferrer\">EQNCF<\/a>).<\/p>\n<h3><span style=\"color: #33cccc;\"><img loading=\"lazy\" decoding=\"async\" class=\"wp-image-4184 aligncenter\" src=\"https:\/\/abcformation1986.fr\/wp-content\/uploads\/2025\/03\/tableau-declinaisons-tef.png\" alt=\"\" width=\"733\" height=\"440\" \/><\/span><\/h3>\n\n\t\t<\/div>\n\t<\/div>\n<div  class=\"wpb_images_carousel wpb_content_element vc_clearfix vc_custom_1777384131466\">\n\t<div class=\"wpb_wrapper\">\n\t\t\t\t<div id=\"vc_images-carousel-1-1777484840\" data-ride=\"vc_carousel\" data-wrap=\"false\" style=\"width: 1024px;\" data-interval=\"5000\" data-auto-height=\"yes\" data-mode=\"horizontal\" data-partial=\"false\" data-per-view=\"1\" data-hide-on-end=\"false\" class=\"vc_slide vc_images_carousel\">\n\t\t\t\t\t\t\t<!-- Indicators -->\n\t\t\t\t<ol class=\"vc_carousel-indicators\">\n\t\t\t\t\t\t\t\t\t\t\t<li data-target=\"#vc_images-carousel-1-1777484840\" data-slide-to=\"0\"><\/li>\n\t\t\t\t\t\t\t\t\t\t\t<li data-target=\"#vc_images-carousel-1-1777484840\" data-slide-to=\"1\"><\/li>\n\t\t\t\t\t\t\t\t\t\t\t<li data-target=\"#vc_images-carousel-1-1777484840\" data-slide-to=\"2\"><\/li>\n\t\t\t\t\t\t\t\t\t<\/ol>\n\t\t\t\t\t\t<!-- Wrapper for slides -->\n\t\t\t<div class=\"vc_carousel-inner\">\n\t\t\t\t<div class=\"vc_carousel-slideline\">\n\t\t\t\t\t<div class=\"vc_carousel-slideline-inner\">\n\t\t\t\t\t\t\t\t\t\t\t\t\t\t\t\t\t\t\t\t<div class=\"vc_item\">\n\t\t\t\t\t\t\t\t<div class=\"vc_inner\">\n\t\t\t\t\t\t\t\t\t\t\t\t\t\t\t\t\t\t\t\t\t\t\t\t\t\t\t\t\t<a class=\"prettyphoto\" href=\"http:\/\/abcformation1986.fr\/wp-content\/uploads\/2026\/04\/Tef-2025-homme-femme.jpeg\"  data-rel=\"prettyPhoto[rel-854-1026631422]\">\n\t\t\t\t\t\t\t\t\t\t\t<img loading=\"lazy\" decoding=\"async\" width=\"828\" height=\"512\" src=\"http:\/\/abcformation1986.fr\/wp-content\/uploads\/2026\/04\/Tef-2025-homme-femme.jpeg\" class=\"attachment-large\" alt=\"\" srcset=\"http:\/\/abcformation1986.fr\/wp-content\/uploads\/2026\/04\/Tef-2025-homme-femme.jpeg 828w, http:\/\/abcformation1986.fr\/wp-content\/uploads\/2026\/04\/Tef-2025-homme-femme-300x186.jpeg 300w, http:\/\/abcformation1986.fr\/wp-content\/uploads\/2026\/04\/Tef-2025-homme-femme-768x475.jpeg 768w, http:\/\/abcformation1986.fr\/wp-content\/uploads\/2026\/04\/Tef-2025-homme-femme-18x12.jpeg 18w, http:\/\/abcformation1986.fr\/wp-content\/uploads\/2026\/04\/Tef-2025-homme-femme-500x309.jpeg 500w\" sizes=\"auto, (max-width: 828px) 100vw, 828px\" \/>\t\t\t\t\t\t\t\t\t\t<\/a>\n\t\t\t\t\t\t\t\t\t\t\t\t\t\t\t\t\t<\/div>\n\t\t\t\t\t\t\t<\/div>\n\t\t\t\t\t\t\t\t\t\t\t\t\t\t\t\t\t\t\t\t<div class=\"vc_item\">\n\t\t\t\t\t\t\t\t<div class=\"vc_inner\">\n\t\t\t\t\t\t\t\t\t\t\t\t\t\t\t\t\t\t\t\t\t\t\t\t\t\t\t\t\t<a class=\"prettyphoto\" href=\"http:\/\/abcformation1986.fr\/wp-content\/uploads\/2026\/04\/WhatsApp-Image-2026-04-28-at-15.08.26-e1777384077561-1024x570.jpeg\"  data-rel=\"prettyPhoto[rel-854-1026631422]\">\n\t\t\t\t\t\t\t\t\t\t\t<img loading=\"lazy\" decoding=\"async\" width=\"900\" height=\"501\" src=\"http:\/\/abcformation1986.fr\/wp-content\/uploads\/2026\/04\/WhatsApp-Image-2026-04-28-at-15.08.26-e1777384077561-1024x570.jpeg\" class=\"attachment-large\" alt=\"\" srcset=\"http:\/\/abcformation1986.fr\/wp-content\/uploads\/2026\/04\/WhatsApp-Image-2026-04-28-at-15.08.26-e1777384077561-1024x570.jpeg 1024w, http:\/\/abcformation1986.fr\/wp-content\/uploads\/2026\/04\/WhatsApp-Image-2026-04-28-at-15.08.26-e1777384077561-300x167.jpeg 300w, http:\/\/abcformation1986.fr\/wp-content\/uploads\/2026\/04\/WhatsApp-Image-2026-04-28-at-15.08.26-e1777384077561-768x428.jpeg 768w, http:\/\/abcformation1986.fr\/wp-content\/uploads\/2026\/04\/WhatsApp-Image-2026-04-28-at-15.08.26-e1777384077561-18x10.jpeg 18w, http:\/\/abcformation1986.fr\/wp-content\/uploads\/2026\/04\/WhatsApp-Image-2026-04-28-at-15.08.26-e1777384077561-500x278.jpeg 500w, http:\/\/abcformation1986.fr\/wp-content\/uploads\/2026\/04\/WhatsApp-Image-2026-04-28-at-15.08.26-e1777384077561.jpeg 1117w\" sizes=\"auto, (max-width: 900px) 100vw, 900px\" \/>\t\t\t\t\t\t\t\t\t\t<\/a>\n\t\t\t\t\t\t\t\t\t\t\t\t\t\t\t\t\t<\/div>\n\t\t\t\t\t\t\t<\/div>\n\t\t\t\t\t\t\t\t\t\t\t\t\t\t\t\t\t\t\t\t<div class=\"vc_item\">\n\t\t\t\t\t\t\t\t<div class=\"vc_inner\">\n\t\t\t\t\t\t\t\t\t\t\t\t\t\t\t\t\t\t\t\t\t\t\t\t\t\t\t\t\t<a class=\"prettyphoto\" href=\"http:\/\/abcformation1986.fr\/wp-content\/uploads\/2026\/04\/WhatsApp-Image-2026-04-28-at-15.11.11-1024x526.jpeg\"  data-rel=\"prettyPhoto[rel-854-1026631422]\">\n\t\t\t\t\t\t\t\t\t\t\t<img loading=\"lazy\" decoding=\"async\" width=\"900\" height=\"462\" src=\"http:\/\/abcformation1986.fr\/wp-content\/uploads\/2026\/04\/WhatsApp-Image-2026-04-28-at-15.11.11-1024x526.jpeg\" class=\"attachment-large\" alt=\"\" srcset=\"http:\/\/abcformation1986.fr\/wp-content\/uploads\/2026\/04\/WhatsApp-Image-2026-04-28-at-15.11.11-1024x526.jpeg 1024w, http:\/\/abcformation1986.fr\/wp-content\/uploads\/2026\/04\/WhatsApp-Image-2026-04-28-at-15.11.11-300x154.jpeg 300w, http:\/\/abcformation1986.fr\/wp-content\/uploads\/2026\/04\/WhatsApp-Image-2026-04-28-at-15.11.11-768x395.jpeg 768w, http:\/\/abcformation1986.fr\/wp-content\/uploads\/2026\/04\/WhatsApp-Image-2026-04-28-at-15.11.11-18x9.jpeg 18w, http:\/\/abcformation1986.fr\/wp-content\/uploads\/2026\/04\/WhatsApp-Image-2026-04-28-at-15.11.11-500x257.jpeg 500w, http:\/\/abcformation1986.fr\/wp-content\/uploads\/2026\/04\/WhatsApp-Image-2026-04-28-at-15.11.11.jpeg 1107w\" sizes=\"auto, (max-width: 900px) 100vw, 900px\" \/>\t\t\t\t\t\t\t\t\t\t<\/a>\n\t\t\t\t\t\t\t\t\t\t\t\t\t\t\t\t\t<\/div>\n\t\t\t\t\t\t\t<\/div>\n\t\t\t\t\t\t\t\t\t\t\t<\/div>\n\t\t\t\t<\/div>\n\t\t\t<\/div>\n\t\t\t\t\t\t\t<!-- Controls -->\n\t\t\t\t<a class=\"vc_left vc_carousel-control\" href=\"#vc_images-carousel-1-1777484840\" data-slide=\"prev\">\n\t\t\t\t\t<span class=\"icon-prev\"><\/span>\n\t\t\t\t<\/a>\n\t\t\t\t<a class=\"vc_right vc_carousel-control\" href=\"#vc_images-carousel-1-1777484840\" data-slide=\"next\">\n\t\t\t\t\t<span class=\"icon-next\"><\/span>\n\t\t\t\t<\/a>\n\t\t\t\t\t<\/div>\n\t<\/div>\n<\/div>\n\n\t<div class=\"wpb_text_column wpb_content_element  vc_custom_1713603972127\" >\n\t\t<div class=\"wpb_wrapper\">\n\t\t\t<h2 style=\"text-align: left; padding-left: 120px; color: #33cccc;\"><strong>Useful links<\/strong><\/h2>\n<ul style=\"text-align= justify; line-height: 25px;\">\n<li style=\"list-style-type: none;\">\n<ul style=\"text-align= justify; line-height: 25px;\">\n<li style=\"list-style-type: none;\">\n<ul style=\"list-style-type: none; padding-left: 0;\">\n<li style=\"margin-bottom: 10px; margin-left: 10px;\"><a href=\"https:\/\/www.immigration.interieur.gouv.fr\/Accueil-et-accompagnement\/La-nationalite-francaise\/Justificatifs-du-niveau-de-connaissance-de-la-langue-francaise\"><span style=\"color: #000000;\"><strong>Proof of the level of knowledge of the French language <\/strong><\/span><\/a><\/li>\n<li style=\"margin-bottom: 10px; margin-left: 10px;\"><strong><a href=\"https:\/\/www.legifrance.gouv.fr\/loda\/id\/JORFTEXT000036639354\"><span style=\"color: #000000;\">Order fixing the list of recognized diplomas and certifications for the resident card <\/span><\/a><\/strong><\/li>\n<li style=\"margin-bottom: 10px; margin-left: 10px;\"><span style=\"color: #000000;\"><a style=\"color: #000000;\" href=\"https:\/\/www.legifrance.gouv.fr\/loda\/id\/JORFTEXT000041733653\/\"><strong>Order fixing the list of recognized diplomas and certifications for the resident card <\/strong><\/a><\/span><\/li>\n<\/ul>\n<\/li>\n<\/ul>\n<\/li>\n<\/ul>\n<h1><\/h1>\n\n\t\t<\/div>\n\t<\/div>\n<\/div><\/div><\/div><div class=\"wpb_column vc_column_container vc_col-sm-4\"><div class=\"vc_column-inner\"><div class=\"wpb_wrapper\">\n\t<div  class=\"wpb_single_image wpb_content_element vc_align_center\">\n\t\t\n\t\t<figure class=\"wpb_wrapper vc_figure\">\n\t\t\t<a href=\"http:\/\/abcformation1986.fr\/wp-content\/uploads\/2024\/10\/Catalogue-TEF-2023.png\" target=\"_self\" class=\"vc_single_image-wrapper   vc_box_border_grey\"><img loading=\"lazy\" decoding=\"async\" width=\"300\" height=\"300\" src=\"http:\/\/abcformation1986.fr\/wp-content\/uploads\/2024\/10\/Catalogue-TEF-2023.png\" class=\"vc_single_image-img attachment-medium\" alt=\"\" srcset=\"http:\/\/abcformation1986.fr\/wp-content\/uploads\/2024\/10\/Catalogue-TEF-2023.png 300w, http:\/\/abcformation1986.fr\/wp-content\/uploads\/2024\/10\/Catalogue-TEF-2023-291x291.png 291w, http:\/\/abcformation1986.fr\/wp-content\/uploads\/2024\/10\/Catalogue-TEF-2023-100x100.png 100w, http:\/\/abcformation1986.fr\/wp-content\/uploads\/2024\/10\/Catalogue-TEF-2023-150x150.png 150w, http:\/\/abcformation1986.fr\/wp-content\/uploads\/2024\/10\/Catalogue-TEF-2023-12x12.png 12w\" sizes=\"auto, (max-width: 300px) 100vw, 300px\" \/><\/a>\n\t\t<\/figure>\n\t<\/div>\n<div class=\"vc_btn3-container vc_btn3-center\" >\n\t<a class=\"vc_general vc_btn3 vc_btn3-size-md vc_btn3-shape-square vc_btn3-style-3d vc_btn3-block vc_btn3-color-turquoise\" href=\"http:\/\/abcformation1986.fr\/en\/tef-integration-residence-et-nationalite\/\" title=\"\">TEF INTEGRATION, RESIDENCE AND NATIONALITY<\/a><\/div>\n<div class=\"vc_btn3-container vc_btn3-center\" >\n\t<a class=\"vc_general vc_btn3 vc_btn3-size-md vc_btn3-shape-square vc_btn3-style-3d vc_btn3-block vc_btn3-color-turquoise\" href=\"http:\/\/abcformation1986.fr\/en\/tef-canada\/\" title=\"\"> TEF CANADA<\/a><\/div>\n<div class=\"vc_btn3-container vc_btn3-center\" >\n\t<a class=\"vc_general vc_btn3 vc_btn3-size-md vc_btn3-shape-square vc_btn3-style-3d vc_btn3-block vc_btn3-color-turquoise\" href=\"http:\/\/abcformation1986.fr\/en\/tefaq\/\" title=\"\"> TEF QUEBEC (TEFAQ)<\/a><\/div>\n<div class=\"vc_btn3-container vc_btn3-center\" >\n\t<a class=\"vc_general vc_btn3 vc_btn3-size-md vc_btn3-shape-square vc_btn3-style-3d vc_btn3-block vc_btn3-color-turquoise\" href=\"http:\/\/abcformation1986.fr\/en\/tef-pour-les-etudes-en-france\/\" title=\"\">TEF for student mobility <\/a><\/div>\n<div class=\"vc_separator wpb_content_element vc_separator_align_center vc_sep_width_100 vc_sep_pos_align_center vc_separator_no_text vc_sep_color_grey\" ><span class=\"vc_sep_holder vc_sep_holder_l\"><span  class=\"vc_sep_line\"><\/span><\/span><span class=\"vc_sep_holder vc_sep_holder_r\"><span  class=\"vc_sep_line\"><\/span><\/span>\n<\/div>\n\t<div class=\"wpb_text_column wpb_content_element  vc_custom_1743490734951\" >\n\t\t<div class=\"wpb_wrapper\">\n\t\t\t<h2 style=\"text-align: left; padding-left: 120px; color: #33cccc;\"><strong>Useful links<\/strong><\/h2>\n<ul>\n<li style=\"margin-bottom: 10px; text-align: left;\"><strong><span style=\"color: #ff0000;\"><a style=\"color: #000000;\" href=\"https:\/\/www.lefrancaisdesaffaires.fr\/wp-content\/uploads\/2024\/09\/correspondance-tef-cecr.pdf\">Voir le tableau de correspondance TEF \u2013 CECR<\/a><\/span><\/strong><\/li>\n<li style=\"margin-bottom: 10px; text-align: left;\"><strong><span style=\"color: #ff0000;\"><a style=\"color: #000000;\" href=\"https:\/\/www.lefrancaisdesaffaires.fr\/wp-content\/uploads\/2024\/10\/grille-interpretation-des-niveaux-tef-cecr.pdf\">Voir la grille d&rsquo;interpr\u00e9tation des niveaux CECR &#8211; TEF<\/a><\/span><\/strong><\/li>\n<li style=\"margin-bottom: 10px; text-align: left;\"><strong><a href=\"https:\/\/www.lefrancaisdesaffaires.fr\/tests-diplomes\/conditions-dinscription-et-de-passation\/\"><span style=\"color: #000000;\">Registration and completion conditions\u00a0<\/span><\/a><\/strong><\/li>\n<\/ul>\n\n\t\t<\/div>\n\t<\/div>\n<div class=\"vc_separator wpb_content_element vc_separator_align_center vc_sep_width_100 vc_sep_pos_align_center vc_separator_no_text vc_sep_color_grey\" ><span class=\"vc_sep_holder vc_sep_holder_l\"><span  class=\"vc_sep_line\"><\/span><\/span><span class=\"vc_sep_holder vc_sep_holder_r\"><span  class=\"vc_sep_line\"><\/span><\/span>\n<\/div><div class=\"vc_btn3-container vc_btn3-center\" >\n\t<a class=\"vc_general vc_btn3 vc_btn3-size-md vc_btn3-shape-square vc_btn3-style-3d vc_btn3-block vc_btn3-color-turquoise\" href=\"http:\/\/abcformation1986.fr\/en\/le-tef-en-pratique\/\" title=\"\">Le TEF en pratique <\/a><\/div>\n<div class=\"vc_btn3-container vc_btn3-center\" >\n\t<a class=\"vc_general vc_btn3 vc_btn3-size-md vc_btn3-shape-square vc_btn3-style-3d vc_btn3-block vc_btn3-color-turquoise\" href=\"http:\/\/abcformation1986.fr\/en\/se-preparer-au-tef\/\" title=\"\">Prepare <\/a><\/div>\n<div class=\"vc_btn3-container vc_btn3-center\" >\n\t<a class=\"vc_general vc_btn3 vc_btn3-size-md vc_btn3-shape-square vc_btn3-style-3d vc_btn3-block vc_btn3-color-turquoise\" href=\"https:\/\/abcformation1986.fr\/wp-content\/uploads\/2024\/10\/Catalogue-TEF-2023-2-.pdf\" title=\"\">Catalogue des tests TEF<\/a><\/div>\n<div class=\"vc_btn3-container vc_btn3-center\" >\n\t<a class=\"vc_general vc_btn3 vc_btn3-size-md vc_btn3-shape-square vc_btn3-style-3d vc_btn3-block vc_btn3-color-turquoise\" href=\"https:\/\/www.lefrancaisdesaffaires.fr\/documents\/TEF_IRN_Tutoriel\/story.html\" title=\"\">Tutorials<\/a><\/div>\n<div class=\"vc_separator wpb_content_element vc_separator_align_center vc_sep_width_100 vc_sep_pos_align_center vc_separator_no_text vc_sep_color_grey\" ><span class=\"vc_sep_holder vc_sep_holder_l\"><span  class=\"vc_sep_line\"><\/span><\/span><span class=\"vc_sep_holder vc_sep_holder_r\"><span  class=\"vc_sep_line\"><\/span><\/span>\n<\/div><div  class=\"vc_toggle vc_toggle_round vc_toggle_color_turquoise  vc_toggle_size_md\">\n\t<div class=\"vc_toggle_title\"><h4 style=\"color: #000000;text-align: left;font-family:Raleway;font-weight:400;font-style:normal\" class=\"vc_custom_heading\">What level must I obtain for my application to be accepted by a French educational establishment?<\/h4><i class=\"vc_toggle_icon\"><\/i><\/div>\n\t<div class=\"vc_toggle_content\"><p>You must obtain a score greater than or equal to 400\/699 in the TEF written tests.<\/p>\n<\/div>\n<\/div>\n<div  class=\"vc_toggle vc_toggle_round vc_toggle_color_turquoise  vc_toggle_size_md\">\n\t<div class=\"vc_toggle_title\"><h4 style=\"color: #000000;text-align: left;font-family:Raleway;font-weight:400;font-style:normal\" class=\"vc_custom_heading\">Does the TEF allow me to be exempt from the TCF for the DAP (prior admission request)?<\/h4><i class=\"vc_toggle_icon\"><\/i><\/div>\n\t<div class=\"vc_toggle_content\"><p>In fact, you are exempt from the TCF for the DAP if you obtained a score greater than or equal to 400\/699 in the TEF written tests.<\/p>\n<\/div>\n<\/div>\n<div  class=\"vc_toggle vc_toggle_round vc_toggle_color_turquoise  vc_toggle_size_md\">\n\t<div class=\"vc_toggle_title\"><h4 style=\"color: #000000;text-align: left;font-family:Raleway;font-weight:400;font-style:normal\" class=\"vc_custom_heading\">What are the exemptions from the French test?<\/h4><i class=\"vc_toggle_icon\"><\/i><\/div>\n\t<div class=\"vc_toggle_content\"><p>You are exempt from a French test, if you already hold the TCF for the DAP, a DELF B2, a DALF C1\/C2, a French baccalaureate (issued by the French Ministry of Education ), or student from the French bilingual sections appearing on a list established jointly by the French ministries of national education and foreign affairs.<\/p>\n<\/div>\n<\/div>\n<div  class=\"vc_toggle vc_toggle_round vc_toggle_color_turquoise  vc_toggle_size_md\">\n\t<div class=\"vc_toggle_title\"><h4 style=\"color: #000000;text-align: left;font-family:Raleway;font-weight:400;font-style:normal\" class=\"vc_custom_heading\">How do I request special accommodation?<\/h4><i class=\"vc_toggle_icon\"><\/i><\/div>\n\t<div class=\"vc_toggle_content\"><p>Business French offers<strong>\u00a0different arrangements<\/strong>\u00a0in order to make the TEF accessible\u00a0<strong>to candidates with disabilities or illiteracy<\/strong>. The candidate with a specific accommodation need must, before any registration,\u00a0<strong>contact the testing center<\/strong>\u00a0chosen to submit their application.<\/p>\n<p>To obtain accommodation adapted to their situation, the candidate must\u00a0<strong>obtain a medical certificate<\/strong>\u00a0by a practitioner who will explain the nature of the disability and issue\u00a0<strong>recommendations for organizing the session<\/strong>\u00a0(for the tests concerned) in view of the list of possible adaptations of the TEF which will be made available to them (provision by the center of an assessor, allocation of additional third time, adaptation of the sound volume, etc.). ).<\/p>\n<p><strong>In the case of electronics<\/strong>, noted by the assessment center,\u00a0<strong>des solutions d\u2019assistance et\/ou des am\u00e9nagements<\/strong>\u00a0(manual written expression test for example) may be offered to the candidate concerned.<\/p>\n<p><strong>The assessment center will notify Business French<\/strong>\u00a0of the CCI Paris Ile-de-France as soon as possible so that it examines the request and can quickly validate the possibility of a specific adjustment of the award conditions.<\/p>\n<p><strong>For the TEF \/ TEFAQ \/ TEF Canada<\/strong>\u00a0: in the event of exemption from one or more tests, the candidate will only be invoiced for the tests actually taken.<\/p>\n<p><strong>For the TEF Integration, Residence and Nationality<\/strong>\u00a0: in the event of exemption from one or more tests, the candidate is exempt from taking the entire test and must present his medical certificate directly to the prefecture. A model certificate dedicated to candidates requesting a resident card or access to French nationality is given to the prefecture on request to have it completed by a doctor.<\/p>\n<p><strong>Applicants for a resident card in France<\/strong>\u00a0can request an adjustment of the tests by presenting the medical certificate given to the prefecture and duly completed by the attending physician.<b>\u00a0<\/b><\/p>\n<p><b>Please note: only the model medical certificate provided to the prefecture can be used to support the application for a resident card, no other document is accepted.<\/b><\/p>\n<p>For more information, we invite you to consult\u00a0<a href=\"https:\/\/www.legifrance.gouv.fr\/jorf\/id\/JORFTEXT000043130040\" target=\"_blank\" rel=\"noopener\">For more information, we invite you to consult<\/a>\u00a0Fixing the medical certificate model provided for in B of 5 \u00b0 of article R. 314-1 of the code for the entry and stay of foreigners and the right of asylum.<\/p>\n<p><strong>Applicants of French naturalization<\/strong>\u00a0must present a certificate established according to the regulatory model fixed by the decree\u00a0<a href=\"https:\/\/www.legifrance.gouv.fr\/jorf\/id\/JORFTEXT000042169923\" target=\"_blank\" rel=\"noopener\" data-saferedirecturl=\"https:\/\/www.google.com\/url?q=https:\/\/www.legifrance.gouv.fr\/jorf\/id\/JORFTEXT000042169923&amp;source=gmail&amp;ust=1627369376662000&amp;usg=AFQjCNFMppMB3xO-8UoRh2V7uDD67HNdrg\">NOR : INTV2009412A du 17 juillet 2020<\/a>. The certificate can be\u00a0<a href=\"https:\/\/www.immigration.interieur.gouv.fr\/Accueil-et-accompagnement\/La-nationalite-francaise\/Justificatifs-du-niveau-de-connaissance-de-la-langue-francaise\" target=\"_blank\" rel=\"noopener\">download on this page<\/a>.<\/p>\n<\/div>\n<\/div>\n<div  class=\"vc_toggle vc_toggle_round vc_toggle_color_turquoise  vc_toggle_size_md\">\n\t<div class=\"vc_toggle_title\"><h4 style=\"color: #000000;text-align: left;font-family:Raleway;font-weight:400;font-style:normal\" class=\"vc_custom_heading\">What is your personal data processing policy?<\/h4><i class=\"vc_toggle_icon\"><\/i><\/div>\n\t<div class=\"vc_toggle_content\"><p><span class=\"TextRun SCXW259163967 BCX0\" lang=\"FR-FR\" xml:lang=\"FR-FR\" data-contrast=\"auto\"><span class=\"NormalTextRun SCXW259163967 BCX0\">The personal data communicated by the candidate (name, first name, date of birth, photo, signature, answers\u00a0<\/span><span class=\"NormalTextRun SCXW259163967 BCX0\">at the exam<\/span><span class=\"NormalTextRun SCXW259163967 BCX0\">\u00a0and results\u00a0<\/span><span class=\"NormalTextRun SCXW259163967 BCX0\">\u00e0 l\u2019examen,<\/span><span class=\"NormalTextRun SCXW259163967 BCX0\">\u00a0<\/span><span class=\"NormalTextRun SCXW259163967 BCX0\">Address M\u00e9l, Number and nationality of the identity document) are collected by the CCI Paris \u00cele-de-France<strong>\u00a0In order to deal with the registration request and in accordance with the laws of government authorities in the countries concerned<\/strong>\u00a0On requests for immigration, citizenship<\/span><span class=\"NormalTextRun SCXW259163967 BCX0\">,<\/span><span class=\"NormalTextRun SCXW259163967 BCX0\">\u00a0naturalization<\/span><span class=\"NormalTextRun SCXW259163967 BCX0\">\u00a0or resident card.<\/span><\/span><span class=\"EOP SCXW259163967 BCX0\" data-ccp-props=\"{&quot;201341983&quot;:0,&quot;335551550&quot;:1,&quot;335551620&quot;:1,&quot;335559739&quot;:160,&quot;335559740&quot;:259}\">\u00a0<\/span><\/p>\n<p>E<span data-contrast=\"auto\">in the event of obtaining the required level,\u00a0<strong>Your data will be made accessible<\/strong>\u00a0<strong>to government authorities<\/strong>\u00a0Countries concerned that use the tef dan<\/span><span data-contrast=\"auto\">s The framework for an immigration or access to citizenship program as soon as a candidate submits a certificate of results within the framework of an administrative procedure concerning them.<br \/>\n<\/span><span data-contrast=\"auto\">If you oppose this transmission or if you change or delete data, your immigration or naturalization request may not be processed by the competent authorities.<\/span><span data-ccp-props=\"{&quot;201341983&quot;:0,&quot;335559739&quot;:160,&quot;335559740&quot;:259}\">\u00a0<\/span><\/p>\n<p><span data-contrast=\"auto\"><strong>Your data is kept by the French business of the CCI Paris Ile-de-France for 10 years.<\/strong>\u00a0Data likely to be transmitted to government authorities will be kept according to the laws of the country.<strong>\u00a0They are not transmitted to other third parties.<\/strong><\/span><strong>\u00a0<\/strong><\/p>\n<p><span data-contrast=\"auto\">The information collected can also\u00a0<strong>be the subject of computer processing intended to carry out studies and surveys<\/strong>\u00a0In order to improve our services.In this context, the data collected when carrying out surveys is not communicated to third parties and is kept for a year.<\/span><span data-ccp-props=\"{&quot;201341983&quot;:0,&quot;335559739&quot;:160,&quot;335559740&quot;:259}\">\u00a0<\/span><\/p>\n<p><span data-contrast=\"auto\">In accordance with the Data Protection Act of January 6, 1978 amended and regulation (EU) 2016-679 on data protection and within the framework and the limits posed by these texts,\u00a0<strong>You can exercise your right of access to data concerning you<\/strong>\u00a0and have them correct or erase that you can exercise by contacting\u00a0<a href=\"mailto:francais@cci-paris-idf.fr\">francais@cci-paris-idf.fr<\/a>\u00a0Or, in case of difficulty, the data protection delegate at the address: cpdp@cci-paris-idf.fr. Finally, you can submit a complaint with the CNIL, 3 place de Fontenoy - TSA 80715 - 75334 PARIS CEDEX 07.<\/span><span data-ccp-props=\"{&quot;201341983&quot;:0,&quot;335559739&quot;:160,&quot;335559740&quot;:259}\">\u00a0<\/span><\/p>\n<\/div>\n<\/div>\n<div class=\"vc_separator wpb_content_element vc_separator_align_center vc_sep_width_100 vc_sep_pos_align_center vc_separator_no_text vc_sep_color_grey\" ><span class=\"vc_sep_holder vc_sep_holder_l\"><span  class=\"vc_sep_line\"><\/span><\/span><span class=\"vc_sep_holder vc_sep_holder_r\"><span  class=\"vc_sep_line\"><\/span><\/span>\n<\/div><\/div><\/div><\/div>\t<\/div>\n\t\t\t<\/div>","protected":false},"excerpt":{"rendered":"le Test d\u2019\u00e9valuation de fran\u00e7ais (TEF)\u00a0 Cr\u00e9\u00e9 en 1998 par la CCI Paris Ile-de-France, le\u00a0Test d\u2019\u00e9valuation de fran\u00e7ais\u00a0(TEF)\u00a0est un examen de r\u00e9f\u00e9rence internationale qui mesure votre niveau de connaissances et de comp\u00e9tences en fran\u00e7ais. &nbsp; Le TEF est reconnu officiellement : le minist\u00e8re fran\u00e7ais de l\u2019\u00c9ducation nationale le minist\u00e8re de l\u2019Enseignement sup\u00e9rieur, de la Recherche [...]","protected":false},"author":2,"featured_media":0,"parent":0,"menu_order":0,"comment_status":"closed","ping_status":"closed","template":"","meta":{"_uag_custom_page_level_css":"","footnotes":""},"class_list":["post-854","page","type-page","status-publish","hentry"],"yoast_head":"<!-- This site is optimized with the Yoast SEO plugin v25.2 - https:\/\/yoast.com\/wordpress\/plugins\/seo\/ -->\n<title>Test d\u2019\u00e9valuation de fran\u00e7ais TEF - Centre de Formation ABC Franconville | FLE | TEF<\/title>\n<meta name=\"robots\" content=\"index, follow, max-snippet:-1, max-image-preview:large, max-video-preview:-1\" \/>\n<link rel=\"canonical\" href=\"https:\/\/abcformation1986.fr\/en\/test-devaluation-de-francais-tef\/\" \/>\n<meta property=\"og:locale\" content=\"en_US\" \/>\n<meta property=\"og:type\" content=\"article\" \/>\n<meta property=\"og:title\" content=\"Test d\u2019\u00e9valuation de fran\u00e7ais TEF - Centre de Formation ABC Franconville | FLE | TEF\" \/>\n<meta property=\"og:url\" content=\"https:\/\/abcformation1986.fr\/en\/test-devaluation-de-francais-tef\/\" \/>\n<meta property=\"og:site_name\" content=\"Centre de Formation ABC Franconville | FLE | TEF\" \/>\n<meta property=\"article:publisher\" content=\"http:\/\/@abcformation\" \/>\n<meta property=\"article:modified_time\" content=\"2026-04-28T13:48:54+00:00\" \/>\n<meta property=\"og:image\" content=\"https:\/\/abcformation1986.fr\/wp-content\/uploads\/2025\/03\/tableau-declinaisons-tef.png\" \/>\n<meta name=\"twitter:card\" content=\"summary_large_image\" \/>\n<meta name=\"twitter:site\" content=\"@abc_formation\" \/>\n<meta name=\"twitter:label1\" content=\"Est. reading time\" \/>\n\t<meta name=\"twitter:data1\" content=\"8 minutes\" \/>\n<script type=\"application\/ld+json\" class=\"yoast-schema-graph\">{\"@context\":\"https:\/\/schema.org\",\"@graph\":[{\"@type\":\"WebPage\",\"@id\":\"https:\/\/abcformation1986.fr\/en\/test-devaluation-de-francais-tef\/\",\"url\":\"https:\/\/abcformation1986.fr\/en\/test-devaluation-de-francais-tef\/\",\"name\":\"Test d\u2019\u00e9valuation de fran\u00e7ais TEF - Centre de Formation ABC Franconville | FLE | TEF\",\"isPartOf\":{\"@id\":\"https:\/\/abcformation1986.fr\/#website\"},\"primaryImageOfPage\":{\"@id\":\"https:\/\/abcformation1986.fr\/en\/test-devaluation-de-francais-tef\/#primaryimage\"},\"image\":{\"@id\":\"https:\/\/abcformation1986.fr\/en\/test-devaluation-de-francais-tef\/#primaryimage\"},\"thumbnailUrl\":\"https:\/\/abcformation1986.fr\/wp-content\/uploads\/2025\/03\/tableau-declinaisons-tef.png\",\"datePublished\":\"2018-11-20T09:12:37+00:00\",\"dateModified\":\"2026-04-28T13:48:54+00:00\",\"breadcrumb\":{\"@id\":\"https:\/\/abcformation1986.fr\/en\/test-devaluation-de-francais-tef\/#breadcrumb\"},\"inLanguage\":\"en-US\",\"potentialAction\":[{\"@type\":\"ReadAction\",\"target\":[\"https:\/\/abcformation1986.fr\/en\/test-devaluation-de-francais-tef\/\"]}]},{\"@type\":\"ImageObject\",\"inLanguage\":\"en-US\",\"@id\":\"https:\/\/abcformation1986.fr\/en\/test-devaluation-de-francais-tef\/#primaryimage\",\"url\":\"https:\/\/abcformation1986.fr\/wp-content\/uploads\/2025\/03\/tableau-declinaisons-tef.png\",\"contentUrl\":\"https:\/\/abcformation1986.fr\/wp-content\/uploads\/2025\/03\/tableau-declinaisons-tef.png\"},{\"@type\":\"BreadcrumbList\",\"@id\":\"https:\/\/abcformation1986.fr\/en\/test-devaluation-de-francais-tef\/#breadcrumb\",\"itemListElement\":[{\"@type\":\"ListItem\",\"position\":1,\"name\":\"Home\",\"item\":\"https:\/\/abcformation1986.fr\/\"},{\"@type\":\"ListItem\",\"position\":2,\"name\":\"Test d\u2019\u00e9valuation de fran\u00e7ais TEF\"}]},{\"@type\":\"WebSite\",\"@id\":\"https:\/\/abcformation1986.fr\/#website\",\"url\":\"https:\/\/abcformation1986.fr\/\",\"name\":\"Centre de Formation ABC Franconville | FLE | TEF\",\"description\":\"Acteur historique de  la formation, de l\u2019insertion et de la  reconversion professionnelle depuis 1986\",\"publisher\":{\"@id\":\"https:\/\/abcformation1986.fr\/#organization\"},\"potentialAction\":[{\"@type\":\"SearchAction\",\"target\":{\"@type\":\"EntryPoint\",\"urlTemplate\":\"https:\/\/abcformation1986.fr\/?s={search_term_string}\"},\"query-input\":{\"@type\":\"PropertyValueSpecification\",\"valueRequired\":true,\"valueName\":\"search_term_string\"}}],\"inLanguage\":\"en-US\"},{\"@type\":\"Organization\",\"@id\":\"https:\/\/abcformation1986.fr\/#organization\",\"name\":\"ABCFORMATION\",\"url\":\"https:\/\/abcformation1986.fr\/\",\"logo\":{\"@type\":\"ImageObject\",\"inLanguage\":\"en-US\",\"@id\":\"https:\/\/abcformation1986.fr\/#\/schema\/logo\/image\/\",\"url\":\"https:\/\/abcformation1986.fr\/wp-content\/uploads\/2018\/11\/abclogo.png\",\"contentUrl\":\"https:\/\/abcformation1986.fr\/wp-content\/uploads\/2018\/11\/abclogo.png\",\"width\":134,\"height\":82,\"caption\":\"ABCFORMATION\"},\"image\":{\"@id\":\"https:\/\/abcformation1986.fr\/#\/schema\/logo\/image\/\"},\"sameAs\":[\"http:\/\/@abcformation\",\"https:\/\/x.com\/abc_formation\",\"http:\/\/abcformation1986\"]}]}<\/script>\n<!-- \/ Yoast SEO plugin. -->","yoast_head_json":{"title":"Test d\u2019\u00e9valuation de fran\u00e7ais TEF - Centre de Formation ABC Franconville | FLE | TEF","robots":{"index":"index","follow":"follow","max-snippet":"max-snippet:-1","max-image-preview":"max-image-preview:large","max-video-preview":"max-video-preview:-1"},"canonical":"https:\/\/abcformation1986.fr\/en\/test-devaluation-de-francais-tef\/","og_locale":"en_US","og_type":"article","og_title":"Test d\u2019\u00e9valuation de fran\u00e7ais TEF - Centre de Formation ABC Franconville | FLE | TEF","og_url":"https:\/\/abcformation1986.fr\/en\/test-devaluation-de-francais-tef\/","og_site_name":"Centre de Formation ABC Franconville | FLE | TEF","article_publisher":"http:\/\/@abcformation","article_modified_time":"2026-04-28T13:48:54+00:00","og_image":[{"url":"https:\/\/abcformation1986.fr\/wp-content\/uploads\/2025\/03\/tableau-declinaisons-tef.png","type":"","width":"","height":""}],"twitter_card":"summary_large_image","twitter_site":"@abc_formation","twitter_misc":{"Est. reading time":"8 minutes"},"schema":{"@context":"https:\/\/schema.org","@graph":[{"@type":"WebPage","@id":"https:\/\/abcformation1986.fr\/en\/test-devaluation-de-francais-tef\/","url":"https:\/\/abcformation1986.fr\/en\/test-devaluation-de-francais-tef\/","name":"Test d\u2019\u00e9valuation de fran\u00e7ais TEF - Centre de Formation ABC Franconville | FLE | TEF","isPartOf":{"@id":"https:\/\/abcformation1986.fr\/#website"},"primaryImageOfPage":{"@id":"https:\/\/abcformation1986.fr\/en\/test-devaluation-de-francais-tef\/#primaryimage"},"image":{"@id":"https:\/\/abcformation1986.fr\/en\/test-devaluation-de-francais-tef\/#primaryimage"},"thumbnailUrl":"https:\/\/abcformation1986.fr\/wp-content\/uploads\/2025\/03\/tableau-declinaisons-tef.png","datePublished":"2018-11-20T09:12:37+00:00","dateModified":"2026-04-28T13:48:54+00:00","breadcrumb":{"@id":"https:\/\/abcformation1986.fr\/en\/test-devaluation-de-francais-tef\/#breadcrumb"},"inLanguage":"en-US","potentialAction":[{"@type":"ReadAction","target":["https:\/\/abcformation1986.fr\/en\/test-devaluation-de-francais-tef\/"]}]},{"@type":"ImageObject","inLanguage":"en-US","@id":"https:\/\/abcformation1986.fr\/en\/test-devaluation-de-francais-tef\/#primaryimage","url":"https:\/\/abcformation1986.fr\/wp-content\/uploads\/2025\/03\/tableau-declinaisons-tef.png","contentUrl":"https:\/\/abcformation1986.fr\/wp-content\/uploads\/2025\/03\/tableau-declinaisons-tef.png"},{"@type":"BreadcrumbList","@id":"https:\/\/abcformation1986.fr\/en\/test-devaluation-de-francais-tef\/#breadcrumb","itemListElement":[{"@type":"ListItem","position":1,"name":"Home","item":"https:\/\/abcformation1986.fr\/"},{"@type":"ListItem","position":2,"name":"Test d\u2019\u00e9valuation de fran\u00e7ais TEF"}]},{"@type":"WebSite","@id":"https:\/\/abcformation1986.fr\/#website","url":"https:\/\/abcformation1986.fr\/","name":"Centre de Formation ABC Franconville | FLE | TEF","description":"Acteur historique de  la formation, de l\u2019insertion et de la  reconversion professionnelle depuis 1986","publisher":{"@id":"https:\/\/abcformation1986.fr\/#organization"},"potentialAction":[{"@type":"SearchAction","target":{"@type":"EntryPoint","urlTemplate":"https:\/\/abcformation1986.fr\/?s={search_term_string}"},"query-input":{"@type":"PropertyValueSpecification","valueRequired":true,"valueName":"search_term_string"}}],"inLanguage":"en-US"},{"@type":"Organization","@id":"https:\/\/abcformation1986.fr\/#organization","name":"ABCFORMATION","url":"https:\/\/abcformation1986.fr\/","logo":{"@type":"ImageObject","inLanguage":"en-US","@id":"https:\/\/abcformation1986.fr\/#\/schema\/logo\/image\/","url":"https:\/\/abcformation1986.fr\/wp-content\/uploads\/2018\/11\/abclogo.png","contentUrl":"https:\/\/abcformation1986.fr\/wp-content\/uploads\/2018\/11\/abclogo.png","width":134,"height":82,"caption":"ABCFORMATION"},"image":{"@id":"https:\/\/abcformation1986.fr\/#\/schema\/logo\/image\/"},"sameAs":["http:\/\/@abcformation","https:\/\/x.com\/abc_formation","http:\/\/abcformation1986"]}]}},"uagb_featured_image_src":{"full":false,"thumbnail":false,"medium":false,"medium_large":false,"large":false,"1536x1536":false,"2048x2048":false,"trp-custom-language-flag":false,"hala-full":false,"hala-medium":false,"hala-small":false,"hala-team":false,"hala-thumb":false,"woocommerce_thumbnail":false,"woocommerce_single":false,"woocommerce_gallery_thumbnail":false},"uagb_author_info":{"display_name":"abc formation","author_link":"http:\/\/abcformation1986.fr\/en\/author\/abcformation\/"},"uagb_comment_info":0,"uagb_excerpt":null,"jetpack_sharing_enabled":true,"_links":{"self":[{"href":"http:\/\/abcformation1986.fr\/en\/wp-json\/wp\/v2\/pages\/854","targetHints":{"allow":["GET"]}}],"collection":[{"href":"http:\/\/abcformation1986.fr\/en\/wp-json\/wp\/v2\/pages"}],"about":[{"href":"http:\/\/abcformation1986.fr\/en\/wp-json\/wp\/v2\/types\/page"}],"author":[{"embeddable":true,"href":"http:\/\/abcformation1986.fr\/en\/wp-json\/wp\/v2\/users\/2"}],"replies":[{"embeddable":true,"href":"http:\/\/abcformation1986.fr\/en\/wp-json\/wp\/v2\/comments?post=854"}],"version-history":[{"count":88,"href":"http:\/\/abcformation1986.fr\/en\/wp-json\/wp\/v2\/pages\/854\/revisions"}],"predecessor-version":[{"id":13885,"href":"http:\/\/abcformation1986.fr\/en\/wp-json\/wp\/v2\/pages\/854\/revisions\/13885"}],"wp:attachment":[{"href":"http:\/\/abcformation1986.fr\/en\/wp-json\/wp\/v2\/media?parent=854"}],"curies":[{"name":"wp","href":"https:\/\/api.w.org\/{rel}","templated":true}]}}