{"id":3658,"date":"2021-09-02T07:52:28","date_gmt":"2021-09-02T07:52:28","guid":{"rendered":"https:\/\/abcformation1986.fr\/?page_id=3658"},"modified":"2024-07-26T08:32:45","modified_gmt":"2024-07-26T08:32:45","slug":"accessibilite-aux-personnes-a-mobilite-reduite","status":"publish","type":"page","link":"http:\/\/abcformation1986.fr\/en\/accessibilite-aux-personnes-a-mobilite-reduite\/","title":{"rendered":"Accessibilit\u00e9 aux personnes \u00e0 mobilit\u00e9 r\u00e9duite"},"content":{"rendered":"<div class=\"vc_row wpb_row vc_row-fluid\">\n\t\t\t\t<div class=\"mo-vc-row-ovelay\" style=\"\"><\/div>\n\t\t\t\t<div class=\"container\"><div class=\"wpb_column vc_column_container vc_col-sm-8\"><div class=\"vc_column-inner\"><div class=\"wpb_wrapper\">\n\t<div class=\"wpb_text_column wpb_content_element\" >\n\t\t<div class=\"wpb_wrapper\">\n\t\t\t<h3 class=\"art-postheader\" style=\"text-align: center;\"><span style=\"color: #33cccc;\"><strong><u>Support implemented for the training of people with reduced mobility<\/u><\/strong><\/span><\/h3>\n<div id=\"breadcrumb\">\n<div class=\"breadcrumb-trail breadcrumbs\" role=\"navigation\" aria-label=\"Breadcrumbs\"><\/div>\n<\/div>\n<div class=\"flex-1 overflow-hidden\">\n<div class=\"react-scroll-to-bottom--css-qkmkq-79elbk h-full dark:bg-gray-800\">\n<div class=\"react-scroll-to-bottom--css-qkmkq-1n7m0yu\">\n<div class=\"flex flex-col text-sm dark:bg-gray-800\">\n<div class=\"group w-full text-gray-800 dark:text-gray-100 border-b border-black\/10 dark:border-gray-900\/50 bg-gray-50 dark:bg-&#091;#444654&#093;\">\n<div class=\"flex p-4 gap-4 text-base md:gap-6 md:max-w-2xl lg:max-w-xl xl:max-w-3xl md:py-6 lg:px-0 m-auto\">\n<div class=\"relative flex w-&#091;calc(100%-50px)&#093; flex-col gap-1 md:gap-3 lg:w-&#091;calc(100%-115px)&#093;\">\n<div class=\"flex flex-grow flex-col gap-3\">\n<div class=\"min-h-&#091;20px&#093; flex flex-col items-start gap-4 whitespace-pre-wrap break-words\">\n<div class=\"markdown prose w-full break-words dark:prose-invert light\">\n<p>Our establishment is an ERP and is accessible to the public for people with reduced mobility.<\/p>\n<p style=\"line-height: 25px; text-align: justify;\">During our first contacts, we offer an interview to take into account the specificities of your reduced mobility and determine any adjustments or arrangements to be put in place.<\/p>\n<p>Our Accessibility representative is available to answer all your questions.<\/p>\n<p style=\"line-height: 25px; text-align: justify;\">At ABC FORMATION, we attach great importance to accessibility for people with reduced mobility. We ensure that our premises, resources and activities are accessible to everyone. Here are some measures we have put in place:<\/p>\n<ol style=\"line-height: 25px; text-align: justify;\">\n<li>Accessibility of premises: Our premises are designed to allow access for people with reduced mobility. This includes access ramps, elevators, adapted toilets, reserved parking spaces, etc.<\/li>\n<li>Adapted resources: We strive to provide educational resources adapted to the needs of people with reduced mobility. This can include documents and audio, subtitles for videos, etc.<\/li>\n<li>Staff training: Our teaching team and staff are trained to welcome and support people with reduced mobility. We are aware of different types of needs and strive to create an inclusive environment for all our learners.<\/li>\n<li>Accessible communication: We ensure that our communications, whether electronic, written or oral, are accessible to everyone. We are ready to adapt our mode of communication according to the needs of people with reduced mobility.<\/li>\n<li>Flexibility in assessment methods: We take into account the specific needs of people with reduced mobility when assessing their skills. We are ready to offer alternative solutions to allow all our learners to demonstrate their skills.<\/li>\n<\/ol>\n<p style=\"line-height: 25px; text-align: justify;\">We are committed to providing an inclusive and accessible learning environment for all learners, including those with reduced mobility. If you have specific needs or questions regarding accessibility to ABC FORMATION, do not hesitate to\u00a0contact us.<\/p>\n<p>&nbsp;<\/p>\n<\/div>\n<\/div>\n<\/div>\n<\/div>\n<\/div>\n<\/div>\n<\/div>\n<\/div>\n<\/div>\n<\/div>\n<p>&nbsp;<\/p>\n<h3 class=\"art-postheader\" style=\"text-align: center;\"><span style=\"color: #33cccc;\"><strong><u>Accessibility of training for people with reduced mobility<br \/>\n<\/u><\/strong><\/span><\/h3>\n<p style=\"line-height: 25px; text-align: justify;\">Support for people with reduced mobility.<\/p>\n<p style=\"line-height: 25px; text-align: justify;\">ABC Formation aims to enable people with reduced mobility to follow training activities in the same way as other audiences. We put in place support measures in collaboration with the trainer and our network of partners. We ensure that the reception and logistical, technical and educational organization solutions at the training location allow your training to take place in the best conditions.<\/p>\n<p style=\"line-height: 25px; text-align: justify;\">Identification and consideration of specific needs.<\/p>\n<p>We will carry out the identification and an initial assessment of your specific needs as follows:<\/p>\n<p>Depending on your situation, this needs analysis can take place during an interview with the ABC Formation accessibility representative and the trainer.<\/p>\n<h3 style=\"text-align: center;\"><\/h3>\n<p style=\"line-height: 25px;\"><strong>You will then be able to express in complete confidentiality and freedom your specific needs, the difficulties you encounter as well as the particular adaptations that suit you best.<br \/>\n<\/strong><\/p>\n<p><strong>Specific adaptations can be implemented according to your needs, particularly in terms of:<br \/>\n<\/strong><\/p>\n<ul style=\"line-height: 25px;\">\n<li>Educational route<\/li>\n<li>Learning pace<\/li>\n<li>Learning Tools and Means<\/li>\n<li>Accessibility to the training location<\/li>\n<li>Technical, human and financial assistance<\/li>\n<li>Mobilization of the teaching team<\/li>\n<li>Mobilization of partners in the service of people with disabilities<\/li>\n<\/ul>\n\n\t\t<\/div>\n\t<\/div>\n<\/div><\/div><\/div><div class=\"wpb_column vc_column_container vc_col-sm-4\"><div class=\"vc_column-inner\"><div class=\"wpb_wrapper\">\n\t<div class=\"wpb_text_column wpb_content_element  vc_custom_1721828255327\" >\n\t\t<div class=\"wpb_wrapper\">\n\t\t\t<h3 style=\"text-align: center;\"><span style=\"color: #ffffff;\"><strong>DISABILITY REFERENCE: <\/strong><\/span><\/h3>\n<p style=\"text-align: center; line-height: 25px;\">Mme. LAHMDI<\/p>\n<p style=\"text-align: center; line-height: 25px;\">ref.handi@abcformation1986.fr<\/p>\n<p style=\"text-align: center; line-height: 25px;\">01 34 15 40 62<\/p>\n\n\t\t<\/div>\n\t<\/div>\n\n\t<div  class=\"wpb_single_image wpb_content_element vc_align_center\">\n\t\t\n\t\t<figure class=\"wpb_wrapper vc_figure\">\n\t\t\t<a href=\"http:\/\/abcformation1986.fr\/wp-content\/uploads\/2024\/07\/REFERENCE.jpg\" target=\"_self\" class=\"vc_single_image-wrapper   vc_box_border_grey\"><img loading=\"lazy\" decoding=\"async\" width=\"300\" height=\"276\" src=\"http:\/\/abcformation1986.fr\/wp-content\/uploads\/2024\/07\/REFERENCE.jpg\" class=\"vc_single_image-img attachment-medium\" alt=\"\" srcset=\"http:\/\/abcformation1986.fr\/wp-content\/uploads\/2024\/07\/REFERENCE.jpg 300w, http:\/\/abcformation1986.fr\/wp-content\/uploads\/2024\/07\/REFERENCE-13x12.jpg 13w\" sizes=\"auto, (max-width: 300px) 100vw, 300px\" \/><\/a>\n\t\t<\/figure>\n\t<\/div>\n<div class=\"vc_btn3-container vc_btn3-center\" >\n\t<a class=\"vc_general vc_btn3 vc_btn3-size-md vc_btn3-shape-round vc_btn3-style-3d vc_btn3-block vc_btn3-color-turquoise\" href=\"http:\/\/abcformation1986.fr\/en\/le-maintien-dans-lemploi-pour-les-personnes-handicapes\/\" title=\"\">Employment for the disabled<\/a><\/div>\n\n\t<div class=\"wpb_text_column wpb_content_element\" >\n\t\t<div class=\"wpb_wrapper\">\n\t\t\t<h3 style=\"text-align: center;\"><span style=\"color: #33cccc;\"><strong>Our partners : <\/strong><\/span><\/h3>\n<p style=\"text-align: center; line-height: 25px;\">We collaborate with partners such as the AGEFIPH Handicap Training Resource and Cap emploi 95 to support people with reduced mobility into employment.<\/p>\n\n\t\t<\/div>\n\t<\/div>\n\n\t<div  class=\"wpb_single_image wpb_content_element vc_align_center\">\n\t\t\n\t\t<figure class=\"wpb_wrapper vc_figure\">\n\t\t\t<div class=\"vc_single_image-wrapper   vc_box_border_grey\"><img loading=\"lazy\" decoding=\"async\" width=\"300\" height=\"145\" src=\"http:\/\/abcformation1986.fr\/wp-content\/uploads\/2024\/07\/LOGO-AGEFI-300x145-1.jpg\" class=\"vc_single_image-img attachment-medium\" alt=\"\" srcset=\"http:\/\/abcformation1986.fr\/wp-content\/uploads\/2024\/07\/LOGO-AGEFI-300x145-1.jpg 300w, http:\/\/abcformation1986.fr\/wp-content\/uploads\/2024\/07\/LOGO-AGEFI-300x145-1-18x9.jpg 18w\" sizes=\"auto, (max-width: 300px) 100vw, 300px\" \/><\/div>\n\t\t<\/figure>\n\t<\/div>\n\n\t<div  class=\"wpb_single_image wpb_content_element vc_align_center\">\n\t\t\n\t\t<figure class=\"wpb_wrapper vc_figure\">\n\t\t\t<div class=\"vc_single_image-wrapper   vc_box_border_grey\"><img loading=\"lazy\" decoding=\"async\" width=\"240\" height=\"130\" src=\"http:\/\/abcformation1986.fr\/wp-content\/uploads\/2024\/07\/LOGO-CAP.jpg\" class=\"vc_single_image-img attachment-medium\" alt=\"\" srcset=\"http:\/\/abcformation1986.fr\/wp-content\/uploads\/2024\/07\/LOGO-CAP.jpg 240w, http:\/\/abcformation1986.fr\/wp-content\/uploads\/2024\/07\/LOGO-CAP-18x10.jpg 18w\" sizes=\"auto, (max-width: 240px) 100vw, 240px\" \/><\/div>\n\t\t<\/figure>\n\t<\/div>\n<\/div><\/div><\/div>\t<\/div>\n\t\t\t<\/div>","protected":false},"excerpt":{"rendered":"Accompagnement mis en \u0153uvre pour la formation des personnes \u00e0 mobilit\u00e9 r\u00e9duite Notre \u00e9tablissement est un ERP et est accessible aux personnes \u00e0 mobilit\u00e9 r\u00e9duite. Lors de nos premiers contacts, nous proposons un entretien pour prendre en compte les sp\u00e9cificit\u00e9s de votre mobilit\u00e9 r\u00e9duite et d\u00e9terminer les \u00e9ventuels am\u00e9nagements ou dispositions \u00e0 mettre en place. [...]","protected":false},"author":2,"featured_media":0,"parent":0,"menu_order":0,"comment_status":"closed","ping_status":"closed","template":"","meta":{"_uag_custom_page_level_css":"","footnotes":""},"class_list":["post-3658","page","type-page","status-publish","hentry"],"yoast_head":"<!-- This site is optimized with the Yoast SEO plugin v25.2 - https:\/\/yoast.com\/wordpress\/plugins\/seo\/ -->\n<title>Accessibilit\u00e9 aux personnes \u00e0 mobilit\u00e9 r\u00e9duite - Centre de Formation ABC Franconville | FLE | TEF<\/title>\n<meta name=\"robots\" content=\"index, follow, max-snippet:-1, max-image-preview:large, max-video-preview:-1\" \/>\n<link rel=\"canonical\" href=\"https:\/\/abcformation1986.fr\/en\/accessibilite-aux-personnes-a-mobilite-reduite\/\" \/>\n<meta property=\"og:locale\" content=\"en_US\" \/>\n<meta property=\"og:type\" content=\"article\" \/>\n<meta property=\"og:title\" content=\"Accessibilit\u00e9 aux personnes \u00e0 mobilit\u00e9 r\u00e9duite - Centre de Formation ABC Franconville | FLE | TEF\" \/>\n<meta property=\"og:url\" content=\"https:\/\/abcformation1986.fr\/en\/accessibilite-aux-personnes-a-mobilite-reduite\/\" \/>\n<meta property=\"og:site_name\" content=\"Centre de Formation ABC Franconville | FLE | TEF\" \/>\n<meta property=\"article:publisher\" content=\"http:\/\/@abcformation\" \/>\n<meta property=\"article:modified_time\" content=\"2024-07-26T08:32:45+00:00\" \/>\n<meta name=\"twitter:card\" content=\"summary_large_image\" \/>\n<meta name=\"twitter:site\" content=\"@abc_formation\" \/>\n<meta name=\"twitter:label1\" content=\"Est. reading time\" \/>\n\t<meta name=\"twitter:data1\" content=\"4 minutes\" \/>\n<script type=\"application\/ld+json\" class=\"yoast-schema-graph\">{\"@context\":\"https:\/\/schema.org\",\"@graph\":[{\"@type\":\"WebPage\",\"@id\":\"https:\/\/abcformation1986.fr\/ar\/accessibilite-aux-personnes-a-mobilite-reduite\/\",\"url\":\"https:\/\/abcformation1986.fr\/ar\/accessibilite-aux-personnes-a-mobilite-reduite\/\",\"name\":\"Accessibilit\u00e9 aux personnes \u00e0 mobilit\u00e9 r\u00e9duite - Centre de Formation ABC Franconville | FLE | TEF\",\"isPartOf\":{\"@id\":\"https:\/\/abcformation1986.fr\/en\/#website\"},\"datePublished\":\"2021-09-02T07:52:28+00:00\",\"dateModified\":\"2024-07-26T08:32:45+00:00\",\"breadcrumb\":{\"@id\":\"https:\/\/abcformation1986.fr\/ar\/accessibilite-aux-personnes-a-mobilite-reduite\/#breadcrumb\"},\"inLanguage\":\"en-US\",\"potentialAction\":[{\"@type\":\"ReadAction\",\"target\":[\"https:\/\/abcformation1986.fr\/ar\/accessibilite-aux-personnes-a-mobilite-reduite\/\"]}]},{\"@type\":\"BreadcrumbList\",\"@id\":\"https:\/\/abcformation1986.fr\/ar\/accessibilite-aux-personnes-a-mobilite-reduite\/#breadcrumb\",\"itemListElement\":[{\"@type\":\"ListItem\",\"position\":1,\"name\":\"Home\",\"item\":\"https:\/\/abcformation1986.fr\/en\/\"},{\"@type\":\"ListItem\",\"position\":2,\"name\":\"Accessibilit\u00e9 aux personnes \u00e0 mobilit\u00e9 r\u00e9duite\"}]},{\"@type\":\"WebSite\",\"@id\":\"https:\/\/abcformation1986.fr\/en\/#website\",\"url\":\"https:\/\/abcformation1986.fr\/en\/\",\"name\":\"Centre de Formation ABC Franconville | FLE | TEF\",\"description\":\"Acteur historique de  la formation, de l\u2019insertion et de la  reconversion professionnelle depuis 1986\",\"publisher\":{\"@id\":\"https:\/\/abcformation1986.fr\/en\/#organization\"},\"potentialAction\":[{\"@type\":\"SearchAction\",\"target\":{\"@type\":\"EntryPoint\",\"urlTemplate\":\"https:\/\/abcformation1986.fr\/en\/?s={search_term_string}\"},\"query-input\":{\"@type\":\"PropertyValueSpecification\",\"valueRequired\":true,\"valueName\":\"search_term_string\"}}],\"inLanguage\":\"en-US\"},{\"@type\":\"Organization\",\"@id\":\"https:\/\/abcformation1986.fr\/en\/#organization\",\"name\":\"ABCFORMATION\",\"url\":\"https:\/\/abcformation1986.fr\/en\/\",\"logo\":{\"@type\":\"ImageObject\",\"inLanguage\":\"en-US\",\"@id\":\"https:\/\/abcformation1986.fr\/en\/#\/schema\/logo\/image\/\",\"url\":\"https:\/\/abcformation1986.fr\/wp-content\/uploads\/2018\/11\/abclogo.png\",\"contentUrl\":\"https:\/\/abcformation1986.fr\/wp-content\/uploads\/2018\/11\/abclogo.png\",\"width\":134,\"height\":82,\"caption\":\"ABCFORMATION\"},\"image\":{\"@id\":\"https:\/\/abcformation1986.fr\/en\/#\/schema\/logo\/image\/\"},\"sameAs\":[\"http:\/\/@abcformation\",\"https:\/\/x.com\/abc_formation\",\"http:\/\/abcformation1986\"]}]}<\/script>\n<!-- \/ Yoast SEO plugin. -->","yoast_head_json":{"title":"Accessibilit\u00e9 aux personnes \u00e0 mobilit\u00e9 r\u00e9duite - Centre de Formation ABC Franconville | FLE | TEF","robots":{"index":"index","follow":"follow","max-snippet":"max-snippet:-1","max-image-preview":"max-image-preview:large","max-video-preview":"max-video-preview:-1"},"canonical":"https:\/\/abcformation1986.fr\/en\/accessibilite-aux-personnes-a-mobilite-reduite\/","og_locale":"en_US","og_type":"article","og_title":"Accessibilit\u00e9 aux personnes \u00e0 mobilit\u00e9 r\u00e9duite - Centre de Formation ABC Franconville | FLE | TEF","og_url":"https:\/\/abcformation1986.fr\/en\/accessibilite-aux-personnes-a-mobilite-reduite\/","og_site_name":"Centre de Formation ABC Franconville | FLE | TEF","article_publisher":"http:\/\/@abcformation","article_modified_time":"2024-07-26T08:32:45+00:00","twitter_card":"summary_large_image","twitter_site":"@abc_formation","twitter_misc":{"Est. reading time":"4 minutes"},"schema":{"@context":"https:\/\/schema.org","@graph":[{"@type":"WebPage","@id":"https:\/\/abcformation1986.fr\/ar\/accessibilite-aux-personnes-a-mobilite-reduite\/","url":"https:\/\/abcformation1986.fr\/ar\/accessibilite-aux-personnes-a-mobilite-reduite\/","name":"Accessibilit\u00e9 aux personnes \u00e0 mobilit\u00e9 r\u00e9duite - Centre de Formation ABC Franconville | FLE | TEF","isPartOf":{"@id":"https:\/\/abcformation1986.fr\/en\/#website"},"datePublished":"2021-09-02T07:52:28+00:00","dateModified":"2024-07-26T08:32:45+00:00","breadcrumb":{"@id":"https:\/\/abcformation1986.fr\/ar\/accessibilite-aux-personnes-a-mobilite-reduite\/#breadcrumb"},"inLanguage":"en-US","potentialAction":[{"@type":"ReadAction","target":["https:\/\/abcformation1986.fr\/ar\/accessibilite-aux-personnes-a-mobilite-reduite\/"]}]},{"@type":"BreadcrumbList","@id":"https:\/\/abcformation1986.fr\/ar\/accessibilite-aux-personnes-a-mobilite-reduite\/#breadcrumb","itemListElement":[{"@type":"ListItem","position":1,"name":"Home","item":"https:\/\/abcformation1986.fr\/en\/"},{"@type":"ListItem","position":2,"name":"Accessibilit\u00e9 aux personnes \u00e0 mobilit\u00e9 r\u00e9duite"}]},{"@type":"WebSite","@id":"https:\/\/abcformation1986.fr\/en\/#website","url":"https:\/\/abcformation1986.fr\/en\/","name":"Centre de Formation ABC Franconville | FLE | TEF","description":"Acteur historique de  la formation, de l\u2019insertion et de la  reconversion professionnelle depuis 1986","publisher":{"@id":"https:\/\/abcformation1986.fr\/en\/#organization"},"potentialAction":[{"@type":"SearchAction","target":{"@type":"EntryPoint","urlTemplate":"https:\/\/abcformation1986.fr\/en\/?s={search_term_string}"},"query-input":{"@type":"PropertyValueSpecification","valueRequired":true,"valueName":"search_term_string"}}],"inLanguage":"en-US"},{"@type":"Organization","@id":"https:\/\/abcformation1986.fr\/en\/#organization","name":"ABCFORMATION","url":"https:\/\/abcformation1986.fr\/en\/","logo":{"@type":"ImageObject","inLanguage":"en-US","@id":"https:\/\/abcformation1986.fr\/en\/#\/schema\/logo\/image\/","url":"https:\/\/abcformation1986.fr\/wp-content\/uploads\/2018\/11\/abclogo.png","contentUrl":"https:\/\/abcformation1986.fr\/wp-content\/uploads\/2018\/11\/abclogo.png","width":134,"height":82,"caption":"ABCFORMATION"},"image":{"@id":"https:\/\/abcformation1986.fr\/en\/#\/schema\/logo\/image\/"},"sameAs":["http:\/\/@abcformation","https:\/\/x.com\/abc_formation","http:\/\/abcformation1986"]}]}},"uagb_featured_image_src":{"full":false,"thumbnail":false,"medium":false,"medium_large":false,"large":false,"1536x1536":false,"2048x2048":false,"trp-custom-language-flag":false,"hala-full":false,"hala-medium":false,"hala-small":false,"hala-team":false,"hala-thumb":false,"woocommerce_thumbnail":false,"woocommerce_single":false,"woocommerce_gallery_thumbnail":false},"uagb_author_info":{"display_name":"abc formation","author_link":"http:\/\/abcformation1986.fr\/en\/author\/abcformation\/"},"uagb_comment_info":0,"uagb_excerpt":null,"jetpack_sharing_enabled":true,"_links":{"self":[{"href":"http:\/\/abcformation1986.fr\/en\/wp-json\/wp\/v2\/pages\/3658","targetHints":{"allow":["GET"]}}],"collection":[{"href":"http:\/\/abcformation1986.fr\/en\/wp-json\/wp\/v2\/pages"}],"about":[{"href":"http:\/\/abcformation1986.fr\/en\/wp-json\/wp\/v2\/types\/page"}],"author":[{"embeddable":true,"href":"http:\/\/abcformation1986.fr\/en\/wp-json\/wp\/v2\/users\/2"}],"replies":[{"embeddable":true,"href":"http:\/\/abcformation1986.fr\/en\/wp-json\/wp\/v2\/comments?post=3658"}],"version-history":[{"count":30,"href":"http:\/\/abcformation1986.fr\/en\/wp-json\/wp\/v2\/pages\/3658\/revisions"}],"predecessor-version":[{"id":9340,"href":"http:\/\/abcformation1986.fr\/en\/wp-json\/wp\/v2\/pages\/3658\/revisions\/9340"}],"wp:attachment":[{"href":"http:\/\/abcformation1986.fr\/en\/wp-json\/wp\/v2\/media?parent=3658"}],"curies":[{"name":"wp","href":"https:\/\/api.w.org\/{rel}","templated":true}]}}